{"id":1894,"date":"2022-04-17T11:18:40","date_gmt":"2022-04-17T14:18:40","guid":{"rendered":"https:\/\/festivaldejaneiro.com\/?page_id=1894"},"modified":"2022-04-17T11:28:30","modified_gmt":"2022-04-17T14:28:30","slug":"festival-de-janeiro-15-edicao-2022","status":"publish","type":"page","link":"https:\/\/festivaldejaneiro.com\/index.php\/festival-de-janeiro-15-edicao-2022\/","title":{"rendered":"Festival de Janeiro &#8211; 15a Edi\u00e7\u00e3o 2022"},"content":{"rendered":"\t\t<div data-elementor-type=\"wp-page\" data-elementor-id=\"1894\" class=\"elementor elementor-1894\" data-elementor-settings=\"{&quot;ha_cmc_init_switcher&quot;:&quot;no&quot;}\">\n\t\t\t\t\t\t<section class=\"elementor-section elementor-top-section elementor-element elementor-element-c480556 elementor-section-full_width elementor-section-content-middle elementor-section-stretched elementor-section-height-default elementor-section-height-default\" data-id=\"c480556\" data-element_type=\"section\" data-e-type=\"section\" data-settings=\"{&quot;stretch_section&quot;:&quot;section-stretched&quot;,&quot;background_background&quot;:&quot;classic&quot;,&quot;_ha_eqh_enable&quot;:false}\">\n\t\t\t\t\t\t\t<div class=\"elementor-background-overlay\"><\/div>\n\t\t\t\t\t\t\t<div class=\"elementor-container elementor-column-gap-no\">\n\t\t\t\t\t<div class=\"elementor-column elementor-col-100 elementor-top-column elementor-element elementor-element-1360176\" data-id=\"1360176\" data-element_type=\"column\" data-e-type=\"column\">\n\t\t\t<div class=\"elementor-widget-wrap elementor-element-populated\">\n\t\t\t\t\t\t<div class=\"elementor-element elementor-element-2785011 elementor-widget elementor-widget-html\" data-id=\"2785011\" data-element_type=\"widget\" data-e-type=\"widget\" data-widget_type=\"html.default\">\n\t\t\t\t<div class=\"elementor-widget-container\">\n\t\t\t\t\t<!-- Facebook Pixel Code -->\n<script>\n  !function(f,b,e,v,n,t,s)\n  {if(f.fbq)return;n=f.fbq=function(){n.callMethod?\n  n.callMethod.apply(n,arguments):n.queue.push(arguments)};\n  if(!f._fbq)f._fbq=n;n.push=n;n.loaded=!0;n.version='2.0';\n  n.queue=[];t=b.createElement(e);t.async=!0;\n  t.src=v;s=b.getElementsByTagName(e)[0];\n  s.parentNode.insertBefore(t,s)}(window, document,'script',\n  'https:\/\/connect.facebook.net\/en_US\/fbevents.js');\n  fbq('init', '690389411628806');\n  fbq('track', 'PageView');\n<\/script>\n<noscript><img decoding=\"async\" height=\"1\" width=\"1\" style=\"display:none\" src=\"https:\/\/www.facebook.com\/tr?id=690389411628806&ev=PageView&noscript=1\" \/><\/noscript>\n<!-- End Facebook Pixel Code -->\t\t\t\t<\/div>\n\t\t\t\t<\/div>\n\t\t\t\t<div class=\"elementor-element elementor-element-b3d6edb elementor-widget elementor-widget-html\" data-id=\"b3d6edb\" data-element_type=\"widget\" data-e-type=\"widget\" data-widget_type=\"html.default\">\n\t\t\t\t<div class=\"elementor-widget-container\">\n\t\t\t\t\t<script type=\"text\/javascript\">\r\n    (function(e,t,o,n,p,r,i){e.visitorGlobalObjectAlias=n;e[e.visitorGlobalObjectAlias]=e[e.visitorGlobalObjectAlias]||function(){(e[e.visitorGlobalObjectAlias].q=e[e.visitorGlobalObjectAlias].q||[]).push(arguments)};e[e.visitorGlobalObjectAlias].l=(new Date).getTime();r=t.createElement(\"script\");r.src=o;r.async=true;i=t.getElementsByTagName(\"script\")[0];i.parentNode.insertBefore(r,i)})(window,document,\"https:\/\/diffuser-cdn.app-us1.com\/diffuser\/diffuser.js\",\"vgo\");\r\n    vgo('setAccount', '253246169');\r\n    vgo('setTrackByDefault', true);\r\n\r\n    vgo('process');\r\n<\/script>\t\t\t\t<\/div>\n\t\t\t\t<\/div>\n\t\t\t\t<section class=\"elementor-section elementor-inner-section elementor-element elementor-element-367f7d7 elementor-section-boxed elementor-section-height-default elementor-section-height-default\" data-id=\"367f7d7\" data-element_type=\"section\" data-e-type=\"section\" data-settings=\"{&quot;_ha_eqh_enable&quot;:false}\">\n\t\t\t\t\t\t<div class=\"elementor-container elementor-column-gap-default\">\n\t\t\t\t\t<div class=\"elementor-column elementor-col-20 elementor-inner-column elementor-element elementor-element-20a9634\" data-id=\"20a9634\" data-element_type=\"column\" data-e-type=\"column\">\n\t\t\t<div class=\"elementor-widget-wrap elementor-element-populated\">\n\t\t\t\t\t\t<div data-ha-element-link=\"{&quot;url&quot;:&quot;#espetaculos&quot;,&quot;is_external&quot;:&quot;&quot;,&quot;nofollow&quot;:&quot;&quot;}\" style=\"cursor: pointer\" class=\"elementor-element elementor-element-7820c6a ha-has-bg-overlay elementor-widget elementor-widget-text-editor\" data-id=\"7820c6a\" data-element_type=\"widget\" data-e-type=\"widget\" data-widget_type=\"text-editor.default\">\n\t\t\t\t<div class=\"elementor-widget-container\">\n\t\t\t\t\t\t\t\t\t<h5>Espet\u00e1culos<\/h5>\t\t\t\t\t\t\t\t<\/div>\n\t\t\t\t<\/div>\n\t\t\t\t\t<\/div>\n\t\t<\/div>\n\t\t\t\t<div class=\"elementor-column elementor-col-20 elementor-inner-column elementor-element elementor-element-c180a3c\" data-id=\"c180a3c\" data-element_type=\"column\" data-e-type=\"column\">\n\t\t\t<div class=\"elementor-widget-wrap elementor-element-populated\">\n\t\t\t\t\t\t<div data-ha-element-link=\"{&quot;url&quot;:&quot;#ativ-formativas&quot;,&quot;is_external&quot;:&quot;&quot;,&quot;nofollow&quot;:&quot;&quot;}\" style=\"cursor: pointer\" class=\"elementor-element elementor-element-cb21701 ha-has-bg-overlay elementor-widget elementor-widget-text-editor\" data-id=\"cb21701\" data-element_type=\"widget\" data-e-type=\"widget\" data-widget_type=\"text-editor.default\">\n\t\t\t\t<div class=\"elementor-widget-container\">\n\t\t\t\t\t\t\t\t\t<h5>Ativ. Formativas<\/h5>\t\t\t\t\t\t\t\t<\/div>\n\t\t\t\t<\/div>\n\t\t\t\t\t<\/div>\n\t\t<\/div>\n\t\t\t\t<div class=\"elementor-column elementor-col-20 elementor-inner-column elementor-element elementor-element-8bb1330\" data-id=\"8bb1330\" data-element_type=\"column\" data-e-type=\"column\">\n\t\t\t<div class=\"elementor-widget-wrap elementor-element-populated\">\n\t\t\t\t\t\t<div data-ha-element-link=\"{&quot;url&quot;:&quot;#programacao-completa&quot;,&quot;is_external&quot;:&quot;&quot;,&quot;nofollow&quot;:&quot;&quot;}\" style=\"cursor: pointer\" class=\"elementor-element elementor-element-5a2b01f ha-has-bg-overlay elementor-widget elementor-widget-text-editor\" data-id=\"5a2b01f\" data-element_type=\"widget\" data-e-type=\"widget\" data-widget_type=\"text-editor.default\">\n\t\t\t\t<div class=\"elementor-widget-container\">\n\t\t\t\t\t\t\t\t\t<h5>Programa\u00e7\u00e3o<\/h5>\t\t\t\t\t\t\t\t<\/div>\n\t\t\t\t<\/div>\n\t\t\t\t\t<\/div>\n\t\t<\/div>\n\t\t\t\t<div class=\"elementor-column elementor-col-20 elementor-inner-column elementor-element elementor-element-13172ca\" data-id=\"13172ca\" data-element_type=\"column\" data-e-type=\"column\">\n\t\t\t<div class=\"elementor-widget-wrap elementor-element-populated\">\n\t\t\t\t\t\t<div data-ha-element-link=\"{&quot;url&quot;:&quot;#organizador&quot;,&quot;is_external&quot;:&quot;&quot;,&quot;nofollow&quot;:&quot;&quot;}\" style=\"cursor: pointer\" class=\"elementor-element elementor-element-140fdda ha-has-bg-overlay elementor-widget elementor-widget-text-editor\" data-id=\"140fdda\" data-element_type=\"widget\" data-e-type=\"widget\" data-widget_type=\"text-editor.default\">\n\t\t\t\t<div class=\"elementor-widget-container\">\n\t\t\t\t\t\t\t\t\t<h5>Organizador<\/h5>\t\t\t\t\t\t\t\t<\/div>\n\t\t\t\t<\/div>\n\t\t\t\t\t<\/div>\n\t\t<\/div>\n\t\t\t\t<div class=\"elementor-column elementor-col-20 elementor-inner-column elementor-element elementor-element-16ada80\" data-id=\"16ada80\" data-element_type=\"column\" data-e-type=\"column\">\n\t\t\t<div class=\"elementor-widget-wrap elementor-element-populated\">\n\t\t\t\t\t\t<div data-ha-element-link=\"{&quot;url&quot;:&quot;#edicoes-anteriores&quot;,&quot;is_external&quot;:&quot;&quot;,&quot;nofollow&quot;:&quot;&quot;}\" style=\"cursor: pointer\" class=\"elementor-element elementor-element-4599df1 ha-has-bg-overlay elementor-widget elementor-widget-text-editor\" data-id=\"4599df1\" data-element_type=\"widget\" data-e-type=\"widget\" data-widget_type=\"text-editor.default\">\n\t\t\t\t<div class=\"elementor-widget-container\">\n\t\t\t\t\t\t\t\t\t<h5>Edi\u00e7\u00f5es Anteriores<\/h5>\t\t\t\t\t\t\t\t<\/div>\n\t\t\t\t<\/div>\n\t\t\t\t\t<\/div>\n\t\t<\/div>\n\t\t\t\t\t<\/div>\n\t\t<\/section>\n\t\t\t\t<div class=\"elementor-element elementor-element-01ae2bd elementor-widget elementor-widget-image\" data-id=\"01ae2bd\" data-element_type=\"widget\" data-e-type=\"widget\" data-widget_type=\"image.default\">\n\t\t\t\t<div class=\"elementor-widget-container\">\n\t\t\t\t\t\t\t\t\t\t\t\t\t\t\t\t<a href=\"https:\/\/forms.gle\/aj9N5dUbv6Uyqs3RA\">\n\t\t\t\t\t\t\t<img fetchpriority=\"high\" decoding=\"async\" width=\"1920\" height=\"1080\" src=\"https:\/\/festivaldejaneiro.com\/wp-content\/uploads\/2022\/01\/211216_Bo-BannerSite2.png\" class=\"attachment-full size-full wp-image-1429\" alt=\"\" srcset=\"https:\/\/festivaldejaneiro.com\/wp-content\/uploads\/2022\/01\/211216_Bo-BannerSite2.png 1920w, https:\/\/festivaldejaneiro.com\/wp-content\/uploads\/2022\/01\/211216_Bo-BannerSite2-300x169.png 300w, https:\/\/festivaldejaneiro.com\/wp-content\/uploads\/2022\/01\/211216_Bo-BannerSite2-1024x576.png 1024w, https:\/\/festivaldejaneiro.com\/wp-content\/uploads\/2022\/01\/211216_Bo-BannerSite2-768x432.png 768w, https:\/\/festivaldejaneiro.com\/wp-content\/uploads\/2022\/01\/211216_Bo-BannerSite2-1536x864.png 1536w, https:\/\/festivaldejaneiro.com\/wp-content\/uploads\/2022\/01\/211216_Bo-BannerSite2-1568x882.png 1568w\" sizes=\"(max-width: 1920px) 100vw, 1920px\" style=\"width:100%;height:56.25%;max-width:1920px\" \/>\t\t\t\t\t\t\t\t<\/a>\n\t\t\t\t\t\t\t\t\t\t\t\t\t\t\t<\/div>\n\t\t\t\t<\/div>\n\t\t\t\t\t<\/div>\n\t\t<\/div>\n\t\t\t\t\t<\/div>\n\t\t<\/section>\n\t\t\t\t<section class=\"elementor-section elementor-top-section elementor-element elementor-element-6470b97f elementor-section-boxed elementor-section-height-default elementor-section-height-default\" data-id=\"6470b97f\" data-element_type=\"section\" data-e-type=\"section\" data-settings=\"{&quot;background_background&quot;:&quot;classic&quot;,&quot;_ha_eqh_enable&quot;:false}\">\n\t\t\t\t\t\t\t<div class=\"elementor-background-overlay\"><\/div>\n\t\t\t\t\t\t\t<div class=\"elementor-container elementor-column-gap-default\">\n\t\t\t\t\t<div class=\"elementor-column elementor-col-100 elementor-top-column elementor-element elementor-element-1949f40c\" data-id=\"1949f40c\" data-element_type=\"column\" data-e-type=\"column\">\n\t\t\t<div class=\"elementor-widget-wrap elementor-element-populated\">\n\t\t\t\t\t\t<div class=\"elementor-element elementor-element-542d377 elementor-widget elementor-widget-menu-anchor\" data-id=\"542d377\" data-element_type=\"widget\" data-e-type=\"widget\" data-widget_type=\"menu-anchor.default\">\n\t\t\t\t<div class=\"elementor-widget-container\">\n\t\t\t\t\t\t\t<div class=\"elementor-menu-anchor\" id=\"espetaculos\"><\/div>\n\t\t\t\t\t\t<\/div>\n\t\t\t\t<\/div>\n\t\t\t\t<div class=\"elementor-element elementor-element-b79941d elementor-widget elementor-widget-spacer\" data-id=\"b79941d\" data-element_type=\"widget\" data-e-type=\"widget\" data-widget_type=\"spacer.default\">\n\t\t\t\t<div class=\"elementor-widget-container\">\n\t\t\t\t\t\t\t<div class=\"elementor-spacer\">\n\t\t\t<div class=\"elementor-spacer-inner\"><\/div>\n\t\t<\/div>\n\t\t\t\t\t\t<\/div>\n\t\t\t\t<\/div>\n\t\t\t\t<div class=\"elementor-element elementor-element-7afcbba elementor-invisible elementor-widget elementor-widget-heading\" data-id=\"7afcbba\" data-element_type=\"widget\" data-e-type=\"widget\" data-settings=\"{&quot;_animation&quot;:&quot;fadeIn&quot;}\" data-widget_type=\"heading.default\">\n\t\t\t\t<div class=\"elementor-widget-container\">\n\t\t\t\t\t<h3 class=\"elementor-heading-title elementor-size-default\">Confira os Espet\u00e1culos que aconteceram no 15o Festival em Janeiro!<\/h3>\t\t\t\t<\/div>\n\t\t\t\t<\/div>\n\t\t\t\t<section class=\"elementor-section elementor-inner-section elementor-element elementor-element-7ba1595 elementor-section-boxed elementor-section-height-default elementor-section-height-default elementor-invisible\" data-id=\"7ba1595\" data-element_type=\"section\" data-e-type=\"section\" data-settings=\"{&quot;animation&quot;:&quot;fadeIn&quot;,&quot;_ha_eqh_enable&quot;:false}\">\n\t\t\t\t\t\t<div class=\"elementor-container elementor-column-gap-default\">\n\t\t\t\t\t<div class=\"elementor-column elementor-col-33 elementor-inner-column elementor-element elementor-element-f9184d5\" data-id=\"f9184d5\" data-element_type=\"column\" data-e-type=\"column\">\n\t\t\t<div class=\"elementor-widget-wrap elementor-element-populated\">\n\t\t\t\t\t\t<div class=\"elementor-element elementor-element-e15a98b elementor-widget elementor-widget-image\" data-id=\"e15a98b\" data-element_type=\"widget\" data-e-type=\"widget\" data-widget_type=\"image.default\">\n\t\t\t\t<div class=\"elementor-widget-container\">\n\t\t\t\t\t\t\t\t\t\t\t\t\t\t\t\t<a href=\"https:\/\/festivaldejaneiro.com\/index.php\/2022-leao-ratinho\">\n\t\t\t\t\t\t\t<img decoding=\"async\" width=\"300\" height=\"169\" src=\"https:\/\/festivaldejaneiro.com\/wp-content\/uploads\/2022\/01\/leao-300x169.png\" class=\"attachment-medium size-medium wp-image-1506\" alt=\"\" srcset=\"https:\/\/festivaldejaneiro.com\/wp-content\/uploads\/2022\/01\/leao-300x169.png 300w, https:\/\/festivaldejaneiro.com\/wp-content\/uploads\/2022\/01\/leao-1024x576.png 1024w, https:\/\/festivaldejaneiro.com\/wp-content\/uploads\/2022\/01\/leao-768x432.png 768w, https:\/\/festivaldejaneiro.com\/wp-content\/uploads\/2022\/01\/leao-1536x864.png 1536w, https:\/\/festivaldejaneiro.com\/wp-content\/uploads\/2022\/01\/leao-1568x882.png 1568w, https:\/\/festivaldejaneiro.com\/wp-content\/uploads\/2022\/01\/leao.png 1920w\" sizes=\"(max-width: 300px) 100vw, 300px\" style=\"width:100%;height:56.25%;max-width:1920px\" \/>\t\t\t\t\t\t\t\t<\/a>\n\t\t\t\t\t\t\t\t\t\t\t\t\t\t\t<\/div>\n\t\t\t\t<\/div>\n\t\t\t\t<div class=\"elementor-element elementor-element-af97978 elementor-widget elementor-widget-text-editor\" data-id=\"af97978\" data-element_type=\"widget\" data-e-type=\"widget\" data-widget_type=\"text-editor.default\">\n\t\t\t\t<div class=\"elementor-widget-container\">\n\t\t\t\t\t\t\t\t\t<h6>Era uma vez&#8230;O Le\u00e3o e o Ratinho<\/h6><h6><span style=\"color: var( --e-global-color-text );\">Dia 21\/01 \u00e0s 15h<\/span><\/h6><h6>Cia. F\u00e1brica de Sonhos<\/h6>\t\t\t\t\t\t\t\t<\/div>\n\t\t\t\t<\/div>\n\t\t\t\t\t<\/div>\n\t\t<\/div>\n\t\t\t\t<div class=\"elementor-column elementor-col-33 elementor-inner-column elementor-element elementor-element-e86f99d\" data-id=\"e86f99d\" data-element_type=\"column\" data-e-type=\"column\">\n\t\t\t<div class=\"elementor-widget-wrap elementor-element-populated\">\n\t\t\t\t\t\t<div class=\"elementor-element elementor-element-2008efb elementor-widget elementor-widget-image\" data-id=\"2008efb\" data-element_type=\"widget\" data-e-type=\"widget\" data-widget_type=\"image.default\">\n\t\t\t\t<div class=\"elementor-widget-container\">\n\t\t\t\t\t\t\t\t\t\t\t\t\t\t\t\t<a href=\"https:\/\/festivaldejaneiro.com\/index.php\/2022-yaga\/\">\n\t\t\t\t\t\t\t<img loading=\"lazy\" decoding=\"async\" width=\"300\" height=\"169\" src=\"https:\/\/festivaldejaneiro.com\/wp-content\/uploads\/2022\/01\/clararibas-300x169.png\" class=\"attachment-medium size-medium wp-image-1505\" alt=\"\" srcset=\"https:\/\/festivaldejaneiro.com\/wp-content\/uploads\/2022\/01\/clararibas-300x169.png 300w, https:\/\/festivaldejaneiro.com\/wp-content\/uploads\/2022\/01\/clararibas-1024x576.png 1024w, https:\/\/festivaldejaneiro.com\/wp-content\/uploads\/2022\/01\/clararibas-768x432.png 768w, https:\/\/festivaldejaneiro.com\/wp-content\/uploads\/2022\/01\/clararibas-1536x864.png 1536w, https:\/\/festivaldejaneiro.com\/wp-content\/uploads\/2022\/01\/clararibas-1568x882.png 1568w, https:\/\/festivaldejaneiro.com\/wp-content\/uploads\/2022\/01\/clararibas.png 1920w\" sizes=\"(max-width: 300px) 100vw, 300px\" style=\"width:100%;height:56.25%;max-width:1920px\" \/>\t\t\t\t\t\t\t\t<\/a>\n\t\t\t\t\t\t\t\t\t\t\t\t\t\t\t<\/div>\n\t\t\t\t<\/div>\n\t\t\t\t<div class=\"elementor-element elementor-element-536ef75 elementor-widget elementor-widget-text-editor\" data-id=\"536ef75\" data-element_type=\"widget\" data-e-type=\"widget\" data-widget_type=\"text-editor.default\">\n\t\t\t\t<div class=\"elementor-widget-container\">\n\t\t\t\t\t\t\t\t\t<h6>Yaga &#8211; Uma Hist\u00f3ria para Crian\u00e7as Corajosas<\/h6><h6><span style=\"color: var( --e-global-color-text );\">Dia 22\/01 \u00e0s 15h<\/span><\/h6><h6>Severina Cia de Teatro<\/h6>\t\t\t\t\t\t\t\t<\/div>\n\t\t\t\t<\/div>\n\t\t\t\t\t<\/div>\n\t\t<\/div>\n\t\t\t\t<div class=\"elementor-column elementor-col-33 elementor-inner-column elementor-element elementor-element-3dcbd37\" data-id=\"3dcbd37\" data-element_type=\"column\" data-e-type=\"column\">\n\t\t\t<div class=\"elementor-widget-wrap elementor-element-populated\">\n\t\t\t\t\t\t<div class=\"elementor-element elementor-element-e204bc9 elementor-widget elementor-widget-image\" data-id=\"e204bc9\" data-element_type=\"widget\" data-e-type=\"widget\" data-widget_type=\"image.default\">\n\t\t\t\t<div class=\"elementor-widget-container\">\n\t\t\t\t\t\t\t\t\t\t\t\t\t\t\t\t<a href=\"https:\/\/festivaldejaneiro.com\/index.php\/2022-fluvio-mar\/\">\n\t\t\t\t\t\t\t<img loading=\"lazy\" decoding=\"async\" width=\"300\" height=\"169\" src=\"https:\/\/festivaldejaneiro.com\/wp-content\/uploads\/2022\/01\/fluvio-e-o-mar-300x169.png\" class=\"attachment-medium size-medium wp-image-1504\" alt=\"\" srcset=\"https:\/\/festivaldejaneiro.com\/wp-content\/uploads\/2022\/01\/fluvio-e-o-mar-300x169.png 300w, https:\/\/festivaldejaneiro.com\/wp-content\/uploads\/2022\/01\/fluvio-e-o-mar-1024x576.png 1024w, https:\/\/festivaldejaneiro.com\/wp-content\/uploads\/2022\/01\/fluvio-e-o-mar-768x432.png 768w, https:\/\/festivaldejaneiro.com\/wp-content\/uploads\/2022\/01\/fluvio-e-o-mar-1536x864.png 1536w, https:\/\/festivaldejaneiro.com\/wp-content\/uploads\/2022\/01\/fluvio-e-o-mar-1568x882.png 1568w, https:\/\/festivaldejaneiro.com\/wp-content\/uploads\/2022\/01\/fluvio-e-o-mar.png 1920w\" sizes=\"(max-width: 300px) 100vw, 300px\" style=\"width:100%;height:56.25%;max-width:1920px\" \/>\t\t\t\t\t\t\t\t<\/a>\n\t\t\t\t\t\t\t\t\t\t\t\t\t\t\t<\/div>\n\t\t\t\t<\/div>\n\t\t\t\t<div class=\"elementor-element elementor-element-02e2729 elementor-widget elementor-widget-text-editor\" data-id=\"02e2729\" data-element_type=\"widget\" data-e-type=\"widget\" data-widget_type=\"text-editor.default\">\n\t\t\t\t<div class=\"elementor-widget-container\">\n\t\t\t\t\t\t\t\t\t<h6><span style=\"font-family: var(--heading--font-family); font-size: var(--heading--font-size-h6); font-weight: var(--heading--font-weight-strong); letter-spacing: var(--heading--letter-spacing-h6);\">Fl\u00favio e o Mar<\/span><\/h6><h6><span style=\"color: var( --e-global-color-text ); font-family: var(--heading--font-family); font-size: var(--heading--font-size-h6); font-weight: var(--heading--font-weight-strong); letter-spacing: var(--heading--letter-spacing-h6);\">Dia 23\/01 \u00e0s 15h<\/span><\/h6><h6>Agrupamento de Artistas<\/h6>\t\t\t\t\t\t\t\t<\/div>\n\t\t\t\t<\/div>\n\t\t\t\t\t<\/div>\n\t\t<\/div>\n\t\t\t\t\t<\/div>\n\t\t<\/section>\n\t\t\t\t<section class=\"elementor-section elementor-inner-section elementor-element elementor-element-b3f74d5 elementor-section-boxed elementor-section-height-default elementor-section-height-default elementor-invisible\" data-id=\"b3f74d5\" data-element_type=\"section\" data-e-type=\"section\" data-settings=\"{&quot;animation&quot;:&quot;fadeIn&quot;,&quot;_ha_eqh_enable&quot;:false}\">\n\t\t\t\t\t\t<div class=\"elementor-container elementor-column-gap-default\">\n\t\t\t\t\t<div class=\"elementor-column elementor-col-33 elementor-inner-column elementor-element elementor-element-e1b0acf\" data-id=\"e1b0acf\" data-element_type=\"column\" data-e-type=\"column\">\n\t\t\t<div class=\"elementor-widget-wrap elementor-element-populated\">\n\t\t\t\t\t\t<div class=\"elementor-element elementor-element-d06bc80 elementor-widget elementor-widget-image\" data-id=\"d06bc80\" data-element_type=\"widget\" data-e-type=\"widget\" data-widget_type=\"image.default\">\n\t\t\t\t<div class=\"elementor-widget-container\">\n\t\t\t\t\t\t\t\t\t\t\t\t\t\t\t\t<a href=\"https:\/\/festivaldejaneiro.com\/index.php\/2022-circolando\/\">\n\t\t\t\t\t\t\t<img loading=\"lazy\" decoding=\"async\" width=\"300\" height=\"169\" src=\"https:\/\/festivaldejaneiro.com\/wp-content\/uploads\/2022\/01\/circolando-300x169.png\" class=\"attachment-medium size-medium wp-image-1507\" alt=\"\" srcset=\"https:\/\/festivaldejaneiro.com\/wp-content\/uploads\/2022\/01\/circolando-300x169.png 300w, https:\/\/festivaldejaneiro.com\/wp-content\/uploads\/2022\/01\/circolando-1024x576.png 1024w, https:\/\/festivaldejaneiro.com\/wp-content\/uploads\/2022\/01\/circolando-768x432.png 768w, https:\/\/festivaldejaneiro.com\/wp-content\/uploads\/2022\/01\/circolando-1536x864.png 1536w, https:\/\/festivaldejaneiro.com\/wp-content\/uploads\/2022\/01\/circolando-1568x882.png 1568w, https:\/\/festivaldejaneiro.com\/wp-content\/uploads\/2022\/01\/circolando.png 1920w\" sizes=\"(max-width: 300px) 100vw, 300px\" style=\"width:100%;height:56.25%;max-width:1920px\" \/>\t\t\t\t\t\t\t\t<\/a>\n\t\t\t\t\t\t\t\t\t\t\t\t\t\t\t<\/div>\n\t\t\t\t<\/div>\n\t\t\t\t<div class=\"elementor-element elementor-element-6d011d6 elementor-widget elementor-widget-text-editor\" data-id=\"6d011d6\" data-element_type=\"widget\" data-e-type=\"widget\" data-widget_type=\"text-editor.default\">\n\t\t\t\t<div class=\"elementor-widget-container\">\n\t\t\t\t\t\t\t\t\t<h6>Circo Lando &#8211; O Maior Espet\u00e1culo da Terra<\/h6><h6><span style=\"color: var( --e-global-color-text );\">Dia 24\/01 \u00e0s 17h<\/span><\/h6><h6>Cia. F\u00e1brica de Sonhos<\/h6>\t\t\t\t\t\t\t\t<\/div>\n\t\t\t\t<\/div>\n\t\t\t\t\t<\/div>\n\t\t<\/div>\n\t\t\t\t<div class=\"elementor-column elementor-col-33 elementor-inner-column elementor-element elementor-element-5a70875\" data-id=\"5a70875\" data-element_type=\"column\" data-e-type=\"column\">\n\t\t\t<div class=\"elementor-widget-wrap elementor-element-populated\">\n\t\t\t\t\t\t<div class=\"elementor-element elementor-element-9195798 elementor-widget elementor-widget-image\" data-id=\"9195798\" data-element_type=\"widget\" data-e-type=\"widget\" data-widget_type=\"image.default\">\n\t\t\t\t<div class=\"elementor-widget-container\">\n\t\t\t\t\t\t\t\t\t\t\t\t\t\t\t\t<a href=\"https:\/\/festivaldejaneiro.com\/index.php\/2022-atencao-respeitavel\/\">\n\t\t\t\t\t\t\t<img loading=\"lazy\" decoding=\"async\" width=\"300\" height=\"169\" src=\"https:\/\/festivaldejaneiro.com\/wp-content\/uploads\/2022\/01\/atencao-respeitavel-publico-300x169.png\" class=\"attachment-medium size-medium wp-image-1508\" alt=\"\" srcset=\"https:\/\/festivaldejaneiro.com\/wp-content\/uploads\/2022\/01\/atencao-respeitavel-publico-300x169.png 300w, https:\/\/festivaldejaneiro.com\/wp-content\/uploads\/2022\/01\/atencao-respeitavel-publico-1024x576.png 1024w, https:\/\/festivaldejaneiro.com\/wp-content\/uploads\/2022\/01\/atencao-respeitavel-publico-768x432.png 768w, https:\/\/festivaldejaneiro.com\/wp-content\/uploads\/2022\/01\/atencao-respeitavel-publico-1536x864.png 1536w, https:\/\/festivaldejaneiro.com\/wp-content\/uploads\/2022\/01\/atencao-respeitavel-publico-1568x882.png 1568w, https:\/\/festivaldejaneiro.com\/wp-content\/uploads\/2022\/01\/atencao-respeitavel-publico.png 1920w\" sizes=\"(max-width: 300px) 100vw, 300px\" style=\"width:100%;height:56.25%;max-width:1920px\" \/>\t\t\t\t\t\t\t\t<\/a>\n\t\t\t\t\t\t\t\t\t\t\t\t\t\t\t<\/div>\n\t\t\t\t<\/div>\n\t\t\t\t<div class=\"elementor-element elementor-element-6250682 elementor-widget elementor-widget-text-editor\" data-id=\"6250682\" data-element_type=\"widget\" data-e-type=\"widget\" data-widget_type=\"text-editor.default\">\n\t\t\t\t<div class=\"elementor-widget-container\">\n\t\t\t\t\t\t\t\t\t<h6>Aten\u00e7\u00e3o, respeit\u00e1vel p\u00fablico!<\/h6><h6><span style=\"color: var( --e-global-color-text );\">Dia 25\/01 \u00e0s 15h<\/span><\/h6><h6>Dami\u00e3o &amp; Cia<\/h6>\t\t\t\t\t\t\t\t<\/div>\n\t\t\t\t<\/div>\n\t\t\t\t\t<\/div>\n\t\t<\/div>\n\t\t\t\t<div class=\"elementor-column elementor-col-33 elementor-inner-column elementor-element elementor-element-9d23d96\" data-id=\"9d23d96\" data-element_type=\"column\" data-e-type=\"column\">\n\t\t\t<div class=\"elementor-widget-wrap elementor-element-populated\">\n\t\t\t\t\t\t<div class=\"elementor-element elementor-element-e9a195a elementor-widget elementor-widget-image\" data-id=\"e9a195a\" data-element_type=\"widget\" data-e-type=\"widget\" data-widget_type=\"image.default\">\n\t\t\t\t<div class=\"elementor-widget-container\">\n\t\t\t\t\t\t\t\t\t\t\t\t\t\t\t\t<a href=\"https:\/\/festivaldejaneiro.com\/index.php\/2022-fuzurufafa\/\">\n\t\t\t\t\t\t\t<img loading=\"lazy\" decoding=\"async\" width=\"300\" height=\"169\" src=\"https:\/\/festivaldejaneiro.com\/wp-content\/uploads\/2022\/01\/fuzurufafa-300x169.png\" class=\"attachment-medium size-medium wp-image-1509\" alt=\"\" srcset=\"https:\/\/festivaldejaneiro.com\/wp-content\/uploads\/2022\/01\/fuzurufafa-300x169.png 300w, https:\/\/festivaldejaneiro.com\/wp-content\/uploads\/2022\/01\/fuzurufafa-1024x576.png 1024w, https:\/\/festivaldejaneiro.com\/wp-content\/uploads\/2022\/01\/fuzurufafa-768x432.png 768w, https:\/\/festivaldejaneiro.com\/wp-content\/uploads\/2022\/01\/fuzurufafa-1536x864.png 1536w, https:\/\/festivaldejaneiro.com\/wp-content\/uploads\/2022\/01\/fuzurufafa-1568x882.png 1568w, https:\/\/festivaldejaneiro.com\/wp-content\/uploads\/2022\/01\/fuzurufafa.png 1920w\" sizes=\"(max-width: 300px) 100vw, 300px\" style=\"width:100%;height:56.25%;max-width:1920px\" \/>\t\t\t\t\t\t\t\t<\/a>\n\t\t\t\t\t\t\t\t\t\t\t\t\t\t\t<\/div>\n\t\t\t\t<\/div>\n\t\t\t\t<div class=\"elementor-element elementor-element-c01ef8e elementor-widget elementor-widget-text-editor\" data-id=\"c01ef8e\" data-element_type=\"widget\" data-e-type=\"widget\" data-widget_type=\"text-editor.default\">\n\t\t\t\t<div class=\"elementor-widget-container\">\n\t\t\t\t\t\t\t\t\t<h6>Fuzurufafa Bafafazuru<\/h6><h6><span style=\"color: var( --e-global-color-text );\">Dia 25\/01 \u00e0s 17h<\/span><\/h6><h6>Grupo Rosa dos Ventos<\/h6>\t\t\t\t\t\t\t\t<\/div>\n\t\t\t\t<\/div>\n\t\t\t\t\t<\/div>\n\t\t<\/div>\n\t\t\t\t\t<\/div>\n\t\t<\/section>\n\t\t\t\t<section class=\"elementor-section elementor-inner-section elementor-element elementor-element-87f22e2 elementor-section-boxed elementor-section-height-default elementor-section-height-default elementor-invisible\" data-id=\"87f22e2\" data-element_type=\"section\" data-e-type=\"section\" data-settings=\"{&quot;animation&quot;:&quot;fadeIn&quot;,&quot;_ha_eqh_enable&quot;:false}\">\n\t\t\t\t\t\t<div class=\"elementor-container elementor-column-gap-default\">\n\t\t\t\t\t<div class=\"elementor-column elementor-col-33 elementor-inner-column elementor-element elementor-element-88e89e4\" data-id=\"88e89e4\" data-element_type=\"column\" data-e-type=\"column\">\n\t\t\t<div class=\"elementor-widget-wrap elementor-element-populated\">\n\t\t\t\t\t\t<div class=\"elementor-element elementor-element-3ea16ac elementor-widget elementor-widget-image\" data-id=\"3ea16ac\" data-element_type=\"widget\" data-e-type=\"widget\" data-widget_type=\"image.default\">\n\t\t\t\t<div class=\"elementor-widget-container\">\n\t\t\t\t\t\t\t\t\t\t\t\t\t\t\t\t<a href=\"https:\/\/festivaldejaneiro.com\/index.php\/2022-vermelhinhos\/\">\n\t\t\t\t\t\t\t<img loading=\"lazy\" decoding=\"async\" width=\"300\" height=\"169\" src=\"https:\/\/festivaldejaneiro.com\/wp-content\/uploads\/2022\/01\/vermelhinhos-300x169.png\" class=\"attachment-medium size-medium wp-image-1510\" alt=\"\" srcset=\"https:\/\/festivaldejaneiro.com\/wp-content\/uploads\/2022\/01\/vermelhinhos-300x169.png 300w, https:\/\/festivaldejaneiro.com\/wp-content\/uploads\/2022\/01\/vermelhinhos-1024x576.png 1024w, https:\/\/festivaldejaneiro.com\/wp-content\/uploads\/2022\/01\/vermelhinhos-768x432.png 768w, https:\/\/festivaldejaneiro.com\/wp-content\/uploads\/2022\/01\/vermelhinhos-1536x864.png 1536w, https:\/\/festivaldejaneiro.com\/wp-content\/uploads\/2022\/01\/vermelhinhos-1568x882.png 1568w, https:\/\/festivaldejaneiro.com\/wp-content\/uploads\/2022\/01\/vermelhinhos.png 1920w\" sizes=\"(max-width: 300px) 100vw, 300px\" style=\"width:100%;height:56.25%;max-width:1920px\" \/>\t\t\t\t\t\t\t\t<\/a>\n\t\t\t\t\t\t\t\t\t\t\t\t\t\t\t<\/div>\n\t\t\t\t<\/div>\n\t\t\t\t<div class=\"elementor-element elementor-element-bda6123 elementor-widget elementor-widget-text-editor\" data-id=\"bda6123\" data-element_type=\"widget\" data-e-type=\"widget\" data-widget_type=\"text-editor.default\">\n\t\t\t\t<div class=\"elementor-widget-container\">\n\t\t\t\t\t\t\t\t\t<h6>Vermelhinhos<\/h6><h6><span style=\"color: var( --e-global-color-text );\">Dia 26\/01 \u00e0s 15h<\/span><\/h6><h6>Companhia Hecatombe<\/h6>\t\t\t\t\t\t\t\t<\/div>\n\t\t\t\t<\/div>\n\t\t\t\t\t<\/div>\n\t\t<\/div>\n\t\t\t\t<div class=\"elementor-column elementor-col-33 elementor-inner-column elementor-element elementor-element-ce0094e\" data-id=\"ce0094e\" data-element_type=\"column\" data-e-type=\"column\">\n\t\t\t<div class=\"elementor-widget-wrap elementor-element-populated\">\n\t\t\t\t\t\t<div class=\"elementor-element elementor-element-0ab2040 elementor-widget elementor-widget-image\" data-id=\"0ab2040\" data-element_type=\"widget\" data-e-type=\"widget\" data-widget_type=\"image.default\">\n\t\t\t\t<div class=\"elementor-widget-container\">\n\t\t\t\t\t\t\t\t\t\t\t\t\t\t\t\t<a href=\"https:\/\/festivaldejaneiro.com\/index.php\/2022-refugo-urbano\/\">\n\t\t\t\t\t\t\t<img loading=\"lazy\" decoding=\"async\" width=\"300\" height=\"169\" src=\"https:\/\/festivaldejaneiro.com\/wp-content\/uploads\/2022\/01\/refugo-urbano-300x169.png\" class=\"attachment-medium size-medium wp-image-1511\" alt=\"\" srcset=\"https:\/\/festivaldejaneiro.com\/wp-content\/uploads\/2022\/01\/refugo-urbano-300x169.png 300w, https:\/\/festivaldejaneiro.com\/wp-content\/uploads\/2022\/01\/refugo-urbano-1024x576.png 1024w, https:\/\/festivaldejaneiro.com\/wp-content\/uploads\/2022\/01\/refugo-urbano-768x432.png 768w, https:\/\/festivaldejaneiro.com\/wp-content\/uploads\/2022\/01\/refugo-urbano-1536x864.png 1536w, https:\/\/festivaldejaneiro.com\/wp-content\/uploads\/2022\/01\/refugo-urbano-1568x882.png 1568w, https:\/\/festivaldejaneiro.com\/wp-content\/uploads\/2022\/01\/refugo-urbano.png 1920w\" sizes=\"(max-width: 300px) 100vw, 300px\" style=\"width:100%;height:56.25%;max-width:1920px\" \/>\t\t\t\t\t\t\t\t<\/a>\n\t\t\t\t\t\t\t\t\t\t\t\t\t\t\t<\/div>\n\t\t\t\t<\/div>\n\t\t\t\t<div class=\"elementor-element elementor-element-b6716e6 elementor-widget elementor-widget-text-editor\" data-id=\"b6716e6\" data-element_type=\"widget\" data-e-type=\"widget\" data-widget_type=\"text-editor.default\">\n\t\t\t\t<div class=\"elementor-widget-container\">\n\t\t\t\t\t\t\t\t\t<h6>Refugo Urbano<\/h6><h6><span style=\"color: var( --e-global-color-text );\">Dia 27\/01 \u00e0s 15h<\/span><\/h6><h6>Trupe DuNav\u00f4<\/h6>\t\t\t\t\t\t\t\t<\/div>\n\t\t\t\t<\/div>\n\t\t\t\t\t<\/div>\n\t\t<\/div>\n\t\t\t\t<div class=\"elementor-column elementor-col-33 elementor-inner-column elementor-element elementor-element-4878a39\" data-id=\"4878a39\" data-element_type=\"column\" data-e-type=\"column\">\n\t\t\t<div class=\"elementor-widget-wrap elementor-element-populated\">\n\t\t\t\t\t\t<div class=\"elementor-element elementor-element-42c2207 elementor-widget elementor-widget-image\" data-id=\"42c2207\" data-element_type=\"widget\" data-e-type=\"widget\" data-widget_type=\"image.default\">\n\t\t\t\t<div class=\"elementor-widget-container\">\n\t\t\t\t\t\t\t\t\t\t\t\t\t\t\t\t<a href=\"https:\/\/festivaldejaneiro.com\/index.php\/2022-expresso-caracol\/\">\n\t\t\t\t\t\t\t<img loading=\"lazy\" decoding=\"async\" width=\"300\" height=\"169\" src=\"https:\/\/festivaldejaneiro.com\/wp-content\/uploads\/2022\/01\/expresso-caracol-espetaculo-300x169.png\" class=\"attachment-medium size-medium wp-image-1764\" alt=\"\" srcset=\"https:\/\/festivaldejaneiro.com\/wp-content\/uploads\/2022\/01\/expresso-caracol-espetaculo-300x169.png 300w, https:\/\/festivaldejaneiro.com\/wp-content\/uploads\/2022\/01\/expresso-caracol-espetaculo-1024x576.png 1024w, https:\/\/festivaldejaneiro.com\/wp-content\/uploads\/2022\/01\/expresso-caracol-espetaculo-768x432.png 768w, https:\/\/festivaldejaneiro.com\/wp-content\/uploads\/2022\/01\/expresso-caracol-espetaculo-1536x864.png 1536w, https:\/\/festivaldejaneiro.com\/wp-content\/uploads\/2022\/01\/expresso-caracol-espetaculo-1568x882.png 1568w, https:\/\/festivaldejaneiro.com\/wp-content\/uploads\/2022\/01\/expresso-caracol-espetaculo.png 1920w\" sizes=\"(max-width: 300px) 100vw, 300px\" style=\"width:100%;height:56.25%;max-width:1920px\" \/>\t\t\t\t\t\t\t\t<\/a>\n\t\t\t\t\t\t\t\t\t\t\t\t\t\t\t<\/div>\n\t\t\t\t<\/div>\n\t\t\t\t<div class=\"elementor-element elementor-element-c287489 elementor-widget elementor-widget-text-editor\" data-id=\"c287489\" data-element_type=\"widget\" data-e-type=\"widget\" data-widget_type=\"text-editor.default\">\n\t\t\t\t<div class=\"elementor-widget-container\">\n\t\t\t\t\t\t\t\t\t<h6>Expresso Caracol<\/h6><h6><span style=\"color: var( --e-global-color-text );\">Dia 27\/01 \u00e0s 17h<\/span><\/h6><h6>Cia. dos P\u00e9s<\/h6>\t\t\t\t\t\t\t\t<\/div>\n\t\t\t\t<\/div>\n\t\t\t\t\t<\/div>\n\t\t<\/div>\n\t\t\t\t\t<\/div>\n\t\t<\/section>\n\t\t\t\t<section class=\"elementor-section elementor-inner-section elementor-element elementor-element-9731cc9 elementor-section-boxed elementor-section-height-default elementor-section-height-default elementor-invisible\" data-id=\"9731cc9\" data-element_type=\"section\" data-e-type=\"section\" data-settings=\"{&quot;animation&quot;:&quot;fadeIn&quot;,&quot;_ha_eqh_enable&quot;:false}\">\n\t\t\t\t\t\t<div class=\"elementor-container elementor-column-gap-default\">\n\t\t\t\t\t<div class=\"elementor-column elementor-col-33 elementor-inner-column elementor-element elementor-element-dd1e04d\" data-id=\"dd1e04d\" data-element_type=\"column\" data-e-type=\"column\">\n\t\t\t<div class=\"elementor-widget-wrap elementor-element-populated\">\n\t\t\t\t\t\t<div class=\"elementor-element elementor-element-2f4bd34 elementor-widget elementor-widget-image\" data-id=\"2f4bd34\" data-element_type=\"widget\" data-e-type=\"widget\" data-widget_type=\"image.default\">\n\t\t\t\t<div class=\"elementor-widget-container\">\n\t\t\t\t\t\t\t\t\t\t\t\t\t\t\t\t<a href=\"https:\/\/festivaldejaneiro.com\/index.php\/2022-palhacada\/\">\n\t\t\t\t\t\t\t<img loading=\"lazy\" decoding=\"async\" width=\"300\" height=\"169\" src=\"https:\/\/festivaldejaneiro.com\/wp-content\/uploads\/2022\/01\/e-mesmo-uma-palhacada-300x169.png\" class=\"attachment-medium size-medium wp-image-1513\" alt=\"\" srcset=\"https:\/\/festivaldejaneiro.com\/wp-content\/uploads\/2022\/01\/e-mesmo-uma-palhacada-300x169.png 300w, https:\/\/festivaldejaneiro.com\/wp-content\/uploads\/2022\/01\/e-mesmo-uma-palhacada-1024x576.png 1024w, https:\/\/festivaldejaneiro.com\/wp-content\/uploads\/2022\/01\/e-mesmo-uma-palhacada-768x432.png 768w, https:\/\/festivaldejaneiro.com\/wp-content\/uploads\/2022\/01\/e-mesmo-uma-palhacada-1536x864.png 1536w, https:\/\/festivaldejaneiro.com\/wp-content\/uploads\/2022\/01\/e-mesmo-uma-palhacada-1568x882.png 1568w, https:\/\/festivaldejaneiro.com\/wp-content\/uploads\/2022\/01\/e-mesmo-uma-palhacada.png 1920w\" sizes=\"(max-width: 300px) 100vw, 300px\" style=\"width:100%;height:56.25%;max-width:1920px\" \/>\t\t\t\t\t\t\t\t<\/a>\n\t\t\t\t\t\t\t\t\t\t\t\t\t\t\t<\/div>\n\t\t\t\t<\/div>\n\t\t\t\t<div class=\"elementor-element elementor-element-fbdbdd3 elementor-widget elementor-widget-text-editor\" data-id=\"fbdbdd3\" data-element_type=\"widget\" data-e-type=\"widget\" data-widget_type=\"text-editor.default\">\n\t\t\t\t<div class=\"elementor-widget-container\">\n\t\t\t\t\t\t\t\t\t<h6>\u00c9 mesmo uma Palha\u00e7ada<\/h6><h6><span style=\"color: var( --e-global-color-text );\">Dia 28\/01 \u00e0s 17h<\/span><\/h6><h6>Trupe DuNav\u00f4<\/h6>\t\t\t\t\t\t\t\t<\/div>\n\t\t\t\t<\/div>\n\t\t\t\t\t<\/div>\n\t\t<\/div>\n\t\t\t\t<div class=\"elementor-column elementor-col-33 elementor-inner-column elementor-element elementor-element-5efed6a\" data-id=\"5efed6a\" data-element_type=\"column\" data-e-type=\"column\">\n\t\t\t<div class=\"elementor-widget-wrap elementor-element-populated\">\n\t\t\t\t\t\t<div class=\"elementor-element elementor-element-cbe7190 elementor-widget elementor-widget-image\" data-id=\"cbe7190\" data-element_type=\"widget\" data-e-type=\"widget\" data-widget_type=\"image.default\">\n\t\t\t\t<div class=\"elementor-widget-container\">\n\t\t\t\t\t\t\t\t\t\t\t\t\t\t\t\t<a href=\"https:\/\/festivaldejaneiro.com\/index.php\/2022-pulga-orelha\/\">\n\t\t\t\t\t\t\t<img loading=\"lazy\" decoding=\"async\" width=\"300\" height=\"169\" src=\"https:\/\/festivaldejaneiro.com\/wp-content\/uploads\/2022\/01\/pulga-atras-da-orelha-300x169.png\" class=\"attachment-medium size-medium wp-image-1514\" alt=\"\" srcset=\"https:\/\/festivaldejaneiro.com\/wp-content\/uploads\/2022\/01\/pulga-atras-da-orelha-300x169.png 300w, https:\/\/festivaldejaneiro.com\/wp-content\/uploads\/2022\/01\/pulga-atras-da-orelha-1024x576.png 1024w, https:\/\/festivaldejaneiro.com\/wp-content\/uploads\/2022\/01\/pulga-atras-da-orelha-768x432.png 768w, https:\/\/festivaldejaneiro.com\/wp-content\/uploads\/2022\/01\/pulga-atras-da-orelha-1536x864.png 1536w, https:\/\/festivaldejaneiro.com\/wp-content\/uploads\/2022\/01\/pulga-atras-da-orelha-1568x882.png 1568w, https:\/\/festivaldejaneiro.com\/wp-content\/uploads\/2022\/01\/pulga-atras-da-orelha.png 1920w\" sizes=\"(max-width: 300px) 100vw, 300px\" style=\"width:100%;height:56.25%;max-width:1920px\" \/>\t\t\t\t\t\t\t\t<\/a>\n\t\t\t\t\t\t\t\t\t\t\t\t\t\t\t<\/div>\n\t\t\t\t<\/div>\n\t\t\t\t<div class=\"elementor-element elementor-element-c61589a elementor-widget elementor-widget-text-editor\" data-id=\"c61589a\" data-element_type=\"widget\" data-e-type=\"widget\" data-widget_type=\"text-editor.default\">\n\t\t\t\t<div class=\"elementor-widget-container\">\n\t\t\t\t\t\t\t\t\t<h6>Com a pulga atr\u00e1s da orelha<\/h6><h6><span style=\"color: var( --e-global-color-text );\">Dia 29\/01 \u00e0s 15h<\/span><\/h6><h6>Palha\u00e7o Pop\u00f3<\/h6>\t\t\t\t\t\t\t\t<\/div>\n\t\t\t\t<\/div>\n\t\t\t\t\t<\/div>\n\t\t<\/div>\n\t\t\t\t<div class=\"elementor-column elementor-col-33 elementor-inner-column elementor-element elementor-element-295748a\" data-id=\"295748a\" data-element_type=\"column\" data-e-type=\"column\">\n\t\t\t<div class=\"elementor-widget-wrap elementor-element-populated\">\n\t\t\t\t\t\t<div class=\"elementor-element elementor-element-031e4f3 elementor-widget elementor-widget-image\" data-id=\"031e4f3\" data-element_type=\"widget\" data-e-type=\"widget\" data-widget_type=\"image.default\">\n\t\t\t\t<div class=\"elementor-widget-container\">\n\t\t\t\t\t\t\t\t\t\t\t\t\t\t\t\t<a href=\"https:\/\/festivaldejaneiro.com\/index.php\/2022-revolucao-bichos\/\">\n\t\t\t\t\t\t\t<img loading=\"lazy\" decoding=\"async\" width=\"300\" height=\"169\" src=\"https:\/\/festivaldejaneiro.com\/wp-content\/uploads\/2022\/01\/revolucao-bichos-300x169.png\" class=\"attachment-medium size-medium wp-image-1515\" alt=\"\" srcset=\"https:\/\/festivaldejaneiro.com\/wp-content\/uploads\/2022\/01\/revolucao-bichos-300x169.png 300w, https:\/\/festivaldejaneiro.com\/wp-content\/uploads\/2022\/01\/revolucao-bichos-1024x576.png 1024w, https:\/\/festivaldejaneiro.com\/wp-content\/uploads\/2022\/01\/revolucao-bichos-768x432.png 768w, https:\/\/festivaldejaneiro.com\/wp-content\/uploads\/2022\/01\/revolucao-bichos-1536x864.png 1536w, https:\/\/festivaldejaneiro.com\/wp-content\/uploads\/2022\/01\/revolucao-bichos-1568x882.png 1568w, https:\/\/festivaldejaneiro.com\/wp-content\/uploads\/2022\/01\/revolucao-bichos.png 1920w\" sizes=\"(max-width: 300px) 100vw, 300px\" style=\"width:100%;height:56.25%;max-width:1920px\" \/>\t\t\t\t\t\t\t\t<\/a>\n\t\t\t\t\t\t\t\t\t\t\t\t\t\t\t<\/div>\n\t\t\t\t<\/div>\n\t\t\t\t<div class=\"elementor-element elementor-element-7cabfa4 elementor-widget elementor-widget-text-editor\" data-id=\"7cabfa4\" data-element_type=\"widget\" data-e-type=\"widget\" data-widget_type=\"text-editor.default\">\n\t\t\t\t<div class=\"elementor-widget-container\">\n\t\t\t\t\t\t\t\t\t<h6>A Revolu\u00e7\u00e3o dos Bichos<\/h6><h6><span style=\"color: var( --e-global-color-text );\">Dia 30\/01 \u00e0s 15h<\/span><\/h6><h6>Cia. Apocal\u00edptica<\/h6>\t\t\t\t\t\t\t\t<\/div>\n\t\t\t\t<\/div>\n\t\t\t\t\t<\/div>\n\t\t<\/div>\n\t\t\t\t\t<\/div>\n\t\t<\/section>\n\t\t\t\t<div class=\"elementor-element elementor-element-048ce14 elementor-hidden-tablet elementor-hidden-phone elementor-widget elementor-widget-spacer\" data-id=\"048ce14\" data-element_type=\"widget\" data-e-type=\"widget\" data-widget_type=\"spacer.default\">\n\t\t\t\t<div class=\"elementor-widget-container\">\n\t\t\t\t\t\t\t<div class=\"elementor-spacer\">\n\t\t\t<div class=\"elementor-spacer-inner\"><\/div>\n\t\t<\/div>\n\t\t\t\t\t\t<\/div>\n\t\t\t\t<\/div>\n\t\t\t\t<div class=\"elementor-element elementor-element-2b6d6c3 elementor-invisible elementor-widget elementor-widget-heading\" data-id=\"2b6d6c3\" data-element_type=\"widget\" data-e-type=\"widget\" data-settings=\"{&quot;_animation&quot;:&quot;fadeIn&quot;}\" data-widget_type=\"heading.default\">\n\t\t\t\t<div class=\"elementor-widget-container\">\n\t\t\t\t\t<h4 class=\"elementor-heading-title elementor-size-default\">Toda a programa\u00e7\u00e3o de espet\u00e1culos teve tradu\u00e7\u00e3o em libras!<\/h4>\t\t\t\t<\/div>\n\t\t\t\t<\/div>\n\t\t\t\t<div class=\"elementor-element elementor-element-aff3904 elementor-widget elementor-widget-spacer\" data-id=\"aff3904\" data-element_type=\"widget\" data-e-type=\"widget\" data-widget_type=\"spacer.default\">\n\t\t\t\t<div class=\"elementor-widget-container\">\n\t\t\t\t\t\t\t<div class=\"elementor-spacer\">\n\t\t\t<div class=\"elementor-spacer-inner\"><\/div>\n\t\t<\/div>\n\t\t\t\t\t\t<\/div>\n\t\t\t\t<\/div>\n\t\t\t\t\t<\/div>\n\t\t<\/div>\n\t\t\t\t\t<\/div>\n\t\t<\/section>\n\t\t\t\t<section class=\"elementor-section elementor-top-section elementor-element elementor-element-487156e6 elementor-section-boxed elementor-section-height-default elementor-section-height-default\" data-id=\"487156e6\" data-element_type=\"section\" data-e-type=\"section\" data-settings=\"{&quot;background_background&quot;:&quot;classic&quot;,&quot;shape_divider_top&quot;:&quot;wave-brush&quot;,&quot;shape_divider_bottom&quot;:&quot;wave-brush&quot;,&quot;_ha_eqh_enable&quot;:false}\">\n\t\t\t\t\t\t\t<div class=\"elementor-background-overlay\"><\/div>\n\t\t\t\t\t\t<div class=\"elementor-shape elementor-shape-top\" aria-hidden=\"true\" data-negative=\"false\">\n\t\t\t<svg xmlns=\"http:\/\/www.w3.org\/2000\/svg\" viewBox=\"0 0 283.5 27.8\" preserveAspectRatio=\"none\">\n\t<path class=\"elementor-shape-fill\" d=\"M283.5,9.7c0,0-7.3,4.3-14,4.6c-6.8,0.3-12.6,0-20.9-1.5c-11.3-2-33.1-10.1-44.7-5.7\ts-12.1,4.6-18,7.4c-6.6,3.2-20,9.6-36.6,9.3C131.6,23.5,99.5,7.2,86.3,8c-1.4,0.1-6.6,0.8-10.5,2c-3.8,1.2-9.4,3.8-17,4.7\tc-3.2,0.4-8.3,1.1-14.2,0.9c-1.5-0.1-6.3-0.4-12-1.6c-5.7-1.2-11-3.1-15.8-3.7C6.5,9.2,0,10.8,0,10.8V0h283.5V9.7z M260.8,11.3\tc-0.7-1-2-0.4-4.3-0.4c-2.3,0-6.1-1.2-5.8-1.1c0.3,0.1,3.1,1.5,6,1.9C259.7,12.2,261.4,12.3,260.8,11.3z M242.4,8.6\tc0,0-2.4-0.2-5.6-0.9c-3.2-0.8-10.3-2.8-15.1-3.5c-8.2-1.1-15.8,0-15.1,0.1c0.8,0.1,9.6-0.6,17.6,1.1c3.3,0.7,9.3,2.2,12.4,2.7\tC239.9,8.7,242.4,8.6,242.4,8.6z M185.2,8.5c1.7-0.7-13.3,4.7-18.5,6.1c-2.1,0.6-6.2,1.6-10,2c-3.9,0.4-8.9,0.4-8.8,0.5\tc0,0.2,5.8,0.8,11.2,0c5.4-0.8,5.2-1.1,7.6-1.6C170.5,14.7,183.5,9.2,185.2,8.5z M199.1,6.9c0.2,0-0.8-0.4-4.8,1.1\tc-4,1.5-6.7,3.5-6.9,3.7c-0.2,0.1,3.5-1.8,6.6-3C197,7.5,199,6.9,199.1,6.9z M283,6c-0.1,0.1-1.9,1.1-4.8,2.5s-6.9,2.8-6.7,2.7\tc0.2,0,3.5-0.6,7.4-2.5C282.8,6.8,283.1,5.9,283,6z M31.3,11.6c0.1-0.2-1.9-0.2-4.5-1.2s-5.4-1.6-7.8-2C15,7.6,7.3,8.5,7.7,8.6\tC8,8.7,15.9,8.3,20.2,9.3c2.2,0.5,2.4,0.5,5.7,1.6S31.2,11.9,31.3,11.6z M73,9.2c0.4-0.1,3.5-1.6,8.4-2.6c4.9-1.1,8.9-0.5,8.9-0.8\tc0-0.3-1-0.9-6.2-0.3S72.6,9.3,73,9.2z M71.6,6.7C71.8,6.8,75,5.4,77.3,5c2.3-0.3,1.9-0.5,1.9-0.6c0-0.1-1.1-0.2-2.7,0.2\tC74.8,5.1,71.4,6.6,71.6,6.7z M93.6,4.4c0.1,0.2,3.5,0.8,5.6,1.8c2.1,1,1.8,0.6,1.9,0.5c0.1-0.1-0.8-0.8-2.4-1.3\tC97.1,4.8,93.5,4.2,93.6,4.4z M65.4,11.1c-0.1,0.3,0.3,0.5,1.9-0.2s2.6-1.3,2.2-1.2s-0.9,0.4-2.5,0.8C65.3,10.9,65.5,10.8,65.4,11.1\tz M34.5,12.4c-0.2,0,2.1,0.8,3.3,0.9c1.2,0.1,2,0.1,2-0.2c0-0.3-0.1-0.5-1.6-0.4C36.6,12.8,34.7,12.4,34.5,12.4z M152.2,21.1\tc-0.1,0.1-2.4-0.3-7.5-0.3c-5,0-13.6-2.4-17.2-3.5c-3.6-1.1,10,3.9,16.5,4.1C150.5,21.6,152.3,21,152.2,21.1z\"\/>\n\t<path class=\"elementor-shape-fill\" d=\"M269.6,18c-0.1-0.1-4.6,0.3-7.2,0c-7.3-0.7-17-3.2-16.6-2.9c0.4,0.3,13.7,3.1,17,3.3\tC267.7,18.8,269.7,18,269.6,18z\"\/>\n\t<path class=\"elementor-shape-fill\" d=\"M227.4,9.8c-0.2-0.1-4.5-1-9.5-1.2c-5-0.2-12.7,0.6-12.3,0.5c0.3-0.1,5.9-1.8,13.3-1.2\tS227.6,9.9,227.4,9.8z\"\/>\n\t<path class=\"elementor-shape-fill\" d=\"M204.5,13.4c-0.1-0.1,2-1,3.2-1.1c1.2-0.1,2,0,2,0.3c0,0.3-0.1,0.5-1.6,0.4\tC206.4,12.9,204.6,13.5,204.5,13.4z\"\/>\n\t<path class=\"elementor-shape-fill\" d=\"M201,10.6c0-0.1-4.4,1.2-6.3,2.2c-1.9,0.9-6.2,3.1-6.1,3.1c0.1,0.1,4.2-1.6,6.3-2.6\tS201,10.7,201,10.6z\"\/>\n\t<path class=\"elementor-shape-fill\" d=\"M154.5,26.7c-0.1-0.1-4.6,0.3-7.2,0c-7.3-0.7-17-3.2-16.6-2.9c0.4,0.3,13.7,3.1,17,3.3\tC152.6,27.5,154.6,26.8,154.5,26.7z\"\/>\n\t<path class=\"elementor-shape-fill\" d=\"M41.9,19.3c0,0,1.2-0.3,2.9-0.1c1.7,0.2,5.8,0.9,8.2,0.7c4.2-0.4,7.4-2.7,7-2.6\tc-0.4,0-4.3,2.2-8.6,1.9c-1.8-0.1-5.1-0.5-6.7-0.4S41.9,19.3,41.9,19.3z\"\/>\n\t<path class=\"elementor-shape-fill\" d=\"M75.5,12.6c0.2,0.1,2-0.8,4.3-1.1c2.3-0.2,2.1-0.3,2.1-0.5c0-0.1-1.8-0.4-3.4,0\tC76.9,11.5,75.3,12.5,75.5,12.6z\"\/>\n\t<path class=\"elementor-shape-fill\" d=\"M15.6,13.2c0-0.1,4.3,0,6.7,0.5c2.4,0.5,5,1.9,5,2c0,0.1-2.7-0.8-5.1-1.4\tC19.9,13.7,15.7,13.3,15.6,13.2z\"\/>\n<\/svg>\t\t<\/div>\n\t\t\t\t<div class=\"elementor-shape elementor-shape-bottom\" aria-hidden=\"true\" data-negative=\"false\">\n\t\t\t<svg xmlns=\"http:\/\/www.w3.org\/2000\/svg\" viewBox=\"0 0 283.5 27.8\" preserveAspectRatio=\"none\">\n\t<path class=\"elementor-shape-fill\" d=\"M283.5,9.7c0,0-7.3,4.3-14,4.6c-6.8,0.3-12.6,0-20.9-1.5c-11.3-2-33.1-10.1-44.7-5.7\ts-12.1,4.6-18,7.4c-6.6,3.2-20,9.6-36.6,9.3C131.6,23.5,99.5,7.2,86.3,8c-1.4,0.1-6.6,0.8-10.5,2c-3.8,1.2-9.4,3.8-17,4.7\tc-3.2,0.4-8.3,1.1-14.2,0.9c-1.5-0.1-6.3-0.4-12-1.6c-5.7-1.2-11-3.1-15.8-3.7C6.5,9.2,0,10.8,0,10.8V0h283.5V9.7z M260.8,11.3\tc-0.7-1-2-0.4-4.3-0.4c-2.3,0-6.1-1.2-5.8-1.1c0.3,0.1,3.1,1.5,6,1.9C259.7,12.2,261.4,12.3,260.8,11.3z M242.4,8.6\tc0,0-2.4-0.2-5.6-0.9c-3.2-0.8-10.3-2.8-15.1-3.5c-8.2-1.1-15.8,0-15.1,0.1c0.8,0.1,9.6-0.6,17.6,1.1c3.3,0.7,9.3,2.2,12.4,2.7\tC239.9,8.7,242.4,8.6,242.4,8.6z M185.2,8.5c1.7-0.7-13.3,4.7-18.5,6.1c-2.1,0.6-6.2,1.6-10,2c-3.9,0.4-8.9,0.4-8.8,0.5\tc0,0.2,5.8,0.8,11.2,0c5.4-0.8,5.2-1.1,7.6-1.6C170.5,14.7,183.5,9.2,185.2,8.5z M199.1,6.9c0.2,0-0.8-0.4-4.8,1.1\tc-4,1.5-6.7,3.5-6.9,3.7c-0.2,0.1,3.5-1.8,6.6-3C197,7.5,199,6.9,199.1,6.9z M283,6c-0.1,0.1-1.9,1.1-4.8,2.5s-6.9,2.8-6.7,2.7\tc0.2,0,3.5-0.6,7.4-2.5C282.8,6.8,283.1,5.9,283,6z M31.3,11.6c0.1-0.2-1.9-0.2-4.5-1.2s-5.4-1.6-7.8-2C15,7.6,7.3,8.5,7.7,8.6\tC8,8.7,15.9,8.3,20.2,9.3c2.2,0.5,2.4,0.5,5.7,1.6S31.2,11.9,31.3,11.6z M73,9.2c0.4-0.1,3.5-1.6,8.4-2.6c4.9-1.1,8.9-0.5,8.9-0.8\tc0-0.3-1-0.9-6.2-0.3S72.6,9.3,73,9.2z M71.6,6.7C71.8,6.8,75,5.4,77.3,5c2.3-0.3,1.9-0.5,1.9-0.6c0-0.1-1.1-0.2-2.7,0.2\tC74.8,5.1,71.4,6.6,71.6,6.7z M93.6,4.4c0.1,0.2,3.5,0.8,5.6,1.8c2.1,1,1.8,0.6,1.9,0.5c0.1-0.1-0.8-0.8-2.4-1.3\tC97.1,4.8,93.5,4.2,93.6,4.4z M65.4,11.1c-0.1,0.3,0.3,0.5,1.9-0.2s2.6-1.3,2.2-1.2s-0.9,0.4-2.5,0.8C65.3,10.9,65.5,10.8,65.4,11.1\tz M34.5,12.4c-0.2,0,2.1,0.8,3.3,0.9c1.2,0.1,2,0.1,2-0.2c0-0.3-0.1-0.5-1.6-0.4C36.6,12.8,34.7,12.4,34.5,12.4z M152.2,21.1\tc-0.1,0.1-2.4-0.3-7.5-0.3c-5,0-13.6-2.4-17.2-3.5c-3.6-1.1,10,3.9,16.5,4.1C150.5,21.6,152.3,21,152.2,21.1z\"\/>\n\t<path class=\"elementor-shape-fill\" d=\"M269.6,18c-0.1-0.1-4.6,0.3-7.2,0c-7.3-0.7-17-3.2-16.6-2.9c0.4,0.3,13.7,3.1,17,3.3\tC267.7,18.8,269.7,18,269.6,18z\"\/>\n\t<path class=\"elementor-shape-fill\" d=\"M227.4,9.8c-0.2-0.1-4.5-1-9.5-1.2c-5-0.2-12.7,0.6-12.3,0.5c0.3-0.1,5.9-1.8,13.3-1.2\tS227.6,9.9,227.4,9.8z\"\/>\n\t<path class=\"elementor-shape-fill\" d=\"M204.5,13.4c-0.1-0.1,2-1,3.2-1.1c1.2-0.1,2,0,2,0.3c0,0.3-0.1,0.5-1.6,0.4\tC206.4,12.9,204.6,13.5,204.5,13.4z\"\/>\n\t<path class=\"elementor-shape-fill\" d=\"M201,10.6c0-0.1-4.4,1.2-6.3,2.2c-1.9,0.9-6.2,3.1-6.1,3.1c0.1,0.1,4.2-1.6,6.3-2.6\tS201,10.7,201,10.6z\"\/>\n\t<path class=\"elementor-shape-fill\" d=\"M154.5,26.7c-0.1-0.1-4.6,0.3-7.2,0c-7.3-0.7-17-3.2-16.6-2.9c0.4,0.3,13.7,3.1,17,3.3\tC152.6,27.5,154.6,26.8,154.5,26.7z\"\/>\n\t<path class=\"elementor-shape-fill\" d=\"M41.9,19.3c0,0,1.2-0.3,2.9-0.1c1.7,0.2,5.8,0.9,8.2,0.7c4.2-0.4,7.4-2.7,7-2.6\tc-0.4,0-4.3,2.2-8.6,1.9c-1.8-0.1-5.1-0.5-6.7-0.4S41.9,19.3,41.9,19.3z\"\/>\n\t<path class=\"elementor-shape-fill\" d=\"M75.5,12.6c0.2,0.1,2-0.8,4.3-1.1c2.3-0.2,2.1-0.3,2.1-0.5c0-0.1-1.8-0.4-3.4,0\tC76.9,11.5,75.3,12.5,75.5,12.6z\"\/>\n\t<path class=\"elementor-shape-fill\" d=\"M15.6,13.2c0-0.1,4.3,0,6.7,0.5c2.4,0.5,5,1.9,5,2c0,0.1-2.7-0.8-5.1-1.4\tC19.9,13.7,15.7,13.3,15.6,13.2z\"\/>\n<\/svg>\t\t<\/div>\n\t\t\t\t\t<div class=\"elementor-container elementor-column-gap-default\">\n\t\t\t\t\t<div class=\"elementor-column elementor-col-100 elementor-top-column elementor-element elementor-element-60bd5edf\" data-id=\"60bd5edf\" data-element_type=\"column\" data-e-type=\"column\">\n\t\t\t<div class=\"elementor-widget-wrap elementor-element-populated\">\n\t\t\t\t\t\t<div class=\"elementor-element elementor-element-3708add elementor-widget elementor-widget-menu-anchor\" data-id=\"3708add\" data-element_type=\"widget\" data-e-type=\"widget\" data-widget_type=\"menu-anchor.default\">\n\t\t\t\t<div class=\"elementor-widget-container\">\n\t\t\t\t\t\t\t<div class=\"elementor-menu-anchor\" id=\"ativ-formativas\"><\/div>\n\t\t\t\t\t\t<\/div>\n\t\t\t\t<\/div>\n\t\t\t\t<div class=\"elementor-element elementor-element-8488a9f elementor-widget elementor-widget-spacer\" data-id=\"8488a9f\" data-element_type=\"widget\" data-e-type=\"widget\" data-widget_type=\"spacer.default\">\n\t\t\t\t<div class=\"elementor-widget-container\">\n\t\t\t\t\t\t\t<div class=\"elementor-spacer\">\n\t\t\t<div class=\"elementor-spacer-inner\"><\/div>\n\t\t<\/div>\n\t\t\t\t\t\t<\/div>\n\t\t\t\t<\/div>\n\t\t\t\t<div class=\"elementor-element elementor-element-67075c1 elementor-invisible elementor-widget elementor-widget-heading\" data-id=\"67075c1\" data-element_type=\"widget\" data-e-type=\"widget\" data-settings=\"{&quot;_animation&quot;:&quot;fadeIn&quot;,&quot;_animation_delay&quot;:500}\" data-widget_type=\"heading.default\">\n\t\t\t\t<div class=\"elementor-widget-container\">\n\t\t\t\t\t<h2 class=\"elementor-heading-title elementor-size-default\">Confira as Atividades Formativas que aconteceram no 15o Festival em Janeiro!<\/h2>\t\t\t\t<\/div>\n\t\t\t\t<\/div>\n\t\t\t\t<section class=\"elementor-section elementor-inner-section elementor-element elementor-element-ad13867 elementor-section-boxed elementor-section-height-default elementor-section-height-default elementor-invisible\" data-id=\"ad13867\" data-element_type=\"section\" data-e-type=\"section\" data-settings=\"{&quot;animation&quot;:&quot;fadeIn&quot;,&quot;_ha_eqh_enable&quot;:false}\">\n\t\t\t\t\t\t<div class=\"elementor-container elementor-column-gap-default\">\n\t\t\t\t\t<div class=\"elementor-column elementor-col-33 elementor-inner-column elementor-element elementor-element-4677701\" data-id=\"4677701\" data-element_type=\"column\" data-e-type=\"column\">\n\t\t\t<div class=\"elementor-widget-wrap elementor-element-populated\">\n\t\t\t\t\t\t<div class=\"elementor-element elementor-element-71ff9f3 elementor-widget elementor-widget-image\" data-id=\"71ff9f3\" data-element_type=\"widget\" data-e-type=\"widget\" data-widget_type=\"image.default\">\n\t\t\t\t<div class=\"elementor-widget-container\">\n\t\t\t\t\t\t\t\t\t\t\t\t\t\t\t\t<a href=\"https:\/\/festivaldejaneiro.com\/index.php\/2022-ato-cenico\">\n\t\t\t\t\t\t\t<img loading=\"lazy\" decoding=\"async\" width=\"750\" height=\"422\" src=\"https:\/\/festivaldejaneiro.com\/wp-content\/uploads\/2022\/01\/01-da-concepcao-ao-ato-cenico-1024x576.png\" class=\"attachment-large size-large wp-image-1655\" alt=\"\" srcset=\"https:\/\/festivaldejaneiro.com\/wp-content\/uploads\/2022\/01\/01-da-concepcao-ao-ato-cenico-1024x576.png 1024w, https:\/\/festivaldejaneiro.com\/wp-content\/uploads\/2022\/01\/01-da-concepcao-ao-ato-cenico-300x169.png 300w, https:\/\/festivaldejaneiro.com\/wp-content\/uploads\/2022\/01\/01-da-concepcao-ao-ato-cenico-768x432.png 768w, https:\/\/festivaldejaneiro.com\/wp-content\/uploads\/2022\/01\/01-da-concepcao-ao-ato-cenico-1536x864.png 1536w, https:\/\/festivaldejaneiro.com\/wp-content\/uploads\/2022\/01\/01-da-concepcao-ao-ato-cenico-1568x882.png 1568w, https:\/\/festivaldejaneiro.com\/wp-content\/uploads\/2022\/01\/01-da-concepcao-ao-ato-cenico.png 1920w\" sizes=\"(max-width: 750px) 100vw, 750px\" style=\"width:100%;height:56.25%;max-width:1920px\" \/>\t\t\t\t\t\t\t\t<\/a>\n\t\t\t\t\t\t\t\t\t\t\t\t\t\t\t<\/div>\n\t\t\t\t<\/div>\n\t\t\t\t<div class=\"elementor-element elementor-element-00f2b2b elementor-widget elementor-widget-text-editor\" data-id=\"00f2b2b\" data-element_type=\"widget\" data-e-type=\"widget\" data-widget_type=\"text-editor.default\">\n\t\t\t\t<div class=\"elementor-widget-container\">\n\t\t\t\t\t\t\t\t\t<h5><span style=\"text-decoration: underline;\">Workshop:<\/span><\/h5><h6>Da concep\u00e7\u00e3o ao ato c\u00eanico pelo m\u00e9todo da Cia. F\u00e1brica de Sonhos<\/h6><h6>&lt;&gt; Dia 22\/01 \u00e0s 10h30 &lt;&gt;<\/h6><h6>Cia F\u00e1brica de Sonhos<\/h6>\t\t\t\t\t\t\t\t<\/div>\n\t\t\t\t<\/div>\n\t\t\t\t\t<\/div>\n\t\t<\/div>\n\t\t\t\t<div class=\"elementor-column elementor-col-33 elementor-inner-column elementor-element elementor-element-9d3bc02\" data-id=\"9d3bc02\" data-element_type=\"column\" data-e-type=\"column\">\n\t\t\t<div class=\"elementor-widget-wrap elementor-element-populated\">\n\t\t\t\t\t\t<div class=\"elementor-element elementor-element-2803d49 elementor-widget elementor-widget-image\" data-id=\"2803d49\" data-element_type=\"widget\" data-e-type=\"widget\" data-widget_type=\"image.default\">\n\t\t\t\t<div class=\"elementor-widget-container\">\n\t\t\t\t\t\t\t\t\t\t\t\t\t\t\t\t<a href=\"https:\/\/festivaldejaneiro.com\/index.php\/2022-bolhas-gigantes\">\n\t\t\t\t\t\t\t<img loading=\"lazy\" decoding=\"async\" width=\"750\" height=\"422\" src=\"https:\/\/festivaldejaneiro.com\/wp-content\/uploads\/2022\/01\/02-bolhas-de-sabao-gigantes-1024x576.png\" class=\"attachment-large size-large wp-image-1656\" alt=\"\" srcset=\"https:\/\/festivaldejaneiro.com\/wp-content\/uploads\/2022\/01\/02-bolhas-de-sabao-gigantes-1024x576.png 1024w, https:\/\/festivaldejaneiro.com\/wp-content\/uploads\/2022\/01\/02-bolhas-de-sabao-gigantes-300x169.png 300w, https:\/\/festivaldejaneiro.com\/wp-content\/uploads\/2022\/01\/02-bolhas-de-sabao-gigantes-768x432.png 768w, https:\/\/festivaldejaneiro.com\/wp-content\/uploads\/2022\/01\/02-bolhas-de-sabao-gigantes-1536x864.png 1536w, https:\/\/festivaldejaneiro.com\/wp-content\/uploads\/2022\/01\/02-bolhas-de-sabao-gigantes-1568x882.png 1568w, https:\/\/festivaldejaneiro.com\/wp-content\/uploads\/2022\/01\/02-bolhas-de-sabao-gigantes.png 1920w\" sizes=\"(max-width: 750px) 100vw, 750px\" style=\"width:100%;height:56.25%;max-width:1920px\" \/>\t\t\t\t\t\t\t\t<\/a>\n\t\t\t\t\t\t\t\t\t\t\t\t\t\t\t<\/div>\n\t\t\t\t<\/div>\n\t\t\t\t<div class=\"elementor-element elementor-element-29af6ed elementor-widget elementor-widget-text-editor\" data-id=\"29af6ed\" data-element_type=\"widget\" data-e-type=\"widget\" data-widget_type=\"text-editor.default\">\n\t\t\t\t<div class=\"elementor-widget-container\">\n\t\t\t\t\t\t\t\t\t<h5><span style=\"text-decoration: underline;\">Workshop:<\/span><\/h5><h6>Bolhas de Sab\u00e3o Gigantes<\/h6><h6>&lt;&gt; Dia 23\/01 \u00e0s 10h30 &lt;&gt;<\/h6><h6>Severina Cia de Teatro<\/h6>\t\t\t\t\t\t\t\t<\/div>\n\t\t\t\t<\/div>\n\t\t\t\t\t<\/div>\n\t\t<\/div>\n\t\t\t\t<div class=\"elementor-column elementor-col-33 elementor-inner-column elementor-element elementor-element-cbdabab\" data-id=\"cbdabab\" data-element_type=\"column\" data-e-type=\"column\">\n\t\t\t<div class=\"elementor-widget-wrap elementor-element-populated\">\n\t\t\t\t\t\t<div class=\"elementor-element elementor-element-873b37d elementor-widget elementor-widget-image\" data-id=\"873b37d\" data-element_type=\"widget\" data-e-type=\"widget\" data-widget_type=\"image.default\">\n\t\t\t\t<div class=\"elementor-widget-container\">\n\t\t\t\t\t\t\t\t\t\t\t\t\t\t\t\t<a href=\"https:\/\/festivaldejaneiro.com\/index.php\/2022-teatro-musica\">\n\t\t\t\t\t\t\t<img loading=\"lazy\" decoding=\"async\" width=\"750\" height=\"422\" src=\"https:\/\/festivaldejaneiro.com\/wp-content\/uploads\/2022\/01\/03-o-teatro-e-a-musica-1024x576.png\" class=\"attachment-large size-large wp-image-1657\" alt=\"\" srcset=\"https:\/\/festivaldejaneiro.com\/wp-content\/uploads\/2022\/01\/03-o-teatro-e-a-musica-1024x576.png 1024w, https:\/\/festivaldejaneiro.com\/wp-content\/uploads\/2022\/01\/03-o-teatro-e-a-musica-300x169.png 300w, https:\/\/festivaldejaneiro.com\/wp-content\/uploads\/2022\/01\/03-o-teatro-e-a-musica-768x432.png 768w, https:\/\/festivaldejaneiro.com\/wp-content\/uploads\/2022\/01\/03-o-teatro-e-a-musica-1536x864.png 1536w, https:\/\/festivaldejaneiro.com\/wp-content\/uploads\/2022\/01\/03-o-teatro-e-a-musica-1568x882.png 1568w, https:\/\/festivaldejaneiro.com\/wp-content\/uploads\/2022\/01\/03-o-teatro-e-a-musica.png 1920w\" sizes=\"(max-width: 750px) 100vw, 750px\" style=\"width:100%;height:56.25%;max-width:1920px\" \/>\t\t\t\t\t\t\t\t<\/a>\n\t\t\t\t\t\t\t\t\t\t\t\t\t\t\t<\/div>\n\t\t\t\t<\/div>\n\t\t\t\t<div class=\"elementor-element elementor-element-b20e1f0 elementor-widget elementor-widget-text-editor\" data-id=\"b20e1f0\" data-element_type=\"widget\" data-e-type=\"widget\" data-widget_type=\"text-editor.default\">\n\t\t\t\t<div class=\"elementor-widget-container\">\n\t\t\t\t\t\t\t\t\t<h5><span style=\"text-decoration: underline;\">Workshop:<\/span><\/h5><h6>O teatro e a m\u00fasica: Parceiros no processo de cria\u00e7\u00e3o<\/h6><h6><span style=\"font-family: var(--heading--font-family); font-size: var(--heading--font-size-h6); font-weight: var(--heading--font-weight-strong); letter-spacing: var(--heading--letter-spacing-h6);\">&lt;&gt; Dia 24\/01 \u00e0s 10h30 &lt;&gt;<\/span><\/h6><h6>Agrupamento de Artistas<\/h6>\t\t\t\t\t\t\t\t<\/div>\n\t\t\t\t<\/div>\n\t\t\t\t\t<\/div>\n\t\t<\/div>\n\t\t\t\t\t<\/div>\n\t\t<\/section>\n\t\t\t\t<section class=\"elementor-section elementor-inner-section elementor-element elementor-element-9f9fc87 elementor-section-boxed elementor-section-height-default elementor-section-height-default elementor-invisible\" data-id=\"9f9fc87\" data-element_type=\"section\" data-e-type=\"section\" data-settings=\"{&quot;animation&quot;:&quot;fadeIn&quot;,&quot;_ha_eqh_enable&quot;:false}\">\n\t\t\t\t\t\t<div class=\"elementor-container elementor-column-gap-default\">\n\t\t\t\t\t<div class=\"elementor-column elementor-col-33 elementor-inner-column elementor-element elementor-element-af52a70\" data-id=\"af52a70\" data-element_type=\"column\" data-e-type=\"column\">\n\t\t\t<div class=\"elementor-widget-wrap elementor-element-populated\">\n\t\t\t\t\t\t<div class=\"elementor-element elementor-element-8986317 elementor-widget elementor-widget-image\" data-id=\"8986317\" data-element_type=\"widget\" data-e-type=\"widget\" data-widget_type=\"image.default\">\n\t\t\t\t<div class=\"elementor-widget-container\">\n\t\t\t\t\t\t\t\t\t\t\t\t\t\t\t\t<a href=\"https:\/\/festivaldejaneiro.com\/index.php\/2022-oficina-cupcake\">\n\t\t\t\t\t\t\t<img loading=\"lazy\" decoding=\"async\" width=\"750\" height=\"422\" src=\"https:\/\/festivaldejaneiro.com\/wp-content\/uploads\/2022\/01\/oficina-cupcake-1-1024x576.png\" class=\"attachment-large size-large wp-image-1785\" alt=\"\" srcset=\"https:\/\/festivaldejaneiro.com\/wp-content\/uploads\/2022\/01\/oficina-cupcake-1-1024x576.png 1024w, https:\/\/festivaldejaneiro.com\/wp-content\/uploads\/2022\/01\/oficina-cupcake-1-300x169.png 300w, https:\/\/festivaldejaneiro.com\/wp-content\/uploads\/2022\/01\/oficina-cupcake-1-768x432.png 768w, https:\/\/festivaldejaneiro.com\/wp-content\/uploads\/2022\/01\/oficina-cupcake-1-1536x864.png 1536w, https:\/\/festivaldejaneiro.com\/wp-content\/uploads\/2022\/01\/oficina-cupcake-1-1568x882.png 1568w, https:\/\/festivaldejaneiro.com\/wp-content\/uploads\/2022\/01\/oficina-cupcake-1.png 1920w\" sizes=\"(max-width: 750px) 100vw, 750px\" style=\"width:100%;height:56.25%;max-width:1920px\" \/>\t\t\t\t\t\t\t\t<\/a>\n\t\t\t\t\t\t\t\t\t\t\t\t\t\t\t<\/div>\n\t\t\t\t<\/div>\n\t\t\t\t<div class=\"elementor-element elementor-element-48884ed elementor-widget elementor-widget-text-editor\" data-id=\"48884ed\" data-element_type=\"widget\" data-e-type=\"widget\" data-widget_type=\"text-editor.default\">\n\t\t\t\t<div class=\"elementor-widget-container\">\n\t\t\t\t\t\t\t\t\t<h5><span style=\"text-decoration: underline;\">Workshop:<\/span><\/h5><h6>Oficina de Cupcake<\/h6><h6><span style=\"font-family: var(--heading--font-family); font-size: var(--heading--font-size-h6); font-weight: var(--heading--font-weight-strong); letter-spacing: var(--heading--letter-spacing-h6);\">&lt;&gt; Dia 25\/01 \u00e0s 09h &lt;&gt;<\/span><\/h6><h6>Brigadella Doceria<\/h6>\t\t\t\t\t\t\t\t<\/div>\n\t\t\t\t<\/div>\n\t\t\t\t\t<\/div>\n\t\t<\/div>\n\t\t\t\t<div class=\"elementor-column elementor-col-33 elementor-inner-column elementor-element elementor-element-2fa0c0c\" data-id=\"2fa0c0c\" data-element_type=\"column\" data-e-type=\"column\">\n\t\t\t<div class=\"elementor-widget-wrap elementor-element-populated\">\n\t\t\t\t\t\t<div class=\"elementor-element elementor-element-d77e8f1 elementor-widget elementor-widget-image\" data-id=\"d77e8f1\" data-element_type=\"widget\" data-e-type=\"widget\" data-widget_type=\"image.default\">\n\t\t\t\t<div class=\"elementor-widget-container\">\n\t\t\t\t\t\t\t\t\t\t\t\t\t\t\t\t<a href=\"https:\/\/festivaldejaneiro.com\/index.php\/2022-descoberta-palhaco\">\n\t\t\t\t\t\t\t<img loading=\"lazy\" decoding=\"async\" width=\"750\" height=\"422\" src=\"https:\/\/festivaldejaneiro.com\/wp-content\/uploads\/2022\/01\/04-a-descoberta-do-estado-do-palhaco-1024x576.png\" class=\"attachment-large size-large wp-image-1658\" alt=\"\" srcset=\"https:\/\/festivaldejaneiro.com\/wp-content\/uploads\/2022\/01\/04-a-descoberta-do-estado-do-palhaco-1024x576.png 1024w, https:\/\/festivaldejaneiro.com\/wp-content\/uploads\/2022\/01\/04-a-descoberta-do-estado-do-palhaco-300x169.png 300w, https:\/\/festivaldejaneiro.com\/wp-content\/uploads\/2022\/01\/04-a-descoberta-do-estado-do-palhaco-768x432.png 768w, https:\/\/festivaldejaneiro.com\/wp-content\/uploads\/2022\/01\/04-a-descoberta-do-estado-do-palhaco-1536x864.png 1536w, https:\/\/festivaldejaneiro.com\/wp-content\/uploads\/2022\/01\/04-a-descoberta-do-estado-do-palhaco-1568x882.png 1568w, https:\/\/festivaldejaneiro.com\/wp-content\/uploads\/2022\/01\/04-a-descoberta-do-estado-do-palhaco.png 1920w\" sizes=\"(max-width: 750px) 100vw, 750px\" style=\"width:100%;height:56.25%;max-width:1920px\" \/>\t\t\t\t\t\t\t\t<\/a>\n\t\t\t\t\t\t\t\t\t\t\t\t\t\t\t<\/div>\n\t\t\t\t<\/div>\n\t\t\t\t<div class=\"elementor-element elementor-element-1de871c elementor-widget elementor-widget-text-editor\" data-id=\"1de871c\" data-element_type=\"widget\" data-e-type=\"widget\" data-widget_type=\"text-editor.default\">\n\t\t\t\t<div class=\"elementor-widget-container\">\n\t\t\t\t\t\t\t\t\t<h5><span style=\"text-decoration: underline;\">Workshop:<\/span><\/h5><h6>A descoberta do estado do Palha\u00e7o<\/h6><h6><span style=\"font-family: var(--heading--font-family); font-size: var(--heading--font-size-h6); font-weight: var(--heading--font-weight-strong); letter-spacing: var(--heading--letter-spacing-h6);\">&lt;&gt; Dia 25\/01 \u00e0s 10h30 &lt;&gt;<\/span><\/h6><h6>Cia. F\u00e1brica de Sonhos<\/h6>\t\t\t\t\t\t\t\t<\/div>\n\t\t\t\t<\/div>\n\t\t\t\t\t<\/div>\n\t\t<\/div>\n\t\t\t\t<div class=\"elementor-column elementor-col-33 elementor-inner-column elementor-element elementor-element-0023958\" data-id=\"0023958\" data-element_type=\"column\" data-e-type=\"column\">\n\t\t\t<div class=\"elementor-widget-wrap elementor-element-populated\">\n\t\t\t\t\t\t<div class=\"elementor-element elementor-element-5ed8ce2 elementor-widget elementor-widget-image\" data-id=\"5ed8ce2\" data-element_type=\"widget\" data-e-type=\"widget\" data-widget_type=\"image.default\">\n\t\t\t\t<div class=\"elementor-widget-container\">\n\t\t\t\t\t\t\t\t\t\t\t\t\t\t\t\t<a href=\"https:\/\/festivaldejaneiro.com\/index.php\/2022-palhacaria-picadeiro\">\n\t\t\t\t\t\t\t<img loading=\"lazy\" decoding=\"async\" width=\"750\" height=\"422\" src=\"https:\/\/festivaldejaneiro.com\/wp-content\/uploads\/2022\/01\/05-introducao-a-palhacaria-de-picadeiro-1024x576.png\" class=\"attachment-large size-large wp-image-1659\" alt=\"\" srcset=\"https:\/\/festivaldejaneiro.com\/wp-content\/uploads\/2022\/01\/05-introducao-a-palhacaria-de-picadeiro-1024x576.png 1024w, https:\/\/festivaldejaneiro.com\/wp-content\/uploads\/2022\/01\/05-introducao-a-palhacaria-de-picadeiro-300x169.png 300w, https:\/\/festivaldejaneiro.com\/wp-content\/uploads\/2022\/01\/05-introducao-a-palhacaria-de-picadeiro-768x432.png 768w, https:\/\/festivaldejaneiro.com\/wp-content\/uploads\/2022\/01\/05-introducao-a-palhacaria-de-picadeiro-1536x864.png 1536w, https:\/\/festivaldejaneiro.com\/wp-content\/uploads\/2022\/01\/05-introducao-a-palhacaria-de-picadeiro-1568x882.png 1568w, https:\/\/festivaldejaneiro.com\/wp-content\/uploads\/2022\/01\/05-introducao-a-palhacaria-de-picadeiro.png 1920w\" sizes=\"(max-width: 750px) 100vw, 750px\" style=\"width:100%;height:56.25%;max-width:1920px\" \/>\t\t\t\t\t\t\t\t<\/a>\n\t\t\t\t\t\t\t\t\t\t\t\t\t\t\t<\/div>\n\t\t\t\t<\/div>\n\t\t\t\t<div class=\"elementor-element elementor-element-871c67b elementor-widget elementor-widget-text-editor\" data-id=\"871c67b\" data-element_type=\"widget\" data-e-type=\"widget\" data-widget_type=\"text-editor.default\">\n\t\t\t\t<div class=\"elementor-widget-container\">\n\t\t\t\t\t\t\t\t\t<h5><span style=\"text-decoration: underline;\">Workshop:<\/span><\/h5><h6>Introdu\u00e7\u00e3o \u00e0 Palha\u00e7aria de Picadeiro<\/h6><h6><span style=\"font-family: var(--heading--font-family); font-size: var(--heading--font-size-h6); font-weight: var(--heading--font-weight-strong); letter-spacing: var(--heading--letter-spacing-h6);\">&lt;&gt; Dia 26\/01 \u00e0s 09h &lt;&gt;<\/span><\/h6><h6>Dami\u00e3o e Cia<\/h6>\t\t\t\t\t\t\t\t<\/div>\n\t\t\t\t<\/div>\n\t\t\t\t\t<\/div>\n\t\t<\/div>\n\t\t\t\t\t<\/div>\n\t\t<\/section>\n\t\t\t\t<section class=\"elementor-section elementor-inner-section elementor-element elementor-element-a7ccca3 elementor-section-boxed elementor-section-height-default elementor-section-height-default elementor-invisible\" data-id=\"a7ccca3\" data-element_type=\"section\" data-e-type=\"section\" data-settings=\"{&quot;animation&quot;:&quot;fadeIn&quot;,&quot;_ha_eqh_enable&quot;:false}\">\n\t\t\t\t\t\t<div class=\"elementor-container elementor-column-gap-default\">\n\t\t\t\t\t<div class=\"elementor-column elementor-col-33 elementor-inner-column elementor-element elementor-element-b546fcd\" data-id=\"b546fcd\" data-element_type=\"column\" data-e-type=\"column\">\n\t\t\t<div class=\"elementor-widget-wrap elementor-element-populated\">\n\t\t\t\t\t\t<div class=\"elementor-element elementor-element-e8872db elementor-widget elementor-widget-image\" data-id=\"e8872db\" data-element_type=\"widget\" data-e-type=\"widget\" data-widget_type=\"image.default\">\n\t\t\t\t<div class=\"elementor-widget-container\">\n\t\t\t\t\t\t\t\t\t\t\t\t\t\t\t\t<a href=\"https:\/\/festivaldejaneiro.com\/index.php\/2022-processo-criativo\">\n\t\t\t\t\t\t\t<img loading=\"lazy\" decoding=\"async\" width=\"750\" height=\"422\" src=\"https:\/\/festivaldejaneiro.com\/wp-content\/uploads\/2022\/01\/06-processo-criativo-rosa-dos-ventos-1024x576.png\" class=\"attachment-large size-large wp-image-1660\" alt=\"\" srcset=\"https:\/\/festivaldejaneiro.com\/wp-content\/uploads\/2022\/01\/06-processo-criativo-rosa-dos-ventos-1024x576.png 1024w, https:\/\/festivaldejaneiro.com\/wp-content\/uploads\/2022\/01\/06-processo-criativo-rosa-dos-ventos-300x169.png 300w, https:\/\/festivaldejaneiro.com\/wp-content\/uploads\/2022\/01\/06-processo-criativo-rosa-dos-ventos-768x432.png 768w, https:\/\/festivaldejaneiro.com\/wp-content\/uploads\/2022\/01\/06-processo-criativo-rosa-dos-ventos-1536x864.png 1536w, https:\/\/festivaldejaneiro.com\/wp-content\/uploads\/2022\/01\/06-processo-criativo-rosa-dos-ventos-1568x882.png 1568w, https:\/\/festivaldejaneiro.com\/wp-content\/uploads\/2022\/01\/06-processo-criativo-rosa-dos-ventos.png 1920w\" sizes=\"(max-width: 750px) 100vw, 750px\" style=\"width:100%;height:56.25%;max-width:1920px\" \/>\t\t\t\t\t\t\t\t<\/a>\n\t\t\t\t\t\t\t\t\t\t\t\t\t\t\t<\/div>\n\t\t\t\t<\/div>\n\t\t\t\t<div class=\"elementor-element elementor-element-bcf961c elementor-widget elementor-widget-text-editor\" data-id=\"bcf961c\" data-element_type=\"widget\" data-e-type=\"widget\" data-widget_type=\"text-editor.default\">\n\t\t\t\t<div class=\"elementor-widget-container\">\n\t\t\t\t\t\t\t\t\t<h5><span style=\"text-decoration: underline;\">Workshop:<\/span><\/h5><h6>Processo Criativo Rosa dos Ventos<\/h6><h6><span style=\"font-family: var(--heading--font-family); font-size: var(--heading--font-size-h6); font-weight: var(--heading--font-weight-strong); letter-spacing: var(--heading--letter-spacing-h6);\">&lt;&gt; Dia 26\/01 \u00e0s 10h30 &lt;&gt;<\/span><\/h6><h6>Grupo Rosa dos Ventos<\/h6>\t\t\t\t\t\t\t\t<\/div>\n\t\t\t\t<\/div>\n\t\t\t\t\t<\/div>\n\t\t<\/div>\n\t\t\t\t<div class=\"elementor-column elementor-col-33 elementor-inner-column elementor-element elementor-element-3c97ecc\" data-id=\"3c97ecc\" data-element_type=\"column\" data-e-type=\"column\">\n\t\t\t<div class=\"elementor-widget-wrap elementor-element-populated\">\n\t\t\t\t\t\t<div class=\"elementor-element elementor-element-4c3061a elementor-widget elementor-widget-image\" data-id=\"4c3061a\" data-element_type=\"widget\" data-e-type=\"widget\" data-widget_type=\"image.default\">\n\t\t\t\t<div class=\"elementor-widget-container\">\n\t\t\t\t\t\t\t\t\t\t\t\t\t\t\t\t<a href=\"https:\/\/festivaldejaneiro.com\/index.php\/2022-historias-movimento\">\n\t\t\t\t\t\t\t<img loading=\"lazy\" decoding=\"async\" width=\"750\" height=\"422\" src=\"https:\/\/festivaldejaneiro.com\/wp-content\/uploads\/2022\/01\/07-historias-em-movimento-1024x576.png\" class=\"attachment-large size-large wp-image-1661\" alt=\"\" srcset=\"https:\/\/festivaldejaneiro.com\/wp-content\/uploads\/2022\/01\/07-historias-em-movimento-1024x576.png 1024w, https:\/\/festivaldejaneiro.com\/wp-content\/uploads\/2022\/01\/07-historias-em-movimento-300x169.png 300w, https:\/\/festivaldejaneiro.com\/wp-content\/uploads\/2022\/01\/07-historias-em-movimento-768x432.png 768w, https:\/\/festivaldejaneiro.com\/wp-content\/uploads\/2022\/01\/07-historias-em-movimento-1536x864.png 1536w, https:\/\/festivaldejaneiro.com\/wp-content\/uploads\/2022\/01\/07-historias-em-movimento-1568x882.png 1568w, https:\/\/festivaldejaneiro.com\/wp-content\/uploads\/2022\/01\/07-historias-em-movimento.png 1920w\" sizes=\"(max-width: 750px) 100vw, 750px\" style=\"width:100%;height:56.25%;max-width:1920px\" \/>\t\t\t\t\t\t\t\t<\/a>\n\t\t\t\t\t\t\t\t\t\t\t\t\t\t\t<\/div>\n\t\t\t\t<\/div>\n\t\t\t\t<div class=\"elementor-element elementor-element-016b16e elementor-widget elementor-widget-text-editor\" data-id=\"016b16e\" data-element_type=\"widget\" data-e-type=\"widget\" data-widget_type=\"text-editor.default\">\n\t\t\t\t<div class=\"elementor-widget-container\">\n\t\t\t\t\t\t\t\t\t<h5><span style=\"text-decoration: underline;\">Workshop:<\/span><\/h5><h6>Hist\u00f3rias em Movimento<\/h6><h6><span style=\"font-family: var(--heading--font-family); font-size: var(--heading--font-size-h6); font-weight: var(--heading--font-weight-strong); letter-spacing: var(--heading--letter-spacing-h6);\">&lt;&gt; Dia 27\/01 \u00e0s 10h30 &lt;&gt;<\/span><\/h6><h6>Companhia Hecatombe<\/h6>\t\t\t\t\t\t\t\t<\/div>\n\t\t\t\t<\/div>\n\t\t\t\t\t<\/div>\n\t\t<\/div>\n\t\t\t\t<div class=\"elementor-column elementor-col-33 elementor-inner-column elementor-element elementor-element-5c0ee22\" data-id=\"5c0ee22\" data-element_type=\"column\" data-e-type=\"column\">\n\t\t\t<div class=\"elementor-widget-wrap elementor-element-populated\">\n\t\t\t\t\t\t<div class=\"elementor-element elementor-element-d7d34f1 elementor-widget elementor-widget-image\" data-id=\"d7d34f1\" data-element_type=\"widget\" data-e-type=\"widget\" data-widget_type=\"image.default\">\n\t\t\t\t<div class=\"elementor-widget-container\">\n\t\t\t\t\t\t\t\t\t\t\t\t\t\t\t\t<a href=\"https:\/\/festivaldejaneiro.com\/index.php\/2022-encontro-palhacaria\">\n\t\t\t\t\t\t\t<img loading=\"lazy\" decoding=\"async\" width=\"750\" height=\"422\" src=\"https:\/\/festivaldejaneiro.com\/wp-content\/uploads\/2022\/01\/08-um-encontro-com-a-palhacaria-1024x576.png\" class=\"attachment-large size-large wp-image-1662\" alt=\"\" srcset=\"https:\/\/festivaldejaneiro.com\/wp-content\/uploads\/2022\/01\/08-um-encontro-com-a-palhacaria-1024x576.png 1024w, https:\/\/festivaldejaneiro.com\/wp-content\/uploads\/2022\/01\/08-um-encontro-com-a-palhacaria-300x169.png 300w, https:\/\/festivaldejaneiro.com\/wp-content\/uploads\/2022\/01\/08-um-encontro-com-a-palhacaria-768x432.png 768w, https:\/\/festivaldejaneiro.com\/wp-content\/uploads\/2022\/01\/08-um-encontro-com-a-palhacaria-1536x864.png 1536w, https:\/\/festivaldejaneiro.com\/wp-content\/uploads\/2022\/01\/08-um-encontro-com-a-palhacaria-1568x882.png 1568w, https:\/\/festivaldejaneiro.com\/wp-content\/uploads\/2022\/01\/08-um-encontro-com-a-palhacaria.png 1920w\" sizes=\"(max-width: 750px) 100vw, 750px\" style=\"width:100%;height:56.25%;max-width:1920px\" \/>\t\t\t\t\t\t\t\t<\/a>\n\t\t\t\t\t\t\t\t\t\t\t\t\t\t\t<\/div>\n\t\t\t\t<\/div>\n\t\t\t\t<div class=\"elementor-element elementor-element-cde69c8 elementor-widget elementor-widget-text-editor\" data-id=\"cde69c8\" data-element_type=\"widget\" data-e-type=\"widget\" data-widget_type=\"text-editor.default\">\n\t\t\t\t<div class=\"elementor-widget-container\">\n\t\t\t\t\t\t\t\t\t<h5><span style=\"text-decoration: underline;\">Oficina:<\/span><\/h5><h6>Um encontro com a palha\u00e7aria<\/h6><h6><span style=\"font-family: var(--heading--font-family); font-size: var(--heading--font-size-h6); font-weight: var(--heading--font-weight-strong); letter-spacing: var(--heading--letter-spacing-h6);\">&lt;&gt; Dias 28 e 29\/01 \u00e0s 09h &lt;&gt;<\/span><\/h6><h6>Trupe DuNav\u00f4<\/h6>\t\t\t\t\t\t\t\t<\/div>\n\t\t\t\t<\/div>\n\t\t\t\t\t<\/div>\n\t\t<\/div>\n\t\t\t\t\t<\/div>\n\t\t<\/section>\n\t\t\t\t<section class=\"elementor-section elementor-inner-section elementor-element elementor-element-53c93f7 elementor-section-boxed elementor-section-height-default elementor-section-height-default elementor-invisible\" data-id=\"53c93f7\" data-element_type=\"section\" data-e-type=\"section\" data-settings=\"{&quot;animation&quot;:&quot;fadeIn&quot;,&quot;_ha_eqh_enable&quot;:false}\">\n\t\t\t\t\t\t<div class=\"elementor-container elementor-column-gap-default\">\n\t\t\t\t\t<div class=\"elementor-column elementor-col-33 elementor-inner-column elementor-element elementor-element-1393401\" data-id=\"1393401\" data-element_type=\"column\" data-e-type=\"column\">\n\t\t\t<div class=\"elementor-widget-wrap elementor-element-populated\">\n\t\t\t\t\t\t<div class=\"elementor-element elementor-element-4ea0992 elementor-widget elementor-widget-image\" data-id=\"4ea0992\" data-element_type=\"widget\" data-e-type=\"widget\" data-widget_type=\"image.default\">\n\t\t\t\t<div class=\"elementor-widget-container\">\n\t\t\t\t\t\t\t\t\t\t\t\t\t\t\t\t<a href=\"https:\/\/festivaldejaneiro.com\/index.php\/2022-interpretacao\">\n\t\t\t\t\t\t\t<img loading=\"lazy\" decoding=\"async\" width=\"750\" height=\"422\" src=\"https:\/\/festivaldejaneiro.com\/wp-content\/uploads\/2022\/01\/expresso-caracol-ativformativa-1024x576.png\" class=\"attachment-large size-large wp-image-1765\" alt=\"\" srcset=\"https:\/\/festivaldejaneiro.com\/wp-content\/uploads\/2022\/01\/expresso-caracol-ativformativa-1024x576.png 1024w, https:\/\/festivaldejaneiro.com\/wp-content\/uploads\/2022\/01\/expresso-caracol-ativformativa-300x169.png 300w, https:\/\/festivaldejaneiro.com\/wp-content\/uploads\/2022\/01\/expresso-caracol-ativformativa-768x432.png 768w, https:\/\/festivaldejaneiro.com\/wp-content\/uploads\/2022\/01\/expresso-caracol-ativformativa-1536x864.png 1536w, https:\/\/festivaldejaneiro.com\/wp-content\/uploads\/2022\/01\/expresso-caracol-ativformativa-1568x882.png 1568w, https:\/\/festivaldejaneiro.com\/wp-content\/uploads\/2022\/01\/expresso-caracol-ativformativa.png 1920w\" sizes=\"(max-width: 750px) 100vw, 750px\" style=\"width:100%;height:56.25%;max-width:1920px\" \/>\t\t\t\t\t\t\t\t<\/a>\n\t\t\t\t\t\t\t\t\t\t\t\t\t\t\t<\/div>\n\t\t\t\t<\/div>\n\t\t\t\t<div class=\"elementor-element elementor-element-14573e9 elementor-widget elementor-widget-text-editor\" data-id=\"14573e9\" data-element_type=\"widget\" data-e-type=\"widget\" data-widget_type=\"text-editor.default\">\n\t\t\t\t<div class=\"elementor-widget-container\">\n\t\t\t\t\t\t\t\t\t<h5><span style=\"text-decoration: underline;\">Workshop:<\/span><\/h5><h6>Interpreta\u00e7\u00e3o<\/h6><h6><span style=\"font-family: var(--heading--font-family); font-size: var(--heading--font-size-h6); font-weight: var(--heading--font-weight-strong); letter-spacing: var(--heading--letter-spacing-h6);\">&lt;&gt; Dia 28\/01 \u00e0s 10h30 &lt;&gt;<\/span><\/h6><h6>Cia. dos P\u00e9s<\/h6>\t\t\t\t\t\t\t\t<\/div>\n\t\t\t\t<\/div>\n\t\t\t\t\t<\/div>\n\t\t<\/div>\n\t\t\t\t<div class=\"elementor-column elementor-col-33 elementor-inner-column elementor-element elementor-element-62aa494\" data-id=\"62aa494\" data-element_type=\"column\" data-e-type=\"column\">\n\t\t\t<div class=\"elementor-widget-wrap elementor-element-populated\">\n\t\t\t\t\t\t<div class=\"elementor-element elementor-element-64b2f89 elementor-widget elementor-widget-image\" data-id=\"64b2f89\" data-element_type=\"widget\" data-e-type=\"widget\" data-widget_type=\"image.default\">\n\t\t\t\t<div class=\"elementor-widget-container\">\n\t\t\t\t\t\t\t\t\t\t\t\t\t\t\t\t<a href=\"https:\/\/festivaldejaneiro.com\/index.php\/2022-teatro-infantil-pos-pandemia\">\n\t\t\t\t\t\t\t<img loading=\"lazy\" decoding=\"async\" width=\"750\" height=\"422\" src=\"https:\/\/festivaldejaneiro.com\/wp-content\/uploads\/2022\/01\/10-o-teatro-infantil-pos-pandemia-1024x576.png\" class=\"attachment-large size-large wp-image-1664\" alt=\"\" srcset=\"https:\/\/festivaldejaneiro.com\/wp-content\/uploads\/2022\/01\/10-o-teatro-infantil-pos-pandemia-1024x576.png 1024w, https:\/\/festivaldejaneiro.com\/wp-content\/uploads\/2022\/01\/10-o-teatro-infantil-pos-pandemia-300x169.png 300w, https:\/\/festivaldejaneiro.com\/wp-content\/uploads\/2022\/01\/10-o-teatro-infantil-pos-pandemia-768x432.png 768w, https:\/\/festivaldejaneiro.com\/wp-content\/uploads\/2022\/01\/10-o-teatro-infantil-pos-pandemia-1536x864.png 1536w, https:\/\/festivaldejaneiro.com\/wp-content\/uploads\/2022\/01\/10-o-teatro-infantil-pos-pandemia-1568x882.png 1568w, https:\/\/festivaldejaneiro.com\/wp-content\/uploads\/2022\/01\/10-o-teatro-infantil-pos-pandemia.png 1920w\" sizes=\"(max-width: 750px) 100vw, 750px\" style=\"width:100%;height:56.25%;max-width:1920px\" \/>\t\t\t\t\t\t\t\t<\/a>\n\t\t\t\t\t\t\t\t\t\t\t\t\t\t\t<\/div>\n\t\t\t\t<\/div>\n\t\t\t\t<div class=\"elementor-element elementor-element-dd0813b elementor-widget elementor-widget-text-editor\" data-id=\"dd0813b\" data-element_type=\"widget\" data-e-type=\"widget\" data-widget_type=\"text-editor.default\">\n\t\t\t\t<div class=\"elementor-widget-container\">\n\t\t\t\t\t\t\t\t\t<h5><span style=\"text-decoration: underline;\">Workshop:<\/span><\/h5><h6>O teatro infantil p\u00f3s pandemia &#8211; Expectativas, Perspectivas e Realidade<\/h6><h6><span style=\"font-family: var(--heading--font-family); font-size: var(--heading--font-size-h6); font-weight: var(--heading--font-weight-strong); letter-spacing: var(--heading--letter-spacing-h6);\">&lt;&gt; Dia 29\/01 \u00e0s 10h30 &lt;&gt;<\/span><\/h6><h6>Cia. Apocal\u00edptica<\/h6>\t\t\t\t\t\t\t\t<\/div>\n\t\t\t\t<\/div>\n\t\t\t\t\t<\/div>\n\t\t<\/div>\n\t\t\t\t<div class=\"elementor-column elementor-col-33 elementor-inner-column elementor-element elementor-element-910579b\" data-id=\"910579b\" data-element_type=\"column\" data-e-type=\"column\">\n\t\t\t<div class=\"elementor-widget-wrap elementor-element-populated\">\n\t\t\t\t\t\t<div class=\"elementor-element elementor-element-9d459d0 elementor-widget elementor-widget-image\" data-id=\"9d459d0\" data-element_type=\"widget\" data-e-type=\"widget\" data-widget_type=\"image.default\">\n\t\t\t\t<div class=\"elementor-widget-container\">\n\t\t\t\t\t\t\t\t\t\t\t\t\t\t\t\t<a href=\"https:\/\/festivaldejaneiro.com\/index.php\/2022-oficina-traquitanas\">\n\t\t\t\t\t\t\t<img loading=\"lazy\" decoding=\"async\" width=\"750\" height=\"422\" src=\"https:\/\/festivaldejaneiro.com\/wp-content\/uploads\/2022\/01\/11-oficina-de-traquitanas-1024x576.png\" class=\"attachment-large size-large wp-image-1665\" alt=\"\" srcset=\"https:\/\/festivaldejaneiro.com\/wp-content\/uploads\/2022\/01\/11-oficina-de-traquitanas-1024x576.png 1024w, https:\/\/festivaldejaneiro.com\/wp-content\/uploads\/2022\/01\/11-oficina-de-traquitanas-300x169.png 300w, https:\/\/festivaldejaneiro.com\/wp-content\/uploads\/2022\/01\/11-oficina-de-traquitanas-768x432.png 768w, https:\/\/festivaldejaneiro.com\/wp-content\/uploads\/2022\/01\/11-oficina-de-traquitanas-1536x864.png 1536w, https:\/\/festivaldejaneiro.com\/wp-content\/uploads\/2022\/01\/11-oficina-de-traquitanas-1568x882.png 1568w, https:\/\/festivaldejaneiro.com\/wp-content\/uploads\/2022\/01\/11-oficina-de-traquitanas.png 1920w\" sizes=\"(max-width: 750px) 100vw, 750px\" style=\"width:100%;height:56.25%;max-width:1920px\" \/>\t\t\t\t\t\t\t\t<\/a>\n\t\t\t\t\t\t\t\t\t\t\t\t\t\t\t<\/div>\n\t\t\t\t<\/div>\n\t\t\t\t<div class=\"elementor-element elementor-element-66afeed elementor-widget elementor-widget-text-editor\" data-id=\"66afeed\" data-element_type=\"widget\" data-e-type=\"widget\" data-widget_type=\"text-editor.default\">\n\t\t\t\t<div class=\"elementor-widget-container\">\n\t\t\t\t\t\t\t\t\t<h5><span style=\"text-decoration: underline;\">Oficina:<\/span><\/h5><h6>Oficina de Traquitanas<\/h6><h6><span style=\"font-family: var(--heading--font-family); font-size: var(--heading--font-size-h6); font-weight: var(--heading--font-weight-strong); letter-spacing: var(--heading--letter-spacing-h6);\">&lt;&gt; Dia 30\/01 \u00e0s 10h30 &lt;&gt;<\/span><\/h6><h6>Palha\u00e7o Pop\u00f3<\/h6>\t\t\t\t\t\t\t\t<\/div>\n\t\t\t\t<\/div>\n\t\t\t\t\t<\/div>\n\t\t<\/div>\n\t\t\t\t\t<\/div>\n\t\t<\/section>\n\t\t\t\t<div class=\"elementor-element elementor-element-f43728a elementor-widget elementor-widget-spacer\" data-id=\"f43728a\" data-element_type=\"widget\" data-e-type=\"widget\" data-widget_type=\"spacer.default\">\n\t\t\t\t<div class=\"elementor-widget-container\">\n\t\t\t\t\t\t\t<div class=\"elementor-spacer\">\n\t\t\t<div class=\"elementor-spacer-inner\"><\/div>\n\t\t<\/div>\n\t\t\t\t\t\t<\/div>\n\t\t\t\t<\/div>\n\t\t\t\t<section class=\"elementor-section elementor-inner-section elementor-element elementor-element-a60449a elementor-section-boxed elementor-section-height-default elementor-section-height-default elementor-invisible\" data-id=\"a60449a\" data-element_type=\"section\" data-e-type=\"section\" data-settings=\"{&quot;animation&quot;:&quot;fadeIn&quot;,&quot;_ha_eqh_enable&quot;:false}\">\n\t\t\t\t\t\t<div class=\"elementor-container elementor-column-gap-default\">\n\t\t\t\t\t<div class=\"elementor-column elementor-col-50 elementor-inner-column elementor-element elementor-element-fffe6d8\" data-id=\"fffe6d8\" data-element_type=\"column\" data-e-type=\"column\">\n\t\t\t<div class=\"elementor-widget-wrap elementor-element-populated\">\n\t\t\t\t\t\t<div data-ha-element-link=\"{&quot;url&quot;:&quot;https:\\\/\\\/festivaldejaneiro.com\\\/index.php\\\/festival-2021\\\/&quot;,&quot;is_external&quot;:&quot;&quot;,&quot;nofollow&quot;:&quot;&quot;}\" style=\"cursor: pointer\" class=\"elementor-element elementor-element-183e6dc elementor-invisible elementor-widget elementor-widget-image\" data-id=\"183e6dc\" data-element_type=\"widget\" data-e-type=\"widget\" data-settings=\"{&quot;_animation&quot;:&quot;fadeIn&quot;}\" data-widget_type=\"image.default\">\n\t\t\t\t<div class=\"elementor-widget-container\">\n\t\t\t\t\t\t\t\t\t\t\t\t\t\t\t<img loading=\"lazy\" decoding=\"async\" width=\"242\" height=\"300\" src=\"https:\/\/festivaldejaneiro.com\/wp-content\/uploads\/2022\/01\/Foto-1-_1_-242x300.jpg\" class=\"attachment-medium size-medium wp-image-1847\" alt=\"\" srcset=\"https:\/\/festivaldejaneiro.com\/wp-content\/uploads\/2022\/01\/Foto-1-_1_-242x300.jpg 242w, https:\/\/festivaldejaneiro.com\/wp-content\/uploads\/2022\/01\/Foto-1-_1_.jpg 750w\" sizes=\"(max-width: 242px) 100vw, 242px\" style=\"width:100%;height:123.73%;max-width:750px\" \/>\t\t\t\t\t\t\t\t\t\t\t\t\t\t\t<\/div>\n\t\t\t\t<\/div>\n\t\t\t\t\t<\/div>\n\t\t<\/div>\n\t\t\t\t<div class=\"elementor-column elementor-col-50 elementor-inner-column elementor-element elementor-element-0de9bc9\" data-id=\"0de9bc9\" data-element_type=\"column\" data-e-type=\"column\">\n\t\t\t<div class=\"elementor-widget-wrap elementor-element-populated\">\n\t\t\t\t\t\t<div class=\"elementor-element elementor-element-d32263e elementor-widget elementor-widget-text-editor\" data-id=\"d32263e\" data-element_type=\"widget\" data-e-type=\"widget\" data-widget_type=\"text-editor.default\">\n\t\t\t\t<div class=\"elementor-widget-container\">\n\t\t\t\t\t\t\t\t\t<p style=\"font-weight: 400;\"><strong>DI\u00c1LOGOS SOBRE A CENA COM DIB CARNEIRO NETO<\/strong><\/p><p style=\"font-weight: 400;\"><strong>ESPA\u00c7O CRIATIVO F\u00c1BRICA DE SONHOS<\/strong><\/p>\t\t\t\t\t\t\t\t<\/div>\n\t\t\t\t<\/div>\n\t\t\t\t<div class=\"elementor-element elementor-element-befb10e elementor-invisible elementor-widget elementor-widget-text-editor\" data-id=\"befb10e\" data-element_type=\"widget\" data-e-type=\"widget\" data-settings=\"{&quot;_animation&quot;:&quot;fadeIn&quot;}\" data-widget_type=\"text-editor.default\">\n\t\t\t\t<div class=\"elementor-widget-container\">\n\t\t\t\t\t\t\t\t\t<ul><li style=\"font-weight: 400;\">21\/01 \u00e0s 19h &#8211; Era uma vez&#8230;O Le\u00e3o e o Ratinho<\/li><li style=\"font-weight: 400;\">22\/01 \u00e0s 19h &#8211; Yaga: Uma Hist\u00f3ria para Crian\u00e7as Corajosas<\/li><li style=\"font-weight: 400;\">23\/01 \u00e0s 19h &#8211; Fl\u00favio e o Mar<\/li><li style=\"font-weight: 400;\">24\/01 \u00e0s 19h &#8211; Circo Lando: O maior espet\u00e1culo da terra<\/li><li style=\"font-weight: 400;\">25\/01 \u00e0s 19h &#8211; Aten\u00e7\u00e3o, respeit\u00e1vel p\u00fablico e Fuzurufafa Bafafazuru<\/li><li style=\"font-weight: 400;\">26\/01 \u00e0s 19h &#8211; Vermelhinhos<\/li><li style=\"font-weight: 400;\">27\/01 \u00e0s 19h &#8211; Expresso Caracol<\/li><li style=\"font-weight: 400;\">28\/01 \u00e0s 19h &#8211; Refugo Urbano e \u00c9 mesmo uma Palha\u00e7ada<\/li><li style=\"font-weight: 400;\">29\/01 \u00e0s 19h &#8211; Com a pulga atr\u00e1s da orelha<\/li><li style=\"font-weight: 400;\">30\/01 \u00e0s 19h &#8211; A Revolu\u00e7\u00e3o dos Bichos<\/li><\/ul>\t\t\t\t\t\t\t\t<\/div>\n\t\t\t\t<\/div>\n\t\t\t\t\t<\/div>\n\t\t<\/div>\n\t\t\t\t\t<\/div>\n\t\t<\/section>\n\t\t\t\t<div class=\"elementor-element elementor-element-eb48c48 elementor-widget elementor-widget-spacer\" data-id=\"eb48c48\" data-element_type=\"widget\" data-e-type=\"widget\" data-widget_type=\"spacer.default\">\n\t\t\t\t<div class=\"elementor-widget-container\">\n\t\t\t\t\t\t\t<div class=\"elementor-spacer\">\n\t\t\t<div class=\"elementor-spacer-inner\"><\/div>\n\t\t<\/div>\n\t\t\t\t\t\t<\/div>\n\t\t\t\t<\/div>\n\t\t\t\t<div class=\"elementor-element elementor-element-1176459 elementor-widget elementor-widget-spacer\" data-id=\"1176459\" data-element_type=\"widget\" data-e-type=\"widget\" data-widget_type=\"spacer.default\">\n\t\t\t\t<div class=\"elementor-widget-container\">\n\t\t\t\t\t\t\t<div class=\"elementor-spacer\">\n\t\t\t<div class=\"elementor-spacer-inner\"><\/div>\n\t\t<\/div>\n\t\t\t\t\t\t<\/div>\n\t\t\t\t<\/div>\n\t\t\t\t\t<\/div>\n\t\t<\/div>\n\t\t\t\t\t<\/div>\n\t\t<\/section>\n\t\t\t\t<section class=\"elementor-section elementor-top-section elementor-element elementor-element-16a84e62 elementor-section-boxed elementor-section-height-default elementor-section-height-default\" data-id=\"16a84e62\" data-element_type=\"section\" data-e-type=\"section\" data-settings=\"{&quot;background_background&quot;:&quot;classic&quot;,&quot;_ha_eqh_enable&quot;:false}\">\n\t\t\t\t\t\t<div class=\"elementor-container elementor-column-gap-default\">\n\t\t\t\t\t<div class=\"elementor-column elementor-col-100 elementor-top-column elementor-element elementor-element-40dcf743\" data-id=\"40dcf743\" data-element_type=\"column\" data-e-type=\"column\">\n\t\t\t<div class=\"elementor-widget-wrap elementor-element-populated\">\n\t\t\t\t\t\t<div class=\"elementor-element elementor-element-89c6fd1 elementor-widget elementor-widget-menu-anchor\" data-id=\"89c6fd1\" data-element_type=\"widget\" data-e-type=\"widget\" data-widget_type=\"menu-anchor.default\">\n\t\t\t\t<div class=\"elementor-widget-container\">\n\t\t\t\t\t\t\t<div class=\"elementor-menu-anchor\" id=\"programacao-completa\"><\/div>\n\t\t\t\t\t\t<\/div>\n\t\t\t\t<\/div>\n\t\t\t\t<div class=\"elementor-element elementor-element-4b2494c elementor-widget elementor-widget-spacer\" data-id=\"4b2494c\" data-element_type=\"widget\" data-e-type=\"widget\" data-widget_type=\"spacer.default\">\n\t\t\t\t<div class=\"elementor-widget-container\">\n\t\t\t\t\t\t\t<div class=\"elementor-spacer\">\n\t\t\t<div class=\"elementor-spacer-inner\"><\/div>\n\t\t<\/div>\n\t\t\t\t\t\t<\/div>\n\t\t\t\t<\/div>\n\t\t\t\t<div class=\"elementor-element elementor-element-b67780f elementor-invisible elementor-widget elementor-widget-heading\" data-id=\"b67780f\" data-element_type=\"widget\" data-e-type=\"widget\" data-settings=\"{&quot;_animation&quot;:&quot;fadeIn&quot;,&quot;_animation_delay&quot;:500}\" data-widget_type=\"heading.default\">\n\t\t\t\t<div class=\"elementor-widget-container\">\n\t\t\t\t\t<h2 class=\"elementor-heading-title elementor-size-default\">Confira a Programa\u00e7\u00e3o Completa!<\/h2>\t\t\t\t<\/div>\n\t\t\t\t<\/div>\n\t\t\t\t<div class=\"elementor-element elementor-element-d850c38 elementor-widget elementor-widget-spacer\" data-id=\"d850c38\" data-element_type=\"widget\" data-e-type=\"widget\" data-widget_type=\"spacer.default\">\n\t\t\t\t<div class=\"elementor-widget-container\">\n\t\t\t\t\t\t\t<div class=\"elementor-spacer\">\n\t\t\t<div class=\"elementor-spacer-inner\"><\/div>\n\t\t<\/div>\n\t\t\t\t\t\t<\/div>\n\t\t\t\t<\/div>\n\t\t\t\t<div class=\"elementor-element elementor-element-f403205 elementor-invisible elementor-widget elementor-widget-image\" data-id=\"f403205\" data-element_type=\"widget\" data-e-type=\"widget\" data-settings=\"{&quot;_animation&quot;:&quot;fadeIn&quot;}\" data-widget_type=\"image.default\">\n\t\t\t\t<div class=\"elementor-widget-container\">\n\t\t\t\t\t\t\t\t\t\t\t\t\t\t\t<img loading=\"lazy\" decoding=\"async\" width=\"750\" height=\"422\" src=\"https:\/\/festivaldejaneiro.com\/wp-content\/uploads\/2022\/01\/220107_Bo-BannerSite-Prog-1-1024x576.png\" class=\"attachment-large size-large wp-image-1746\" alt=\"\" srcset=\"https:\/\/festivaldejaneiro.com\/wp-content\/uploads\/2022\/01\/220107_Bo-BannerSite-Prog-1-1024x576.png 1024w, https:\/\/festivaldejaneiro.com\/wp-content\/uploads\/2022\/01\/220107_Bo-BannerSite-Prog-1-300x169.png 300w, https:\/\/festivaldejaneiro.com\/wp-content\/uploads\/2022\/01\/220107_Bo-BannerSite-Prog-1-768x432.png 768w, https:\/\/festivaldejaneiro.com\/wp-content\/uploads\/2022\/01\/220107_Bo-BannerSite-Prog-1-1536x864.png 1536w, https:\/\/festivaldejaneiro.com\/wp-content\/uploads\/2022\/01\/220107_Bo-BannerSite-Prog-1-1568x882.png 1568w, https:\/\/festivaldejaneiro.com\/wp-content\/uploads\/2022\/01\/220107_Bo-BannerSite-Prog-1.png 1920w\" sizes=\"(max-width: 750px) 100vw, 750px\" style=\"width:100%;height:56.25%;max-width:1920px\" \/>\t\t\t\t\t\t\t\t\t\t\t\t\t\t\t<\/div>\n\t\t\t\t<\/div>\n\t\t\t\t<div class=\"elementor-element elementor-element-12d959d elementor-widget elementor-widget-spacer\" data-id=\"12d959d\" data-element_type=\"widget\" data-e-type=\"widget\" data-widget_type=\"spacer.default\">\n\t\t\t\t<div class=\"elementor-widget-container\">\n\t\t\t\t\t\t\t<div class=\"elementor-spacer\">\n\t\t\t<div class=\"elementor-spacer-inner\"><\/div>\n\t\t<\/div>\n\t\t\t\t\t\t<\/div>\n\t\t\t\t<\/div>\n\t\t\t\t<div class=\"elementor-element elementor-element-2d0696e elementor-widget-divider--separator-type-pattern elementor-widget-divider--view-line elementor-widget elementor-widget-divider\" data-id=\"2d0696e\" data-element_type=\"widget\" data-e-type=\"widget\" data-widget_type=\"divider.default\">\n\t\t\t\t<div class=\"elementor-widget-container\">\n\t\t\t\t\t\t\t<div class=\"elementor-divider\" style=\"--divider-pattern-url: url(&quot;data:image\/svg+xml,%3Csvg xmlns=&#039;http:\/\/www.w3.org\/2000\/svg&#039; preserveAspectRatio=&#039;none&#039; overflow=&#039;visible&#039; height=&#039;100%&#039; viewBox=&#039;0 0 24 24&#039; fill=&#039;none&#039; stroke=&#039;black&#039; stroke-width=&#039;1&#039; stroke-linecap=&#039;square&#039; stroke-miterlimit=&#039;10&#039;%3E%3Cpath d=&#039;M0,6c6,0,6,13,12,13S18,6,24,6&#039;\/%3E%3C\/svg%3E&quot;);\">\n\t\t\t<span class=\"elementor-divider-separator\">\n\t\t\t\t\t\t<\/span>\n\t\t<\/div>\n\t\t\t\t\t\t<\/div>\n\t\t\t\t<\/div>\n\t\t\t\t<div class=\"elementor-element elementor-element-4a8d529 elementor-widget elementor-widget-spacer\" data-id=\"4a8d529\" data-element_type=\"widget\" data-e-type=\"widget\" data-widget_type=\"spacer.default\">\n\t\t\t\t<div class=\"elementor-widget-container\">\n\t\t\t\t\t\t\t<div class=\"elementor-spacer\">\n\t\t\t<div class=\"elementor-spacer-inner\"><\/div>\n\t\t<\/div>\n\t\t\t\t\t\t<\/div>\n\t\t\t\t<\/div>\n\t\t\t\t\t<\/div>\n\t\t<\/div>\n\t\t\t\t\t<\/div>\n\t\t<\/section>\n\t\t\t\t<section class=\"elementor-section elementor-top-section elementor-element elementor-element-c00b27c elementor-section-boxed elementor-section-height-default elementor-section-height-default\" data-id=\"c00b27c\" data-element_type=\"section\" data-e-type=\"section\" data-settings=\"{&quot;background_background&quot;:&quot;classic&quot;,&quot;shape_divider_bottom&quot;:&quot;wave-brush&quot;,&quot;shape_divider_top&quot;:&quot;wave-brush&quot;,&quot;_ha_eqh_enable&quot;:false}\">\n\t\t\t\t\t<div class=\"elementor-shape elementor-shape-top\" aria-hidden=\"true\" data-negative=\"false\">\n\t\t\t<svg xmlns=\"http:\/\/www.w3.org\/2000\/svg\" viewBox=\"0 0 283.5 27.8\" preserveAspectRatio=\"none\">\n\t<path class=\"elementor-shape-fill\" d=\"M283.5,9.7c0,0-7.3,4.3-14,4.6c-6.8,0.3-12.6,0-20.9-1.5c-11.3-2-33.1-10.1-44.7-5.7\ts-12.1,4.6-18,7.4c-6.6,3.2-20,9.6-36.6,9.3C131.6,23.5,99.5,7.2,86.3,8c-1.4,0.1-6.6,0.8-10.5,2c-3.8,1.2-9.4,3.8-17,4.7\tc-3.2,0.4-8.3,1.1-14.2,0.9c-1.5-0.1-6.3-0.4-12-1.6c-5.7-1.2-11-3.1-15.8-3.7C6.5,9.2,0,10.8,0,10.8V0h283.5V9.7z M260.8,11.3\tc-0.7-1-2-0.4-4.3-0.4c-2.3,0-6.1-1.2-5.8-1.1c0.3,0.1,3.1,1.5,6,1.9C259.7,12.2,261.4,12.3,260.8,11.3z M242.4,8.6\tc0,0-2.4-0.2-5.6-0.9c-3.2-0.8-10.3-2.8-15.1-3.5c-8.2-1.1-15.8,0-15.1,0.1c0.8,0.1,9.6-0.6,17.6,1.1c3.3,0.7,9.3,2.2,12.4,2.7\tC239.9,8.7,242.4,8.6,242.4,8.6z M185.2,8.5c1.7-0.7-13.3,4.7-18.5,6.1c-2.1,0.6-6.2,1.6-10,2c-3.9,0.4-8.9,0.4-8.8,0.5\tc0,0.2,5.8,0.8,11.2,0c5.4-0.8,5.2-1.1,7.6-1.6C170.5,14.7,183.5,9.2,185.2,8.5z M199.1,6.9c0.2,0-0.8-0.4-4.8,1.1\tc-4,1.5-6.7,3.5-6.9,3.7c-0.2,0.1,3.5-1.8,6.6-3C197,7.5,199,6.9,199.1,6.9z M283,6c-0.1,0.1-1.9,1.1-4.8,2.5s-6.9,2.8-6.7,2.7\tc0.2,0,3.5-0.6,7.4-2.5C282.8,6.8,283.1,5.9,283,6z M31.3,11.6c0.1-0.2-1.9-0.2-4.5-1.2s-5.4-1.6-7.8-2C15,7.6,7.3,8.5,7.7,8.6\tC8,8.7,15.9,8.3,20.2,9.3c2.2,0.5,2.4,0.5,5.7,1.6S31.2,11.9,31.3,11.6z M73,9.2c0.4-0.1,3.5-1.6,8.4-2.6c4.9-1.1,8.9-0.5,8.9-0.8\tc0-0.3-1-0.9-6.2-0.3S72.6,9.3,73,9.2z M71.6,6.7C71.8,6.8,75,5.4,77.3,5c2.3-0.3,1.9-0.5,1.9-0.6c0-0.1-1.1-0.2-2.7,0.2\tC74.8,5.1,71.4,6.6,71.6,6.7z M93.6,4.4c0.1,0.2,3.5,0.8,5.6,1.8c2.1,1,1.8,0.6,1.9,0.5c0.1-0.1-0.8-0.8-2.4-1.3\tC97.1,4.8,93.5,4.2,93.6,4.4z M65.4,11.1c-0.1,0.3,0.3,0.5,1.9-0.2s2.6-1.3,2.2-1.2s-0.9,0.4-2.5,0.8C65.3,10.9,65.5,10.8,65.4,11.1\tz M34.5,12.4c-0.2,0,2.1,0.8,3.3,0.9c1.2,0.1,2,0.1,2-0.2c0-0.3-0.1-0.5-1.6-0.4C36.6,12.8,34.7,12.4,34.5,12.4z M152.2,21.1\tc-0.1,0.1-2.4-0.3-7.5-0.3c-5,0-13.6-2.4-17.2-3.5c-3.6-1.1,10,3.9,16.5,4.1C150.5,21.6,152.3,21,152.2,21.1z\"\/>\n\t<path class=\"elementor-shape-fill\" d=\"M269.6,18c-0.1-0.1-4.6,0.3-7.2,0c-7.3-0.7-17-3.2-16.6-2.9c0.4,0.3,13.7,3.1,17,3.3\tC267.7,18.8,269.7,18,269.6,18z\"\/>\n\t<path class=\"elementor-shape-fill\" d=\"M227.4,9.8c-0.2-0.1-4.5-1-9.5-1.2c-5-0.2-12.7,0.6-12.3,0.5c0.3-0.1,5.9-1.8,13.3-1.2\tS227.6,9.9,227.4,9.8z\"\/>\n\t<path class=\"elementor-shape-fill\" d=\"M204.5,13.4c-0.1-0.1,2-1,3.2-1.1c1.2-0.1,2,0,2,0.3c0,0.3-0.1,0.5-1.6,0.4\tC206.4,12.9,204.6,13.5,204.5,13.4z\"\/>\n\t<path class=\"elementor-shape-fill\" d=\"M201,10.6c0-0.1-4.4,1.2-6.3,2.2c-1.9,0.9-6.2,3.1-6.1,3.1c0.1,0.1,4.2-1.6,6.3-2.6\tS201,10.7,201,10.6z\"\/>\n\t<path class=\"elementor-shape-fill\" d=\"M154.5,26.7c-0.1-0.1-4.6,0.3-7.2,0c-7.3-0.7-17-3.2-16.6-2.9c0.4,0.3,13.7,3.1,17,3.3\tC152.6,27.5,154.6,26.8,154.5,26.7z\"\/>\n\t<path class=\"elementor-shape-fill\" d=\"M41.9,19.3c0,0,1.2-0.3,2.9-0.1c1.7,0.2,5.8,0.9,8.2,0.7c4.2-0.4,7.4-2.7,7-2.6\tc-0.4,0-4.3,2.2-8.6,1.9c-1.8-0.1-5.1-0.5-6.7-0.4S41.9,19.3,41.9,19.3z\"\/>\n\t<path class=\"elementor-shape-fill\" d=\"M75.5,12.6c0.2,0.1,2-0.8,4.3-1.1c2.3-0.2,2.1-0.3,2.1-0.5c0-0.1-1.8-0.4-3.4,0\tC76.9,11.5,75.3,12.5,75.5,12.6z\"\/>\n\t<path class=\"elementor-shape-fill\" d=\"M15.6,13.2c0-0.1,4.3,0,6.7,0.5c2.4,0.5,5,1.9,5,2c0,0.1-2.7-0.8-5.1-1.4\tC19.9,13.7,15.7,13.3,15.6,13.2z\"\/>\n<\/svg>\t\t<\/div>\n\t\t\t\t<div class=\"elementor-shape elementor-shape-bottom\" aria-hidden=\"true\" data-negative=\"false\">\n\t\t\t<svg xmlns=\"http:\/\/www.w3.org\/2000\/svg\" viewBox=\"0 0 283.5 27.8\" preserveAspectRatio=\"none\">\n\t<path class=\"elementor-shape-fill\" d=\"M283.5,9.7c0,0-7.3,4.3-14,4.6c-6.8,0.3-12.6,0-20.9-1.5c-11.3-2-33.1-10.1-44.7-5.7\ts-12.1,4.6-18,7.4c-6.6,3.2-20,9.6-36.6,9.3C131.6,23.5,99.5,7.2,86.3,8c-1.4,0.1-6.6,0.8-10.5,2c-3.8,1.2-9.4,3.8-17,4.7\tc-3.2,0.4-8.3,1.1-14.2,0.9c-1.5-0.1-6.3-0.4-12-1.6c-5.7-1.2-11-3.1-15.8-3.7C6.5,9.2,0,10.8,0,10.8V0h283.5V9.7z M260.8,11.3\tc-0.7-1-2-0.4-4.3-0.4c-2.3,0-6.1-1.2-5.8-1.1c0.3,0.1,3.1,1.5,6,1.9C259.7,12.2,261.4,12.3,260.8,11.3z M242.4,8.6\tc0,0-2.4-0.2-5.6-0.9c-3.2-0.8-10.3-2.8-15.1-3.5c-8.2-1.1-15.8,0-15.1,0.1c0.8,0.1,9.6-0.6,17.6,1.1c3.3,0.7,9.3,2.2,12.4,2.7\tC239.9,8.7,242.4,8.6,242.4,8.6z M185.2,8.5c1.7-0.7-13.3,4.7-18.5,6.1c-2.1,0.6-6.2,1.6-10,2c-3.9,0.4-8.9,0.4-8.8,0.5\tc0,0.2,5.8,0.8,11.2,0c5.4-0.8,5.2-1.1,7.6-1.6C170.5,14.7,183.5,9.2,185.2,8.5z M199.1,6.9c0.2,0-0.8-0.4-4.8,1.1\tc-4,1.5-6.7,3.5-6.9,3.7c-0.2,0.1,3.5-1.8,6.6-3C197,7.5,199,6.9,199.1,6.9z M283,6c-0.1,0.1-1.9,1.1-4.8,2.5s-6.9,2.8-6.7,2.7\tc0.2,0,3.5-0.6,7.4-2.5C282.8,6.8,283.1,5.9,283,6z M31.3,11.6c0.1-0.2-1.9-0.2-4.5-1.2s-5.4-1.6-7.8-2C15,7.6,7.3,8.5,7.7,8.6\tC8,8.7,15.9,8.3,20.2,9.3c2.2,0.5,2.4,0.5,5.7,1.6S31.2,11.9,31.3,11.6z M73,9.2c0.4-0.1,3.5-1.6,8.4-2.6c4.9-1.1,8.9-0.5,8.9-0.8\tc0-0.3-1-0.9-6.2-0.3S72.6,9.3,73,9.2z M71.6,6.7C71.8,6.8,75,5.4,77.3,5c2.3-0.3,1.9-0.5,1.9-0.6c0-0.1-1.1-0.2-2.7,0.2\tC74.8,5.1,71.4,6.6,71.6,6.7z M93.6,4.4c0.1,0.2,3.5,0.8,5.6,1.8c2.1,1,1.8,0.6,1.9,0.5c0.1-0.1-0.8-0.8-2.4-1.3\tC97.1,4.8,93.5,4.2,93.6,4.4z M65.4,11.1c-0.1,0.3,0.3,0.5,1.9-0.2s2.6-1.3,2.2-1.2s-0.9,0.4-2.5,0.8C65.3,10.9,65.5,10.8,65.4,11.1\tz M34.5,12.4c-0.2,0,2.1,0.8,3.3,0.9c1.2,0.1,2,0.1,2-0.2c0-0.3-0.1-0.5-1.6-0.4C36.6,12.8,34.7,12.4,34.5,12.4z M152.2,21.1\tc-0.1,0.1-2.4-0.3-7.5-0.3c-5,0-13.6-2.4-17.2-3.5c-3.6-1.1,10,3.9,16.5,4.1C150.5,21.6,152.3,21,152.2,21.1z\"\/>\n\t<path class=\"elementor-shape-fill\" d=\"M269.6,18c-0.1-0.1-4.6,0.3-7.2,0c-7.3-0.7-17-3.2-16.6-2.9c0.4,0.3,13.7,3.1,17,3.3\tC267.7,18.8,269.7,18,269.6,18z\"\/>\n\t<path class=\"elementor-shape-fill\" d=\"M227.4,9.8c-0.2-0.1-4.5-1-9.5-1.2c-5-0.2-12.7,0.6-12.3,0.5c0.3-0.1,5.9-1.8,13.3-1.2\tS227.6,9.9,227.4,9.8z\"\/>\n\t<path class=\"elementor-shape-fill\" d=\"M204.5,13.4c-0.1-0.1,2-1,3.2-1.1c1.2-0.1,2,0,2,0.3c0,0.3-0.1,0.5-1.6,0.4\tC206.4,12.9,204.6,13.5,204.5,13.4z\"\/>\n\t<path class=\"elementor-shape-fill\" d=\"M201,10.6c0-0.1-4.4,1.2-6.3,2.2c-1.9,0.9-6.2,3.1-6.1,3.1c0.1,0.1,4.2-1.6,6.3-2.6\tS201,10.7,201,10.6z\"\/>\n\t<path class=\"elementor-shape-fill\" d=\"M154.5,26.7c-0.1-0.1-4.6,0.3-7.2,0c-7.3-0.7-17-3.2-16.6-2.9c0.4,0.3,13.7,3.1,17,3.3\tC152.6,27.5,154.6,26.8,154.5,26.7z\"\/>\n\t<path class=\"elementor-shape-fill\" d=\"M41.9,19.3c0,0,1.2-0.3,2.9-0.1c1.7,0.2,5.8,0.9,8.2,0.7c4.2-0.4,7.4-2.7,7-2.6\tc-0.4,0-4.3,2.2-8.6,1.9c-1.8-0.1-5.1-0.5-6.7-0.4S41.9,19.3,41.9,19.3z\"\/>\n\t<path class=\"elementor-shape-fill\" d=\"M75.5,12.6c0.2,0.1,2-0.8,4.3-1.1c2.3-0.2,2.1-0.3,2.1-0.5c0-0.1-1.8-0.4-3.4,0\tC76.9,11.5,75.3,12.5,75.5,12.6z\"\/>\n\t<path class=\"elementor-shape-fill\" d=\"M15.6,13.2c0-0.1,4.3,0,6.7,0.5c2.4,0.5,5,1.9,5,2c0,0.1-2.7-0.8-5.1-1.4\tC19.9,13.7,15.7,13.3,15.6,13.2z\"\/>\n<\/svg>\t\t<\/div>\n\t\t\t\t\t<div class=\"elementor-container elementor-column-gap-default\">\n\t\t\t\t\t<div class=\"elementor-column elementor-col-100 elementor-top-column elementor-element elementor-element-263480a\" data-id=\"263480a\" data-element_type=\"column\" data-e-type=\"column\">\n\t\t\t<div class=\"elementor-widget-wrap elementor-element-populated\">\n\t\t\t\t\t\t<div class=\"elementor-element elementor-element-be7d32b elementor-widget elementor-widget-menu-anchor\" data-id=\"be7d32b\" data-element_type=\"widget\" data-e-type=\"widget\" data-widget_type=\"menu-anchor.default\">\n\t\t\t\t<div class=\"elementor-widget-container\">\n\t\t\t\t\t\t\t<div class=\"elementor-menu-anchor\" id=\"organizador\"><\/div>\n\t\t\t\t\t\t<\/div>\n\t\t\t\t<\/div>\n\t\t\t\t<div class=\"elementor-element elementor-element-67f8000 elementor-widget elementor-widget-spacer\" data-id=\"67f8000\" data-element_type=\"widget\" data-e-type=\"widget\" data-widget_type=\"spacer.default\">\n\t\t\t\t<div class=\"elementor-widget-container\">\n\t\t\t\t\t\t\t<div class=\"elementor-spacer\">\n\t\t\t<div class=\"elementor-spacer-inner\"><\/div>\n\t\t<\/div>\n\t\t\t\t\t\t<\/div>\n\t\t\t\t<\/div>\n\t\t\t\t<div class=\"elementor-element elementor-element-ebf33ae elementor-invisible elementor-widget elementor-widget-heading\" data-id=\"ebf33ae\" data-element_type=\"widget\" data-e-type=\"widget\" data-settings=\"{&quot;_animation&quot;:&quot;fadeIn&quot;,&quot;_animation_delay&quot;:500}\" data-widget_type=\"heading.default\">\n\t\t\t\t<div class=\"elementor-widget-container\">\n\t\t\t\t\t<h2 class=\"elementor-heading-title elementor-size-default\">Sobre o Idealizador do Projeto<\/h2>\t\t\t\t<\/div>\n\t\t\t\t<\/div>\n\t\t\t\t<section class=\"elementor-section elementor-inner-section elementor-element elementor-element-f3e54d4 elementor-section-boxed elementor-section-height-default elementor-section-height-default\" data-id=\"f3e54d4\" data-element_type=\"section\" data-e-type=\"section\" data-settings=\"{&quot;_ha_eqh_enable&quot;:false}\">\n\t\t\t\t\t\t<div class=\"elementor-container elementor-column-gap-default\">\n\t\t\t\t\t<div class=\"elementor-column elementor-col-50 elementor-inner-column elementor-element elementor-element-031cde3\" data-id=\"031cde3\" data-element_type=\"column\" data-e-type=\"column\">\n\t\t\t<div class=\"elementor-widget-wrap elementor-element-populated\">\n\t\t\t\t\t\t<div class=\"elementor-element elementor-element-6898fb3 elementor-invisible elementor-widget elementor-widget-image\" data-id=\"6898fb3\" data-element_type=\"widget\" data-e-type=\"widget\" data-settings=\"{&quot;_animation&quot;:&quot;fadeIn&quot;}\" data-widget_type=\"image.default\">\n\t\t\t\t<div class=\"elementor-widget-container\">\n\t\t\t\t\t\t\t\t\t\t\t\t\t\t\t<img loading=\"lazy\" decoding=\"async\" width=\"750\" height=\"415\" src=\"https:\/\/festivaldejaneiro.com\/wp-content\/uploads\/2021\/02\/Selo-FS-retangulo-1024x566.png\" class=\"attachment-large size-large wp-image-78\" alt=\"\" srcset=\"https:\/\/festivaldejaneiro.com\/wp-content\/uploads\/2021\/02\/Selo-FS-retangulo-1024x566.png 1024w, https:\/\/festivaldejaneiro.com\/wp-content\/uploads\/2021\/02\/Selo-FS-retangulo-300x166.png 300w, https:\/\/festivaldejaneiro.com\/wp-content\/uploads\/2021\/02\/Selo-FS-retangulo-768x424.png 768w, https:\/\/festivaldejaneiro.com\/wp-content\/uploads\/2021\/02\/Selo-FS-retangulo.png 1323w\" sizes=\"(max-width: 750px) 100vw, 750px\" style=\"width:100%;height:55.25%;max-width:1323px\" \/>\t\t\t\t\t\t\t\t\t\t\t\t\t\t\t<\/div>\n\t\t\t\t<\/div>\n\t\t\t\t\t<\/div>\n\t\t<\/div>\n\t\t\t\t<div class=\"elementor-column elementor-col-50 elementor-inner-column elementor-element elementor-element-a6f30d9\" data-id=\"a6f30d9\" data-element_type=\"column\" data-e-type=\"column\">\n\t\t\t<div class=\"elementor-widget-wrap elementor-element-populated\">\n\t\t\t\t\t\t<div class=\"elementor-element elementor-element-0f5735c elementor-invisible elementor-widget elementor-widget-text-editor\" data-id=\"0f5735c\" data-element_type=\"widget\" data-e-type=\"widget\" data-settings=\"{&quot;_animation&quot;:&quot;fadeIn&quot;}\" data-widget_type=\"text-editor.default\">\n\t\t\t\t<div class=\"elementor-widget-container\">\n\t\t\t\t\t\t\t\t\t<p>A <b>Cia. F\u00e1brica de Sonhos <\/b>foi criada em 1998, em S\u00e3o Jos\u00e9 do Rio Preto\/SP, pelos atores Guido Caratori e Drica Sanches.<\/p><p><br><\/p>\n<p>A partir do encontro c\u00eanico de Guido e Drica no texto do dramaturgo alem\u00e3o Heiner Muller na d\u00e9cada de 90 \u2013 onde viviam Jas\u00e3o e Med\u00e9ia, surgiu a parceria que levaria a cria\u00e7\u00e3o da Cia. F\u00e1brica de Sonhos \u2013 impulsionados pelo desejo de ocupar um espa\u00e7o na cena teatral a partir do desenvolvimento de um linguagem que comunicasse temas pertinentes a contemporaneidade focados no trabalho pleno e criativo do ator.<\/p><p><br><\/p>\n<p>A companhia realiza apresenta\u00e7\u00f5es em programas e projetos junto ao Sesc, Sesi, FDE, Prefeituras, Escolas, Empresas e tamb\u00e9m j\u00e1 soma mais de dez premia\u00e7\u00f5es junto a Funarte, Proac e Pr\u00eamio Nelson Seixas. Al\u00e9m de utilizar as leis de incentivo \u00e0 cultura, estadual e federal, para desenvolver seus projetos, j\u00e1 tendo aprovado e captado mais de dez projetos.<\/p><p><br><\/p>\n<p>Em 2004 a companhia criou o Festival em Janeiro Teatro para Crian\u00e7a \u00e9 o Maior Barato que j\u00e1 soma mais de 15 anos de exist\u00eancia.<\/p>\t\t\t\t\t\t\t\t<\/div>\n\t\t\t\t<\/div>\n\t\t\t\t<div class=\"elementor-element elementor-element-59e105f elementor-align-center elementor-invisible elementor-widget elementor-widget-button\" data-id=\"59e105f\" data-element_type=\"widget\" data-e-type=\"widget\" data-settings=\"{&quot;_animation&quot;:&quot;fadeIn&quot;}\" data-widget_type=\"button.default\">\n\t\t\t\t<div class=\"elementor-widget-container\">\n\t\t\t\t\t\t\t\t\t<div class=\"elementor-button-wrapper\">\n\t\t\t\t\t<a class=\"elementor-button elementor-button-link elementor-size-md\" href=\"http:\/\/ciafabricadesonhos.art.br\/\">\n\t\t\t\t\t\t<span class=\"elementor-button-content-wrapper\">\n\t\t\t\t\t\t\t\t\t<span class=\"elementor-button-text\">Acesse o Site Oficial!<\/span>\n\t\t\t\t\t<\/span>\n\t\t\t\t\t<\/a>\n\t\t\t\t<\/div>\n\t\t\t\t\t\t\t\t<\/div>\n\t\t\t\t<\/div>\n\t\t\t\t\t<\/div>\n\t\t<\/div>\n\t\t\t\t\t<\/div>\n\t\t<\/section>\n\t\t\t\t<div class=\"elementor-element elementor-element-b8bb3b4 elementor-widget elementor-widget-spacer\" data-id=\"b8bb3b4\" data-element_type=\"widget\" data-e-type=\"widget\" data-widget_type=\"spacer.default\">\n\t\t\t\t<div class=\"elementor-widget-container\">\n\t\t\t\t\t\t\t<div class=\"elementor-spacer\">\n\t\t\t<div class=\"elementor-spacer-inner\"><\/div>\n\t\t<\/div>\n\t\t\t\t\t\t<\/div>\n\t\t\t\t<\/div>\n\t\t\t\t<div class=\"elementor-element elementor-element-89e24f1 elementor-invisible elementor-widget elementor-widget-image\" data-id=\"89e24f1\" data-element_type=\"widget\" data-e-type=\"widget\" data-settings=\"{&quot;_animation&quot;:&quot;fadeIn&quot;}\" data-widget_type=\"image.default\">\n\t\t\t\t<div class=\"elementor-widget-container\">\n\t\t\t\t\t\t\t\t\t\t\t\t\t\t\t<img loading=\"lazy\" decoding=\"async\" width=\"750\" height=\"196\" src=\"https:\/\/festivaldejaneiro.com\/wp-content\/uploads\/2021\/02\/Banners_A_Cia__2020_03-1024x268.jpg\" class=\"attachment-large size-large wp-image-82\" alt=\"\" srcset=\"https:\/\/festivaldejaneiro.com\/wp-content\/uploads\/2021\/02\/Banners_A_Cia__2020_03-1024x268.jpg 1024w, https:\/\/festivaldejaneiro.com\/wp-content\/uploads\/2021\/02\/Banners_A_Cia__2020_03-300x79.jpg 300w, https:\/\/festivaldejaneiro.com\/wp-content\/uploads\/2021\/02\/Banners_A_Cia__2020_03-768x201.jpg 768w, https:\/\/festivaldejaneiro.com\/wp-content\/uploads\/2021\/02\/Banners_A_Cia__2020_03-1536x402.jpg 1536w, https:\/\/festivaldejaneiro.com\/wp-content\/uploads\/2021\/02\/Banners_A_Cia__2020_03-1568x411.jpg 1568w, https:\/\/festivaldejaneiro.com\/wp-content\/uploads\/2021\/02\/Banners_A_Cia__2020_03.jpg 1924w\" sizes=\"(max-width: 750px) 100vw, 750px\" style=\"width:100%;height:26.2%;max-width:1924px\" \/>\t\t\t\t\t\t\t\t\t\t\t\t\t\t\t<\/div>\n\t\t\t\t<\/div>\n\t\t\t\t<div class=\"elementor-element elementor-element-65441ca elementor-widget elementor-widget-spacer\" data-id=\"65441ca\" data-element_type=\"widget\" data-e-type=\"widget\" data-widget_type=\"spacer.default\">\n\t\t\t\t<div class=\"elementor-widget-container\">\n\t\t\t\t\t\t\t<div class=\"elementor-spacer\">\n\t\t\t<div class=\"elementor-spacer-inner\"><\/div>\n\t\t<\/div>\n\t\t\t\t\t\t<\/div>\n\t\t\t\t<\/div>\n\t\t\t\t\t<\/div>\n\t\t<\/div>\n\t\t\t\t\t<\/div>\n\t\t<\/section>\n\t\t\t\t<section class=\"elementor-section elementor-top-section elementor-element elementor-element-5da0a3c elementor-section-boxed elementor-section-height-default elementor-section-height-default\" data-id=\"5da0a3c\" data-element_type=\"section\" data-e-type=\"section\" data-settings=\"{&quot;background_background&quot;:&quot;classic&quot;,&quot;_ha_eqh_enable&quot;:false}\">\n\t\t\t\t\t\t<div class=\"elementor-container elementor-column-gap-default\">\n\t\t\t\t\t<div class=\"elementor-column elementor-col-100 elementor-top-column elementor-element elementor-element-abed138\" data-id=\"abed138\" data-element_type=\"column\" data-e-type=\"column\">\n\t\t\t<div class=\"elementor-widget-wrap elementor-element-populated\">\n\t\t\t\t\t\t<div class=\"elementor-element elementor-element-7b45ad1 elementor-widget elementor-widget-menu-anchor\" data-id=\"7b45ad1\" data-element_type=\"widget\" data-e-type=\"widget\" data-widget_type=\"menu-anchor.default\">\n\t\t\t\t<div class=\"elementor-widget-container\">\n\t\t\t\t\t\t\t<div class=\"elementor-menu-anchor\" id=\"edicoes-anteriores\"><\/div>\n\t\t\t\t\t\t<\/div>\n\t\t\t\t<\/div>\n\t\t\t\t<div class=\"elementor-element elementor-element-ecf5387 elementor-widget elementor-widget-spacer\" data-id=\"ecf5387\" data-element_type=\"widget\" data-e-type=\"widget\" data-widget_type=\"spacer.default\">\n\t\t\t\t<div class=\"elementor-widget-container\">\n\t\t\t\t\t\t\t<div class=\"elementor-spacer\">\n\t\t\t<div class=\"elementor-spacer-inner\"><\/div>\n\t\t<\/div>\n\t\t\t\t\t\t<\/div>\n\t\t\t\t<\/div>\n\t\t\t\t<div class=\"elementor-element elementor-element-1183110 elementor-invisible elementor-widget elementor-widget-heading\" data-id=\"1183110\" data-element_type=\"widget\" data-e-type=\"widget\" data-settings=\"{&quot;_animation&quot;:&quot;fadeIn&quot;,&quot;_animation_delay&quot;:500}\" data-widget_type=\"heading.default\">\n\t\t\t\t<div class=\"elementor-widget-container\">\n\t\t\t\t\t<h2 class=\"elementor-heading-title elementor-size-default\">Confira as Edi\u00e7\u00f5es Anteriores<\/h2>\t\t\t\t<\/div>\n\t\t\t\t<\/div>\n\t\t\t\t<div class=\"elementor-element elementor-element-e8dfa62 elementor-invisible elementor-widget elementor-widget-heading\" data-id=\"e8dfa62\" data-element_type=\"widget\" data-e-type=\"widget\" data-settings=\"{&quot;_animation&quot;:&quot;fadeIn&quot;,&quot;_animation_delay&quot;:500}\" data-widget_type=\"heading.default\">\n\t\t\t\t<div class=\"elementor-widget-container\">\n\t\t\t\t\t<h5 class=\"elementor-heading-title elementor-size-default\">Festival de Janeiro Edi\u00e7\u00e3o Especial (2021)<\/h5>\t\t\t\t<\/div>\n\t\t\t\t<\/div>\n\t\t\t\t<div data-ha-element-link=\"{&quot;url&quot;:&quot;https:\\\/\\\/festivaldejaneiro.com\\\/index.php\\\/festival-2021\\\/&quot;,&quot;is_external&quot;:&quot;&quot;,&quot;nofollow&quot;:&quot;&quot;}\" style=\"cursor: pointer\" class=\"elementor-element elementor-element-140dcdb elementor-invisible elementor-widget elementor-widget-image\" data-id=\"140dcdb\" data-element_type=\"widget\" data-e-type=\"widget\" data-settings=\"{&quot;_animation&quot;:&quot;fadeIn&quot;}\" data-widget_type=\"image.default\">\n\t\t\t\t<div class=\"elementor-widget-container\">\n\t\t\t\t\t\t\t\t\t\t\t\t\t\t\t<img loading=\"lazy\" decoding=\"async\" width=\"750\" height=\"422\" src=\"https:\/\/festivaldejaneiro.com\/wp-content\/uploads\/2021\/04\/11-ativ-personificacao-1024x576.png\" class=\"attachment-large size-large wp-image-1237\" alt=\"\" srcset=\"https:\/\/festivaldejaneiro.com\/wp-content\/uploads\/2021\/04\/11-ativ-personificacao-1024x576.png 1024w, https:\/\/festivaldejaneiro.com\/wp-content\/uploads\/2021\/04\/11-ativ-personificacao-300x169.png 300w, https:\/\/festivaldejaneiro.com\/wp-content\/uploads\/2021\/04\/11-ativ-personificacao-768x432.png 768w, https:\/\/festivaldejaneiro.com\/wp-content\/uploads\/2021\/04\/11-ativ-personificacao-1536x864.png 1536w, https:\/\/festivaldejaneiro.com\/wp-content\/uploads\/2021\/04\/11-ativ-personificacao-1568x882.png 1568w, https:\/\/festivaldejaneiro.com\/wp-content\/uploads\/2021\/04\/11-ativ-personificacao.png 1920w\" sizes=\"(max-width: 750px) 100vw, 750px\" style=\"width:100%;height:56.25%;max-width:1920px\" \/>\t\t\t\t\t\t\t\t\t\t\t\t\t\t\t<\/div>\n\t\t\t\t<\/div>\n\t\t\t\t<div data-ha-element-link=\"{&quot;url&quot;:&quot;https:\\\/\\\/festivaldejaneiro.com\\\/index.php\\\/festival-2021\\\/&quot;,&quot;is_external&quot;:&quot;&quot;,&quot;nofollow&quot;:&quot;&quot;}\" style=\"cursor: pointer\" class=\"elementor-element elementor-element-c3c10e6 elementor-align-center elementor-invisible elementor-widget elementor-widget-button\" data-id=\"c3c10e6\" data-element_type=\"widget\" data-e-type=\"widget\" data-settings=\"{&quot;_animation&quot;:&quot;fadeIn&quot;}\" data-widget_type=\"button.default\">\n\t\t\t\t<div class=\"elementor-widget-container\">\n\t\t\t\t\t\t\t\t\t<div class=\"elementor-button-wrapper\">\n\t\t\t\t\t<a class=\"elementor-button elementor-button-link elementor-size-md\" href=\"https:\/\/festivaldejaneiro.com\/index.php\/festival-2021\/\">\n\t\t\t\t\t\t<span class=\"elementor-button-content-wrapper\">\n\t\t\t\t\t\t\t\t\t<span class=\"elementor-button-text\">Confira como foi a Edi\u00e7\u00e3o Especial de 2021!<\/span>\n\t\t\t\t\t<\/span>\n\t\t\t\t\t<\/a>\n\t\t\t\t<\/div>\n\t\t\t\t\t\t\t\t<\/div>\n\t\t\t\t<\/div>\n\t\t\t\t<div class=\"elementor-element elementor-element-b25beed elementor-widget-divider--separator-type-pattern elementor-widget-divider--view-line elementor-widget elementor-widget-divider\" data-id=\"b25beed\" data-element_type=\"widget\" data-e-type=\"widget\" data-widget_type=\"divider.default\">\n\t\t\t\t<div class=\"elementor-widget-container\">\n\t\t\t\t\t\t\t<div class=\"elementor-divider\" style=\"--divider-pattern-url: url(&quot;data:image\/svg+xml,%3Csvg xmlns=&#039;http:\/\/www.w3.org\/2000\/svg&#039; preserveAspectRatio=&#039;none&#039; overflow=&#039;visible&#039; height=&#039;100%&#039; viewBox=&#039;0 0 24 24&#039; fill=&#039;none&#039; stroke=&#039;black&#039; stroke-width=&#039;1&#039; stroke-linecap=&#039;square&#039; stroke-miterlimit=&#039;10&#039;%3E%3Cpath d=&#039;M0,6c6,0,6,13,12,13S18,6,24,6&#039;\/%3E%3C\/svg%3E&quot;);\">\n\t\t\t<span class=\"elementor-divider-separator\">\n\t\t\t\t\t\t<\/span>\n\t\t<\/div>\n\t\t\t\t\t\t<\/div>\n\t\t\t\t<\/div>\n\t\t\t\t<div class=\"elementor-element elementor-element-8847adf elementor-invisible elementor-widget elementor-widget-heading\" data-id=\"8847adf\" data-element_type=\"widget\" data-e-type=\"widget\" data-settings=\"{&quot;_animation&quot;:&quot;fadeIn&quot;,&quot;_animation_delay&quot;:500}\" data-widget_type=\"heading.default\">\n\t\t\t\t<div class=\"elementor-widget-container\">\n\t\t\t\t\t<h5 class=\"elementor-heading-title elementor-size-default\">Edi\u00e7\u00f5es 2004 a 2018<\/h5>\t\t\t\t<\/div>\n\t\t\t\t<\/div>\n\t\t\t\t<section class=\"elementor-section elementor-inner-section elementor-element elementor-element-f500fd9 elementor-section-boxed elementor-section-height-default elementor-section-height-default elementor-invisible\" data-id=\"f500fd9\" data-element_type=\"section\" data-e-type=\"section\" data-settings=\"{&quot;animation&quot;:&quot;fadeIn&quot;,&quot;_ha_eqh_enable&quot;:false}\">\n\t\t\t\t\t\t<div class=\"elementor-container elementor-column-gap-default\">\n\t\t\t\t\t<div class=\"elementor-column elementor-col-25 elementor-inner-column elementor-element elementor-element-a95ddba\" data-id=\"a95ddba\" data-element_type=\"column\" data-e-type=\"column\">\n\t\t\t<div class=\"elementor-widget-wrap elementor-element-populated\">\n\t\t\t\t\t\t<div class=\"elementor-element elementor-element-c083293 elementor-widget elementor-widget-image\" data-id=\"c083293\" data-element_type=\"widget\" data-e-type=\"widget\" data-widget_type=\"image.default\">\n\t\t\t\t<div class=\"elementor-widget-container\">\n\t\t\t\t\t\t\t\t\t\t\t\t<figure class=\"wp-caption\">\n\t\t\t\t\t\t\t\t\t\t<img loading=\"lazy\" decoding=\"async\" width=\"750\" height=\"500\" src=\"https:\/\/festivaldejaneiro.com\/wp-content\/uploads\/2021\/02\/2018-1024x683.png\" class=\"attachment-large size-large wp-image-229\" alt=\"\" srcset=\"https:\/\/festivaldejaneiro.com\/wp-content\/uploads\/2021\/02\/2018-1024x683.png 1024w, https:\/\/festivaldejaneiro.com\/wp-content\/uploads\/2021\/02\/2018-300x200.png 300w, https:\/\/festivaldejaneiro.com\/wp-content\/uploads\/2021\/02\/2018-768x512.png 768w, https:\/\/festivaldejaneiro.com\/wp-content\/uploads\/2021\/02\/2018.png 1285w\" sizes=\"(max-width: 750px) 100vw, 750px\" style=\"width:100%;height:66.69%;max-width:1285px\" \/>\t\t\t\t\t\t\t\t\t\t\t<figcaption class=\"widget-image-caption wp-caption-text\">Edi\u00e7\u00e3o 2018<\/figcaption>\n\t\t\t\t\t\t\t\t\t\t<\/figure>\n\t\t\t\t\t\t\t\t\t<\/div>\n\t\t\t\t<\/div>\n\t\t\t\t\t<\/div>\n\t\t<\/div>\n\t\t\t\t<div class=\"elementor-column elementor-col-25 elementor-inner-column elementor-element elementor-element-2c69a48\" data-id=\"2c69a48\" data-element_type=\"column\" data-e-type=\"column\">\n\t\t\t<div class=\"elementor-widget-wrap elementor-element-populated\">\n\t\t\t\t\t\t<div class=\"elementor-element elementor-element-33c43fb elementor-widget elementor-widget-image\" data-id=\"33c43fb\" data-element_type=\"widget\" data-e-type=\"widget\" data-widget_type=\"image.default\">\n\t\t\t\t<div class=\"elementor-widget-container\">\n\t\t\t\t\t\t\t\t\t\t\t\t<figure class=\"wp-caption\">\n\t\t\t\t\t\t\t\t\t\t<img loading=\"lazy\" decoding=\"async\" width=\"750\" height=\"501\" src=\"https:\/\/festivaldejaneiro.com\/wp-content\/uploads\/2021\/02\/2017-1024x684.jpg\" class=\"attachment-large size-large wp-image-224\" alt=\"\" srcset=\"https:\/\/festivaldejaneiro.com\/wp-content\/uploads\/2021\/02\/2017-1024x684.jpg 1024w, https:\/\/festivaldejaneiro.com\/wp-content\/uploads\/2021\/02\/2017-300x200.jpg 300w, https:\/\/festivaldejaneiro.com\/wp-content\/uploads\/2021\/02\/2017-768x513.jpg 768w, https:\/\/festivaldejaneiro.com\/wp-content\/uploads\/2021\/02\/2017-1536x1025.jpg 1536w, https:\/\/festivaldejaneiro.com\/wp-content\/uploads\/2021\/02\/2017-1568x1047.jpg 1568w, https:\/\/festivaldejaneiro.com\/wp-content\/uploads\/2021\/02\/2017.jpg 2000w\" sizes=\"(max-width: 750px) 100vw, 750px\" style=\"width:100%;height:66.75%;max-width:2000px\" \/>\t\t\t\t\t\t\t\t\t\t\t<figcaption class=\"widget-image-caption wp-caption-text\">Edi\u00e7\u00e3o 2017<\/figcaption>\n\t\t\t\t\t\t\t\t\t\t<\/figure>\n\t\t\t\t\t\t\t\t\t<\/div>\n\t\t\t\t<\/div>\n\t\t\t\t\t<\/div>\n\t\t<\/div>\n\t\t\t\t<div class=\"elementor-column elementor-col-25 elementor-inner-column elementor-element elementor-element-296c8e6\" data-id=\"296c8e6\" data-element_type=\"column\" data-e-type=\"column\">\n\t\t\t<div class=\"elementor-widget-wrap elementor-element-populated\">\n\t\t\t\t\t\t<div class=\"elementor-element elementor-element-79f790c elementor-widget elementor-widget-image\" data-id=\"79f790c\" data-element_type=\"widget\" data-e-type=\"widget\" data-widget_type=\"image.default\">\n\t\t\t\t<div class=\"elementor-widget-container\">\n\t\t\t\t\t\t\t\t\t\t\t\t<figure class=\"wp-caption\">\n\t\t\t\t\t\t\t\t\t\t<img loading=\"lazy\" decoding=\"async\" width=\"750\" height=\"499\" src=\"https:\/\/festivaldejaneiro.com\/wp-content\/uploads\/2021\/02\/2016-1024x681.png\" class=\"attachment-large size-large wp-image-228\" alt=\"\" srcset=\"https:\/\/festivaldejaneiro.com\/wp-content\/uploads\/2021\/02\/2016-1024x681.png 1024w, https:\/\/festivaldejaneiro.com\/wp-content\/uploads\/2021\/02\/2016-300x200.png 300w, https:\/\/festivaldejaneiro.com\/wp-content\/uploads\/2021\/02\/2016-768x511.png 768w, https:\/\/festivaldejaneiro.com\/wp-content\/uploads\/2021\/02\/2016.png 1348w\" sizes=\"(max-width: 750px) 100vw, 750px\" style=\"width:100%;height:66.54%;max-width:1348px\" \/>\t\t\t\t\t\t\t\t\t\t\t<figcaption class=\"widget-image-caption wp-caption-text\">Edi\u00e7\u00e3o 2016<\/figcaption>\n\t\t\t\t\t\t\t\t\t\t<\/figure>\n\t\t\t\t\t\t\t\t\t<\/div>\n\t\t\t\t<\/div>\n\t\t\t\t\t<\/div>\n\t\t<\/div>\n\t\t\t\t<div class=\"elementor-column elementor-col-25 elementor-inner-column elementor-element elementor-element-5f344c1\" data-id=\"5f344c1\" data-element_type=\"column\" data-e-type=\"column\">\n\t\t\t<div class=\"elementor-widget-wrap elementor-element-populated\">\n\t\t\t\t\t\t<div class=\"elementor-element elementor-element-9fee7b7 elementor-widget elementor-widget-image\" data-id=\"9fee7b7\" data-element_type=\"widget\" data-e-type=\"widget\" data-widget_type=\"image.default\">\n\t\t\t\t<div class=\"elementor-widget-container\">\n\t\t\t\t\t\t\t\t\t\t\t\t<figure class=\"wp-caption\">\n\t\t\t\t\t\t\t\t\t\t<img loading=\"lazy\" decoding=\"async\" width=\"750\" height=\"500\" src=\"https:\/\/festivaldejaneiro.com\/wp-content\/uploads\/2021\/02\/2015-1024x683.jpg\" class=\"attachment-large size-large wp-image-222\" alt=\"\" srcset=\"https:\/\/festivaldejaneiro.com\/wp-content\/uploads\/2021\/02\/2015-1024x683.jpg 1024w, https:\/\/festivaldejaneiro.com\/wp-content\/uploads\/2021\/02\/2015-300x200.jpg 300w, https:\/\/festivaldejaneiro.com\/wp-content\/uploads\/2021\/02\/2015-768x512.jpg 768w, https:\/\/festivaldejaneiro.com\/wp-content\/uploads\/2021\/02\/2015-1536x1024.jpg 1536w, https:\/\/festivaldejaneiro.com\/wp-content\/uploads\/2021\/02\/2015-1568x1046.jpg 1568w, https:\/\/festivaldejaneiro.com\/wp-content\/uploads\/2021\/02\/2015.jpg 1600w\" sizes=\"(max-width: 750px) 100vw, 750px\" style=\"width:100%;height:66.69%;max-width:1600px\" \/>\t\t\t\t\t\t\t\t\t\t\t<figcaption class=\"widget-image-caption wp-caption-text\">Edi\u00e7\u00e3o 2015<\/figcaption>\n\t\t\t\t\t\t\t\t\t\t<\/figure>\n\t\t\t\t\t\t\t\t\t<\/div>\n\t\t\t\t<\/div>\n\t\t\t\t\t<\/div>\n\t\t<\/div>\n\t\t\t\t\t<\/div>\n\t\t<\/section>\n\t\t\t\t<section class=\"elementor-section elementor-inner-section elementor-element elementor-element-03ad9f8 elementor-section-boxed elementor-section-height-default elementor-section-height-default elementor-invisible\" data-id=\"03ad9f8\" data-element_type=\"section\" data-e-type=\"section\" data-settings=\"{&quot;animation&quot;:&quot;fadeIn&quot;,&quot;_ha_eqh_enable&quot;:false}\">\n\t\t\t\t\t\t<div class=\"elementor-container elementor-column-gap-default\">\n\t\t\t\t\t<div class=\"elementor-column elementor-col-25 elementor-inner-column elementor-element elementor-element-81e3103\" data-id=\"81e3103\" data-element_type=\"column\" data-e-type=\"column\">\n\t\t\t<div class=\"elementor-widget-wrap elementor-element-populated\">\n\t\t\t\t\t\t<div class=\"elementor-element elementor-element-ad75305 elementor-widget elementor-widget-image\" data-id=\"ad75305\" data-element_type=\"widget\" data-e-type=\"widget\" data-widget_type=\"image.default\">\n\t\t\t\t<div class=\"elementor-widget-container\">\n\t\t\t\t\t\t\t\t\t\t\t\t<figure class=\"wp-caption\">\n\t\t\t\t\t\t\t\t\t\t<img loading=\"lazy\" decoding=\"async\" width=\"750\" height=\"500\" src=\"https:\/\/festivaldejaneiro.com\/wp-content\/uploads\/2021\/02\/2013-1024x683.png\" class=\"attachment-large size-large wp-image-227\" alt=\"\" srcset=\"https:\/\/festivaldejaneiro.com\/wp-content\/uploads\/2021\/02\/2013-1024x683.png 1024w, https:\/\/festivaldejaneiro.com\/wp-content\/uploads\/2021\/02\/2013-300x200.png 300w, https:\/\/festivaldejaneiro.com\/wp-content\/uploads\/2021\/02\/2013-768x512.png 768w, https:\/\/festivaldejaneiro.com\/wp-content\/uploads\/2021\/02\/2013.png 1123w\" sizes=\"(max-width: 750px) 100vw, 750px\" style=\"width:100%;height:66.7%;max-width:1123px\" \/>\t\t\t\t\t\t\t\t\t\t\t<figcaption class=\"widget-image-caption wp-caption-text\">Edi\u00e7\u00e3o 2013<\/figcaption>\n\t\t\t\t\t\t\t\t\t\t<\/figure>\n\t\t\t\t\t\t\t\t\t<\/div>\n\t\t\t\t<\/div>\n\t\t\t\t\t<\/div>\n\t\t<\/div>\n\t\t\t\t<div class=\"elementor-column elementor-col-25 elementor-inner-column elementor-element elementor-element-80d7555\" data-id=\"80d7555\" data-element_type=\"column\" data-e-type=\"column\">\n\t\t\t<div class=\"elementor-widget-wrap elementor-element-populated\">\n\t\t\t\t\t\t<div class=\"elementor-element elementor-element-a06e391 elementor-widget elementor-widget-image\" data-id=\"a06e391\" data-element_type=\"widget\" data-e-type=\"widget\" data-widget_type=\"image.default\">\n\t\t\t\t<div class=\"elementor-widget-container\">\n\t\t\t\t\t\t\t\t\t\t\t\t<figure class=\"wp-caption\">\n\t\t\t\t\t\t\t\t\t\t<img loading=\"lazy\" decoding=\"async\" width=\"750\" height=\"500\" src=\"https:\/\/festivaldejaneiro.com\/wp-content\/uploads\/2021\/02\/2012.png\" class=\"attachment-large size-large wp-image-226\" alt=\"\" srcset=\"https:\/\/festivaldejaneiro.com\/wp-content\/uploads\/2021\/02\/2012.png 1004w, https:\/\/festivaldejaneiro.com\/wp-content\/uploads\/2021\/02\/2012-300x200.png 300w, https:\/\/festivaldejaneiro.com\/wp-content\/uploads\/2021\/02\/2012-768x512.png 768w\" sizes=\"(max-width: 750px) 100vw, 750px\" style=\"width:100%;height:66.63%;max-width:1004px\" \/>\t\t\t\t\t\t\t\t\t\t\t<figcaption class=\"widget-image-caption wp-caption-text\">Edi\u00e7\u00e3o 2012<\/figcaption>\n\t\t\t\t\t\t\t\t\t\t<\/figure>\n\t\t\t\t\t\t\t\t\t<\/div>\n\t\t\t\t<\/div>\n\t\t\t\t\t<\/div>\n\t\t<\/div>\n\t\t\t\t<div class=\"elementor-column elementor-col-25 elementor-inner-column elementor-element elementor-element-85ee1f4\" data-id=\"85ee1f4\" data-element_type=\"column\" data-e-type=\"column\">\n\t\t\t<div class=\"elementor-widget-wrap elementor-element-populated\">\n\t\t\t\t\t\t<div class=\"elementor-element elementor-element-4b48f2d elementor-widget elementor-widget-image\" data-id=\"4b48f2d\" data-element_type=\"widget\" data-e-type=\"widget\" data-widget_type=\"image.default\">\n\t\t\t\t<div class=\"elementor-widget-container\">\n\t\t\t\t\t\t\t\t\t\t\t\t<figure class=\"wp-caption\">\n\t\t\t\t\t\t\t\t\t\t<img loading=\"lazy\" decoding=\"async\" width=\"750\" height=\"500\" src=\"https:\/\/festivaldejaneiro.com\/wp-content\/uploads\/2021\/02\/2011-1024x682.jpg\" class=\"attachment-large size-large wp-image-219\" alt=\"\" srcset=\"https:\/\/festivaldejaneiro.com\/wp-content\/uploads\/2021\/02\/2011-1024x682.jpg 1024w, https:\/\/festivaldejaneiro.com\/wp-content\/uploads\/2021\/02\/2011-300x200.jpg 300w, https:\/\/festivaldejaneiro.com\/wp-content\/uploads\/2021\/02\/2011-768x512.jpg 768w, https:\/\/festivaldejaneiro.com\/wp-content\/uploads\/2021\/02\/2011-1536x1024.jpg 1536w, https:\/\/festivaldejaneiro.com\/wp-content\/uploads\/2021\/02\/2011-1568x1045.jpg 1568w, https:\/\/festivaldejaneiro.com\/wp-content\/uploads\/2021\/02\/2011.jpg 2000w\" sizes=\"(max-width: 750px) 100vw, 750px\" style=\"width:100%;height:66.65%;max-width:2000px\" \/>\t\t\t\t\t\t\t\t\t\t\t<figcaption class=\"widget-image-caption wp-caption-text\">Edi\u00e7\u00e3o 2011<\/figcaption>\n\t\t\t\t\t\t\t\t\t\t<\/figure>\n\t\t\t\t\t\t\t\t\t<\/div>\n\t\t\t\t<\/div>\n\t\t\t\t\t<\/div>\n\t\t<\/div>\n\t\t\t\t<div class=\"elementor-column elementor-col-25 elementor-inner-column elementor-element elementor-element-d543843\" data-id=\"d543843\" data-element_type=\"column\" data-e-type=\"column\">\n\t\t\t<div class=\"elementor-widget-wrap elementor-element-populated\">\n\t\t\t\t\t\t<div class=\"elementor-element elementor-element-249df77 elementor-widget elementor-widget-image\" data-id=\"249df77\" data-element_type=\"widget\" data-e-type=\"widget\" data-widget_type=\"image.default\">\n\t\t\t\t<div class=\"elementor-widget-container\">\n\t\t\t\t\t\t\t\t\t\t\t\t<figure class=\"wp-caption\">\n\t\t\t\t\t\t\t\t\t\t<img loading=\"lazy\" decoding=\"async\" width=\"640\" height=\"428\" src=\"https:\/\/festivaldejaneiro.com\/wp-content\/uploads\/2021\/02\/2010.jpg\" class=\"attachment-large size-large wp-image-218\" alt=\"\" srcset=\"https:\/\/festivaldejaneiro.com\/wp-content\/uploads\/2021\/02\/2010.jpg 640w, https:\/\/festivaldejaneiro.com\/wp-content\/uploads\/2021\/02\/2010-300x201.jpg 300w\" sizes=\"(max-width: 640px) 100vw, 640px\" style=\"width:100%;height:66.88%;max-width:640px\" \/>\t\t\t\t\t\t\t\t\t\t\t<figcaption class=\"widget-image-caption wp-caption-text\">Edi\u00e7\u00e3o 2010<\/figcaption>\n\t\t\t\t\t\t\t\t\t\t<\/figure>\n\t\t\t\t\t\t\t\t\t<\/div>\n\t\t\t\t<\/div>\n\t\t\t\t\t<\/div>\n\t\t<\/div>\n\t\t\t\t\t<\/div>\n\t\t<\/section>\n\t\t\t\t<section class=\"elementor-section elementor-inner-section elementor-element elementor-element-eb279c3 elementor-section-boxed elementor-section-height-default elementor-section-height-default elementor-invisible\" data-id=\"eb279c3\" data-element_type=\"section\" data-e-type=\"section\" data-settings=\"{&quot;animation&quot;:&quot;fadeIn&quot;,&quot;_ha_eqh_enable&quot;:false}\">\n\t\t\t\t\t\t<div class=\"elementor-container elementor-column-gap-default\">\n\t\t\t\t\t<div class=\"elementor-column elementor-col-25 elementor-inner-column elementor-element elementor-element-220b4fd\" data-id=\"220b4fd\" data-element_type=\"column\" data-e-type=\"column\">\n\t\t\t<div class=\"elementor-widget-wrap elementor-element-populated\">\n\t\t\t\t\t\t<div class=\"elementor-element elementor-element-f304567 elementor-widget elementor-widget-image\" data-id=\"f304567\" data-element_type=\"widget\" data-e-type=\"widget\" data-widget_type=\"image.default\">\n\t\t\t\t<div class=\"elementor-widget-container\">\n\t\t\t\t\t\t\t\t\t\t\t\t<figure class=\"wp-caption\">\n\t\t\t\t\t\t\t\t\t\t<img loading=\"lazy\" decoding=\"async\" width=\"750\" height=\"563\" src=\"https:\/\/festivaldejaneiro.com\/wp-content\/uploads\/2021\/02\/2009-1024x768.jpg\" class=\"attachment-large size-large wp-image-217\" alt=\"\" srcset=\"https:\/\/festivaldejaneiro.com\/wp-content\/uploads\/2021\/02\/2009-1024x768.jpg 1024w, https:\/\/festivaldejaneiro.com\/wp-content\/uploads\/2021\/02\/2009-300x225.jpg 300w, https:\/\/festivaldejaneiro.com\/wp-content\/uploads\/2021\/02\/2009-768x576.jpg 768w, https:\/\/festivaldejaneiro.com\/wp-content\/uploads\/2021\/02\/2009-1536x1152.jpg 1536w, https:\/\/festivaldejaneiro.com\/wp-content\/uploads\/2021\/02\/2009-1568x1176.jpg 1568w, https:\/\/festivaldejaneiro.com\/wp-content\/uploads\/2021\/02\/2009.jpg 2048w\" sizes=\"(max-width: 750px) 100vw, 750px\" style=\"width:100%;height:75%;max-width:2048px\" \/>\t\t\t\t\t\t\t\t\t\t\t<figcaption class=\"widget-image-caption wp-caption-text\">Edi\u00e7\u00e3o 2009<\/figcaption>\n\t\t\t\t\t\t\t\t\t\t<\/figure>\n\t\t\t\t\t\t\t\t\t<\/div>\n\t\t\t\t<\/div>\n\t\t\t\t\t<\/div>\n\t\t<\/div>\n\t\t\t\t<div class=\"elementor-column elementor-col-25 elementor-inner-column elementor-element elementor-element-89011cb\" data-id=\"89011cb\" data-element_type=\"column\" data-e-type=\"column\">\n\t\t\t<div class=\"elementor-widget-wrap elementor-element-populated\">\n\t\t\t\t\t\t<div class=\"elementor-element elementor-element-85ade1f elementor-widget elementor-widget-image\" data-id=\"85ade1f\" data-element_type=\"widget\" data-e-type=\"widget\" data-widget_type=\"image.default\">\n\t\t\t\t<div class=\"elementor-widget-container\">\n\t\t\t\t\t\t\t\t\t\t\t\t<figure class=\"wp-caption\">\n\t\t\t\t\t\t\t\t\t\t<img loading=\"lazy\" decoding=\"async\" width=\"379\" height=\"255\" src=\"https:\/\/festivaldejaneiro.com\/wp-content\/uploads\/2021\/02\/2008.jpg\" class=\"attachment-large size-large wp-image-216\" alt=\"\" srcset=\"https:\/\/festivaldejaneiro.com\/wp-content\/uploads\/2021\/02\/2008.jpg 379w, https:\/\/festivaldejaneiro.com\/wp-content\/uploads\/2021\/02\/2008-300x202.jpg 300w\" sizes=\"(max-width: 379px) 100vw, 379px\" style=\"width:100%;height:67.28%;max-width:379px\" \/>\t\t\t\t\t\t\t\t\t\t\t<figcaption class=\"widget-image-caption wp-caption-text\">Edi\u00e7\u00e3o 2008<\/figcaption>\n\t\t\t\t\t\t\t\t\t\t<\/figure>\n\t\t\t\t\t\t\t\t\t<\/div>\n\t\t\t\t<\/div>\n\t\t\t\t\t<\/div>\n\t\t<\/div>\n\t\t\t\t<div class=\"elementor-column elementor-col-25 elementor-inner-column elementor-element elementor-element-5bcef2a\" data-id=\"5bcef2a\" data-element_type=\"column\" data-e-type=\"column\">\n\t\t\t<div class=\"elementor-widget-wrap elementor-element-populated\">\n\t\t\t\t\t\t<div class=\"elementor-element elementor-element-d248201 elementor-widget elementor-widget-image\" data-id=\"d248201\" data-element_type=\"widget\" data-e-type=\"widget\" data-widget_type=\"image.default\">\n\t\t\t\t<div class=\"elementor-widget-container\">\n\t\t\t\t\t\t\t\t\t\t\t\t<figure class=\"wp-caption\">\n\t\t\t\t\t\t\t\t\t\t<img loading=\"lazy\" decoding=\"async\" width=\"750\" height=\"563\" src=\"https:\/\/festivaldejaneiro.com\/wp-content\/uploads\/2021\/02\/2007-1024x768.jpg\" class=\"attachment-large size-large wp-image-215\" alt=\"\" srcset=\"https:\/\/festivaldejaneiro.com\/wp-content\/uploads\/2021\/02\/2007-1024x768.jpg 1024w, https:\/\/festivaldejaneiro.com\/wp-content\/uploads\/2021\/02\/2007-300x225.jpg 300w, https:\/\/festivaldejaneiro.com\/wp-content\/uploads\/2021\/02\/2007-768x576.jpg 768w, https:\/\/festivaldejaneiro.com\/wp-content\/uploads\/2021\/02\/2007-1536x1152.jpg 1536w, https:\/\/festivaldejaneiro.com\/wp-content\/uploads\/2021\/02\/2007-1568x1176.jpg 1568w, https:\/\/festivaldejaneiro.com\/wp-content\/uploads\/2021\/02\/2007.jpg 2048w\" sizes=\"(max-width: 750px) 100vw, 750px\" style=\"width:100%;height:75%;max-width:2048px\" \/>\t\t\t\t\t\t\t\t\t\t\t<figcaption class=\"widget-image-caption wp-caption-text\">Edi\u00e7\u00e3o 2007<\/figcaption>\n\t\t\t\t\t\t\t\t\t\t<\/figure>\n\t\t\t\t\t\t\t\t\t<\/div>\n\t\t\t\t<\/div>\n\t\t\t\t\t<\/div>\n\t\t<\/div>\n\t\t\t\t<div class=\"elementor-column elementor-col-25 elementor-inner-column elementor-element elementor-element-7dded7e\" data-id=\"7dded7e\" data-element_type=\"column\" data-e-type=\"column\">\n\t\t\t<div class=\"elementor-widget-wrap elementor-element-populated\">\n\t\t\t\t\t\t<div class=\"elementor-element elementor-element-b8f46e2 elementor-widget elementor-widget-image\" data-id=\"b8f46e2\" data-element_type=\"widget\" data-e-type=\"widget\" data-widget_type=\"image.default\">\n\t\t\t\t<div class=\"elementor-widget-container\">\n\t\t\t\t\t\t\t\t\t\t\t\t<figure class=\"wp-caption\">\n\t\t\t\t\t\t\t\t\t\t<img loading=\"lazy\" decoding=\"async\" width=\"379\" height=\"255\" src=\"https:\/\/festivaldejaneiro.com\/wp-content\/uploads\/2021\/02\/2006.jpg\" class=\"attachment-large size-large wp-image-214\" alt=\"\" srcset=\"https:\/\/festivaldejaneiro.com\/wp-content\/uploads\/2021\/02\/2006.jpg 379w, https:\/\/festivaldejaneiro.com\/wp-content\/uploads\/2021\/02\/2006-300x202.jpg 300w\" sizes=\"(max-width: 379px) 100vw, 379px\" style=\"width:100%;height:67.28%;max-width:379px\" \/>\t\t\t\t\t\t\t\t\t\t\t<figcaption class=\"widget-image-caption wp-caption-text\">Edi\u00e7\u00f5es 2004 a 2006<\/figcaption>\n\t\t\t\t\t\t\t\t\t\t<\/figure>\n\t\t\t\t\t\t\t\t\t<\/div>\n\t\t\t\t<\/div>\n\t\t\t\t\t<\/div>\n\t\t<\/div>\n\t\t\t\t\t<\/div>\n\t\t<\/section>\n\t\t\t\t\t<\/div>\n\t\t<\/div>\n\t\t\t\t\t<\/div>\n\t\t<\/section>\n\t\t\t\t<section class=\"elementor-section elementor-top-section elementor-element elementor-element-c769dee elementor-section-boxed elementor-section-height-default elementor-section-height-default elementor-invisible\" data-id=\"c769dee\" data-element_type=\"section\" data-e-type=\"section\" data-settings=\"{&quot;background_background&quot;:&quot;classic&quot;,&quot;animation&quot;:&quot;fadeIn&quot;,&quot;_ha_eqh_enable&quot;:false}\">\n\t\t\t\t\t\t<div class=\"elementor-container elementor-column-gap-default\">\n\t\t\t\t\t<div class=\"elementor-column elementor-col-100 elementor-top-column elementor-element elementor-element-df69a90\" data-id=\"df69a90\" data-element_type=\"column\" data-e-type=\"column\">\n\t\t\t<div class=\"elementor-widget-wrap elementor-element-populated\">\n\t\t\t\t\t\t<div class=\"elementor-element elementor-element-2b98a73 elementor-widget elementor-widget-image\" data-id=\"2b98a73\" data-element_type=\"widget\" data-e-type=\"widget\" data-widget_type=\"image.default\">\n\t\t\t\t<div class=\"elementor-widget-container\">\n\t\t\t\t\t\t\t\t\t\t\t\t\t\t\t<img loading=\"lazy\" decoding=\"async\" width=\"1920\" height=\"348\" src=\"https:\/\/festivaldejaneiro.com\/wp-content\/uploads\/2022\/01\/z_Regua-VERTICAL.png\" class=\"attachment-full size-full wp-image-1747\" alt=\"\" srcset=\"https:\/\/festivaldejaneiro.com\/wp-content\/uploads\/2022\/01\/z_Regua-VERTICAL.png 1920w, https:\/\/festivaldejaneiro.com\/wp-content\/uploads\/2022\/01\/z_Regua-VERTICAL-300x54.png 300w, https:\/\/festivaldejaneiro.com\/wp-content\/uploads\/2022\/01\/z_Regua-VERTICAL-1024x186.png 1024w, https:\/\/festivaldejaneiro.com\/wp-content\/uploads\/2022\/01\/z_Regua-VERTICAL-768x139.png 768w, https:\/\/festivaldejaneiro.com\/wp-content\/uploads\/2022\/01\/z_Regua-VERTICAL-1536x278.png 1536w, https:\/\/festivaldejaneiro.com\/wp-content\/uploads\/2022\/01\/z_Regua-VERTICAL-1568x284.png 1568w\" sizes=\"(max-width: 1920px) 100vw, 1920px\" style=\"width:100%;height:18.13%;max-width:1920px\" \/>\t\t\t\t\t\t\t\t\t\t\t\t\t\t\t<\/div>\n\t\t\t\t<\/div>\n\t\t\t\t\t<\/div>\n\t\t<\/div>\n\t\t\t\t\t<\/div>\n\t\t<\/section>\n\t\t\t\t<\/div>\n\t\t","protected":false},"excerpt":{"rendered":"<p>Espet\u00e1culos Ativ. Formativas Programa\u00e7\u00e3o Organizador Edi\u00e7\u00f5es Anteriores Confira os Espet\u00e1culos que aconteceram no 15o Festival em Janeiro! Era uma vez&#8230;O Le\u00e3o e o Ratinho Dia 21\/01 \u00e0s 15h Cia. F\u00e1brica de Sonhos Yaga &#8211; Uma Hist\u00f3ria para Crian\u00e7as Corajosas Dia 22\/01 \u00e0s 15h Severina Cia de Teatro Fl\u00favio e o Mar Dia 23\/01 \u00e0s 15h&hellip; <a class=\"more-link\" href=\"https:\/\/festivaldejaneiro.com\/index.php\/festival-de-janeiro-15-edicao-2022\/\">Continuar lendo <span class=\"screen-reader-text\">Festival de Janeiro &#8211; 15a Edi\u00e7\u00e3o 2022<\/span><\/a><\/p>\n","protected":false},"author":1,"featured_media":78,"parent":0,"menu_order":0,"comment_status":"closed","ping_status":"closed","template":"elementor_canvas","meta":{"footnotes":""},"class_list":["post-1894","page","type-page","status-publish","has-post-thumbnail","hentry","entry"],"_links":{"self":[{"href":"https:\/\/festivaldejaneiro.com\/index.php\/wp-json\/wp\/v2\/pages\/1894","targetHints":{"allow":["GET"]}}],"collection":[{"href":"https:\/\/festivaldejaneiro.com\/index.php\/wp-json\/wp\/v2\/pages"}],"about":[{"href":"https:\/\/festivaldejaneiro.com\/index.php\/wp-json\/wp\/v2\/types\/page"}],"author":[{"embeddable":true,"href":"https:\/\/festivaldejaneiro.com\/index.php\/wp-json\/wp\/v2\/users\/1"}],"replies":[{"embeddable":true,"href":"https:\/\/festivaldejaneiro.com\/index.php\/wp-json\/wp\/v2\/comments?post=1894"}],"version-history":[{"count":5,"href":"https:\/\/festivaldejaneiro.com\/index.php\/wp-json\/wp\/v2\/pages\/1894\/revisions"}],"predecessor-version":[{"id":1902,"href":"https:\/\/festivaldejaneiro.com\/index.php\/wp-json\/wp\/v2\/pages\/1894\/revisions\/1902"}],"wp:featuredmedia":[{"embeddable":true,"href":"https:\/\/festivaldejaneiro.com\/index.php\/wp-json\/wp\/v2\/media\/78"}],"wp:attachment":[{"href":"https:\/\/festivaldejaneiro.com\/index.php\/wp-json\/wp\/v2\/media?parent=1894"}],"curies":[{"name":"wp","href":"https:\/\/api.w.org\/{rel}","templated":true}]}}