{"id":3173,"date":"2024-10-29T14:40:50","date_gmt":"2024-10-29T17:40:50","guid":{"rendered":"https:\/\/festivaldejaneiro.com\/?page_id=3173"},"modified":"2024-12-20T18:40:18","modified_gmt":"2024-12-20T21:40:18","slug":"festival-de-janeiro-18a-edicao-2024","status":"publish","type":"page","link":"https:\/\/festivaldejaneiro.com\/index.php\/festival-de-janeiro-18a-edicao-2024\/","title":{"rendered":"Festival de Janeiro &#8211; 18a Edi\u00e7\u00e3o 2024"},"content":{"rendered":"\t\t<div data-elementor-type=\"wp-page\" data-elementor-id=\"3173\" class=\"elementor elementor-3173\" data-elementor-settings=\"{&quot;ha_cmc_init_switcher&quot;:&quot;no&quot;}\">\n\t\t\t\t\t\t<section class=\"elementor-section elementor-top-section elementor-element elementor-element-c480556 elementor-section-full_width elementor-section-content-middle elementor-section-stretched elementor-section-height-default elementor-section-height-default\" data-id=\"c480556\" data-element_type=\"section\" data-e-type=\"section\" data-settings=\"{&quot;stretch_section&quot;:&quot;section-stretched&quot;,&quot;background_background&quot;:&quot;classic&quot;,&quot;_ha_eqh_enable&quot;:false}\">\n\t\t\t\t\t\t\t<div class=\"elementor-background-overlay\"><\/div>\n\t\t\t\t\t\t\t<div class=\"elementor-container elementor-column-gap-no\">\n\t\t\t\t\t<div class=\"elementor-column elementor-col-100 elementor-top-column elementor-element elementor-element-1360176\" data-id=\"1360176\" data-element_type=\"column\" data-e-type=\"column\">\n\t\t\t<div class=\"elementor-widget-wrap elementor-element-populated\">\n\t\t\t\t\t\t<div class=\"elementor-element elementor-element-01ae2bd elementor-hidden-desktop elementor-widget elementor-widget-image\" data-id=\"01ae2bd\" data-element_type=\"widget\" data-e-type=\"widget\" data-widget_type=\"image.default\">\n\t\t\t\t<div class=\"elementor-widget-container\">\n\t\t\t\t\t\t\t\t\t\t\t\t\t\t\t<img fetchpriority=\"high\" decoding=\"async\" width=\"995\" height=\"1181\" src=\"https:\/\/festivaldejaneiro.com\/wp-content\/uploads\/2023\/12\/capa-celular.jpg\" class=\"attachment-full size-full wp-image-2861\" alt=\"\" srcset=\"https:\/\/festivaldejaneiro.com\/wp-content\/uploads\/2023\/12\/capa-celular.jpg 995w, https:\/\/festivaldejaneiro.com\/wp-content\/uploads\/2023\/12\/capa-celular-253x300.jpg 253w, https:\/\/festivaldejaneiro.com\/wp-content\/uploads\/2023\/12\/capa-celular-863x1024.jpg 863w, https:\/\/festivaldejaneiro.com\/wp-content\/uploads\/2023\/12\/capa-celular-768x912.jpg 768w\" sizes=\"(max-width: 995px) 100vw, 995px\" style=\"width:100%;height:118.69%;max-width:995px\" \/>\t\t\t\t\t\t\t\t\t\t\t\t\t\t\t<\/div>\n\t\t\t\t<\/div>\n\t\t\t\t<div class=\"elementor-element elementor-element-11f7c64 elementor-hidden-tablet elementor-hidden-phone elementor-widget elementor-widget-image\" data-id=\"11f7c64\" data-element_type=\"widget\" data-e-type=\"widget\" data-widget_type=\"image.default\">\n\t\t\t\t<div class=\"elementor-widget-container\">\n\t\t\t\t\t\t\t\t\t\t\t\t\t\t\t<img decoding=\"async\" width=\"1920\" height=\"1080\" src=\"https:\/\/festivaldejaneiro.com\/wp-content\/uploads\/2023\/12\/230912_Bo-SiteFS1.png\" class=\"attachment-full size-full wp-image-2743\" alt=\"\" srcset=\"https:\/\/festivaldejaneiro.com\/wp-content\/uploads\/2023\/12\/230912_Bo-SiteFS1.png 1920w, https:\/\/festivaldejaneiro.com\/wp-content\/uploads\/2023\/12\/230912_Bo-SiteFS1-300x169.png 300w, https:\/\/festivaldejaneiro.com\/wp-content\/uploads\/2023\/12\/230912_Bo-SiteFS1-1024x576.png 1024w, https:\/\/festivaldejaneiro.com\/wp-content\/uploads\/2023\/12\/230912_Bo-SiteFS1-768x432.png 768w, https:\/\/festivaldejaneiro.com\/wp-content\/uploads\/2023\/12\/230912_Bo-SiteFS1-1536x864.png 1536w, https:\/\/festivaldejaneiro.com\/wp-content\/uploads\/2023\/12\/230912_Bo-SiteFS1-1568x882.png 1568w\" sizes=\"(max-width: 1920px) 100vw, 1920px\" style=\"width:100%;height:56.25%;max-width:1920px\" \/>\t\t\t\t\t\t\t\t\t\t\t\t\t\t\t<\/div>\n\t\t\t\t<\/div>\n\t\t\t\t<div class=\"elementor-element elementor-element-5024126 elementor-widget-divider--view-line elementor-widget elementor-widget-divider\" data-id=\"5024126\" data-element_type=\"widget\" data-e-type=\"widget\" data-widget_type=\"divider.default\">\n\t\t\t\t<div class=\"elementor-widget-container\">\n\t\t\t\t\t\t\t<div class=\"elementor-divider\">\n\t\t\t<span class=\"elementor-divider-separator\">\n\t\t\t\t\t\t<\/span>\n\t\t<\/div>\n\t\t\t\t\t\t<\/div>\n\t\t\t\t<\/div>\n\t\t\t\t\t<\/div>\n\t\t<\/div>\n\t\t\t\t\t<\/div>\n\t\t<\/section>\n\t\t\t\t<section class=\"elementor-section elementor-top-section elementor-element elementor-element-487156e6 elementor-section-boxed elementor-section-height-default elementor-section-height-default\" data-id=\"487156e6\" data-element_type=\"section\" data-e-type=\"section\" data-settings=\"{&quot;background_background&quot;:&quot;classic&quot;,&quot;shape_divider_bottom&quot;:&quot;wave-brush&quot;,&quot;_ha_eqh_enable&quot;:false}\">\n\t\t\t\t\t\t\t<div class=\"elementor-background-overlay\"><\/div>\n\t\t\t\t\t\t<div class=\"elementor-shape elementor-shape-bottom\" aria-hidden=\"true\" data-negative=\"false\">\n\t\t\t<svg xmlns=\"http:\/\/www.w3.org\/2000\/svg\" viewBox=\"0 0 283.5 27.8\" preserveAspectRatio=\"none\">\n\t<path class=\"elementor-shape-fill\" d=\"M283.5,9.7c0,0-7.3,4.3-14,4.6c-6.8,0.3-12.6,0-20.9-1.5c-11.3-2-33.1-10.1-44.7-5.7\ts-12.1,4.6-18,7.4c-6.6,3.2-20,9.6-36.6,9.3C131.6,23.5,99.5,7.2,86.3,8c-1.4,0.1-6.6,0.8-10.5,2c-3.8,1.2-9.4,3.8-17,4.7\tc-3.2,0.4-8.3,1.1-14.2,0.9c-1.5-0.1-6.3-0.4-12-1.6c-5.7-1.2-11-3.1-15.8-3.7C6.5,9.2,0,10.8,0,10.8V0h283.5V9.7z M260.8,11.3\tc-0.7-1-2-0.4-4.3-0.4c-2.3,0-6.1-1.2-5.8-1.1c0.3,0.1,3.1,1.5,6,1.9C259.7,12.2,261.4,12.3,260.8,11.3z M242.4,8.6\tc0,0-2.4-0.2-5.6-0.9c-3.2-0.8-10.3-2.8-15.1-3.5c-8.2-1.1-15.8,0-15.1,0.1c0.8,0.1,9.6-0.6,17.6,1.1c3.3,0.7,9.3,2.2,12.4,2.7\tC239.9,8.7,242.4,8.6,242.4,8.6z M185.2,8.5c1.7-0.7-13.3,4.7-18.5,6.1c-2.1,0.6-6.2,1.6-10,2c-3.9,0.4-8.9,0.4-8.8,0.5\tc0,0.2,5.8,0.8,11.2,0c5.4-0.8,5.2-1.1,7.6-1.6C170.5,14.7,183.5,9.2,185.2,8.5z M199.1,6.9c0.2,0-0.8-0.4-4.8,1.1\tc-4,1.5-6.7,3.5-6.9,3.7c-0.2,0.1,3.5-1.8,6.6-3C197,7.5,199,6.9,199.1,6.9z M283,6c-0.1,0.1-1.9,1.1-4.8,2.5s-6.9,2.8-6.7,2.7\tc0.2,0,3.5-0.6,7.4-2.5C282.8,6.8,283.1,5.9,283,6z M31.3,11.6c0.1-0.2-1.9-0.2-4.5-1.2s-5.4-1.6-7.8-2C15,7.6,7.3,8.5,7.7,8.6\tC8,8.7,15.9,8.3,20.2,9.3c2.2,0.5,2.4,0.5,5.7,1.6S31.2,11.9,31.3,11.6z M73,9.2c0.4-0.1,3.5-1.6,8.4-2.6c4.9-1.1,8.9-0.5,8.9-0.8\tc0-0.3-1-0.9-6.2-0.3S72.6,9.3,73,9.2z M71.6,6.7C71.8,6.8,75,5.4,77.3,5c2.3-0.3,1.9-0.5,1.9-0.6c0-0.1-1.1-0.2-2.7,0.2\tC74.8,5.1,71.4,6.6,71.6,6.7z M93.6,4.4c0.1,0.2,3.5,0.8,5.6,1.8c2.1,1,1.8,0.6,1.9,0.5c0.1-0.1-0.8-0.8-2.4-1.3\tC97.1,4.8,93.5,4.2,93.6,4.4z M65.4,11.1c-0.1,0.3,0.3,0.5,1.9-0.2s2.6-1.3,2.2-1.2s-0.9,0.4-2.5,0.8C65.3,10.9,65.5,10.8,65.4,11.1\tz M34.5,12.4c-0.2,0,2.1,0.8,3.3,0.9c1.2,0.1,2,0.1,2-0.2c0-0.3-0.1-0.5-1.6-0.4C36.6,12.8,34.7,12.4,34.5,12.4z M152.2,21.1\tc-0.1,0.1-2.4-0.3-7.5-0.3c-5,0-13.6-2.4-17.2-3.5c-3.6-1.1,10,3.9,16.5,4.1C150.5,21.6,152.3,21,152.2,21.1z\"\/>\n\t<path class=\"elementor-shape-fill\" d=\"M269.6,18c-0.1-0.1-4.6,0.3-7.2,0c-7.3-0.7-17-3.2-16.6-2.9c0.4,0.3,13.7,3.1,17,3.3\tC267.7,18.8,269.7,18,269.6,18z\"\/>\n\t<path class=\"elementor-shape-fill\" d=\"M227.4,9.8c-0.2-0.1-4.5-1-9.5-1.2c-5-0.2-12.7,0.6-12.3,0.5c0.3-0.1,5.9-1.8,13.3-1.2\tS227.6,9.9,227.4,9.8z\"\/>\n\t<path class=\"elementor-shape-fill\" d=\"M204.5,13.4c-0.1-0.1,2-1,3.2-1.1c1.2-0.1,2,0,2,0.3c0,0.3-0.1,0.5-1.6,0.4\tC206.4,12.9,204.6,13.5,204.5,13.4z\"\/>\n\t<path class=\"elementor-shape-fill\" d=\"M201,10.6c0-0.1-4.4,1.2-6.3,2.2c-1.9,0.9-6.2,3.1-6.1,3.1c0.1,0.1,4.2-1.6,6.3-2.6\tS201,10.7,201,10.6z\"\/>\n\t<path class=\"elementor-shape-fill\" d=\"M154.5,26.7c-0.1-0.1-4.6,0.3-7.2,0c-7.3-0.7-17-3.2-16.6-2.9c0.4,0.3,13.7,3.1,17,3.3\tC152.6,27.5,154.6,26.8,154.5,26.7z\"\/>\n\t<path class=\"elementor-shape-fill\" d=\"M41.9,19.3c0,0,1.2-0.3,2.9-0.1c1.7,0.2,5.8,0.9,8.2,0.7c4.2-0.4,7.4-2.7,7-2.6\tc-0.4,0-4.3,2.2-8.6,1.9c-1.8-0.1-5.1-0.5-6.7-0.4S41.9,19.3,41.9,19.3z\"\/>\n\t<path class=\"elementor-shape-fill\" d=\"M75.5,12.6c0.2,0.1,2-0.8,4.3-1.1c2.3-0.2,2.1-0.3,2.1-0.5c0-0.1-1.8-0.4-3.4,0\tC76.9,11.5,75.3,12.5,75.5,12.6z\"\/>\n\t<path class=\"elementor-shape-fill\" d=\"M15.6,13.2c0-0.1,4.3,0,6.7,0.5c2.4,0.5,5,1.9,5,2c0,0.1-2.7-0.8-5.1-1.4\tC19.9,13.7,15.7,13.3,15.6,13.2z\"\/>\n<\/svg>\t\t<\/div>\n\t\t\t\t\t<div class=\"elementor-container elementor-column-gap-default\">\n\t\t\t\t\t<div class=\"elementor-column elementor-col-100 elementor-top-column elementor-element elementor-element-60bd5edf\" data-id=\"60bd5edf\" data-element_type=\"column\" data-e-type=\"column\">\n\t\t\t<div class=\"elementor-widget-wrap elementor-element-populated\">\n\t\t\t\t\t\t<div class=\"elementor-element elementor-element-3708add elementor-widget elementor-widget-menu-anchor\" data-id=\"3708add\" data-element_type=\"widget\" data-e-type=\"widget\" data-widget_type=\"menu-anchor.default\">\n\t\t\t\t<div class=\"elementor-widget-container\">\n\t\t\t\t\t\t\t<div class=\"elementor-menu-anchor\" id=\"ativ-formativas\"><\/div>\n\t\t\t\t\t\t<\/div>\n\t\t\t\t<\/div>\n\t\t\t\t<div class=\"elementor-element elementor-element-723f524 elementor-hidden-phone elementor-widget elementor-widget-spacer\" data-id=\"723f524\" data-element_type=\"widget\" data-e-type=\"widget\" data-widget_type=\"spacer.default\">\n\t\t\t\t<div class=\"elementor-widget-container\">\n\t\t\t\t\t\t\t<div class=\"elementor-spacer\">\n\t\t\t<div class=\"elementor-spacer-inner\"><\/div>\n\t\t<\/div>\n\t\t\t\t\t\t<\/div>\n\t\t\t\t<\/div>\n\t\t\t\t<div class=\"elementor-element elementor-element-67075c1 elementor-invisible elementor-widget elementor-widget-heading\" data-id=\"67075c1\" data-element_type=\"widget\" data-e-type=\"widget\" data-settings=\"{&quot;_animation&quot;:&quot;fadeIn&quot;,&quot;_animation_delay&quot;:500}\" data-widget_type=\"heading.default\">\n\t\t\t\t<div class=\"elementor-widget-container\">\n\t\t\t\t\t<h3 class=\"elementor-heading-title elementor-size-default\">Confira a Programa\u00e7\u00e3o do Teatro Sesi<\/h3>\t\t\t\t<\/div>\n\t\t\t\t<\/div>\n\t\t\t\t<div class=\"elementor-element elementor-element-77d873f elementor-invisible elementor-widget elementor-widget-heading\" data-id=\"77d873f\" data-element_type=\"widget\" data-e-type=\"widget\" data-settings=\"{&quot;_animation&quot;:&quot;fadeIn&quot;}\" data-widget_type=\"heading.default\">\n\t\t\t\t<div class=\"elementor-widget-container\">\n\t\t\t\t\t<h5 class=\"elementor-heading-title elementor-size-default\">Teatro do Sesi: 376 lugares   |   Sempre \u00e0s 15h<\/h5>\t\t\t\t<\/div>\n\t\t\t\t<\/div>\n\t\t\t\t<section class=\"elementor-section elementor-inner-section elementor-element elementor-element-c9094e6 elementor-section-boxed elementor-section-height-default elementor-section-height-default elementor-invisible\" data-id=\"c9094e6\" data-element_type=\"section\" data-e-type=\"section\" data-settings=\"{&quot;animation&quot;:&quot;fadeIn&quot;,&quot;_ha_eqh_enable&quot;:false}\">\n\t\t\t\t\t\t<div class=\"elementor-container elementor-column-gap-default\">\n\t\t\t\t\t<div class=\"elementor-column elementor-col-33 elementor-inner-column elementor-element elementor-element-54641a0\" data-id=\"54641a0\" data-element_type=\"column\" data-e-type=\"column\">\n\t\t\t<div class=\"elementor-widget-wrap elementor-element-populated\">\n\t\t\t\t\t\t<div class=\"elementor-element elementor-element-bf394a2 elementor-widget elementor-widget-image\" data-id=\"bf394a2\" data-element_type=\"widget\" data-e-type=\"widget\" data-widget_type=\"image.default\">\n\t\t\t\t<div class=\"elementor-widget-container\">\n\t\t\t\t\t\t\t\t\t\t\t\t\t\t\t\t<a href=\"https:\/\/festivaldejaneiro.com\/index.php\/festival-sesi-2024-joao-maria\">\n\t\t\t\t\t\t\t<img decoding=\"async\" width=\"750\" height=\"422\" src=\"https:\/\/festivaldejaneiro.com\/wp-content\/uploads\/2023\/12\/espetaculo-01-1024x576.jpg\" class=\"attachment-large size-large wp-image-2934\" alt=\"\" srcset=\"https:\/\/festivaldejaneiro.com\/wp-content\/uploads\/2023\/12\/espetaculo-01-1024x576.jpg 1024w, https:\/\/festivaldejaneiro.com\/wp-content\/uploads\/2023\/12\/espetaculo-01-300x169.jpg 300w, https:\/\/festivaldejaneiro.com\/wp-content\/uploads\/2023\/12\/espetaculo-01-768x432.jpg 768w, https:\/\/festivaldejaneiro.com\/wp-content\/uploads\/2023\/12\/espetaculo-01-1536x864.jpg 1536w, https:\/\/festivaldejaneiro.com\/wp-content\/uploads\/2023\/12\/espetaculo-01-1568x882.jpg 1568w, https:\/\/festivaldejaneiro.com\/wp-content\/uploads\/2023\/12\/espetaculo-01.jpg 1920w\" sizes=\"(max-width: 750px) 100vw, 750px\" style=\"width:100%;height:56.25%;max-width:1920px\" \/>\t\t\t\t\t\t\t\t<\/a>\n\t\t\t\t\t\t\t\t\t\t\t\t\t\t\t<\/div>\n\t\t\t\t<\/div>\n\t\t\t\t<div class=\"elementor-element elementor-element-7e2b7d6 elementor-widget elementor-widget-text-editor\" data-id=\"7e2b7d6\" data-element_type=\"widget\" data-e-type=\"widget\" data-widget_type=\"text-editor.default\">\n\t\t\t\t<div class=\"elementor-widget-container\">\n\t\t\t\t\t\t\t\t\t<h6><b>Data: 18\/01<\/b><span style=\"font-weight: 400;\"> (Quinta-feira)<\/span><\/h6><h5>Era uma vez&#8230; Jo\u00e3o e Maria<\/h5><h6>Cia. F\u00e1brica de Sonhos<\/h6><h6>S\u00e3o Jos\u00e9 do Rio Preto-SP<\/h6>\t\t\t\t\t\t\t\t<\/div>\n\t\t\t\t<\/div>\n\t\t\t\t\t<\/div>\n\t\t<\/div>\n\t\t\t\t<div class=\"elementor-column elementor-col-33 elementor-inner-column elementor-element elementor-element-1c24239\" data-id=\"1c24239\" data-element_type=\"column\" data-e-type=\"column\">\n\t\t\t<div class=\"elementor-widget-wrap elementor-element-populated\">\n\t\t\t\t\t\t<div class=\"elementor-element elementor-element-1a8b360 elementor-widget elementor-widget-image\" data-id=\"1a8b360\" data-element_type=\"widget\" data-e-type=\"widget\" data-widget_type=\"image.default\">\n\t\t\t\t<div class=\"elementor-widget-container\">\n\t\t\t\t\t\t\t\t\t\t\t\t\t\t\t\t<a href=\"https:\/\/festivaldejaneiro.com\/index.php\/festival-sesi-2024-picadeiro-lux\/\">\n\t\t\t\t\t\t\t<img loading=\"lazy\" decoding=\"async\" width=\"750\" height=\"422\" src=\"https:\/\/festivaldejaneiro.com\/wp-content\/uploads\/2023\/12\/espetaculo-02-1024x576.jpg\" class=\"attachment-large size-large wp-image-2935\" alt=\"\" srcset=\"https:\/\/festivaldejaneiro.com\/wp-content\/uploads\/2023\/12\/espetaculo-02-1024x576.jpg 1024w, https:\/\/festivaldejaneiro.com\/wp-content\/uploads\/2023\/12\/espetaculo-02-300x169.jpg 300w, https:\/\/festivaldejaneiro.com\/wp-content\/uploads\/2023\/12\/espetaculo-02-768x432.jpg 768w, https:\/\/festivaldejaneiro.com\/wp-content\/uploads\/2023\/12\/espetaculo-02-1536x864.jpg 1536w, https:\/\/festivaldejaneiro.com\/wp-content\/uploads\/2023\/12\/espetaculo-02-1568x882.jpg 1568w, https:\/\/festivaldejaneiro.com\/wp-content\/uploads\/2023\/12\/espetaculo-02.jpg 1920w\" sizes=\"(max-width: 750px) 100vw, 750px\" style=\"width:100%;height:56.25%;max-width:1920px\" \/>\t\t\t\t\t\t\t\t<\/a>\n\t\t\t\t\t\t\t\t\t\t\t\t\t\t\t<\/div>\n\t\t\t\t<\/div>\n\t\t\t\t<div class=\"elementor-element elementor-element-35878c9 elementor-widget elementor-widget-text-editor\" data-id=\"35878c9\" data-element_type=\"widget\" data-e-type=\"widget\" data-widget_type=\"text-editor.default\">\n\t\t\t\t<div class=\"elementor-widget-container\">\n\t\t\t\t\t\t\t\t\t<h6><b>Data: 19\/01<span style=\"font-weight: 400;\"> (Sexta-feira)<\/span><\/b><\/h6><h5>Picadeiro Lux<\/h5><h6>Cia Santarosa<\/h6><h6>Ribeir\u00e3o Preto-SP<\/h6>\t\t\t\t\t\t\t\t<\/div>\n\t\t\t\t<\/div>\n\t\t\t\t\t<\/div>\n\t\t<\/div>\n\t\t\t\t<div class=\"elementor-column elementor-col-33 elementor-inner-column elementor-element elementor-element-a25fb4e\" data-id=\"a25fb4e\" data-element_type=\"column\" data-e-type=\"column\">\n\t\t\t<div class=\"elementor-widget-wrap elementor-element-populated\">\n\t\t\t\t\t\t<div class=\"elementor-element elementor-element-cc2ec1e elementor-widget elementor-widget-image\" data-id=\"cc2ec1e\" data-element_type=\"widget\" data-e-type=\"widget\" data-widget_type=\"image.default\">\n\t\t\t\t<div class=\"elementor-widget-container\">\n\t\t\t\t\t\t\t\t\t\t\t\t\t\t\t\t<a href=\"https:\/\/festivaldejaneiro.com\/index.php\/festival-sesi-2024-familia-murphy\">\n\t\t\t\t\t\t\t<img loading=\"lazy\" decoding=\"async\" width=\"750\" height=\"422\" src=\"https:\/\/festivaldejaneiro.com\/wp-content\/uploads\/2023\/12\/espetaculo-03-1024x576.jpg\" class=\"attachment-large size-large wp-image-2936\" alt=\"\" srcset=\"https:\/\/festivaldejaneiro.com\/wp-content\/uploads\/2023\/12\/espetaculo-03-1024x576.jpg 1024w, https:\/\/festivaldejaneiro.com\/wp-content\/uploads\/2023\/12\/espetaculo-03-300x169.jpg 300w, https:\/\/festivaldejaneiro.com\/wp-content\/uploads\/2023\/12\/espetaculo-03-768x432.jpg 768w, https:\/\/festivaldejaneiro.com\/wp-content\/uploads\/2023\/12\/espetaculo-03-1536x864.jpg 1536w, https:\/\/festivaldejaneiro.com\/wp-content\/uploads\/2023\/12\/espetaculo-03-1568x882.jpg 1568w, https:\/\/festivaldejaneiro.com\/wp-content\/uploads\/2023\/12\/espetaculo-03.jpg 1920w\" sizes=\"(max-width: 750px) 100vw, 750px\" style=\"width:100%;height:56.25%;max-width:1920px\" \/>\t\t\t\t\t\t\t\t<\/a>\n\t\t\t\t\t\t\t\t\t\t\t\t\t\t\t<\/div>\n\t\t\t\t<\/div>\n\t\t\t\t<div class=\"elementor-element elementor-element-79a3f82 elementor-widget elementor-widget-text-editor\" data-id=\"79a3f82\" data-element_type=\"widget\" data-e-type=\"widget\" data-widget_type=\"text-editor.default\">\n\t\t\t\t<div class=\"elementor-widget-container\">\n\t\t\t\t\t\t\t\t\t<h6><b>Data: 20\/01<\/b><span style=\"font-weight: 400;\"> (S\u00e1bado)<\/span><\/h6><h5>Fam\u00edlia Murphy e o Incidente no Multiverso<\/h5><h6>\u00a0Sabre de Luz Teatro<\/h6><h6>S\u00e3o Paulo-SP<\/h6>\t\t\t\t\t\t\t\t<\/div>\n\t\t\t\t<\/div>\n\t\t\t\t\t<\/div>\n\t\t<\/div>\n\t\t\t\t\t<\/div>\n\t\t<\/section>\n\t\t\t\t<section class=\"elementor-section elementor-inner-section elementor-element elementor-element-4e64aff elementor-section-boxed elementor-section-height-default elementor-section-height-default elementor-invisible\" data-id=\"4e64aff\" data-element_type=\"section\" data-e-type=\"section\" data-settings=\"{&quot;animation&quot;:&quot;fadeIn&quot;,&quot;_ha_eqh_enable&quot;:false}\">\n\t\t\t\t\t\t<div class=\"elementor-container elementor-column-gap-default\">\n\t\t\t\t\t<div class=\"elementor-column elementor-col-33 elementor-inner-column elementor-element elementor-element-3f7f982\" data-id=\"3f7f982\" data-element_type=\"column\" data-e-type=\"column\">\n\t\t\t<div class=\"elementor-widget-wrap elementor-element-populated\">\n\t\t\t\t\t\t<div class=\"elementor-element elementor-element-1e07742 elementor-widget elementor-widget-image\" data-id=\"1e07742\" data-element_type=\"widget\" data-e-type=\"widget\" data-widget_type=\"image.default\">\n\t\t\t\t<div class=\"elementor-widget-container\">\n\t\t\t\t\t\t\t\t\t\t\t\t\t\t\t\t<a href=\"https:\/\/festivaldejaneiro.com\/index.php\/festival-sesi-2024-casa-caracol\">\n\t\t\t\t\t\t\t<img loading=\"lazy\" decoding=\"async\" width=\"750\" height=\"422\" src=\"https:\/\/festivaldejaneiro.com\/wp-content\/uploads\/2023\/12\/espetaculo-04-1024x576.jpg\" class=\"attachment-large size-large wp-image-2937\" alt=\"\" srcset=\"https:\/\/festivaldejaneiro.com\/wp-content\/uploads\/2023\/12\/espetaculo-04-1024x576.jpg 1024w, https:\/\/festivaldejaneiro.com\/wp-content\/uploads\/2023\/12\/espetaculo-04-300x169.jpg 300w, https:\/\/festivaldejaneiro.com\/wp-content\/uploads\/2023\/12\/espetaculo-04-768x432.jpg 768w, https:\/\/festivaldejaneiro.com\/wp-content\/uploads\/2023\/12\/espetaculo-04-1536x864.jpg 1536w, https:\/\/festivaldejaneiro.com\/wp-content\/uploads\/2023\/12\/espetaculo-04-1568x882.jpg 1568w, https:\/\/festivaldejaneiro.com\/wp-content\/uploads\/2023\/12\/espetaculo-04.jpg 1920w\" sizes=\"(max-width: 750px) 100vw, 750px\" style=\"width:100%;height:56.25%;max-width:1920px\" \/>\t\t\t\t\t\t\t\t<\/a>\n\t\t\t\t\t\t\t\t\t\t\t\t\t\t\t<\/div>\n\t\t\t\t<\/div>\n\t\t\t\t<div class=\"elementor-element elementor-element-0d60ee5 elementor-widget elementor-widget-text-editor\" data-id=\"0d60ee5\" data-element_type=\"widget\" data-e-type=\"widget\" data-widget_type=\"text-editor.default\">\n\t\t\t\t<div class=\"elementor-widget-container\">\n\t\t\t\t\t\t\t\t\t<h6><b>Data: 21\/01<span style=\"font-weight: 400;\"> (Domingo)<\/span><\/b><\/h6><h5>A Casa Caracol &#8211; Cine Teatro<\/h5><h6>Cia dos P\u00e9s<\/h6><h6>S\u00e3o Jos\u00e9 do Rio Preto-SP<\/h6>\t\t\t\t\t\t\t\t<\/div>\n\t\t\t\t<\/div>\n\t\t\t\t\t<\/div>\n\t\t<\/div>\n\t\t\t\t<div class=\"elementor-column elementor-col-33 elementor-inner-column elementor-element elementor-element-4642c73\" data-id=\"4642c73\" data-element_type=\"column\" data-e-type=\"column\">\n\t\t\t<div class=\"elementor-widget-wrap elementor-element-populated\">\n\t\t\t\t\t\t<div class=\"elementor-element elementor-element-5cbd54a elementor-widget elementor-widget-image\" data-id=\"5cbd54a\" data-element_type=\"widget\" data-e-type=\"widget\" data-widget_type=\"image.default\">\n\t\t\t\t<div class=\"elementor-widget-container\">\n\t\t\t\t\t\t\t\t\t\t\t\t\t\t\t\t<a href=\"https:\/\/festivaldejaneiro.com\/index.php\/festival-sesi-2024-cae\">\n\t\t\t\t\t\t\t<img loading=\"lazy\" decoding=\"async\" width=\"750\" height=\"422\" src=\"https:\/\/festivaldejaneiro.com\/wp-content\/uploads\/2023\/12\/espetaculo-05-1024x576.jpg\" class=\"attachment-large size-large wp-image-2938\" alt=\"\" srcset=\"https:\/\/festivaldejaneiro.com\/wp-content\/uploads\/2023\/12\/espetaculo-05-1024x576.jpg 1024w, https:\/\/festivaldejaneiro.com\/wp-content\/uploads\/2023\/12\/espetaculo-05-300x169.jpg 300w, https:\/\/festivaldejaneiro.com\/wp-content\/uploads\/2023\/12\/espetaculo-05-768x432.jpg 768w, https:\/\/festivaldejaneiro.com\/wp-content\/uploads\/2023\/12\/espetaculo-05-1536x864.jpg 1536w, https:\/\/festivaldejaneiro.com\/wp-content\/uploads\/2023\/12\/espetaculo-05-1568x882.jpg 1568w, https:\/\/festivaldejaneiro.com\/wp-content\/uploads\/2023\/12\/espetaculo-05.jpg 1920w\" sizes=\"(max-width: 750px) 100vw, 750px\" style=\"width:100%;height:56.25%;max-width:1920px\" \/>\t\t\t\t\t\t\t\t<\/a>\n\t\t\t\t\t\t\t\t\t\t\t\t\t\t\t<\/div>\n\t\t\t\t<\/div>\n\t\t\t\t<div class=\"elementor-element elementor-element-2a3f60a elementor-widget elementor-widget-text-editor\" data-id=\"2a3f60a\" data-element_type=\"widget\" data-e-type=\"widget\" data-widget_type=\"text-editor.default\">\n\t\t\t\t<div class=\"elementor-widget-container\">\n\t\t\t\t\t\t\t\t\t<h6><b>Data: 25\/01<span style=\"font-weight: 400;\"> (Quinta-feira)<\/span><\/b><\/h6><h5>CA\u00ca<\/h5><h6>Karma Coletivo de Artes C\u00eanicas\/Itaja\u00ed-SC<\/h6>\t\t\t\t\t\t\t\t<\/div>\n\t\t\t\t<\/div>\n\t\t\t\t\t<\/div>\n\t\t<\/div>\n\t\t\t\t<div class=\"elementor-column elementor-col-33 elementor-inner-column elementor-element elementor-element-a46ce23\" data-id=\"a46ce23\" data-element_type=\"column\" data-e-type=\"column\">\n\t\t\t<div class=\"elementor-widget-wrap elementor-element-populated\">\n\t\t\t\t\t\t<div class=\"elementor-element elementor-element-74bbee2 elementor-widget elementor-widget-image\" data-id=\"74bbee2\" data-element_type=\"widget\" data-e-type=\"widget\" data-widget_type=\"image.default\">\n\t\t\t\t<div class=\"elementor-widget-container\">\n\t\t\t\t\t\t\t\t\t\t\t\t\t\t\t\t<a href=\"https:\/\/festivaldejaneiro.com\/index.php\/festival-sesi-2024-tradicao\">\n\t\t\t\t\t\t\t<img loading=\"lazy\" decoding=\"async\" width=\"750\" height=\"422\" src=\"https:\/\/festivaldejaneiro.com\/wp-content\/uploads\/2023\/12\/espetaculo-06-1024x576.jpg\" class=\"attachment-large size-large wp-image-2939\" alt=\"\" srcset=\"https:\/\/festivaldejaneiro.com\/wp-content\/uploads\/2023\/12\/espetaculo-06-1024x576.jpg 1024w, https:\/\/festivaldejaneiro.com\/wp-content\/uploads\/2023\/12\/espetaculo-06-300x169.jpg 300w, https:\/\/festivaldejaneiro.com\/wp-content\/uploads\/2023\/12\/espetaculo-06-768x432.jpg 768w, https:\/\/festivaldejaneiro.com\/wp-content\/uploads\/2023\/12\/espetaculo-06-1536x864.jpg 1536w, https:\/\/festivaldejaneiro.com\/wp-content\/uploads\/2023\/12\/espetaculo-06-1568x882.jpg 1568w, https:\/\/festivaldejaneiro.com\/wp-content\/uploads\/2023\/12\/espetaculo-06.jpg 1920w\" sizes=\"(max-width: 750px) 100vw, 750px\" style=\"width:100%;height:56.25%;max-width:1920px\" \/>\t\t\t\t\t\t\t\t<\/a>\n\t\t\t\t\t\t\t\t\t\t\t\t\t\t\t<\/div>\n\t\t\t\t<\/div>\n\t\t\t\t<div class=\"elementor-element elementor-element-ea6cba7 elementor-widget elementor-widget-text-editor\" data-id=\"ea6cba7\" data-element_type=\"widget\" data-e-type=\"widget\" data-widget_type=\"text-editor.default\">\n\t\t\t\t<div class=\"elementor-widget-container\">\n\t\t\t\t\t\t\t\t\t<h6><b>Data: 26\/01<span style=\"font-weight: 400;\"> (Sexta-feira)<\/span><\/b><\/h6><h5>Tradi\u00e7\u00e3o, Paix\u00e3o e Circo<\/h5><h6>Raros Circo e Teatro<\/h6><h6>Ribeir\u00e3o Preto-SP<\/h6>\t\t\t\t\t\t\t\t<\/div>\n\t\t\t\t<\/div>\n\t\t\t\t\t<\/div>\n\t\t<\/div>\n\t\t\t\t\t<\/div>\n\t\t<\/section>\n\t\t\t\t<section class=\"elementor-section elementor-inner-section elementor-element elementor-element-7d1e4d3 elementor-section-boxed elementor-section-height-default elementor-section-height-default elementor-invisible\" data-id=\"7d1e4d3\" data-element_type=\"section\" data-e-type=\"section\" data-settings=\"{&quot;animation&quot;:&quot;fadeIn&quot;,&quot;_ha_eqh_enable&quot;:false}\">\n\t\t\t\t\t\t<div class=\"elementor-container elementor-column-gap-default\">\n\t\t\t\t\t<div class=\"elementor-column elementor-col-50 elementor-inner-column elementor-element elementor-element-b085ff6\" data-id=\"b085ff6\" data-element_type=\"column\" data-e-type=\"column\">\n\t\t\t<div class=\"elementor-widget-wrap elementor-element-populated\">\n\t\t\t\t\t\t<div class=\"elementor-element elementor-element-088105d elementor-widget elementor-widget-image\" data-id=\"088105d\" data-element_type=\"widget\" data-e-type=\"widget\" data-widget_type=\"image.default\">\n\t\t\t\t<div class=\"elementor-widget-container\">\n\t\t\t\t\t\t\t\t\t\t\t\t\t\t\t\t<a href=\"https:\/\/festivaldejaneiro.com\/index.php\/festival-sesi-2024-dia-rio\">\n\t\t\t\t\t\t\t<img loading=\"lazy\" decoding=\"async\" width=\"750\" height=\"422\" src=\"https:\/\/festivaldejaneiro.com\/wp-content\/uploads\/2023\/12\/espetaculo-07-1024x576.jpg\" class=\"attachment-large size-large wp-image-2940\" alt=\"\" srcset=\"https:\/\/festivaldejaneiro.com\/wp-content\/uploads\/2023\/12\/espetaculo-07-1024x576.jpg 1024w, https:\/\/festivaldejaneiro.com\/wp-content\/uploads\/2023\/12\/espetaculo-07-300x169.jpg 300w, https:\/\/festivaldejaneiro.com\/wp-content\/uploads\/2023\/12\/espetaculo-07-768x432.jpg 768w, https:\/\/festivaldejaneiro.com\/wp-content\/uploads\/2023\/12\/espetaculo-07-1536x864.jpg 1536w, https:\/\/festivaldejaneiro.com\/wp-content\/uploads\/2023\/12\/espetaculo-07-1568x882.jpg 1568w, https:\/\/festivaldejaneiro.com\/wp-content\/uploads\/2023\/12\/espetaculo-07.jpg 1920w\" sizes=\"(max-width: 750px) 100vw, 750px\" style=\"width:100%;height:56.25%;max-width:1920px\" \/>\t\t\t\t\t\t\t\t<\/a>\n\t\t\t\t\t\t\t\t\t\t\t\t\t\t\t<\/div>\n\t\t\t\t<\/div>\n\t\t\t\t<div class=\"elementor-element elementor-element-16f9af5 elementor-widget elementor-widget-text-editor\" data-id=\"16f9af5\" data-element_type=\"widget\" data-e-type=\"widget\" data-widget_type=\"text-editor.default\">\n\t\t\t\t<div class=\"elementor-widget-container\">\n\t\t\t\t\t\t\t\t\t<h6><b>Data: 27\/01<span style=\"font-weight: 400;\"> (S\u00e1bado)<\/span><\/b><\/h6><h5>Um dia, um rio<\/h5><h6>Grupo 59 de Teatro<\/h6><h6>S\u00e3o Paulo-SP<\/h6>\t\t\t\t\t\t\t\t<\/div>\n\t\t\t\t<\/div>\n\t\t\t\t\t<\/div>\n\t\t<\/div>\n\t\t\t\t<div class=\"elementor-column elementor-col-50 elementor-inner-column elementor-element elementor-element-517d069\" data-id=\"517d069\" data-element_type=\"column\" data-e-type=\"column\">\n\t\t\t<div class=\"elementor-widget-wrap elementor-element-populated\">\n\t\t\t\t\t\t<div class=\"elementor-element elementor-element-fd3b457 elementor-widget elementor-widget-image\" data-id=\"fd3b457\" data-element_type=\"widget\" data-e-type=\"widget\" data-widget_type=\"image.default\">\n\t\t\t\t<div class=\"elementor-widget-container\">\n\t\t\t\t\t\t\t\t\t\t\t\t\t\t\t\t<a href=\"https:\/\/festivaldejaneiro.com\/index.php\/festival-sesi-2024-espavo\">\n\t\t\t\t\t\t\t<img loading=\"lazy\" decoding=\"async\" width=\"750\" height=\"422\" src=\"https:\/\/festivaldejaneiro.com\/wp-content\/uploads\/2023\/12\/espetaculo-08-1024x576.jpg\" class=\"attachment-large size-large wp-image-2941\" alt=\"\" srcset=\"https:\/\/festivaldejaneiro.com\/wp-content\/uploads\/2023\/12\/espetaculo-08-1024x576.jpg 1024w, https:\/\/festivaldejaneiro.com\/wp-content\/uploads\/2023\/12\/espetaculo-08-300x169.jpg 300w, https:\/\/festivaldejaneiro.com\/wp-content\/uploads\/2023\/12\/espetaculo-08-768x432.jpg 768w, https:\/\/festivaldejaneiro.com\/wp-content\/uploads\/2023\/12\/espetaculo-08-1536x864.jpg 1536w, https:\/\/festivaldejaneiro.com\/wp-content\/uploads\/2023\/12\/espetaculo-08-1568x882.jpg 1568w, https:\/\/festivaldejaneiro.com\/wp-content\/uploads\/2023\/12\/espetaculo-08.jpg 1920w\" sizes=\"(max-width: 750px) 100vw, 750px\" style=\"width:100%;height:56.25%;max-width:1920px\" \/>\t\t\t\t\t\t\t\t<\/a>\n\t\t\t\t\t\t\t\t\t\t\t\t\t\t\t<\/div>\n\t\t\t\t<\/div>\n\t\t\t\t<div class=\"elementor-element elementor-element-c1c46cd elementor-widget elementor-widget-text-editor\" data-id=\"c1c46cd\" data-element_type=\"widget\" data-e-type=\"widget\" data-widget_type=\"text-editor.default\">\n\t\t\t\t<div class=\"elementor-widget-container\">\n\t\t\t\t\t\t\t\t\t<h6><b>Data: 28\/01<span style=\"font-weight: 400;\"> (Domingo) <\/span><\/b><\/h6><h5>Detetives do Espav\u00f4<\/h5><h6>Trupe Dunav\u00f4 e Grupo Esparrama<\/h6><h6>S\u00e3o Paulo-SP<\/h6>\t\t\t\t\t\t\t\t<\/div>\n\t\t\t\t<\/div>\n\t\t\t\t\t<\/div>\n\t\t<\/div>\n\t\t\t\t\t<\/div>\n\t\t<\/section>\n\t\t\t\t<div class=\"elementor-element elementor-element-adab9e5 elementor-widget elementor-widget-spacer\" data-id=\"adab9e5\" data-element_type=\"widget\" data-e-type=\"widget\" data-widget_type=\"spacer.default\">\n\t\t\t\t<div class=\"elementor-widget-container\">\n\t\t\t\t\t\t\t<div class=\"elementor-spacer\">\n\t\t\t<div class=\"elementor-spacer-inner\"><\/div>\n\t\t<\/div>\n\t\t\t\t\t\t<\/div>\n\t\t\t\t<\/div>\n\t\t\t\t<section class=\"elementor-section elementor-inner-section elementor-element elementor-element-d8fc534 elementor-section-boxed elementor-section-height-default elementor-section-height-default elementor-invisible\" data-id=\"d8fc534\" data-element_type=\"section\" data-e-type=\"section\" data-settings=\"{&quot;animation&quot;:&quot;fadeIn&quot;,&quot;_ha_eqh_enable&quot;:false}\">\n\t\t\t\t\t\t<div class=\"elementor-container elementor-column-gap-default\">\n\t\t\t\t\t<div class=\"elementor-column elementor-col-50 elementor-inner-column elementor-element elementor-element-38b21db\" data-id=\"38b21db\" data-element_type=\"column\" data-e-type=\"column\">\n\t\t\t<div class=\"elementor-widget-wrap elementor-element-populated\">\n\t\t\t\t\t\t<div class=\"elementor-element elementor-element-b95a73a elementor-widget elementor-widget-google_maps\" data-id=\"b95a73a\" data-element_type=\"widget\" data-e-type=\"widget\" data-widget_type=\"google_maps.default\">\n\t\t\t\t<div class=\"elementor-widget-container\">\n\t\t\t\t\t\t\t<div class=\"elementor-custom-embed\">\n\t\t\t<iframe loading=\"lazy\"\n\t\t\t\t\tsrc=\"https:\/\/maps.google.com\/maps?q=Av.%20Duque%20de%20Caxias%2C%204656%20-%20Jardim%20dos%20Seixas%2C%20S%C3%A3o%20Jos%C3%A9%20do%20Rio%20Preto%20-%20SP%2C%2015061-001%2C%20Brasil&#038;t=m&#038;z=10&#038;output=embed&#038;iwloc=near\"\n\t\t\t\t\ttitle=\"Av. Duque de Caxias, 4656 - Jardim dos Seixas, S\u00e3o Jos\u00e9 do Rio Preto - SP, 15061-001, Brasil\"\n\t\t\t\t\taria-label=\"Av. Duque de Caxias, 4656 - Jardim dos Seixas, S\u00e3o Jos\u00e9 do Rio Preto - SP, 15061-001, Brasil\"\n\t\t\t><\/iframe>\n\t\t<\/div>\n\t\t\t\t\t\t<\/div>\n\t\t\t\t<\/div>\n\t\t\t\t\t<\/div>\n\t\t<\/div>\n\t\t\t\t<div class=\"elementor-column elementor-col-50 elementor-inner-column elementor-element elementor-element-4025331\" data-id=\"4025331\" data-element_type=\"column\" data-e-type=\"column\">\n\t\t\t<div class=\"elementor-widget-wrap elementor-element-populated\">\n\t\t\t\t\t\t<div class=\"elementor-element elementor-element-761fd78 elementor-invisible elementor-widget elementor-widget-heading\" data-id=\"761fd78\" data-element_type=\"widget\" data-e-type=\"widget\" data-settings=\"{&quot;_animation&quot;:&quot;fadeIn&quot;,&quot;_animation_delay&quot;:500}\" data-widget_type=\"heading.default\">\n\t\t\t\t<div class=\"elementor-widget-container\">\n\t\t\t\t\t<h4 class=\"elementor-heading-title elementor-size-default\">Como chegar no local?<\/h4>\t\t\t\t<\/div>\n\t\t\t\t<\/div>\n\t\t\t\t<div class=\"elementor-element elementor-element-ced4be3 elementor-widget elementor-widget-text-editor\" data-id=\"ced4be3\" data-element_type=\"widget\" data-e-type=\"widget\" data-widget_type=\"text-editor.default\">\n\t\t\t\t<div class=\"elementor-widget-container\">\n\t\t\t\t\t\t\t\t\t<p><u><b>Teatro do Sesi<br><\/b><\/u><\/p>\n<p><strong>Endere\u00e7o: Av. Duque de Caxias, 4656 &#8211; Jardim dos Seixas, S\u00e3o Jos\u00e9 do Rio Preto\/SP<\/strong><\/p><p><strong><br><\/strong><\/p><p><strong>Os espet\u00e1culos acontecer\u00e3o SEMPRE \u00e0s 15h.<\/strong><\/p>\t\t\t\t\t\t\t\t<\/div>\n\t\t\t\t<\/div>\n\t\t\t\t\t<\/div>\n\t\t<\/div>\n\t\t\t\t\t<\/div>\n\t\t<\/section>\n\t\t\t\t<div class=\"elementor-element elementor-element-197ccf0 elementor-widget elementor-widget-spacer\" data-id=\"197ccf0\" data-element_type=\"widget\" data-e-type=\"widget\" data-widget_type=\"spacer.default\">\n\t\t\t\t<div class=\"elementor-widget-container\">\n\t\t\t\t\t\t\t<div class=\"elementor-spacer\">\n\t\t\t<div class=\"elementor-spacer-inner\"><\/div>\n\t\t<\/div>\n\t\t\t\t\t\t<\/div>\n\t\t\t\t<\/div>\n\t\t\t\t<div class=\"elementor-element elementor-element-b008ad0 elementor-widget-divider--separator-type-pattern elementor-widget-divider--no-spacing elementor-widget-divider--view-line elementor-widget elementor-widget-divider\" data-id=\"b008ad0\" data-element_type=\"widget\" data-e-type=\"widget\" data-widget_type=\"divider.default\">\n\t\t\t\t<div class=\"elementor-widget-container\">\n\t\t\t\t\t\t\t<div class=\"elementor-divider\" style=\"--divider-pattern-url: url(&quot;data:image\/svg+xml,%3Csvg xmlns=&#039;http:\/\/www.w3.org\/2000\/svg&#039; preserveAspectRatio=&#039;xMidYMid meet&#039; overflow=&#039;visible&#039; height=&#039;100%&#039; viewBox=&#039;0 0 120 26&#039; fill=&#039;black&#039; stroke=&#039;none&#039;%3E%3Cpath d=&#039;M54,1.6V26h-9V2.5L54,1.6z M69,1.6v23.3L60,26V1.6H69z M24,1.6v23.5l-9-0.6V1.6H24z M30,0l9,0.7v24.5h-9V0z M9,2.5v22H0V3.7L9,2.5z M75,1.6l9,0.9v22h-9V1.6z M99,2.7v21.7h-9V3.8L99,2.7z M114,3.8v20.7l-9-0.5V3.8L114,3.8z&#039;\/%3E%3C\/svg%3E&quot;);\">\n\t\t\t<span class=\"elementor-divider-separator\">\n\t\t\t\t\t\t<\/span>\n\t\t<\/div>\n\t\t\t\t\t\t<\/div>\n\t\t\t\t<\/div>\n\t\t\t\t<div class=\"elementor-element elementor-element-c5dc54a elementor-invisible elementor-widget elementor-widget-heading\" data-id=\"c5dc54a\" data-element_type=\"widget\" data-e-type=\"widget\" data-settings=\"{&quot;_animation&quot;:&quot;fadeIn&quot;,&quot;_animation_delay&quot;:500}\" data-widget_type=\"heading.default\">\n\t\t\t\t<div class=\"elementor-widget-container\">\n\t\t\t\t\t<h3 class=\"elementor-heading-title elementor-size-default\">Confira a Programa\u00e7\u00e3o do Espa\u00e7o F\u00e1brica de Sonhos<\/h3>\t\t\t\t<\/div>\n\t\t\t\t<\/div>\n\t\t\t\t<div class=\"elementor-element elementor-element-c832974 elementor-invisible elementor-widget elementor-widget-heading\" data-id=\"c832974\" data-element_type=\"widget\" data-e-type=\"widget\" data-settings=\"{&quot;_animation&quot;:&quot;fadeIn&quot;}\" data-widget_type=\"heading.default\">\n\t\t\t\t<div class=\"elementor-widget-container\">\n\t\t\t\t\t<h5 class=\"elementor-heading-title elementor-size-default\"><span style=\"letter-spacing: 0.8px\">Espa\u00e7o <\/span>F\u00e1brica de Sonhos: 50 lugares   |   Sempre \u00e0s 19h<\/h5>\t\t\t\t<\/div>\n\t\t\t\t<\/div>\n\t\t\t\t<section class=\"elementor-section elementor-inner-section elementor-element elementor-element-2725982 elementor-section-boxed elementor-section-height-default elementor-section-height-default elementor-invisible\" data-id=\"2725982\" data-element_type=\"section\" data-e-type=\"section\" data-settings=\"{&quot;animation&quot;:&quot;fadeIn&quot;,&quot;_ha_eqh_enable&quot;:false}\">\n\t\t\t\t\t\t<div class=\"elementor-container elementor-column-gap-default\">\n\t\t\t\t\t<div class=\"elementor-column elementor-col-33 elementor-inner-column elementor-element elementor-element-db08667\" data-id=\"db08667\" data-element_type=\"column\" data-e-type=\"column\">\n\t\t\t<div class=\"elementor-widget-wrap elementor-element-populated\">\n\t\t\t\t\t\t<div class=\"elementor-element elementor-element-20b7cfb elementor-widget elementor-widget-image\" data-id=\"20b7cfb\" data-element_type=\"widget\" data-e-type=\"widget\" data-widget_type=\"image.default\">\n\t\t\t\t<div class=\"elementor-widget-container\">\n\t\t\t\t\t\t\t\t\t\t\t\t\t\t\t\t<a href=\"https:\/\/festivaldejaneiro.com\/index.php\/festival-cia-2024-menina-rabeca\">\n\t\t\t\t\t\t\t<img loading=\"lazy\" decoding=\"async\" width=\"750\" height=\"422\" src=\"https:\/\/festivaldejaneiro.com\/wp-content\/uploads\/2024\/01\/espetaculo-001-1024x576.jpg\" class=\"attachment-large size-large wp-image-3140\" alt=\"\" srcset=\"https:\/\/festivaldejaneiro.com\/wp-content\/uploads\/2024\/01\/espetaculo-001-1024x576.jpg 1024w, https:\/\/festivaldejaneiro.com\/wp-content\/uploads\/2024\/01\/espetaculo-001-300x169.jpg 300w, https:\/\/festivaldejaneiro.com\/wp-content\/uploads\/2024\/01\/espetaculo-001-768x432.jpg 768w, https:\/\/festivaldejaneiro.com\/wp-content\/uploads\/2024\/01\/espetaculo-001-1536x864.jpg 1536w, https:\/\/festivaldejaneiro.com\/wp-content\/uploads\/2024\/01\/espetaculo-001-1568x882.jpg 1568w, https:\/\/festivaldejaneiro.com\/wp-content\/uploads\/2024\/01\/espetaculo-001.jpg 1920w\" sizes=\"(max-width: 750px) 100vw, 750px\" style=\"width:100%;height:56.25%;max-width:1920px\" \/>\t\t\t\t\t\t\t\t<\/a>\n\t\t\t\t\t\t\t\t\t\t\t\t\t\t\t<\/div>\n\t\t\t\t<\/div>\n\t\t\t\t<div class=\"elementor-element elementor-element-653fc33 elementor-widget elementor-widget-text-editor\" data-id=\"653fc33\" data-element_type=\"widget\" data-e-type=\"widget\" data-widget_type=\"text-editor.default\">\n\t\t\t\t<div class=\"elementor-widget-container\">\n\t\t\t\t\t\t\t\t\t<h6><b>Data: 20\/01<span style=\"font-weight: 400;\"> (S\u00e1bado)<\/span><\/b><\/h6><h5>Menina Rabeca \u2013 Onde Vive o Mar<\/h5><h5><span style=\"font-size: 16px; letter-spacing: 0.8px;\">Cia. Burucutu<\/span><\/h5><h5><span style=\"font-size: 16px; letter-spacing: 0.8px;\">Itanha\u00e9m-SP<\/span><\/h5>\t\t\t\t\t\t\t\t<\/div>\n\t\t\t\t<\/div>\n\t\t\t\t\t<\/div>\n\t\t<\/div>\n\t\t\t\t<div class=\"elementor-column elementor-col-33 elementor-inner-column elementor-element elementor-element-0721988\" data-id=\"0721988\" data-element_type=\"column\" data-e-type=\"column\">\n\t\t\t<div class=\"elementor-widget-wrap elementor-element-populated\">\n\t\t\t\t\t\t<div class=\"elementor-element elementor-element-9c0215f elementor-widget elementor-widget-image\" data-id=\"9c0215f\" data-element_type=\"widget\" data-e-type=\"widget\" data-widget_type=\"image.default\">\n\t\t\t\t<div class=\"elementor-widget-container\">\n\t\t\t\t\t\t\t\t\t\t\t\t\t\t\t\t<a href=\"https:\/\/festivaldejaneiro.com\/index.php\/festival-cia-2024-soladies\">\n\t\t\t\t\t\t\t<img loading=\"lazy\" decoding=\"async\" width=\"750\" height=\"422\" src=\"https:\/\/festivaldejaneiro.com\/wp-content\/uploads\/2023\/12\/espetaculo-002-1024x576.jpg\" class=\"attachment-large size-large wp-image-2943\" alt=\"\" srcset=\"https:\/\/festivaldejaneiro.com\/wp-content\/uploads\/2023\/12\/espetaculo-002-1024x576.jpg 1024w, https:\/\/festivaldejaneiro.com\/wp-content\/uploads\/2023\/12\/espetaculo-002-300x169.jpg 300w, https:\/\/festivaldejaneiro.com\/wp-content\/uploads\/2023\/12\/espetaculo-002-768x432.jpg 768w, https:\/\/festivaldejaneiro.com\/wp-content\/uploads\/2023\/12\/espetaculo-002-1536x864.jpg 1536w, https:\/\/festivaldejaneiro.com\/wp-content\/uploads\/2023\/12\/espetaculo-002-1568x882.jpg 1568w, https:\/\/festivaldejaneiro.com\/wp-content\/uploads\/2023\/12\/espetaculo-002.jpg 1920w\" sizes=\"(max-width: 750px) 100vw, 750px\" style=\"width:100%;height:56.25%;max-width:1920px\" \/>\t\t\t\t\t\t\t\t<\/a>\n\t\t\t\t\t\t\t\t\t\t\t\t\t\t\t<\/div>\n\t\t\t\t<\/div>\n\t\t\t\t<div class=\"elementor-element elementor-element-991f380 elementor-widget elementor-widget-text-editor\" data-id=\"991f380\" data-element_type=\"widget\" data-e-type=\"widget\" data-widget_type=\"text-editor.default\">\n\t\t\t\t<div class=\"elementor-widget-container\">\n\t\t\t\t\t\t\t\t\t<h6><b>Data: 21\/01<span style=\"font-weight: 400;\"> (Domingo) <\/span><\/b><\/h6><h5>Estupendo Circo di S\u00f3ladies<\/h5><h6>Circo di S\u00f3ladies | Nem S\u00f3ladies<\/h6><h6>S\u00e3o Paulo-SP<\/h6>\t\t\t\t\t\t\t\t<\/div>\n\t\t\t\t<\/div>\n\t\t\t\t\t<\/div>\n\t\t<\/div>\n\t\t\t\t<div class=\"elementor-column elementor-col-33 elementor-inner-column elementor-element elementor-element-ff8d1bf\" data-id=\"ff8d1bf\" data-element_type=\"column\" data-e-type=\"column\">\n\t\t\t<div class=\"elementor-widget-wrap elementor-element-populated\">\n\t\t\t\t\t\t<div class=\"elementor-element elementor-element-5b6b1e7 elementor-widget elementor-widget-image\" data-id=\"5b6b1e7\" data-element_type=\"widget\" data-e-type=\"widget\" data-widget_type=\"image.default\">\n\t\t\t\t<div class=\"elementor-widget-container\">\n\t\t\t\t\t\t\t\t\t\t\t\t\t\t\t\t<a href=\"https:\/\/festivaldejaneiro.com\/index.php\/festival-cia-2024-machadinho\">\n\t\t\t\t\t\t\t<img loading=\"lazy\" decoding=\"async\" width=\"750\" height=\"422\" src=\"https:\/\/festivaldejaneiro.com\/wp-content\/uploads\/2023\/12\/espetaculo-003-1024x576.jpg\" class=\"attachment-large size-large wp-image-2944\" alt=\"\" srcset=\"https:\/\/festivaldejaneiro.com\/wp-content\/uploads\/2023\/12\/espetaculo-003-1024x576.jpg 1024w, https:\/\/festivaldejaneiro.com\/wp-content\/uploads\/2023\/12\/espetaculo-003-300x169.jpg 300w, https:\/\/festivaldejaneiro.com\/wp-content\/uploads\/2023\/12\/espetaculo-003-768x432.jpg 768w, https:\/\/festivaldejaneiro.com\/wp-content\/uploads\/2023\/12\/espetaculo-003-1536x864.jpg 1536w, https:\/\/festivaldejaneiro.com\/wp-content\/uploads\/2023\/12\/espetaculo-003-1568x882.jpg 1568w, https:\/\/festivaldejaneiro.com\/wp-content\/uploads\/2023\/12\/espetaculo-003.jpg 1920w\" sizes=\"(max-width: 750px) 100vw, 750px\" style=\"width:100%;height:56.25%;max-width:1920px\" \/>\t\t\t\t\t\t\t\t<\/a>\n\t\t\t\t\t\t\t\t\t\t\t\t\t\t\t<\/div>\n\t\t\t\t<\/div>\n\t\t\t\t<div class=\"elementor-element elementor-element-fe58f4b elementor-widget elementor-widget-text-editor\" data-id=\"fe58f4b\" data-element_type=\"widget\" data-e-type=\"widget\" data-widget_type=\"text-editor.default\">\n\t\t\t\t<div class=\"elementor-widget-container\">\n\t\t\t\t\t\t\t\t\t<h6><b>Data: 22\/01<span style=\"font-weight: 400;\"> (Segunda-feira)<\/span><\/b><\/h6><h5>Mem\u00f3rias de Machadinho<\/h5><h6>Cia. Bardos de Teatro<\/h6><h6>S\u00e3o Jos\u00e9 do Rio Preto-SP<\/h6>\t\t\t\t\t\t\t\t<\/div>\n\t\t\t\t<\/div>\n\t\t\t\t\t<\/div>\n\t\t<\/div>\n\t\t\t\t\t<\/div>\n\t\t<\/section>\n\t\t\t\t<section class=\"elementor-section elementor-inner-section elementor-element elementor-element-02139ce elementor-section-boxed elementor-section-height-default elementor-section-height-default elementor-invisible\" data-id=\"02139ce\" data-element_type=\"section\" data-e-type=\"section\" data-settings=\"{&quot;animation&quot;:&quot;fadeIn&quot;,&quot;_ha_eqh_enable&quot;:false}\">\n\t\t\t\t\t\t<div class=\"elementor-container elementor-column-gap-default\">\n\t\t\t\t\t<div class=\"elementor-column elementor-col-33 elementor-inner-column elementor-element elementor-element-118652e\" data-id=\"118652e\" data-element_type=\"column\" data-e-type=\"column\">\n\t\t\t<div class=\"elementor-widget-wrap elementor-element-populated\">\n\t\t\t\t\t\t<div class=\"elementor-element elementor-element-211d746 elementor-widget elementor-widget-image\" data-id=\"211d746\" data-element_type=\"widget\" data-e-type=\"widget\" data-widget_type=\"image.default\">\n\t\t\t\t<div class=\"elementor-widget-container\">\n\t\t\t\t\t\t\t\t\t\t\t\t\t\t\t\t<a href=\"https:\/\/festivaldejaneiro.com\/index.php\/festival-cia-2024-gran-cirque\">\n\t\t\t\t\t\t\t<img loading=\"lazy\" decoding=\"async\" width=\"750\" height=\"422\" src=\"https:\/\/festivaldejaneiro.com\/wp-content\/uploads\/2023\/12\/espetaculo-004-1024x576.jpg\" class=\"attachment-large size-large wp-image-2945\" alt=\"\" srcset=\"https:\/\/festivaldejaneiro.com\/wp-content\/uploads\/2023\/12\/espetaculo-004-1024x576.jpg 1024w, https:\/\/festivaldejaneiro.com\/wp-content\/uploads\/2023\/12\/espetaculo-004-300x169.jpg 300w, https:\/\/festivaldejaneiro.com\/wp-content\/uploads\/2023\/12\/espetaculo-004-768x432.jpg 768w, https:\/\/festivaldejaneiro.com\/wp-content\/uploads\/2023\/12\/espetaculo-004-1536x864.jpg 1536w, https:\/\/festivaldejaneiro.com\/wp-content\/uploads\/2023\/12\/espetaculo-004-1568x882.jpg 1568w, https:\/\/festivaldejaneiro.com\/wp-content\/uploads\/2023\/12\/espetaculo-004.jpg 1920w\" sizes=\"(max-width: 750px) 100vw, 750px\" style=\"width:100%;height:56.25%;max-width:1920px\" \/>\t\t\t\t\t\t\t\t<\/a>\n\t\t\t\t\t\t\t\t\t\t\t\t\t\t\t<\/div>\n\t\t\t\t<\/div>\n\t\t\t\t<div class=\"elementor-element elementor-element-35f4c60 elementor-widget elementor-widget-text-editor\" data-id=\"35f4c60\" data-element_type=\"widget\" data-e-type=\"widget\" data-widget_type=\"text-editor.default\">\n\t\t\t\t<div class=\"elementor-widget-container\">\n\t\t\t\t\t\t\t\t\t<h6><b>Data: 23\/01<span style=\"font-weight: 400;\"> (Ter\u00e7a-feira)<\/span><\/b><\/h6><h5>Gran Cirque Brado<\/h5><h6>Circo Caramba e Dami\u00e3o e Cia<\/h6><h6>Americana-SP e Campinas-SP<\/h6>\t\t\t\t\t\t\t\t<\/div>\n\t\t\t\t<\/div>\n\t\t\t\t\t<\/div>\n\t\t<\/div>\n\t\t\t\t<div class=\"elementor-column elementor-col-33 elementor-inner-column elementor-element elementor-element-06106e2\" data-id=\"06106e2\" data-element_type=\"column\" data-e-type=\"column\">\n\t\t\t<div class=\"elementor-widget-wrap elementor-element-populated\">\n\t\t\t\t\t\t<div class=\"elementor-element elementor-element-db62a5d elementor-widget elementor-widget-image\" data-id=\"db62a5d\" data-element_type=\"widget\" data-e-type=\"widget\" data-widget_type=\"image.default\">\n\t\t\t\t<div class=\"elementor-widget-container\">\n\t\t\t\t\t\t\t\t\t\t\t\t\t\t\t\t<a href=\"https:\/\/festivaldejaneiro.com\/index.php\/festival-cia-2024-boa-noite\">\n\t\t\t\t\t\t\t<img loading=\"lazy\" decoding=\"async\" width=\"750\" height=\"422\" src=\"https:\/\/festivaldejaneiro.com\/wp-content\/uploads\/2023\/12\/espetaculo-005-1024x576.jpg\" class=\"attachment-large size-large wp-image-2946\" alt=\"\" srcset=\"https:\/\/festivaldejaneiro.com\/wp-content\/uploads\/2023\/12\/espetaculo-005-1024x576.jpg 1024w, https:\/\/festivaldejaneiro.com\/wp-content\/uploads\/2023\/12\/espetaculo-005-300x169.jpg 300w, https:\/\/festivaldejaneiro.com\/wp-content\/uploads\/2023\/12\/espetaculo-005-768x432.jpg 768w, https:\/\/festivaldejaneiro.com\/wp-content\/uploads\/2023\/12\/espetaculo-005-1536x864.jpg 1536w, https:\/\/festivaldejaneiro.com\/wp-content\/uploads\/2023\/12\/espetaculo-005-1568x882.jpg 1568w, https:\/\/festivaldejaneiro.com\/wp-content\/uploads\/2023\/12\/espetaculo-005.jpg 1920w\" sizes=\"(max-width: 750px) 100vw, 750px\" style=\"width:100%;height:56.25%;max-width:1920px\" \/>\t\t\t\t\t\t\t\t<\/a>\n\t\t\t\t\t\t\t\t\t\t\t\t\t\t\t<\/div>\n\t\t\t\t<\/div>\n\t\t\t\t<div class=\"elementor-element elementor-element-4c5aed2 elementor-widget elementor-widget-text-editor\" data-id=\"4c5aed2\" data-element_type=\"widget\" data-e-type=\"widget\" data-widget_type=\"text-editor.default\">\n\t\t\t\t<div class=\"elementor-widget-container\">\n\t\t\t\t\t\t\t\t\t<h6><b>Data: 24\/01<span style=\"font-weight: 400;\"> (Quarta-feira) <\/span><\/b><\/h6><h5>Boa Noite<\/h5><h6>Circo Navegador<\/h6><h6>S\u00e3o Sebasti\u00e3o-SP<\/h6>\t\t\t\t\t\t\t\t<\/div>\n\t\t\t\t<\/div>\n\t\t\t\t\t<\/div>\n\t\t<\/div>\n\t\t\t\t<div class=\"elementor-column elementor-col-33 elementor-inner-column elementor-element elementor-element-58239d9\" data-id=\"58239d9\" data-element_type=\"column\" data-e-type=\"column\">\n\t\t\t<div class=\"elementor-widget-wrap elementor-element-populated\">\n\t\t\t\t\t\t<div class=\"elementor-element elementor-element-011ffa2 elementor-widget elementor-widget-image\" data-id=\"011ffa2\" data-element_type=\"widget\" data-e-type=\"widget\" data-widget_type=\"image.default\">\n\t\t\t\t<div class=\"elementor-widget-container\">\n\t\t\t\t\t\t\t\t\t\t\t\t\t\t\t\t<a href=\"https:\/\/festivaldejaneiro.com\/index.php\/festival-cia-2024-emaranhada\">\n\t\t\t\t\t\t\t<img loading=\"lazy\" decoding=\"async\" width=\"750\" height=\"422\" src=\"https:\/\/festivaldejaneiro.com\/wp-content\/uploads\/2023\/12\/espetaculo-006-1024x576.jpg\" class=\"attachment-large size-large wp-image-2947\" alt=\"\" srcset=\"https:\/\/festivaldejaneiro.com\/wp-content\/uploads\/2023\/12\/espetaculo-006-1024x576.jpg 1024w, https:\/\/festivaldejaneiro.com\/wp-content\/uploads\/2023\/12\/espetaculo-006-300x169.jpg 300w, https:\/\/festivaldejaneiro.com\/wp-content\/uploads\/2023\/12\/espetaculo-006-768x432.jpg 768w, https:\/\/festivaldejaneiro.com\/wp-content\/uploads\/2023\/12\/espetaculo-006-1536x864.jpg 1536w, https:\/\/festivaldejaneiro.com\/wp-content\/uploads\/2023\/12\/espetaculo-006-1568x882.jpg 1568w, https:\/\/festivaldejaneiro.com\/wp-content\/uploads\/2023\/12\/espetaculo-006.jpg 1920w\" sizes=\"(max-width: 750px) 100vw, 750px\" style=\"width:100%;height:56.25%;max-width:1920px\" \/>\t\t\t\t\t\t\t\t<\/a>\n\t\t\t\t\t\t\t\t\t\t\t\t\t\t\t<\/div>\n\t\t\t\t<\/div>\n\t\t\t\t<div class=\"elementor-element elementor-element-12e7a09 elementor-widget elementor-widget-text-editor\" data-id=\"12e7a09\" data-element_type=\"widget\" data-e-type=\"widget\" data-widget_type=\"text-editor.default\">\n\t\t\t\t<div class=\"elementor-widget-container\">\n\t\t\t\t\t\t\t\t\t<h6><b>Data: 27\/01 <span style=\"font-weight: 400;\">(S\u00e1bado)<\/span><\/b><\/h6><h5>Emaranhada<\/h5><h6>Arte, Movimento &amp; Luz<\/h6><h6>S\u00e3o Paulo-SP<\/h6>\t\t\t\t\t\t\t\t<\/div>\n\t\t\t\t<\/div>\n\t\t\t\t\t<\/div>\n\t\t<\/div>\n\t\t\t\t\t<\/div>\n\t\t<\/section>\n\t\t\t\t<div class=\"elementor-element elementor-element-6ba56e4 elementor-widget elementor-widget-spacer\" data-id=\"6ba56e4\" data-element_type=\"widget\" data-e-type=\"widget\" data-widget_type=\"spacer.default\">\n\t\t\t\t<div class=\"elementor-widget-container\">\n\t\t\t\t\t\t\t<div class=\"elementor-spacer\">\n\t\t\t<div class=\"elementor-spacer-inner\"><\/div>\n\t\t<\/div>\n\t\t\t\t\t\t<\/div>\n\t\t\t\t<\/div>\n\t\t\t\t<section class=\"elementor-section elementor-inner-section elementor-element elementor-element-c49dd5f elementor-section-boxed elementor-section-height-default elementor-section-height-default elementor-invisible\" data-id=\"c49dd5f\" data-element_type=\"section\" data-e-type=\"section\" data-settings=\"{&quot;animation&quot;:&quot;fadeIn&quot;,&quot;_ha_eqh_enable&quot;:false}\">\n\t\t\t\t\t\t<div class=\"elementor-container elementor-column-gap-default\">\n\t\t\t\t\t<div class=\"elementor-column elementor-col-50 elementor-inner-column elementor-element elementor-element-fda5593\" data-id=\"fda5593\" data-element_type=\"column\" data-e-type=\"column\">\n\t\t\t<div class=\"elementor-widget-wrap elementor-element-populated\">\n\t\t\t\t\t\t<div class=\"elementor-element elementor-element-8edd043 elementor-widget elementor-widget-google_maps\" data-id=\"8edd043\" data-element_type=\"widget\" data-e-type=\"widget\" data-widget_type=\"google_maps.default\">\n\t\t\t\t<div class=\"elementor-widget-container\">\n\t\t\t\t\t\t\t<div class=\"elementor-custom-embed\">\n\t\t\t<iframe loading=\"lazy\"\n\t\t\t\t\tsrc=\"https:\/\/maps.google.com\/maps?q=R.%20Frederico%20Navarro%20da%20Cruz%2C%2037%20-%20Vila%20Ercilia%2C%20S%C3%A3o%20Jos%C3%A9%20do%20Rio%20Preto%20-%20SP%2C%2015014-003%2C%20Brasil&#038;t=m&#038;z=10&#038;output=embed&#038;iwloc=near\"\n\t\t\t\t\ttitle=\"R. Frederico Navarro da Cruz, 37 - Vila Ercilia, S\u00e3o Jos\u00e9 do Rio Preto - SP, 15014-003, Brasil\"\n\t\t\t\t\taria-label=\"R. Frederico Navarro da Cruz, 37 - Vila Ercilia, S\u00e3o Jos\u00e9 do Rio Preto - SP, 15014-003, Brasil\"\n\t\t\t><\/iframe>\n\t\t<\/div>\n\t\t\t\t\t\t<\/div>\n\t\t\t\t<\/div>\n\t\t\t\t\t<\/div>\n\t\t<\/div>\n\t\t\t\t<div class=\"elementor-column elementor-col-50 elementor-inner-column elementor-element elementor-element-d71cfc0\" data-id=\"d71cfc0\" data-element_type=\"column\" data-e-type=\"column\">\n\t\t\t<div class=\"elementor-widget-wrap elementor-element-populated\">\n\t\t\t\t\t\t<div class=\"elementor-element elementor-element-ebf5522 elementor-invisible elementor-widget elementor-widget-heading\" data-id=\"ebf5522\" data-element_type=\"widget\" data-e-type=\"widget\" data-settings=\"{&quot;_animation&quot;:&quot;fadeIn&quot;,&quot;_animation_delay&quot;:500}\" data-widget_type=\"heading.default\">\n\t\t\t\t<div class=\"elementor-widget-container\">\n\t\t\t\t\t<h4 class=\"elementor-heading-title elementor-size-default\">Como chegar no local?<\/h4>\t\t\t\t<\/div>\n\t\t\t\t<\/div>\n\t\t\t\t<div class=\"elementor-element elementor-element-47051cf elementor-widget elementor-widget-text-editor\" data-id=\"47051cf\" data-element_type=\"widget\" data-e-type=\"widget\" data-widget_type=\"text-editor.default\">\n\t\t\t\t<div class=\"elementor-widget-container\">\n\t\t\t\t\t\t\t\t\t<p><strong><u>Espa\u00e7o F\u00e1brica de Sonhos<\/u><\/strong><\/p><p><strong>Endere\u00e7o: R. Frederico Navarro da Cruz, 37 &#8211; Vila Ercilia, S\u00e3o Jos\u00e9 do Rio Preto\/SP<\/strong><\/p><p><strong>\u00a0<\/strong><\/p><p><strong>Os espet\u00e1culos acontecer\u00e3o SEMPRE \u00e0s 19h.<\/strong><\/p>\t\t\t\t\t\t\t\t<\/div>\n\t\t\t\t<\/div>\n\t\t\t\t\t<\/div>\n\t\t<\/div>\n\t\t\t\t\t<\/div>\n\t\t<\/section>\n\t\t\t\t<div class=\"elementor-element elementor-element-1176459 elementor-widget elementor-widget-spacer\" data-id=\"1176459\" data-element_type=\"widget\" data-e-type=\"widget\" data-widget_type=\"spacer.default\">\n\t\t\t\t<div class=\"elementor-widget-container\">\n\t\t\t\t\t\t\t<div class=\"elementor-spacer\">\n\t\t\t<div class=\"elementor-spacer-inner\"><\/div>\n\t\t<\/div>\n\t\t\t\t\t\t<\/div>\n\t\t\t\t<\/div>\n\t\t\t\t<div class=\"elementor-element elementor-element-3d0e2b5 elementor-align-center elementor-invisible elementor-widget elementor-widget-button\" data-id=\"3d0e2b5\" data-element_type=\"widget\" data-e-type=\"widget\" data-settings=\"{&quot;_animation&quot;:&quot;fadeIn&quot;}\" data-widget_type=\"button.default\">\n\t\t\t\t<div class=\"elementor-widget-container\">\n\t\t\t\t\t\t\t\t\t<div class=\"elementor-button-wrapper\">\n\t\t\t\t\t<a class=\"elementor-button elementor-button-link elementor-size-lg\" href=\"https:\/\/bit.ly\/festival-janeiro-2024\">\n\t\t\t\t\t\t<span class=\"elementor-button-content-wrapper\">\n\t\t\t\t\t\t\t\t\t<span class=\"elementor-button-text\">Quero Informa\u00e7\u00f5es!<\/span>\n\t\t\t\t\t<\/span>\n\t\t\t\t\t<\/a>\n\t\t\t\t<\/div>\n\t\t\t\t\t\t\t\t<\/div>\n\t\t\t\t<\/div>\n\t\t\t\t<div class=\"elementor-element elementor-element-a0e7ef1 elementor-hidden-tablet elementor-hidden-phone elementor-widget elementor-widget-spacer\" data-id=\"a0e7ef1\" data-element_type=\"widget\" data-e-type=\"widget\" data-widget_type=\"spacer.default\">\n\t\t\t\t<div class=\"elementor-widget-container\">\n\t\t\t\t\t\t\t<div class=\"elementor-spacer\">\n\t\t\t<div class=\"elementor-spacer-inner\"><\/div>\n\t\t<\/div>\n\t\t\t\t\t\t<\/div>\n\t\t\t\t<\/div>\n\t\t\t\t<div class=\"elementor-element elementor-element-b47e8be elementor-widget elementor-widget-spacer\" data-id=\"b47e8be\" data-element_type=\"widget\" data-e-type=\"widget\" data-widget_type=\"spacer.default\">\n\t\t\t\t<div class=\"elementor-widget-container\">\n\t\t\t\t\t\t\t<div class=\"elementor-spacer\">\n\t\t\t<div class=\"elementor-spacer-inner\"><\/div>\n\t\t<\/div>\n\t\t\t\t\t\t<\/div>\n\t\t\t\t<\/div>\n\t\t\t\t\t<\/div>\n\t\t<\/div>\n\t\t\t\t\t<\/div>\n\t\t<\/section>\n\t\t\t\t<section class=\"elementor-section elementor-top-section elementor-element elementor-element-16a84e62 elementor-section-boxed elementor-section-height-default elementor-section-height-default\" data-id=\"16a84e62\" data-element_type=\"section\" data-e-type=\"section\" data-settings=\"{&quot;background_background&quot;:&quot;classic&quot;,&quot;_ha_eqh_enable&quot;:false}\">\n\t\t\t\t\t\t<div class=\"elementor-container elementor-column-gap-default\">\n\t\t\t\t\t<div class=\"elementor-column elementor-col-100 elementor-top-column elementor-element elementor-element-40dcf743\" data-id=\"40dcf743\" data-element_type=\"column\" data-e-type=\"column\">\n\t\t\t<div class=\"elementor-widget-wrap elementor-element-populated\">\n\t\t\t\t\t\t<div class=\"elementor-element elementor-element-89c6fd1 elementor-widget elementor-widget-menu-anchor\" data-id=\"89c6fd1\" data-element_type=\"widget\" data-e-type=\"widget\" data-widget_type=\"menu-anchor.default\">\n\t\t\t\t<div class=\"elementor-widget-container\">\n\t\t\t\t\t\t\t<div class=\"elementor-menu-anchor\" id=\"programacao-completa\"><\/div>\n\t\t\t\t\t\t<\/div>\n\t\t\t\t<\/div>\n\t\t\t\t<div class=\"elementor-element elementor-element-4b2494c elementor-widget elementor-widget-spacer\" data-id=\"4b2494c\" data-element_type=\"widget\" data-e-type=\"widget\" data-widget_type=\"spacer.default\">\n\t\t\t\t<div class=\"elementor-widget-container\">\n\t\t\t\t\t\t\t<div class=\"elementor-spacer\">\n\t\t\t<div class=\"elementor-spacer-inner\"><\/div>\n\t\t<\/div>\n\t\t\t\t\t\t<\/div>\n\t\t\t\t<\/div>\n\t\t\t\t<div class=\"elementor-element elementor-element-b67780f elementor-invisible elementor-widget elementor-widget-heading\" data-id=\"b67780f\" data-element_type=\"widget\" data-e-type=\"widget\" data-settings=\"{&quot;_animation&quot;:&quot;fadeIn&quot;,&quot;_animation_delay&quot;:500}\" data-widget_type=\"heading.default\">\n\t\t\t\t<div class=\"elementor-widget-container\">\n\t\t\t\t\t<h2 class=\"elementor-heading-title elementor-size-default\">Confira a Programa\u00e7\u00e3o Completa!<\/h2>\t\t\t\t<\/div>\n\t\t\t\t<\/div>\n\t\t\t\t<div class=\"elementor-element elementor-element-ba080c0 elementor-arrows-position-inside elementor-pagination-position-outside elementor-widget elementor-widget-image-carousel\" data-id=\"ba080c0\" data-element_type=\"widget\" data-e-type=\"widget\" data-settings=\"{&quot;slides_to_show&quot;:&quot;4&quot;,&quot;slides_to_show_tablet&quot;:&quot;3&quot;,&quot;slides_to_show_mobile&quot;:&quot;2&quot;,&quot;slides_to_scroll_tablet&quot;:&quot;1&quot;,&quot;slides_to_scroll_mobile&quot;:&quot;1&quot;,&quot;autoplay_speed&quot;:8000,&quot;navigation&quot;:&quot;both&quot;,&quot;autoplay&quot;:&quot;yes&quot;,&quot;pause_on_hover&quot;:&quot;yes&quot;,&quot;pause_on_interaction&quot;:&quot;yes&quot;,&quot;infinite&quot;:&quot;yes&quot;,&quot;speed&quot;:500}\" data-widget_type=\"image-carousel.default\">\n\t\t\t\t<div class=\"elementor-widget-container\">\n\t\t\t\t\t\t\t<div class=\"elementor-image-carousel-wrapper swiper\" role=\"region\" aria-roledescription=\"carousel\" aria-label=\"Carrossel de imagens\" dir=\"ltr\">\n\t\t\t<div class=\"elementor-image-carousel swiper-wrapper swiper-image-stretch\" aria-live=\"off\">\n\t\t\t\t\t\t\t\t<div class=\"swiper-slide\" role=\"group\" aria-roledescription=\"slide\" aria-label=\"1 de 11\"><figure class=\"swiper-slide-inner\"><img decoding=\"async\" class=\"swiper-slide-image\" src=\"https:\/\/festivaldejaneiro.com\/wp-content\/uploads\/elementor\/thumbs\/231215_Bo-Prg-Site_18-1-e1703035936921-qh2ftq4qa6dyvso6sp25z0ugkryg6m5zv9uwwyzgjy.png\" alt=\"231215_Bo-Prg-Site_18\" \/><\/figure><\/div><div class=\"swiper-slide\" role=\"group\" aria-roledescription=\"slide\" aria-label=\"2 de 11\"><figure class=\"swiper-slide-inner\"><img decoding=\"async\" class=\"swiper-slide-image\" src=\"https:\/\/festivaldejaneiro.com\/wp-content\/uploads\/elementor\/thumbs\/231215_Bo-Prg-Site-19-e1703035857328-qh2frmxn3fj12zpezsk0fjtl1y932tvgwxo2iu2ydq.png\" alt=\"231215_Bo-Prg-Site-19\" \/><\/figure><\/div><div class=\"swiper-slide\" role=\"group\" aria-roledescription=\"slide\" aria-label=\"3 de 11\"><figure class=\"swiper-slide-inner\"><img decoding=\"async\" class=\"swiper-slide-image\" src=\"https:\/\/festivaldejaneiro.com\/wp-content\/uploads\/elementor\/thumbs\/240104_Bo-Prg-Site-20-e1704851337641-qi30hvve5xmsadan5obv5raufylr45ii4a3umianpq.png\" alt=\"240104_Bo-Prg-Site-20\" \/><\/figure><\/div><div class=\"swiper-slide\" role=\"group\" aria-roledescription=\"slide\" aria-label=\"4 de 11\"><figure class=\"swiper-slide-inner\"><img decoding=\"async\" class=\"swiper-slide-image\" src=\"https:\/\/festivaldejaneiro.com\/wp-content\/uploads\/elementor\/thumbs\/231215_Bo-Prg-Site-21-e1703035826361-qh2fqtsn7kf532vqpxyks96an08pg7nsgxg0n9a5qm.png\" alt=\"231215_Bo-Prg-Site-21\" \/><\/figure><\/div><div class=\"swiper-slide\" role=\"group\" aria-roledescription=\"slide\" aria-label=\"5 de 11\"><figure class=\"swiper-slide-inner\"><img decoding=\"async\" class=\"swiper-slide-image\" src=\"https:\/\/festivaldejaneiro.com\/wp-content\/uploads\/elementor\/thumbs\/231215_Bo-Prg-Site-19h-22-e1703035808284-qh2fqcvjsjrza3kbgqnajdfzy2k3lnsmelpa09z8um.png\" alt=\"231215_Bo-Prg-Site-19h-22\" \/><\/figure><\/div><div class=\"swiper-slide\" role=\"group\" aria-roledescription=\"slide\" aria-label=\"6 de 11\"><figure class=\"swiper-slide-inner\"><img decoding=\"async\" class=\"swiper-slide-image\" src=\"https:\/\/festivaldejaneiro.com\/wp-content\/uploads\/elementor\/thumbs\/231215_Bo-Prg-Site-19h-23-e1703035790965-qh2fpvygdj4th48w7jc0ahpp94vhr3xgc9yjdaobym.png\" alt=\"231215_Bo-Prg-Site-19h-23\" \/><\/figure><\/div><div class=\"swiper-slide\" role=\"group\" aria-roledescription=\"slide\" aria-label=\"7 de 11\"><figure class=\"swiper-slide-inner\"><img decoding=\"async\" class=\"swiper-slide-image\" src=\"https:\/\/festivaldejaneiro.com\/wp-content\/uploads\/elementor\/thumbs\/231215_Bo-Prg-Site-19h-24-e1703035772116-qh2fpfz75cixzqw3sufcm3qv5l294960m2va7lc0we.png\" alt=\"231215_Bo-Prg-Site-19h-24\" \/><\/figure><\/div><div class=\"swiper-slide\" role=\"group\" aria-roledescription=\"slide\" aria-label=\"8 de 11\"><figure class=\"swiper-slide-inner\"><img decoding=\"async\" class=\"swiper-slide-image\" src=\"https:\/\/festivaldejaneiro.com\/wp-content\/uploads\/elementor\/thumbs\/231215_Bo-Prg-Site-25-e1703035756315-qh2fozzxx5x2idjbe5ioxps12190heekvvs11vzpu6.png\" alt=\"231215_Bo-Prg-Site-25\" \/><\/figure><\/div><div class=\"swiper-slide\" role=\"group\" aria-roledescription=\"slide\" aria-label=\"9 de 11\"><figure class=\"swiper-slide-inner\"><img decoding=\"async\" class=\"swiper-slide-image\" src=\"https:\/\/festivaldejaneiro.com\/wp-content\/uploads\/elementor\/thumbs\/231215_Bo-Prg-Site-26-e1703035738941-qh2foj2ui59wpe7w4y7eou1qd3kemujetk1aewosy6.png\" alt=\"231215_Bo-Prg-Site-26\" \/><\/figure><\/div><div class=\"swiper-slide\" role=\"group\" aria-roledescription=\"slide\" aria-label=\"10 de 11\"><figure class=\"swiper-slide-inner\"><img decoding=\"async\" class=\"swiper-slide-image\" src=\"https:\/\/festivaldejaneiro.com\/wp-content\/uploads\/elementor\/thumbs\/231215_Bo-Prg-Site-27-e1703036206110-qh2g0qzbcm03mwgws8ct3r1gdfc6p71si1cj0ekk26.png\" alt=\"231215_Bo-Prg-Site-27\" \/><\/figure><\/div><div class=\"swiper-slide\" role=\"group\" aria-roledescription=\"slide\" aria-label=\"11 de 11\"><figure class=\"swiper-slide-inner\"><img decoding=\"async\" class=\"swiper-slide-image\" src=\"https:\/\/festivaldejaneiro.com\/wp-content\/uploads\/elementor\/thumbs\/231215_Bo-Prg-Site-28-e1703036222435-qh2g16ykkslz49tp6x9gs50agz5fc1t888fs63wv4e.png\" alt=\"231215_Bo-Prg-Site-28\" \/><\/figure><\/div>\t\t\t<\/div>\n\t\t\t\t\t\t\t\t\t\t\t\t<div class=\"elementor-swiper-button elementor-swiper-button-prev\" role=\"button\" tabindex=\"0\">\n\t\t\t\t\t\t<i aria-hidden=\"true\" class=\"eicon-chevron-left\"><\/i>\t\t\t\t\t<\/div>\n\t\t\t\t\t<div class=\"elementor-swiper-button elementor-swiper-button-next\" role=\"button\" tabindex=\"0\">\n\t\t\t\t\t\t<i aria-hidden=\"true\" class=\"eicon-chevron-right\"><\/i>\t\t\t\t\t<\/div>\n\t\t\t\t\n\t\t\t\t\t\t\t\t\t<div class=\"swiper-pagination\"><\/div>\n\t\t\t\t\t\t\t\t\t<\/div>\n\t\t\t\t\t\t<\/div>\n\t\t\t\t<\/div>\n\t\t\t\t<div class=\"elementor-element elementor-element-18e089b elementor-align-center elementor-invisible elementor-widget elementor-widget-button\" data-id=\"18e089b\" data-element_type=\"widget\" data-e-type=\"widget\" data-settings=\"{&quot;_animation&quot;:&quot;fadeIn&quot;}\" data-widget_type=\"button.default\">\n\t\t\t\t<div class=\"elementor-widget-container\">\n\t\t\t\t\t\t\t\t\t<div class=\"elementor-button-wrapper\">\n\t\t\t\t\t<a class=\"elementor-button elementor-button-link elementor-size-lg\" href=\"https:\/\/bit.ly\/festival-janeiro-2024\">\n\t\t\t\t\t\t<span class=\"elementor-button-content-wrapper\">\n\t\t\t\t\t\t<span class=\"elementor-button-icon\">\n\t\t\t\t<i aria-hidden=\"true\" class=\"fab fa-whatsapp\"><\/i>\t\t\t<\/span>\n\t\t\t\t\t\t\t\t\t<span class=\"elementor-button-text\">Mais Informa\u00e7\u00f5es!<\/span>\n\t\t\t\t\t<\/span>\n\t\t\t\t\t<\/a>\n\t\t\t\t<\/div>\n\t\t\t\t\t\t\t\t<\/div>\n\t\t\t\t<\/div>\n\t\t\t\t<div class=\"elementor-element elementor-element-1d8cf4e elementor-hidden-tablet elementor-hidden-phone elementor-widget elementor-widget-image\" data-id=\"1d8cf4e\" data-element_type=\"widget\" data-e-type=\"widget\" data-widget_type=\"image.default\">\n\t\t\t\t<div class=\"elementor-widget-container\">\n\t\t\t\t\t\t\t\t\t\t\t\t\t\t\t<img loading=\"lazy\" decoding=\"async\" width=\"750\" height=\"305\" src=\"https:\/\/festivaldejaneiro.com\/wp-content\/uploads\/2024\/01\/240104_Bo-Prog1920x1080-e1704851378130-1024x417.png\" class=\"attachment-large size-large wp-image-3130\" alt=\"\" srcset=\"https:\/\/festivaldejaneiro.com\/wp-content\/uploads\/2024\/01\/240104_Bo-Prog1920x1080-e1704851378130-1024x417.png 1024w, https:\/\/festivaldejaneiro.com\/wp-content\/uploads\/2024\/01\/240104_Bo-Prog1920x1080-e1704851378130-300x122.png 300w, https:\/\/festivaldejaneiro.com\/wp-content\/uploads\/2024\/01\/240104_Bo-Prog1920x1080-e1704851378130-768x313.png 768w, https:\/\/festivaldejaneiro.com\/wp-content\/uploads\/2024\/01\/240104_Bo-Prog1920x1080-e1704851378130-1536x626.png 1536w, https:\/\/festivaldejaneiro.com\/wp-content\/uploads\/2024\/01\/240104_Bo-Prog1920x1080-e1704851378130-1568x639.png 1568w, https:\/\/festivaldejaneiro.com\/wp-content\/uploads\/2024\/01\/240104_Bo-Prog1920x1080-e1704851378130.png 1920w\" sizes=\"(max-width: 750px) 100vw, 750px\" style=\"width:100%;height:40.73%;max-width:1920px\" \/>\t\t\t\t\t\t\t\t\t\t\t\t\t\t\t<\/div>\n\t\t\t\t<\/div>\n\t\t\t\t<div class=\"elementor-element elementor-element-4a8d529 elementor-widget elementor-widget-spacer\" data-id=\"4a8d529\" data-element_type=\"widget\" data-e-type=\"widget\" data-widget_type=\"spacer.default\">\n\t\t\t\t<div class=\"elementor-widget-container\">\n\t\t\t\t\t\t\t<div class=\"elementor-spacer\">\n\t\t\t<div class=\"elementor-spacer-inner\"><\/div>\n\t\t<\/div>\n\t\t\t\t\t\t<\/div>\n\t\t\t\t<\/div>\n\t\t\t\t\t<\/div>\n\t\t<\/div>\n\t\t\t\t\t<\/div>\n\t\t<\/section>\n\t\t\t\t<section class=\"elementor-section elementor-top-section elementor-element elementor-element-c00b27c elementor-section-boxed elementor-section-height-default elementor-section-height-default\" data-id=\"c00b27c\" data-element_type=\"section\" data-e-type=\"section\" data-settings=\"{&quot;background_background&quot;:&quot;classic&quot;,&quot;shape_divider_bottom&quot;:&quot;wave-brush&quot;,&quot;shape_divider_top&quot;:&quot;wave-brush&quot;,&quot;_ha_eqh_enable&quot;:false}\">\n\t\t\t\t\t<div class=\"elementor-shape elementor-shape-top\" aria-hidden=\"true\" data-negative=\"false\">\n\t\t\t<svg xmlns=\"http:\/\/www.w3.org\/2000\/svg\" viewBox=\"0 0 283.5 27.8\" preserveAspectRatio=\"none\">\n\t<path class=\"elementor-shape-fill\" d=\"M283.5,9.7c0,0-7.3,4.3-14,4.6c-6.8,0.3-12.6,0-20.9-1.5c-11.3-2-33.1-10.1-44.7-5.7\ts-12.1,4.6-18,7.4c-6.6,3.2-20,9.6-36.6,9.3C131.6,23.5,99.5,7.2,86.3,8c-1.4,0.1-6.6,0.8-10.5,2c-3.8,1.2-9.4,3.8-17,4.7\tc-3.2,0.4-8.3,1.1-14.2,0.9c-1.5-0.1-6.3-0.4-12-1.6c-5.7-1.2-11-3.1-15.8-3.7C6.5,9.2,0,10.8,0,10.8V0h283.5V9.7z M260.8,11.3\tc-0.7-1-2-0.4-4.3-0.4c-2.3,0-6.1-1.2-5.8-1.1c0.3,0.1,3.1,1.5,6,1.9C259.7,12.2,261.4,12.3,260.8,11.3z M242.4,8.6\tc0,0-2.4-0.2-5.6-0.9c-3.2-0.8-10.3-2.8-15.1-3.5c-8.2-1.1-15.8,0-15.1,0.1c0.8,0.1,9.6-0.6,17.6,1.1c3.3,0.7,9.3,2.2,12.4,2.7\tC239.9,8.7,242.4,8.6,242.4,8.6z M185.2,8.5c1.7-0.7-13.3,4.7-18.5,6.1c-2.1,0.6-6.2,1.6-10,2c-3.9,0.4-8.9,0.4-8.8,0.5\tc0,0.2,5.8,0.8,11.2,0c5.4-0.8,5.2-1.1,7.6-1.6C170.5,14.7,183.5,9.2,185.2,8.5z M199.1,6.9c0.2,0-0.8-0.4-4.8,1.1\tc-4,1.5-6.7,3.5-6.9,3.7c-0.2,0.1,3.5-1.8,6.6-3C197,7.5,199,6.9,199.1,6.9z M283,6c-0.1,0.1-1.9,1.1-4.8,2.5s-6.9,2.8-6.7,2.7\tc0.2,0,3.5-0.6,7.4-2.5C282.8,6.8,283.1,5.9,283,6z M31.3,11.6c0.1-0.2-1.9-0.2-4.5-1.2s-5.4-1.6-7.8-2C15,7.6,7.3,8.5,7.7,8.6\tC8,8.7,15.9,8.3,20.2,9.3c2.2,0.5,2.4,0.5,5.7,1.6S31.2,11.9,31.3,11.6z M73,9.2c0.4-0.1,3.5-1.6,8.4-2.6c4.9-1.1,8.9-0.5,8.9-0.8\tc0-0.3-1-0.9-6.2-0.3S72.6,9.3,73,9.2z M71.6,6.7C71.8,6.8,75,5.4,77.3,5c2.3-0.3,1.9-0.5,1.9-0.6c0-0.1-1.1-0.2-2.7,0.2\tC74.8,5.1,71.4,6.6,71.6,6.7z M93.6,4.4c0.1,0.2,3.5,0.8,5.6,1.8c2.1,1,1.8,0.6,1.9,0.5c0.1-0.1-0.8-0.8-2.4-1.3\tC97.1,4.8,93.5,4.2,93.6,4.4z M65.4,11.1c-0.1,0.3,0.3,0.5,1.9-0.2s2.6-1.3,2.2-1.2s-0.9,0.4-2.5,0.8C65.3,10.9,65.5,10.8,65.4,11.1\tz M34.5,12.4c-0.2,0,2.1,0.8,3.3,0.9c1.2,0.1,2,0.1,2-0.2c0-0.3-0.1-0.5-1.6-0.4C36.6,12.8,34.7,12.4,34.5,12.4z M152.2,21.1\tc-0.1,0.1-2.4-0.3-7.5-0.3c-5,0-13.6-2.4-17.2-3.5c-3.6-1.1,10,3.9,16.5,4.1C150.5,21.6,152.3,21,152.2,21.1z\"\/>\n\t<path class=\"elementor-shape-fill\" d=\"M269.6,18c-0.1-0.1-4.6,0.3-7.2,0c-7.3-0.7-17-3.2-16.6-2.9c0.4,0.3,13.7,3.1,17,3.3\tC267.7,18.8,269.7,18,269.6,18z\"\/>\n\t<path class=\"elementor-shape-fill\" d=\"M227.4,9.8c-0.2-0.1-4.5-1-9.5-1.2c-5-0.2-12.7,0.6-12.3,0.5c0.3-0.1,5.9-1.8,13.3-1.2\tS227.6,9.9,227.4,9.8z\"\/>\n\t<path class=\"elementor-shape-fill\" d=\"M204.5,13.4c-0.1-0.1,2-1,3.2-1.1c1.2-0.1,2,0,2,0.3c0,0.3-0.1,0.5-1.6,0.4\tC206.4,12.9,204.6,13.5,204.5,13.4z\"\/>\n\t<path class=\"elementor-shape-fill\" d=\"M201,10.6c0-0.1-4.4,1.2-6.3,2.2c-1.9,0.9-6.2,3.1-6.1,3.1c0.1,0.1,4.2-1.6,6.3-2.6\tS201,10.7,201,10.6z\"\/>\n\t<path class=\"elementor-shape-fill\" d=\"M154.5,26.7c-0.1-0.1-4.6,0.3-7.2,0c-7.3-0.7-17-3.2-16.6-2.9c0.4,0.3,13.7,3.1,17,3.3\tC152.6,27.5,154.6,26.8,154.5,26.7z\"\/>\n\t<path class=\"elementor-shape-fill\" d=\"M41.9,19.3c0,0,1.2-0.3,2.9-0.1c1.7,0.2,5.8,0.9,8.2,0.7c4.2-0.4,7.4-2.7,7-2.6\tc-0.4,0-4.3,2.2-8.6,1.9c-1.8-0.1-5.1-0.5-6.7-0.4S41.9,19.3,41.9,19.3z\"\/>\n\t<path class=\"elementor-shape-fill\" d=\"M75.5,12.6c0.2,0.1,2-0.8,4.3-1.1c2.3-0.2,2.1-0.3,2.1-0.5c0-0.1-1.8-0.4-3.4,0\tC76.9,11.5,75.3,12.5,75.5,12.6z\"\/>\n\t<path class=\"elementor-shape-fill\" d=\"M15.6,13.2c0-0.1,4.3,0,6.7,0.5c2.4,0.5,5,1.9,5,2c0,0.1-2.7-0.8-5.1-1.4\tC19.9,13.7,15.7,13.3,15.6,13.2z\"\/>\n<\/svg>\t\t<\/div>\n\t\t\t\t<div class=\"elementor-shape elementor-shape-bottom\" aria-hidden=\"true\" data-negative=\"false\">\n\t\t\t<svg xmlns=\"http:\/\/www.w3.org\/2000\/svg\" viewBox=\"0 0 283.5 27.8\" preserveAspectRatio=\"none\">\n\t<path class=\"elementor-shape-fill\" d=\"M283.5,9.7c0,0-7.3,4.3-14,4.6c-6.8,0.3-12.6,0-20.9-1.5c-11.3-2-33.1-10.1-44.7-5.7\ts-12.1,4.6-18,7.4c-6.6,3.2-20,9.6-36.6,9.3C131.6,23.5,99.5,7.2,86.3,8c-1.4,0.1-6.6,0.8-10.5,2c-3.8,1.2-9.4,3.8-17,4.7\tc-3.2,0.4-8.3,1.1-14.2,0.9c-1.5-0.1-6.3-0.4-12-1.6c-5.7-1.2-11-3.1-15.8-3.7C6.5,9.2,0,10.8,0,10.8V0h283.5V9.7z M260.8,11.3\tc-0.7-1-2-0.4-4.3-0.4c-2.3,0-6.1-1.2-5.8-1.1c0.3,0.1,3.1,1.5,6,1.9C259.7,12.2,261.4,12.3,260.8,11.3z M242.4,8.6\tc0,0-2.4-0.2-5.6-0.9c-3.2-0.8-10.3-2.8-15.1-3.5c-8.2-1.1-15.8,0-15.1,0.1c0.8,0.1,9.6-0.6,17.6,1.1c3.3,0.7,9.3,2.2,12.4,2.7\tC239.9,8.7,242.4,8.6,242.4,8.6z M185.2,8.5c1.7-0.7-13.3,4.7-18.5,6.1c-2.1,0.6-6.2,1.6-10,2c-3.9,0.4-8.9,0.4-8.8,0.5\tc0,0.2,5.8,0.8,11.2,0c5.4-0.8,5.2-1.1,7.6-1.6C170.5,14.7,183.5,9.2,185.2,8.5z M199.1,6.9c0.2,0-0.8-0.4-4.8,1.1\tc-4,1.5-6.7,3.5-6.9,3.7c-0.2,0.1,3.5-1.8,6.6-3C197,7.5,199,6.9,199.1,6.9z M283,6c-0.1,0.1-1.9,1.1-4.8,2.5s-6.9,2.8-6.7,2.7\tc0.2,0,3.5-0.6,7.4-2.5C282.8,6.8,283.1,5.9,283,6z M31.3,11.6c0.1-0.2-1.9-0.2-4.5-1.2s-5.4-1.6-7.8-2C15,7.6,7.3,8.5,7.7,8.6\tC8,8.7,15.9,8.3,20.2,9.3c2.2,0.5,2.4,0.5,5.7,1.6S31.2,11.9,31.3,11.6z M73,9.2c0.4-0.1,3.5-1.6,8.4-2.6c4.9-1.1,8.9-0.5,8.9-0.8\tc0-0.3-1-0.9-6.2-0.3S72.6,9.3,73,9.2z M71.6,6.7C71.8,6.8,75,5.4,77.3,5c2.3-0.3,1.9-0.5,1.9-0.6c0-0.1-1.1-0.2-2.7,0.2\tC74.8,5.1,71.4,6.6,71.6,6.7z M93.6,4.4c0.1,0.2,3.5,0.8,5.6,1.8c2.1,1,1.8,0.6,1.9,0.5c0.1-0.1-0.8-0.8-2.4-1.3\tC97.1,4.8,93.5,4.2,93.6,4.4z M65.4,11.1c-0.1,0.3,0.3,0.5,1.9-0.2s2.6-1.3,2.2-1.2s-0.9,0.4-2.5,0.8C65.3,10.9,65.5,10.8,65.4,11.1\tz M34.5,12.4c-0.2,0,2.1,0.8,3.3,0.9c1.2,0.1,2,0.1,2-0.2c0-0.3-0.1-0.5-1.6-0.4C36.6,12.8,34.7,12.4,34.5,12.4z M152.2,21.1\tc-0.1,0.1-2.4-0.3-7.5-0.3c-5,0-13.6-2.4-17.2-3.5c-3.6-1.1,10,3.9,16.5,4.1C150.5,21.6,152.3,21,152.2,21.1z\"\/>\n\t<path class=\"elementor-shape-fill\" d=\"M269.6,18c-0.1-0.1-4.6,0.3-7.2,0c-7.3-0.7-17-3.2-16.6-2.9c0.4,0.3,13.7,3.1,17,3.3\tC267.7,18.8,269.7,18,269.6,18z\"\/>\n\t<path class=\"elementor-shape-fill\" d=\"M227.4,9.8c-0.2-0.1-4.5-1-9.5-1.2c-5-0.2-12.7,0.6-12.3,0.5c0.3-0.1,5.9-1.8,13.3-1.2\tS227.6,9.9,227.4,9.8z\"\/>\n\t<path class=\"elementor-shape-fill\" d=\"M204.5,13.4c-0.1-0.1,2-1,3.2-1.1c1.2-0.1,2,0,2,0.3c0,0.3-0.1,0.5-1.6,0.4\tC206.4,12.9,204.6,13.5,204.5,13.4z\"\/>\n\t<path class=\"elementor-shape-fill\" d=\"M201,10.6c0-0.1-4.4,1.2-6.3,2.2c-1.9,0.9-6.2,3.1-6.1,3.1c0.1,0.1,4.2-1.6,6.3-2.6\tS201,10.7,201,10.6z\"\/>\n\t<path class=\"elementor-shape-fill\" d=\"M154.5,26.7c-0.1-0.1-4.6,0.3-7.2,0c-7.3-0.7-17-3.2-16.6-2.9c0.4,0.3,13.7,3.1,17,3.3\tC152.6,27.5,154.6,26.8,154.5,26.7z\"\/>\n\t<path class=\"elementor-shape-fill\" d=\"M41.9,19.3c0,0,1.2-0.3,2.9-0.1c1.7,0.2,5.8,0.9,8.2,0.7c4.2-0.4,7.4-2.7,7-2.6\tc-0.4,0-4.3,2.2-8.6,1.9c-1.8-0.1-5.1-0.5-6.7-0.4S41.9,19.3,41.9,19.3z\"\/>\n\t<path class=\"elementor-shape-fill\" d=\"M75.5,12.6c0.2,0.1,2-0.8,4.3-1.1c2.3-0.2,2.1-0.3,2.1-0.5c0-0.1-1.8-0.4-3.4,0\tC76.9,11.5,75.3,12.5,75.5,12.6z\"\/>\n\t<path class=\"elementor-shape-fill\" d=\"M15.6,13.2c0-0.1,4.3,0,6.7,0.5c2.4,0.5,5,1.9,5,2c0,0.1-2.7-0.8-5.1-1.4\tC19.9,13.7,15.7,13.3,15.6,13.2z\"\/>\n<\/svg>\t\t<\/div>\n\t\t\t\t\t<div class=\"elementor-container elementor-column-gap-default\">\n\t\t\t\t\t<div class=\"elementor-column elementor-col-100 elementor-top-column elementor-element elementor-element-263480a\" data-id=\"263480a\" data-element_type=\"column\" data-e-type=\"column\">\n\t\t\t<div class=\"elementor-widget-wrap elementor-element-populated\">\n\t\t\t\t\t\t<div class=\"elementor-element elementor-element-be7d32b elementor-widget elementor-widget-menu-anchor\" data-id=\"be7d32b\" data-element_type=\"widget\" data-e-type=\"widget\" data-widget_type=\"menu-anchor.default\">\n\t\t\t\t<div class=\"elementor-widget-container\">\n\t\t\t\t\t\t\t<div class=\"elementor-menu-anchor\" id=\"organizador\"><\/div>\n\t\t\t\t\t\t<\/div>\n\t\t\t\t<\/div>\n\t\t\t\t<div class=\"elementor-element elementor-element-67f8000 elementor-widget elementor-widget-spacer\" data-id=\"67f8000\" data-element_type=\"widget\" data-e-type=\"widget\" data-widget_type=\"spacer.default\">\n\t\t\t\t<div class=\"elementor-widget-container\">\n\t\t\t\t\t\t\t<div class=\"elementor-spacer\">\n\t\t\t<div class=\"elementor-spacer-inner\"><\/div>\n\t\t<\/div>\n\t\t\t\t\t\t<\/div>\n\t\t\t\t<\/div>\n\t\t\t\t<div class=\"elementor-element elementor-element-ebf33ae elementor-invisible elementor-widget elementor-widget-heading\" data-id=\"ebf33ae\" data-element_type=\"widget\" data-e-type=\"widget\" data-settings=\"{&quot;_animation&quot;:&quot;fadeIn&quot;,&quot;_animation_delay&quot;:500}\" data-widget_type=\"heading.default\">\n\t\t\t\t<div class=\"elementor-widget-container\">\n\t\t\t\t\t<h2 class=\"elementor-heading-title elementor-size-default\">Conhe\u00e7a a idealizadora do\u00a0Festival!<\/h2>\t\t\t\t<\/div>\n\t\t\t\t<\/div>\n\t\t\t\t<section class=\"elementor-section elementor-inner-section elementor-element elementor-element-f3e54d4 elementor-section-boxed elementor-section-height-default elementor-section-height-default\" data-id=\"f3e54d4\" data-element_type=\"section\" data-e-type=\"section\" data-settings=\"{&quot;_ha_eqh_enable&quot;:false}\">\n\t\t\t\t\t\t<div class=\"elementor-container elementor-column-gap-default\">\n\t\t\t\t\t<div class=\"elementor-column elementor-col-50 elementor-inner-column elementor-element elementor-element-031cde3\" data-id=\"031cde3\" data-element_type=\"column\" data-e-type=\"column\">\n\t\t\t<div class=\"elementor-widget-wrap elementor-element-populated\">\n\t\t\t\t\t\t<div class=\"elementor-element elementor-element-6898fb3 elementor-invisible elementor-widget elementor-widget-image\" data-id=\"6898fb3\" data-element_type=\"widget\" data-e-type=\"widget\" data-settings=\"{&quot;_animation&quot;:&quot;fadeIn&quot;}\" data-widget_type=\"image.default\">\n\t\t\t\t<div class=\"elementor-widget-container\">\n\t\t\t\t\t\t\t\t\t\t\t\t\t\t\t<img loading=\"lazy\" decoding=\"async\" width=\"750\" height=\"415\" src=\"https:\/\/festivaldejaneiro.com\/wp-content\/uploads\/2021\/02\/Selo-FS-retangulo-1024x566.png\" class=\"attachment-large size-large wp-image-78\" alt=\"\" srcset=\"https:\/\/festivaldejaneiro.com\/wp-content\/uploads\/2021\/02\/Selo-FS-retangulo-1024x566.png 1024w, https:\/\/festivaldejaneiro.com\/wp-content\/uploads\/2021\/02\/Selo-FS-retangulo-300x166.png 300w, https:\/\/festivaldejaneiro.com\/wp-content\/uploads\/2021\/02\/Selo-FS-retangulo-768x424.png 768w, https:\/\/festivaldejaneiro.com\/wp-content\/uploads\/2021\/02\/Selo-FS-retangulo.png 1323w\" sizes=\"(max-width: 750px) 100vw, 750px\" style=\"width:100%;height:55.25%;max-width:1323px\" \/>\t\t\t\t\t\t\t\t\t\t\t\t\t\t\t<\/div>\n\t\t\t\t<\/div>\n\t\t\t\t\t<\/div>\n\t\t<\/div>\n\t\t\t\t<div class=\"elementor-column elementor-col-50 elementor-inner-column elementor-element elementor-element-a6f30d9\" data-id=\"a6f30d9\" data-element_type=\"column\" data-e-type=\"column\">\n\t\t\t<div class=\"elementor-widget-wrap elementor-element-populated\">\n\t\t\t\t\t\t<div class=\"elementor-element elementor-element-0f5735c elementor-invisible elementor-widget elementor-widget-text-editor\" data-id=\"0f5735c\" data-element_type=\"widget\" data-e-type=\"widget\" data-settings=\"{&quot;_animation&quot;:&quot;fadeIn&quot;}\" data-widget_type=\"text-editor.default\">\n\t\t\t\t<div class=\"elementor-widget-container\">\n\t\t\t\t\t\t\t\t\t<p>A <strong>Cia. F\u00e1brica de Sonhos<\/strong> foi criada em 1998, em S\u00e3o Jos\u00e9 do Rio Preto\/SP, pelos artistas <strong>Guido Caratori e Drica Sanches.<\/strong><\/p><p><br \/>A partir do encontro c\u00eanico de Guido e Drica no texto do dramaturgo alem\u00e3o Heiner Muller na d\u00e9cada de 90 &#8211; onde viviam Jas\u00e3o e Med\u00e9ia, surgiu a parceria que levaria a cria\u00e7\u00e3o da Cia. F\u00e1brica de Sonhos \u2013 impulsionados pelo desejo de ocupar um espa\u00e7o na cena teatral a partir do desenvolvimento de uma linguagem que comunicasse temas pertinentes \u00e0 contemporaneidade, sempre focados no trabalho pleno e criativo do ator.<\/p><p><br \/>A companhia tem em seu curr\u00edculo mais de quinze montagens teatrais \u2013 espet\u00e1culos, conta\u00e7\u00f5es de hist\u00f3rias, a\u00e7\u00f5es interventivas etc., sempre experimentando em suas produ\u00e7\u00f5es dramaturgias pr\u00f3prias que buscam, em conson\u00e2ncia com a pesquisa de uma linguagem pr\u00f3pria o est\u00edmulo ao fluxo constante do ator criador, cada vez mais presente na cena, propiciando encena\u00e7\u00f5es que caminham no mesmo sentido.<\/p>\t\t\t\t\t\t\t\t<\/div>\n\t\t\t\t<\/div>\n\t\t\t\t<div class=\"elementor-element elementor-element-5fb31d1 elementor-align-center elementor-invisible elementor-widget elementor-widget-button\" data-id=\"5fb31d1\" data-element_type=\"widget\" data-e-type=\"widget\" data-settings=\"{&quot;_animation&quot;:&quot;fadeIn&quot;}\" data-widget_type=\"button.default\">\n\t\t\t\t<div class=\"elementor-widget-container\">\n\t\t\t\t\t\t\t\t\t<div class=\"elementor-button-wrapper\">\n\t\t\t\t\t<a class=\"elementor-button elementor-button-link elementor-size-lg\" href=\"https:\/\/bit.ly\/festival-janeiro-2024\">\n\t\t\t\t\t\t<span class=\"elementor-button-content-wrapper\">\n\t\t\t\t\t\t\t\t\t<span class=\"elementor-button-text\">Quero mais informa\u00e7\u00f5es!<\/span>\n\t\t\t\t\t<\/span>\n\t\t\t\t\t<\/a>\n\t\t\t\t<\/div>\n\t\t\t\t\t\t\t\t<\/div>\n\t\t\t\t<\/div>\n\t\t\t\t\t<\/div>\n\t\t<\/div>\n\t\t\t\t\t<\/div>\n\t\t<\/section>\n\t\t\t\t\t<\/div>\n\t\t<\/div>\n\t\t\t\t\t<\/div>\n\t\t<\/section>\n\t\t\t\t<section class=\"elementor-section elementor-top-section elementor-element elementor-element-186cd71 elementor-section-boxed elementor-section-height-default elementor-section-height-default\" data-id=\"186cd71\" data-element_type=\"section\" data-e-type=\"section\" data-settings=\"{&quot;background_background&quot;:&quot;classic&quot;,&quot;_ha_eqh_enable&quot;:false}\">\n\t\t\t\t\t\t<div class=\"elementor-container elementor-column-gap-default\">\n\t\t\t\t\t<div class=\"elementor-column elementor-col-100 elementor-top-column elementor-element elementor-element-48a88c7\" data-id=\"48a88c7\" data-element_type=\"column\" data-e-type=\"column\">\n\t\t\t<div class=\"elementor-widget-wrap elementor-element-populated\">\n\t\t\t\t\t\t<div class=\"elementor-element elementor-element-88e97db elementor-widget elementor-widget-menu-anchor\" data-id=\"88e97db\" data-element_type=\"widget\" data-e-type=\"widget\" data-widget_type=\"menu-anchor.default\">\n\t\t\t\t<div class=\"elementor-widget-container\">\n\t\t\t\t\t\t\t<div class=\"elementor-menu-anchor\" id=\"edicoes-anteriores\"><\/div>\n\t\t\t\t\t\t<\/div>\n\t\t\t\t<\/div>\n\t\t\t\t<div class=\"elementor-element elementor-element-a24a52c elementor-widget elementor-widget-spacer\" data-id=\"a24a52c\" data-element_type=\"widget\" data-e-type=\"widget\" data-widget_type=\"spacer.default\">\n\t\t\t\t<div class=\"elementor-widget-container\">\n\t\t\t\t\t\t\t<div class=\"elementor-spacer\">\n\t\t\t<div class=\"elementor-spacer-inner\"><\/div>\n\t\t<\/div>\n\t\t\t\t\t\t<\/div>\n\t\t\t\t<\/div>\n\t\t\t\t<div class=\"elementor-element elementor-element-7c57bea elementor-invisible elementor-widget elementor-widget-heading\" data-id=\"7c57bea\" data-element_type=\"widget\" data-e-type=\"widget\" data-settings=\"{&quot;_animation&quot;:&quot;fadeIn&quot;,&quot;_animation_delay&quot;:500}\" data-widget_type=\"heading.default\">\n\t\t\t\t<div class=\"elementor-widget-container\">\n\t\t\t\t\t<h2 class=\"elementor-heading-title elementor-size-default\">Conhe\u00e7a a Hist\u00f3ria do Festival<\/h2>\t\t\t\t<\/div>\n\t\t\t\t<\/div>\n\t\t\t\t<div class=\"elementor-element elementor-element-339bf31 elementor-invisible elementor-widget elementor-widget-text-editor\" data-id=\"339bf31\" data-element_type=\"widget\" data-e-type=\"widget\" data-settings=\"{&quot;_animation&quot;:&quot;fadeIn&quot;}\" data-widget_type=\"text-editor.default\">\n\t\t\t\t<div class=\"elementor-widget-container\">\n\t\t\t\t\t\t\t\t\t<p>O Festival em janeiro Teatro para Crian\u00e7a \u00e9 o maior barato, teve in\u00edcio em 2004, <b>idealizado por dois artistas rio-pretenses, Drica Sanches e Guido Caratori, fundadores da Cia. F\u00e1brica de Sonhos,<\/b> quando estavam em cartaz com duas produ\u00e7\u00f5es teatrais para crian\u00e7as &#8211; \u201cCinderela &#8211; Um Sonho de Cristal\u201d e \u201cA Cigarra e a Formiga em Vida de Artista\u201d.<br \/><br \/><br \/>Impulsionados pela aproxima\u00e7\u00e3o da baixa temporada teatral (dezembro, janeiro e fevereiro) &#8211; quando as \u201cCigarras\u201d passam dificuldades no fervoroso inverno, criaram o Festival com o principal objetivo de gerar trabalho e renda para os artistas da cidade e regi\u00e3o, num per\u00edodo que as oportunidades de contrata\u00e7\u00f5es s\u00e3o reduzidas.<br \/><br \/><br \/>De 2004 at\u00e9 hoje o Festival se verticalizou e agregou outros objetivos ao seu escopo, sendo hoje um dos mais importantes espa\u00e7os de reflex\u00e3o e troca sobre a pesquisa, a cria\u00e7\u00e3o e a produ\u00e7\u00e3o teatral realizada para crian\u00e7as no estado de S\u00e3o Paulo, al\u00e9m de ser um formador de p\u00fablico e importante mecanismo de sustentabilidade para os setores criativos.<br \/><br \/><br \/><b>Desde a sua primeira edi\u00e7\u00e3o, o festival sempre obteve grande sucesso junto ao p\u00fablico, que lotou e lota as plateias a cada realiza\u00e7\u00e3o, reunindo mais de 10.000 espectadores por edi\u00e7\u00e3o.<\/b><br \/><br \/><br \/>Realizado anualmente, com tr\u00eas intervalos &#8211; 2014, 2019 e 2020, por falta de apoio p\u00fablico\/privado, o festival chegar\u00e1 a d\u00e9cima nona edi\u00e7\u00e3o, sustentado por sua extrema import\u00e2ncia para a cena teatral produzida para as crian\u00e7as, uma vez que al\u00e9m de fazer o compartilhamento dos espet\u00e1culos, contribui para a forma\u00e7\u00e3o e aprofundamento da pesquisa da linguagem teatral para crian\u00e7as, buscando, assim, ser uma refer\u00eancia desta produ\u00e7\u00e3o no pa\u00eds, <b>promove o acesso ao bem cultural pela comunidade com\u00a0 gratuidade e ainda estimula o desenvolvimento sustent\u00e1vel dos setores produtivos criativos,<\/b> referendando assim a import\u00e2ncia, a relev\u00e2ncia e a pertin\u00eancia da continuidade de sua realiza\u00e7\u00e3o.<\/p>\t\t\t\t\t\t\t\t<\/div>\n\t\t\t\t<\/div>\n\t\t\t\t<div class=\"elementor-element elementor-element-200766e elementor-tabs-view-vertical elementor-widget elementor-widget-tabs\" data-id=\"200766e\" data-element_type=\"widget\" data-e-type=\"widget\" data-widget_type=\"tabs.default\">\n\t\t\t\t<div class=\"elementor-widget-container\">\n\t\t\t\t\t\t\t<div class=\"elementor-tabs\">\n\t\t\t<div class=\"elementor-tabs-wrapper\" role=\"tablist\" >\n\t\t\t\t\t\t\t\t\t<div id=\"elementor-tab-title-3351\" class=\"elementor-tab-title elementor-tab-desktop-title\" aria-selected=\"true\" data-tab=\"1\" role=\"tab\" tabindex=\"0\" aria-controls=\"elementor-tab-content-3351\" aria-expanded=\"false\">2004<\/div>\n\t\t\t\t\t\t\t\t\t<div id=\"elementor-tab-title-3352\" class=\"elementor-tab-title elementor-tab-desktop-title\" aria-selected=\"false\" data-tab=\"2\" role=\"tab\" tabindex=\"-1\" aria-controls=\"elementor-tab-content-3352\" aria-expanded=\"false\">2005<\/div>\n\t\t\t\t\t\t\t\t\t<div id=\"elementor-tab-title-3353\" class=\"elementor-tab-title elementor-tab-desktop-title\" aria-selected=\"false\" data-tab=\"3\" role=\"tab\" tabindex=\"-1\" aria-controls=\"elementor-tab-content-3353\" aria-expanded=\"false\">2006<\/div>\n\t\t\t\t\t\t\t\t\t<div id=\"elementor-tab-title-3354\" class=\"elementor-tab-title elementor-tab-desktop-title\" aria-selected=\"false\" data-tab=\"4\" role=\"tab\" tabindex=\"-1\" aria-controls=\"elementor-tab-content-3354\" aria-expanded=\"false\">2007<\/div>\n\t\t\t\t\t\t\t\t\t<div id=\"elementor-tab-title-3355\" class=\"elementor-tab-title elementor-tab-desktop-title\" aria-selected=\"false\" data-tab=\"5\" role=\"tab\" tabindex=\"-1\" aria-controls=\"elementor-tab-content-3355\" aria-expanded=\"false\">2008<\/div>\n\t\t\t\t\t\t\t\t\t<div id=\"elementor-tab-title-3356\" class=\"elementor-tab-title elementor-tab-desktop-title\" aria-selected=\"false\" data-tab=\"6\" role=\"tab\" tabindex=\"-1\" aria-controls=\"elementor-tab-content-3356\" aria-expanded=\"false\">2009<\/div>\n\t\t\t\t\t\t\t\t\t<div id=\"elementor-tab-title-3357\" class=\"elementor-tab-title elementor-tab-desktop-title\" aria-selected=\"false\" data-tab=\"7\" role=\"tab\" tabindex=\"-1\" aria-controls=\"elementor-tab-content-3357\" aria-expanded=\"false\">2010<\/div>\n\t\t\t\t\t\t\t\t\t<div id=\"elementor-tab-title-3358\" class=\"elementor-tab-title elementor-tab-desktop-title\" aria-selected=\"false\" data-tab=\"8\" role=\"tab\" tabindex=\"-1\" aria-controls=\"elementor-tab-content-3358\" aria-expanded=\"false\">2011<\/div>\n\t\t\t\t\t\t\t\t\t<div id=\"elementor-tab-title-3359\" class=\"elementor-tab-title elementor-tab-desktop-title\" aria-selected=\"false\" data-tab=\"9\" role=\"tab\" tabindex=\"-1\" aria-controls=\"elementor-tab-content-3359\" aria-expanded=\"false\">2012<\/div>\n\t\t\t\t\t\t\t\t\t<div id=\"elementor-tab-title-33510\" class=\"elementor-tab-title elementor-tab-desktop-title\" aria-selected=\"false\" data-tab=\"10\" role=\"tab\" tabindex=\"-1\" aria-controls=\"elementor-tab-content-33510\" aria-expanded=\"false\">2013<\/div>\n\t\t\t\t\t\t\t\t\t<div id=\"elementor-tab-title-33511\" class=\"elementor-tab-title elementor-tab-desktop-title\" aria-selected=\"false\" data-tab=\"11\" role=\"tab\" tabindex=\"-1\" aria-controls=\"elementor-tab-content-33511\" aria-expanded=\"false\">2014<\/div>\n\t\t\t\t\t\t\t\t\t<div id=\"elementor-tab-title-33512\" class=\"elementor-tab-title elementor-tab-desktop-title\" aria-selected=\"false\" data-tab=\"12\" role=\"tab\" tabindex=\"-1\" aria-controls=\"elementor-tab-content-33512\" aria-expanded=\"false\">2015<\/div>\n\t\t\t\t\t\t\t\t\t<div id=\"elementor-tab-title-33513\" class=\"elementor-tab-title elementor-tab-desktop-title\" aria-selected=\"false\" data-tab=\"13\" role=\"tab\" tabindex=\"-1\" aria-controls=\"elementor-tab-content-33513\" aria-expanded=\"false\">2016<\/div>\n\t\t\t\t\t\t\t\t\t<div id=\"elementor-tab-title-33514\" class=\"elementor-tab-title elementor-tab-desktop-title\" aria-selected=\"false\" data-tab=\"14\" role=\"tab\" tabindex=\"-1\" aria-controls=\"elementor-tab-content-33514\" aria-expanded=\"false\">2017<\/div>\n\t\t\t\t\t\t\t\t\t<div id=\"elementor-tab-title-33515\" class=\"elementor-tab-title elementor-tab-desktop-title\" aria-selected=\"false\" data-tab=\"15\" role=\"tab\" tabindex=\"-1\" aria-controls=\"elementor-tab-content-33515\" aria-expanded=\"false\">2018<\/div>\n\t\t\t\t\t\t\t\t\t<div id=\"elementor-tab-title-33516\" class=\"elementor-tab-title elementor-tab-desktop-title\" aria-selected=\"false\" data-tab=\"16\" role=\"tab\" tabindex=\"-1\" aria-controls=\"elementor-tab-content-33516\" aria-expanded=\"false\">2019 e 2020<\/div>\n\t\t\t\t\t\t\t\t\t<div id=\"elementor-tab-title-33517\" class=\"elementor-tab-title elementor-tab-desktop-title\" aria-selected=\"false\" data-tab=\"17\" role=\"tab\" tabindex=\"-1\" aria-controls=\"elementor-tab-content-33517\" aria-expanded=\"false\">2021<\/div>\n\t\t\t\t\t\t\t\t\t<div id=\"elementor-tab-title-33518\" class=\"elementor-tab-title elementor-tab-desktop-title\" aria-selected=\"false\" data-tab=\"18\" role=\"tab\" tabindex=\"-1\" aria-controls=\"elementor-tab-content-33518\" aria-expanded=\"false\">2022 - 1<\/div>\n\t\t\t\t\t\t\t\t\t<div id=\"elementor-tab-title-33519\" class=\"elementor-tab-title elementor-tab-desktop-title\" aria-selected=\"false\" data-tab=\"19\" role=\"tab\" tabindex=\"-1\" aria-controls=\"elementor-tab-content-33519\" aria-expanded=\"false\">2022 - 2<\/div>\n\t\t\t\t\t\t\t\t\t<div id=\"elementor-tab-title-33520\" class=\"elementor-tab-title elementor-tab-desktop-title\" aria-selected=\"false\" data-tab=\"20\" role=\"tab\" tabindex=\"-1\" aria-controls=\"elementor-tab-content-33520\" aria-expanded=\"false\">2023<\/div>\n\t\t\t\t\t\t\t<\/div>\n\t\t\t<div class=\"elementor-tabs-content-wrapper\" role=\"tablist\" aria-orientation=\"vertical\">\n\t\t\t\t\t\t\t\t\t<div class=\"elementor-tab-title elementor-tab-mobile-title\" aria-selected=\"true\" data-tab=\"1\" role=\"tab\" tabindex=\"0\" aria-controls=\"elementor-tab-content-3351\" aria-expanded=\"false\">2004<\/div>\n\t\t\t\t\t<div id=\"elementor-tab-content-3351\" class=\"elementor-tab-content elementor-clearfix\" data-tab=\"1\" role=\"tabpanel\" aria-labelledby=\"elementor-tab-title-3351\" tabindex=\"0\" hidden=\"false\"><span style=\"font-weight: 400;\">Em janeiro de 2004, deu-se a primeira edi\u00e7\u00e3o do Festival em janeiro Teatro para Crian\u00e7a \u00e9 o maior barato, no Teatro Municipal Nelson Castro, realizado pela Cia. F\u00e1brica de Sonhos em parceria com a Prefeitura Municipal de S\u00e3o Jos\u00e9 do Rio Preto, por meio da Secretaria de Cultura.<\/span>\n<br>\n<span style=\"font-weight: 400;\">Na ocasi\u00e3o, apresentaram-se cinco companhias de S\u00e3o Jos\u00e9 do Rio Preto e da cidade de Bady Bassit em doze dias de evento com apresenta\u00e7\u00f5es de quinta a domingo.\u00a0<\/span>\n<br>\n<span style=\"font-weight: 400;\">A primeira edi\u00e7\u00e3o foi extremamente bem recebida pelo p\u00fablico, que lotou o teatro em todos os dias de apresenta\u00e7\u00f5es, garantindo e confirmando o sucesso e a continuidade do projeto.<\/span>\n<br>\n<ul>\n \t<li><span style=\"font-weight: 400;\">Per\u00edodo de realiza\u00e7\u00e3o: 5 de janeiro a 1 de fevereiro de 2004<\/span><\/li>\n \t<li><span style=\"font-weight: 400;\">Quantidade de apresenta\u00e7\u00f5es: 12<\/span><\/li>\n \t<li><span style=\"font-weight: 400;\">Local: Teatro Municipal Nelson Castro (200 lugares)<\/span><\/li>\n \t<li><span style=\"font-weight: 400;\">P\u00fablico direto: 2.500 pessoas\u00a0<\/span><\/li>\n \t<li><span style=\"font-weight: 400;\">P\u00fablico indireto: 30.000 pessoas<\/span><\/li>\n<\/ul>\n<br>\n<span style=\"text-decoration: underline;\"><strong>Programa\u00e7\u00e3o<\/strong><\/span>\n\n<strong>Teatro Municipal Nelson Castro<\/strong>\n<ul>\n \t<li><span style=\"font-weight: 400;\">15 e 17 &#8211; O Menino detr\u00e1s das Nuvens<\/span><\/li>\n \t<li><span style=\"font-weight: 400;\">16 e 18 &#8211; A Cigarra e a Formiga em: Vida de Artista\u00a0<\/span><\/li>\n \t<li><span style=\"font-weight: 400;\">22 e 24 &#8211; O Catador de Pap\u00e9is<\/span><\/li>\n \t<li><span style=\"font-weight: 400;\">23 e 25 &#8211; Jo\u00e3o e Maria<\/span><\/li>\n \t<li><span style=\"font-weight: 400;\">29 e 31 &#8211; Cinderela Um Sonho de Cristal<\/span><\/li>\n \t<li><span style=\"font-weight: 400;\">30\/1 e 01\/2 &#8211; O Pequeno Pr\u00edncipe<\/span><\/li>\n<\/ul><\/div>\n\t\t\t\t\t\t\t\t\t<div class=\"elementor-tab-title elementor-tab-mobile-title\" aria-selected=\"false\" data-tab=\"2\" role=\"tab\" tabindex=\"-1\" aria-controls=\"elementor-tab-content-3352\" aria-expanded=\"false\">2005<\/div>\n\t\t\t\t\t<div id=\"elementor-tab-content-3352\" class=\"elementor-tab-content elementor-clearfix\" data-tab=\"2\" role=\"tabpanel\" aria-labelledby=\"elementor-tab-title-3352\" tabindex=\"0\" hidden=\"hidden\">Em 2005, na segunda edi\u00e7\u00e3o do Festival em janeiro Teatro para Crian\u00e7a \u00e9 o maior barato as sess\u00f5es aconteceram ininterruptamente no Teatro Municipal Nelson Castro, realizado pela Cia. F\u00e1brica de Sonhos em parceria com a Prefeitura Municipal de S\u00e3o Jos\u00e9 do Rio Preto, por meio da Secretaria de Cultura.\n<br>\nO Festival contou com a participa\u00e7\u00e3o de cinco companhias de S\u00e3o Jos\u00e9 do Rio Preto e duas da cidade de Catanduva, contribuindo para a difus\u00e3o do festival nas cidades da regi\u00e3o.\n<br>\nMais uma vez, as sess\u00f5es estiveram lotadas, o que propiciou ao Festival constituir-se como data indispens\u00e1vel ao calend\u00e1rio cultural da cidade.\n<br>\n<ul>\n \t<li>Per\u00edodo de realiza\u00e7\u00e3o: 18 a 28 de janeiro de 2005<\/li>\n \t<li>Quantidade de apresenta\u00e7\u00f5es: 11<\/li>\n \t<li>Local: Teatro Municipal Nelson Castro (200 lugares)<\/li>\n \t<li>P\u00fablico direto: 2.700 pessoas<\/li>\n \t<li>P\u00fablico indireto: 40.000 pessoas<\/li>\n<\/ul>\n<br>\n<span style=\"text-decoration: underline;\"><strong>Programa\u00e7\u00e3o<\/strong><\/span>\n<strong>Teatro Municipal Nelson Castro<\/strong>\n<ul>\n \t<li>18 e 19 &#8211; Chapeuzinho Vermelho &#8211; Cia. MILCENAS Produ\u00e7\u00f5es Art\u00edsticas<\/li>\n \t<li>20 e 21 &#8211; Candim &#8211; AC Produ\u00e7\u00f5es<\/li>\n \t<li>22 e 23 &#8211; Branca de Neve e os Sete An\u00f5es &#8211; GTR &#8211; Grupo Teatral Riopretense<\/li>\n \t<li>24 e 25 &#8211; O Le\u00e3o e O Ratinho &#8211; Cia. F\u00e1brica de Sonhos<\/li>\n \t<li>26 e 27 &#8211; Era Uma Vez&#8230; &#8211; Cia. Phoenix<\/li>\n \t<li>28 &#8211; O Le\u00e3o e O Ratinho &#8211; Cia. F\u00e1brica de Sonhos<\/li>\n<\/ul><\/div>\n\t\t\t\t\t\t\t\t\t<div class=\"elementor-tab-title elementor-tab-mobile-title\" aria-selected=\"false\" data-tab=\"3\" role=\"tab\" tabindex=\"-1\" aria-controls=\"elementor-tab-content-3353\" aria-expanded=\"false\">2006<\/div>\n\t\t\t\t\t<div id=\"elementor-tab-content-3353\" class=\"elementor-tab-content elementor-clearfix\" data-tab=\"3\" role=\"tabpanel\" aria-labelledby=\"elementor-tab-title-3353\" tabindex=\"0\" hidden=\"hidden\"><p><img loading=\"lazy\" decoding=\"async\" class=\"size-medium wp-image-214 alignleft\" src=\"https:\/\/festivaldejaneiro.com\/wp-content\/uploads\/2021\/02\/2006-300x202.jpg\" alt=\"\" width=\"300\" height=\"202\" srcset=\"https:\/\/festivaldejaneiro.com\/wp-content\/uploads\/2021\/02\/2006-300x202.jpg 300w, https:\/\/festivaldejaneiro.com\/wp-content\/uploads\/2021\/02\/2006.jpg 379w\" sizes=\"(max-width: 300px) 100vw, 300px\" \/><\/p><p><span style=\"font-weight: 400;\">Em 2006 a terceira edi\u00e7\u00e3o do Festival em janeiro Teatro para Crian\u00e7a \u00e9 o maior barato, realizado pela Cia. F\u00e1brica de Sonhos em parceria com a Prefeitura Municipal de S\u00e3o Jos\u00e9 do Rio Preto, por meio da Secretaria de Cultura mudou de casa, passando a ser realizado no Teatro Municipal Humberto Sinibaldi Neto,\u00a0 a\u00a0 mudan\u00e7a ocorreu em virtude da expans\u00e3o do p\u00fablico, sendo necess\u00e1rio um teatro com maior capacidade e melhor estrutura\u00e7\u00e3o t\u00e9cnica.<\/span><br \/><br \/><span style=\"font-weight: 400;\">Nove companhias teatrais das cidades de S\u00e3o Jos\u00e9 do Rio Preto, Catanduva, Santa F\u00e9 do Sul e Ara\u00e7atuba, compuseram a grade de programa\u00e7\u00e3o, o que ampliou, assim, a participa\u00e7\u00e3o regional e, principalmente, contribuiu para que as sess\u00f5es tamb\u00e9m permanecessem lotadas.<\/span><br \/><br \/><\/p><ul><li style=\"font-weight: 400;\" aria-level=\"1\"><span style=\"font-weight: 400;\">Per\u00edodo de realiza\u00e7\u00e3o: 11 a 19 de janeiro de 2006<\/span><\/li><li style=\"font-weight: 400;\" aria-level=\"1\"><span style=\"font-weight: 400;\">Quantidade de apresenta\u00e7\u00f5es: 9<\/span><\/li><li style=\"font-weight: 400;\" aria-level=\"1\"><span style=\"font-weight: 400;\">Local: Teatro Municipal Humberto Sinibaldi Neto (424 lugares)<\/span><\/li><li style=\"font-weight: 400;\" aria-level=\"1\"><span style=\"font-weight: 400;\">P\u00fablico direto: 4.000 pessoas\u00a0<\/span><\/li><li style=\"font-weight: 400;\" aria-level=\"1\"><span style=\"font-weight: 400;\">P\u00fablico indireto: 60.000 pessoas<\/span><\/li><\/ul><p><br \/><span style=\"text-decoration: underline;\"><b>Programa\u00e7\u00e3o<\/b><\/span><\/p><p><b>Teatro Municipal Humberto Sinibaldi Neto<\/b><\/p><ul><li style=\"font-weight: 400;\" aria-level=\"1\"><span style=\"font-weight: 400;\">11 &#8211; Chapeuzinho Vermelho\/Cia. Milcenas (Catanduva)<\/span><\/li><li style=\"font-weight: 400;\" aria-level=\"1\"><span style=\"font-weight: 400;\">12 &#8211; O Palha\u00e7o e a Bailarina\/Cia. Da Boca (Rio Preto)<\/span><\/li><li style=\"font-weight: 400;\" aria-level=\"1\"><span style=\"font-weight: 400;\">13 &#8211; Em Algum Lugar perto do C\u00e9u\/Cia. Alquimia Teatral (Rio Preto)<\/span><\/li><li style=\"font-weight: 400;\" aria-level=\"1\"><span style=\"font-weight: 400;\">14 &#8211; Nina e Carambola\/Cia. Da Casa Amarela (Catanduva)<\/span><\/li><li style=\"font-weight: 400;\" aria-level=\"1\"><span style=\"font-weight: 400;\">15 &#8211; Como a Lua\/Cia. Palha\u00e7os Noturnos (Rio Preto)<\/span><\/li><li style=\"font-weight: 400;\" aria-level=\"1\"><span style=\"font-weight: 400;\">16 &#8211; O Castelo de Mulumi\/Grupo Girassol (Sta. F\u00e9 do Sul)<\/span><\/li><li style=\"font-weight: 400;\" aria-level=\"1\"><span style=\"font-weight: 400;\">17 &#8211; Jo\u00e3o e Maria\/Cia. Camelot (Rio Preto)<\/span><\/li><li style=\"font-weight: 400;\" aria-level=\"1\"><span style=\"font-weight: 400;\">18 &#8211; Um dia de Clown\/Os Pregadores do Riso (Ara\u00e7atuba)<\/span><\/li><li style=\"font-weight: 400;\" aria-level=\"1\"><span style=\"font-weight: 400;\">19 &#8211; O Le\u00e3o e o Ratinho\/Cia. F\u00e1brica de Sonhos (Rio Preto)<\/span><\/li><\/ul><\/div>\n\t\t\t\t\t\t\t\t\t<div class=\"elementor-tab-title elementor-tab-mobile-title\" aria-selected=\"false\" data-tab=\"4\" role=\"tab\" tabindex=\"-1\" aria-controls=\"elementor-tab-content-3354\" aria-expanded=\"false\">2007<\/div>\n\t\t\t\t\t<div id=\"elementor-tab-content-3354\" class=\"elementor-tab-content elementor-clearfix\" data-tab=\"4\" role=\"tabpanel\" aria-labelledby=\"elementor-tab-title-3354\" tabindex=\"0\" hidden=\"hidden\"><p><img loading=\"lazy\" decoding=\"async\" class=\"size-medium wp-image-215 alignleft\" src=\"https:\/\/festivaldejaneiro.com\/wp-content\/uploads\/2021\/02\/2007-300x225.jpg\" alt=\"\" width=\"300\" height=\"225\" srcset=\"https:\/\/festivaldejaneiro.com\/wp-content\/uploads\/2021\/02\/2007-300x225.jpg 300w, https:\/\/festivaldejaneiro.com\/wp-content\/uploads\/2021\/02\/2007-1024x768.jpg 1024w, https:\/\/festivaldejaneiro.com\/wp-content\/uploads\/2021\/02\/2007-768x576.jpg 768w, https:\/\/festivaldejaneiro.com\/wp-content\/uploads\/2021\/02\/2007-1536x1152.jpg 1536w, https:\/\/festivaldejaneiro.com\/wp-content\/uploads\/2021\/02\/2007-1568x1176.jpg 1568w, https:\/\/festivaldejaneiro.com\/wp-content\/uploads\/2021\/02\/2007.jpg 2048w\" sizes=\"(max-width: 300px) 100vw, 300px\" \/><\/p><p><span style=\"font-weight: 400;\">Em 2007, a quarta edi\u00e7\u00e3o do Festival em janeiro Teatro para Crian\u00e7a \u00e9 o maior barato, realizado pela Cia. F\u00e1brica de Sonhos em parceria com a Prefeitura Municipal de S\u00e3o Jos\u00e9 do Rio Preto, por meio da Secretaria de Cultura aconteceu no Teatro Municipal Humberto Sinibaldi Neto, em duas sess\u00f5es di\u00e1rias para melhor acesso do p\u00fablico, sendo a primeira \u00e0s 15h e a segunda \u00e0s 20h.\u00a0<\/span><\/p><p><span style=\"font-weight: 400;\">O Festival contou com a participa\u00e7\u00e3o de oito companhias das cidades de S\u00e3o Jos\u00e9 do Rio Preto, Catanduva e Bady Bassit. Neste ano tamb\u00e9m foram iniciadas uma grade de atividades formativas por meio de debates ap\u00f3s as apresenta\u00e7\u00f5es, com a participa\u00e7\u00e3o da Cia. e do p\u00fablico, com o intuito de contribuir com a discuss\u00e3o e o fortalecimento da produ\u00e7\u00e3o teatral para crian\u00e7as.\u00a0<\/span><\/p><p><span style=\"font-weight: 400;\">Mais uma vez tivemos quase a lota\u00e7\u00e3o completa de todas as\u00a0 sess\u00f5es.<\/span><\/p><ul><li style=\"font-weight: 400;\" aria-level=\"1\"><span style=\"font-weight: 400;\">Per\u00edodo de realiza\u00e7\u00e3o: 10 a 17 de janeiro de 2007<\/span><\/li><li style=\"font-weight: 400;\" aria-level=\"1\"><span style=\"font-weight: 400;\">Quantidade de apresenta\u00e7\u00f5es: 16<\/span><\/li><li style=\"font-weight: 400;\" aria-level=\"1\"><span style=\"font-weight: 400;\">Local: Teatro Municipal Humberto Sinibaldi Neto (424 lugares)<\/span><\/li><li style=\"font-weight: 400;\" aria-level=\"1\"><span style=\"font-weight: 400;\">P\u00fablico direto: 6.000 pessoas\u00a0<\/span><\/li><li style=\"font-weight: 400;\" aria-level=\"1\"><span style=\"font-weight: 400;\">P\u00fablico indireto: 60.000 pessoas<\/span><\/li><\/ul><p><span style=\"text-decoration: underline;\"><b>Programa\u00e7\u00e3o<\/b><\/span><\/p><p><b>Teatro Municipal Humberto Sinibaldi Neto<\/b><\/p><ul><li style=\"font-weight: 400;\" aria-level=\"1\"><span style=\"font-weight: 400;\">10\/01 \u2013 Pop para Crian\u00e7as \u2013 Cia. Virtual<\/span><\/li><li style=\"font-weight: 400;\" aria-level=\"1\"><span style=\"font-weight: 400;\">11\/01 \u2013 Candim \u2013 Cia. da Casa Amarela<\/span><\/li><li style=\"font-weight: 400;\" aria-level=\"1\"><span style=\"font-weight: 400;\">12\/01 \u2013 O Menino Maluquinho \u2013 Cia. Fragmentos da Arte<\/span><\/li><li style=\"font-weight: 400;\" aria-level=\"1\"><span style=\"font-weight: 400;\">13\/01 \u2013 O Le\u00e3o e o Ratinho \u2013 Cia. F\u00e1brica de Sonhos<\/span><\/li><li style=\"font-weight: 400;\" aria-level=\"1\"><span style=\"font-weight: 400;\">14\/01 \u2013 Amadeus \u2013 Ciacomica de Teatro de Bonecos<\/span><\/li><li style=\"font-weight: 400;\" aria-level=\"1\"><span style=\"font-weight: 400;\">15\/01 \u2013 Vit\u00f3ria R\u00e9gia \u2013 Phoenix Cia. Teatral<\/span><\/li><li style=\"font-weight: 400;\" aria-level=\"1\"><span style=\"font-weight: 400;\">16\/01 \u2013 Peter Pan \u2013 Cia. Burra de Teatro<\/span><\/li><li style=\"font-weight: 400;\" aria-level=\"1\"><span style=\"font-weight: 400;\">17\/01 \u2013 O Menino da Bolha M\u00e1gica \u2013 Cia. Palha\u00e7os Noturnos<\/span><\/li><\/ul><\/div>\n\t\t\t\t\t\t\t\t\t<div class=\"elementor-tab-title elementor-tab-mobile-title\" aria-selected=\"false\" data-tab=\"5\" role=\"tab\" tabindex=\"-1\" aria-controls=\"elementor-tab-content-3355\" aria-expanded=\"false\">2008<\/div>\n\t\t\t\t\t<div id=\"elementor-tab-content-3355\" class=\"elementor-tab-content elementor-clearfix\" data-tab=\"5\" role=\"tabpanel\" aria-labelledby=\"elementor-tab-title-3355\" tabindex=\"0\" hidden=\"hidden\"><p><img loading=\"lazy\" decoding=\"async\" class=\"size-medium wp-image-216 alignleft\" src=\"https:\/\/festivaldejaneiro.com\/wp-content\/uploads\/2021\/02\/2008-300x202.jpg\" alt=\"\" width=\"300\" height=\"202\" srcset=\"https:\/\/festivaldejaneiro.com\/wp-content\/uploads\/2021\/02\/2008-300x202.jpg 300w, https:\/\/festivaldejaneiro.com\/wp-content\/uploads\/2021\/02\/2008.jpg 379w\" sizes=\"(max-width: 300px) 100vw, 300px\" \/><\/p><p><span style=\"font-weight: 400;\">Em 2008, a quinta edi\u00e7\u00e3o do Festival em janeiro Teatro para Crian\u00e7a \u00e9 o maior barato realizado pela Cia. F\u00e1brica de Sonhos em parceria com a Prefeitura Municipal de S\u00e3o Jos\u00e9 do Rio Preto, por meio da Secretaria de Cultura passou a ocupar dois espa\u00e7os simultaneamente &#8211; o Teatros Municipal Humberto Sinibaldi Neto e o Teatro Municipal Nelson Castro com sess\u00f5es di\u00e1rias \u00e0s 15h e 19h no primeiro e \u00e0s 16h e 20h no segundo. Participaram oito companhias vindas das cidades de S\u00e3o Jos\u00e9 do Rio Preto, Catanduva, Bady Bassit e Mirassol.\u00a0<\/span><\/p><p><span style=\"font-weight: 400;\">Al\u00e9m da amplia\u00e7\u00e3o do n\u00famero de cidades e apresenta\u00e7\u00f5es, tamb\u00e9m foram iniciadas atividades formativas relacionadas a produ\u00e7\u00e3o teatral para crian\u00e7as, visando ampliar a reflex\u00e3o sobre a produ\u00e7\u00e3o teatral para crian\u00e7as.\u00a0<\/span><\/p><p><span style=\"font-weight: 400;\">Workshops: \u201cO teatro como instrumento de arte-educa\u00e7\u00e3o\u201d, ministrado por Beta Cunha e Marlon Morelli, e \u201cOs processos colaborativos do teatro\u201d, ministrado por Alessandro Toller. Como nas edi\u00e7\u00f5es anteriores, permaneceram os debates ap\u00f3s as apresenta\u00e7\u00f5es e, mais uma vez, a quantidade de espectadores ficou dentro das expectativas do Festival.<\/span><\/p><ul><li style=\"font-weight: 400;\" aria-level=\"1\"><span style=\"font-weight: 400;\">Per\u00edodo de realiza\u00e7\u00e3o: 10 a 17 de janeiro de 2008<\/span><\/li><li style=\"font-weight: 400;\" aria-level=\"1\"><span style=\"font-weight: 400;\">Quantidade de apresenta\u00e7\u00f5es: 32<\/span><\/li><li style=\"font-weight: 400;\" aria-level=\"1\"><span style=\"font-weight: 400;\">Local: Teatros Municipais Humberto Sinibaldi Neto (424 lugares) e Nelson Castro (200 lugares)<\/span><\/li><li style=\"font-weight: 400;\" aria-level=\"1\"><span style=\"font-weight: 400;\">P\u00fablico direto: 6.500 pessoas\u00a0<\/span><\/li><li style=\"font-weight: 400;\" aria-level=\"1\"><span style=\"font-weight: 400;\">P\u00fablico indireto: 70.000 pessoas<\/span><\/li><\/ul><p><span style=\"text-decoration: underline;\"><b>Programa\u00e7\u00e3o<\/b><\/span><\/p><p><b>Teatro Municipal Humberto Sinibaldi Neto<\/b><\/p><ul><li style=\"font-weight: 400;\" aria-level=\"1\"><span style=\"font-weight: 400;\">10 &#8211; O Palha\u00e7o e a Bailarina \u2013 Cia. da Boca<\/span><\/li><li style=\"font-weight: 400;\" aria-level=\"1\"><span style=\"font-weight: 400;\">11 &#8211; Pav\u00e3o Misterioso \u2013 Cia. forr\u00f3bod\u00f3<\/span><\/li><li style=\"font-weight: 400;\" aria-level=\"1\"><span style=\"font-weight: 400;\">12 &#8211; Pr\u00edncipes Desencantados \u2013 Cia. Arena<\/span><\/li><li style=\"font-weight: 400;\" aria-level=\"1\"><span style=\"font-weight: 400;\">13 &#8211; Jo\u00e3o e Maria \u2013 Cia. F\u00e1brica de Sonhos<\/span><\/li><li style=\"font-weight: 400;\" aria-level=\"1\"><span style=\"font-weight: 400;\">14 &#8211; Rouxinol e a Rosa \u2013 M\u00eddia Produ\u00e7\u00f5es<\/span><\/li><li style=\"font-weight: 400;\" aria-level=\"1\"><span style=\"font-weight: 400;\">15 &#8211; Pin\u00f3quio \u2013 Cia. Girasonhos<\/span><\/li><li style=\"font-weight: 400;\" aria-level=\"1\"><span style=\"font-weight: 400;\">16 &#8211; O Pequeno Imperador \u2013 Cia. Ribalta<\/span><\/li><li style=\"font-weight: 400;\" aria-level=\"1\"><span style=\"font-weight: 400;\">17 &#8211; A Princesa Diva, A Divinha \u2013 Cia. da Boca<\/span><\/li><\/ul><p><span style=\"text-decoration: underline;\"><b>Programa\u00e7\u00e3o<\/b><\/span><\/p><p><b>Teatro Municipal Nelson Castro<\/b><\/p><ul><li style=\"font-weight: 400;\" aria-level=\"1\"><span style=\"font-weight: 400;\">10 &#8211; Pr\u00edncipes Desencantados &#8211; Cia. Arena<\/span><\/li><li style=\"font-weight: 400;\" aria-level=\"1\"><span style=\"font-weight: 400;\">11 &#8211; Rouxinol e a Rosa &#8211; M\u00eddia Produ\u00e7\u00f5es<\/span><\/li><li style=\"font-weight: 400;\" aria-level=\"1\"><span style=\"font-weight: 400;\">12 &#8211; O Palha\u00e7o e a Bailarina &#8211; Cia. da Boca<\/span><\/li><li style=\"font-weight: 400;\" aria-level=\"1\"><span style=\"font-weight: 400;\">13 &#8211; A Princesa Diva, A Divinha &#8211; Cia. da Boca<\/span><\/li><li style=\"font-weight: 400;\" aria-level=\"1\"><span style=\"font-weight: 400;\">14 &#8211; O Pequeno Imperador<\/span><\/li><li style=\"font-weight: 400;\" aria-level=\"1\"><span style=\"font-weight: 400;\">15 &#8211; Pav\u00e3o Misterioso &#8211; Cia. Forrobod\u00f3<\/span><\/li><li style=\"font-weight: 400;\" aria-level=\"1\"><span style=\"font-weight: 400;\">16 &#8211; Jo\u00e3o e Maria &#8211; Cia. F\u00e1brica de Sonhos<\/span><\/li><li style=\"font-weight: 400;\" aria-level=\"1\"><span style=\"font-weight: 400;\">17 &#8211; Pin\u00f3quio &#8211; Cia. Girasonhos<\/span><\/li><\/ul><\/div>\n\t\t\t\t\t\t\t\t\t<div class=\"elementor-tab-title elementor-tab-mobile-title\" aria-selected=\"false\" data-tab=\"6\" role=\"tab\" tabindex=\"-1\" aria-controls=\"elementor-tab-content-3356\" aria-expanded=\"false\">2009<\/div>\n\t\t\t\t\t<div id=\"elementor-tab-content-3356\" class=\"elementor-tab-content elementor-clearfix\" data-tab=\"6\" role=\"tabpanel\" aria-labelledby=\"elementor-tab-title-3356\" tabindex=\"0\" hidden=\"hidden\"><p><img loading=\"lazy\" decoding=\"async\" class=\"size-medium wp-image-217 alignleft\" src=\"https:\/\/festivaldejaneiro.com\/wp-content\/uploads\/2021\/02\/2009-300x225.jpg\" alt=\"\" width=\"300\" height=\"225\" srcset=\"https:\/\/festivaldejaneiro.com\/wp-content\/uploads\/2021\/02\/2009-300x225.jpg 300w, https:\/\/festivaldejaneiro.com\/wp-content\/uploads\/2021\/02\/2009-1024x768.jpg 1024w, https:\/\/festivaldejaneiro.com\/wp-content\/uploads\/2021\/02\/2009-768x576.jpg 768w, https:\/\/festivaldejaneiro.com\/wp-content\/uploads\/2021\/02\/2009-1536x1152.jpg 1536w, https:\/\/festivaldejaneiro.com\/wp-content\/uploads\/2021\/02\/2009-1568x1176.jpg 1568w, https:\/\/festivaldejaneiro.com\/wp-content\/uploads\/2021\/02\/2009.jpg 2048w\" sizes=\"(max-width: 300px) 100vw, 300px\" \/><\/p><p><span style=\"font-weight: 400;\">Em 2009 a sexta edi\u00e7\u00e3o do Festival em janeiro Teatro para Crian\u00e7a \u00e9 o maior barato realizado pela Cia. F\u00e1brica de Sonhos contou pela primeira vez com a parceria do Governo do Estado de S\u00e3o Paulo, por meio da Secretaria da Cultura, do Proac Edital e da Assaoc (Oficina Cultural Regional Fred Navarro) o que possibilitou uma verticaliza\u00e7\u00e3o na programa\u00e7\u00e3o do\u00a0 Festival que ocupou o Teatro Municipal Humberto Sinibaldi Neto, Teatro Municipal Nelson Castro,\u00a0 Oficina Cultural Regional\u00a0 Fred Navarro e, ainda, ruas e pra\u00e7as da cidade. Participaram dez companhias teatrais das cidades S\u00e3o Jos\u00e9 do Rio Preto, Catanduva, Votuporanga e Tanabi.\u00a0<\/span><\/p><p><span style=\"font-weight: 400;\">A grade de atividades formativas. Al\u00e9m debates em todos os espet\u00e1culos contou ainda com tr\u00eas workshops: \u201cA Voz e a Cena\u201d, ministrado por Elaine Matsumori, \u201cDramaturgia\u201d, ministrado por Cintia Alves e \u201cO Teatro como Instrumento de arte-educa\u00e7\u00e3o\u201d, ministrado por Beta Cunha, todos realizados no espa\u00e7o da Oficina Cultural Regional Fred Navarro e com limite m\u00e1ximo de participantes.\u00a0<\/span><\/p><p><span style=\"font-weight: 400;\">Mais uma vez as sess\u00f5es estiveram dentro das expectativas do Festival.<\/span><\/p><ul><li style=\"font-weight: 400;\" aria-level=\"1\"><span style=\"font-weight: 400;\">Per\u00edodo de realiza\u00e7\u00e3o: 10 a 17 de janeiro de 2009<\/span><\/li><li style=\"font-weight: 400;\" aria-level=\"1\"><span style=\"font-weight: 400;\">Quantidade de apresenta\u00e7\u00f5es: 37<\/span><\/li><li style=\"font-weight: 400;\" aria-level=\"1\"><span style=\"font-weight: 400;\">Quantidade de atividades formativas: 13<\/span><\/li><li style=\"font-weight: 400;\" aria-level=\"1\"><span style=\"font-weight: 400;\">Local: Tetros Municipais Humberto Sinibaldi Neto (424 lugares) e Nelson Castro (200 lugares), OCR Fred Navarro e Ruas e Pra\u00e7as<\/span><\/li><li style=\"font-weight: 400;\" aria-level=\"1\"><span style=\"font-weight: 400;\">P\u00fablico direto: 7.500 pessoas\u00a0<\/span><\/li><li style=\"font-weight: 400;\" aria-level=\"1\"><span style=\"font-weight: 400;\">P\u00fablico indireto: 100.000 pessoas<\/span><\/li><\/ul><p><span style=\"text-decoration: underline;\"><b>Programa\u00e7\u00e3o<\/b><\/span><\/p><p><b>Teatro Municipal Humberto Sinibaldi Neto\u00a0<\/b><\/p><ul><li style=\"font-weight: 400;\" aria-level=\"1\"><span style=\"font-weight: 400;\">10 &#8211; A Princesa Diva Advinha &#8211; Cia. da Boca (S\u00e3o Jos\u00e9 do Rio Preto\/SP)<\/span><\/li><li style=\"font-weight: 400;\" aria-level=\"1\"><span style=\"font-weight: 400;\">11 &#8211; Os Tr\u00eas Porquinhos e o Lobo Trapalh\u00e3o &#8211; Cia. Arte M\u00eddia (S\u00e3o Jos\u00e9 do Rio Preto\/SP)<\/span><\/li><li style=\"font-weight: 400;\" aria-level=\"1\"><span style=\"font-weight: 400;\">12 &#8211; O Agente Ambiental Mirim &#8211; Grupo Teatral Riopretense (S\u00e3o Jos\u00e9 do Rio Preto\/SP)<\/span><\/li><li style=\"font-weight: 400;\" aria-level=\"1\"><span style=\"font-weight: 400;\">13 &#8211; O Catador de Pap\u00e9is &#8211; Grupo de Teatro de Tanabi (Tanabi\/SP)<\/span><\/li><li style=\"font-weight: 400;\" aria-level=\"1\"><span style=\"font-weight: 400;\">14 &#8211; As Aventuras de Pinocchio &#8211; Cia. Girasonhos (Catanduva\/SP)<\/span><\/li><li style=\"font-weight: 400;\" aria-level=\"1\"><span style=\"font-weight: 400;\">15 &#8211; Nina e Carambola &#8211; Cia. da Casa Amarela (Catanduva\/SP)<\/span><\/li><li style=\"font-weight: 400;\" aria-level=\"1\"><span style=\"font-weight: 400;\">16 &#8211; Branca de Neve&#8230; &#8211; Cia. Livre de Teatro (S\u00e3o Jos\u00e9 do Rio Preto\/SP)<\/span><\/li><li style=\"font-weight: 400;\" aria-level=\"1\"><span style=\"font-weight: 400;\">17 &#8211; O Le\u00e3o e o Ratinho &#8211; Cia. F\u00e1brica de Sonhos (S\u00e3o Jos\u00e9 do Rio Preto\/SP)<\/span><\/li><\/ul><p><span style=\"text-decoration: underline;\"><b>Programa\u00e7\u00e3o<\/b><\/span><\/p><p><b>Teatro Municipal Nelson Castro\u00a0<\/b><\/p><ul><li style=\"font-weight: 400;\" aria-level=\"1\"><span style=\"font-weight: 400;\">10 &#8211; O Le\u00e3o e o Ratinho &#8211; Cia. F\u00e1brica de Sonhos (S\u00e3o Jos\u00e9 do Rio Preto\/SP)<\/span><\/li><li style=\"font-weight: 400;\" aria-level=\"1\"><span style=\"font-weight: 400;\">11 &#8211; A Princesa Diva Advinha &#8211; Cia. da boca (S\u00e3o Jos\u00e9 do Rio Preto\/SP)<\/span><\/li><li style=\"font-weight: 400;\" aria-level=\"1\"><span style=\"font-weight: 400;\">12 &#8211; Os Tr\u00eas Porquinhos e o Lobo Trapalh\u00e3o &#8211; Cia. Arte M\u00eddia (S\u00e3o Jos\u00e9 do Rio Preto\/SP)<\/span><\/li><li style=\"font-weight: 400;\" aria-level=\"1\"><span style=\"font-weight: 400;\">13 &#8211; O Agente Ambiental Mirim &#8211; Grupo Teatral Riopretense (S\u00e3o Jos\u00e9 do Rio Preto\/SP)<\/span><\/li><li style=\"font-weight: 400;\" aria-level=\"1\"><span style=\"font-weight: 400;\">14 &#8211; O Catador de Pap\u00e9is &#8211; Grupo de Teatro de tanabi (Tanabi\/SP)<\/span><\/li><li style=\"font-weight: 400;\" aria-level=\"1\"><span style=\"font-weight: 400;\">15 &#8211; As Aventuras de Pinocchio &#8211; Cia. Girasonhos (Catanduva\/SP)<\/span><\/li><li style=\"font-weight: 400;\" aria-level=\"1\"><span style=\"font-weight: 400;\">16 &#8211; Nina e Carambola &#8211; Cia. da Casa Amarela (Catanduva\/SP)\u00a0<\/span><\/li><li style=\"font-weight: 400;\" aria-level=\"1\"><span style=\"font-weight: 400;\">17 &#8211; Branca de Neve&#8230; &#8211; (S\u00e3o Jos\u00e9 do Rio Preto\/SP)<\/span><\/li><\/ul><p><span style=\"text-decoration: underline;\"><b>Programa\u00e7\u00e3o<\/b><\/span><\/p><p><b>Espa\u00e7o P\u00fablicos<\/b><\/p><ul><li style=\"font-weight: 400;\" aria-level=\"1\"><span style=\"font-weight: 400;\">12\/01 &#8211; Pra\u00e7a Rui Barbosa &#8211; O Pav\u00e3o Misterioso &#8211; Cia. Forrobod\u00f3 (S\u00e3o Jos\u00e9 do Rio Preto\/SP)<\/span><\/li><li style=\"font-weight: 400;\" aria-level=\"1\"><span style=\"font-weight: 400;\">13\/01- Pra\u00e7a Rui Barbosa-Quem roubou o Branco do Mundo &#8211; Cia. Teatral Express\u00e3o (Votuporanga\/SP)<\/span><\/li><li style=\"font-weight: 400;\" aria-level=\"1\"><span style=\"font-weight: 400;\">14\/01 &#8211; OCR Fred Navarro &#8211; O Pav\u00e3o Misterioso &#8211; Cia. Forrobod\u00f3 (S\u00e3o Jos\u00e9 do Rio Preto\/SP)<\/span><\/li><li style=\"font-weight: 400;\" aria-level=\"1\"><span style=\"font-weight: 400;\">15\/01- OCR Fred Navarro-Quem roubou o Branco do Mundo &#8211; Cia. Teatral Express\u00e3o (Votuporanga\/SP)<\/span><\/li><li style=\"font-weight: 400;\" aria-level=\"1\"><span style=\"font-weight: 400;\">16 &#8211; Represa Municipal &#8211; O Pav\u00e3o Misterioso &#8211; Cia. Forrobod\u00f3 (S\u00e3o Jos\u00e9 do Rio Preto\/SP)<\/span><\/li><\/ul><p><span style=\"text-decoration: underline;\"><b>Programa\u00e7\u00e3o<\/b><\/span><\/p><p><b>Atividades Formativas \u2013 OCR Fred Navarro\u00a0<\/b><\/p><ul><li style=\"font-weight: 400;\" aria-level=\"1\"><span style=\"font-weight: 400;\">12 &#8211; O Teatro como instrumento de Arte e Educa\u00e7\u00e3o &#8211; Beta Cunha (S\u00e3o Jos\u00e9 do Rio Preto\/SP)<\/span><\/li><li style=\"font-weight: 400;\" aria-level=\"1\"><span style=\"font-weight: 400;\">14 &#8211; Dramaturgia &#8211; Cintia Alves (Catanduva\/SP)<\/span><\/li><li style=\"font-weight: 400;\" aria-level=\"1\"><span style=\"font-weight: 400;\">16 &#8211; A Voz e a Cena \u2013 Elaine Matsumori (S\u00e3o Jos\u00e9 do Rio Preto\/SP)<\/span><\/li><\/ul><\/div>\n\t\t\t\t\t\t\t\t\t<div class=\"elementor-tab-title elementor-tab-mobile-title\" aria-selected=\"false\" data-tab=\"7\" role=\"tab\" tabindex=\"-1\" aria-controls=\"elementor-tab-content-3357\" aria-expanded=\"false\">2010<\/div>\n\t\t\t\t\t<div id=\"elementor-tab-content-3357\" class=\"elementor-tab-content elementor-clearfix\" data-tab=\"7\" role=\"tabpanel\" aria-labelledby=\"elementor-tab-title-3357\" tabindex=\"0\" hidden=\"hidden\"><p><img loading=\"lazy\" decoding=\"async\" class=\"size-medium wp-image-218 alignleft\" src=\"https:\/\/festivaldejaneiro.com\/wp-content\/uploads\/2021\/02\/2010-300x201.jpg\" alt=\"\" width=\"300\" height=\"201\" srcset=\"https:\/\/festivaldejaneiro.com\/wp-content\/uploads\/2021\/02\/2010-300x201.jpg 300w, https:\/\/festivaldejaneiro.com\/wp-content\/uploads\/2021\/02\/2010.jpg 640w\" sizes=\"(max-width: 300px) 100vw, 300px\" \/><\/p><p><span style=\"font-weight: 400;\">Em 2010, a s\u00e9tima edi\u00e7\u00e3o do Festival em janeiro Teatro para Crian\u00e7a \u00e9 o maior barato realizado pela Cia. F\u00e1brica de Sonhos em parceria com a Prefeitura Municipal de S\u00e3o Jos\u00e9 do Rio Preto por meio da Secretaria de Cultura aconteceu no Teatro Municipal Humberto Sinibaldi Neto e contou com vinte apresenta\u00e7\u00f5es teatrais, dez debates sobre os espet\u00e1culos apresentado e ainda duas rodas de troca sobre os temas: Interpreta\u00e7\u00e3o e Dire\u00e7\u00e3o.\u00a0 Foram realizados tamb\u00e9m tr\u00eas workshops: \u201cA voz, um instrumento do ator\u201d, com Elaine Matsumori, \u201cO Teatro como ferramenta de arte-educa\u00e7\u00e3o\u201d com Walter M\u00e1ximo e \u201cEncontro de palha\u00e7os\u201d com Fl\u00e1vio Estev\u00e3o e Vagner Silva.\u00a0<\/span><\/p><p><span style=\"font-weight: 400;\">Uma vez mais as sess\u00f5es estiveram lotadas, com venda de ingressos extras para algumas sess\u00f5es.<\/span><\/p><ul><li style=\"font-weight: 400;\" aria-level=\"1\"><span style=\"font-weight: 400;\">Per\u00edodo de realiza\u00e7\u00e3o: 10 a 19 de janeiro de 2010<\/span><\/li><li style=\"font-weight: 400;\" aria-level=\"1\"><span style=\"font-weight: 400;\">Quantidade de apresenta\u00e7\u00f5es: 20<\/span><\/li><li style=\"font-weight: 400;\" aria-level=\"1\"><span style=\"font-weight: 400;\">Quantidade de atividades formativas: 15<\/span><\/li><li style=\"font-weight: 400;\" aria-level=\"1\"><span style=\"font-weight: 400;\">Local: Teatro Municipal Humberto Sinibaldi Neto (424 lugares) e OCR Fred Navarro P\u00fablico direto: 10.000 pessoas\u00a0<\/span><\/li><li style=\"font-weight: 400;\" aria-level=\"1\"><span style=\"font-weight: 400;\">P\u00fablico indireto: 100.000 pessoas<\/span><\/li><\/ul><p><span style=\"text-decoration: underline;\"><b>Programa\u00e7\u00e3o<\/b><\/span><\/p><p><b>Teatro Municipal Humberto Sinibaldi Neto\u00a0<\/b><\/p><ul><li style=\"font-weight: 400;\" aria-level=\"1\"><span style=\"font-weight: 400;\">10 &#8211; \u201cO Le\u00e3o e o Ratinho\u201d &#8211; Cia. F\u00e1brica de Sonhos (S\u00e3o Jos\u00e9 do Rio Preto\/SP)<\/span><\/li><li style=\"font-weight: 400;\" aria-level=\"1\"><span style=\"font-weight: 400;\">11 &#8211; \u201cO Flautista de Hamelin\u201d \u2013 Cia. Boccaccione (Ribeir\u00e3o Preto\/SP)<\/span><\/li><li style=\"font-weight: 400;\" aria-level=\"1\"><span style=\"font-weight: 400;\">12 &#8211; \u201cA Sopa de Pedra\u201d \u2013 Cia. Burra de Teatro (Guapia\u00e7u\/SP)<\/span><\/li><li style=\"font-weight: 400;\" aria-level=\"1\"><span style=\"font-weight: 400;\">13 &#8211; \u201cLiz Eu e o P\u00e1ssaro Encantado\u201d \u2013 Cia. S\u00f3 Riso (S\u00e3o Jos\u00e9 do Rio Preto\/SP)<\/span><\/li><li style=\"font-weight: 400;\" aria-level=\"1\"><span style=\"font-weight: 400;\">14 &#8211; \u201cTa\u00ed&#8230;Na-ni-ca!!!\u201d \u2013 Cia. da Casa Amarela (Catanduva\/SP)<\/span><\/li><li style=\"font-weight: 400;\" aria-level=\"1\"><span style=\"font-weight: 400;\">15 &#8211; \u201cSonhos de Palha\u00e7os\u201d \u2013 Grupo Os pregadores do Riso (Ara\u00e7atuba\/SP)\u00a0<\/span><\/li><li style=\"font-weight: 400;\" aria-level=\"1\"><span style=\"font-weight: 400;\">16 &#8211; \u201cCirco de Quintal\u201d \u2013 Cia. Teatral Amado Amado (Birigui\/SP)<\/span><\/li><li style=\"font-weight: 400;\" aria-level=\"1\"><span style=\"font-weight: 400;\">17 &#8211; \u201cOs Tr\u00eas Porquinhos\u201d \u2013 Cia. Arte M\u00eddia (S\u00e3o Jos\u00e9 do Rio Preto\/SP)\u00a0<\/span><\/li><li style=\"font-weight: 400;\" aria-level=\"1\"><span style=\"font-weight: 400;\">18 &#8211; \u201cQuem Conta um Conto Aumenta um Ponto\u201d \u2013 Cia. Vozes (Fernand\u00f3polis\/SP)<\/span><\/li><li style=\"font-weight: 400;\" aria-level=\"1\"><span style=\"font-weight: 400;\">19 &#8211; \u201cAs Aventuras de Pin\u00f3cchio\u201d \u2013 Cia. Girasonhos (S\u00e3o Jos\u00e9 do Rio Preto\/SP)\u00a0<\/span><\/li><\/ul><p><span style=\"text-decoration: underline;\"><b>Programa\u00e7\u00e3o<\/b><\/span><\/p><p><b>Atividades Formativas &#8211; OCR Fred Navarro\u00a0<\/b><\/p><ul><li style=\"font-weight: 400;\" aria-level=\"1\"><span style=\"font-weight: 400;\">11 &#8211; Roda de troca &#8211; Interpreta\u00e7\u00e3o e Dire\u00e7\u00e3o<\/span><\/li><li style=\"font-weight: 400;\" aria-level=\"1\"><span style=\"font-weight: 400;\">12 &#8211; \u201cA voz, um instrumento do ator\u201d, com Elaine Matsumori<\/span><\/li><li style=\"font-weight: 400;\" aria-level=\"1\"><span style=\"font-weight: 400;\">16 &#8211; \u201cO Teatro como ferramenta de arte-educa\u00e7\u00e3o\u201d com Walter M\u00e1ximo<\/span><\/li><li style=\"font-weight: 400;\" aria-level=\"1\"><span style=\"font-weight: 400;\">18 &#8211; \u201cEncontro de palha\u00e7os\u201d com Fl\u00e1vio Estev\u00e3o e Vagner Silva<\/span><\/li><\/ul><\/div>\n\t\t\t\t\t\t\t\t\t<div class=\"elementor-tab-title elementor-tab-mobile-title\" aria-selected=\"false\" data-tab=\"8\" role=\"tab\" tabindex=\"-1\" aria-controls=\"elementor-tab-content-3358\" aria-expanded=\"false\">2011<\/div>\n\t\t\t\t\t<div id=\"elementor-tab-content-3358\" class=\"elementor-tab-content elementor-clearfix\" data-tab=\"8\" role=\"tabpanel\" aria-labelledby=\"elementor-tab-title-3358\" tabindex=\"0\" hidden=\"hidden\"><p><img loading=\"lazy\" decoding=\"async\" class=\"size-medium wp-image-219 alignleft\" src=\"https:\/\/festivaldejaneiro.com\/wp-content\/uploads\/2021\/02\/2011-300x200.jpg\" alt=\"\" width=\"300\" height=\"200\" srcset=\"https:\/\/festivaldejaneiro.com\/wp-content\/uploads\/2021\/02\/2011-300x200.jpg 300w, https:\/\/festivaldejaneiro.com\/wp-content\/uploads\/2021\/02\/2011-1024x682.jpg 1024w, https:\/\/festivaldejaneiro.com\/wp-content\/uploads\/2021\/02\/2011-768x512.jpg 768w, https:\/\/festivaldejaneiro.com\/wp-content\/uploads\/2021\/02\/2011-1536x1024.jpg 1536w, https:\/\/festivaldejaneiro.com\/wp-content\/uploads\/2021\/02\/2011-1568x1045.jpg 1568w, https:\/\/festivaldejaneiro.com\/wp-content\/uploads\/2021\/02\/2011.jpg 2000w\" sizes=\"(max-width: 300px) 100vw, 300px\" \/><\/p><p><span style=\"font-weight: 400;\">Em 2011, a oitava edi\u00e7\u00e3o do Festival em janeiro Teatro para Crian\u00e7a \u00e9 o maior barato realizado pela Cia. F\u00e1brica de Sonhos em parceria com a Prefeitura Municipal de S\u00e3o Jos\u00e9 do Rio Preto por meio da Secretaria de Cultura aconteceu no Teatro Municipal Humberto Sinibaldi Neto, Pra\u00e7a Rui Barbosa OCR<\/span><\/p><p><span style=\"font-weight: 400;\">Foram vinte apresenta\u00e7\u00f5es, vinte debates sobre os espet\u00e1culos apresentados e quatro workshops: \u201cA Palavra na Boca do Ator\u201d, com Juliana Calligaris, \u201cDespertando Potencialidades atrav\u00e9s do Teatro\u201d, com Walter M\u00e1ximo, \u201cO Treinamento do Ator\u201d, com Fabiano Amigucci e \u201cUma conversa sobre o Teatro pra Crian\u00e7a\u201d, com Homero Ferreira. Todas as sess\u00f5es estiveram lotadas, com venda de ingressos extras para algumas apresenta\u00e7\u00f5es.<\/span><\/p><ul><li style=\"font-weight: 400;\" aria-level=\"1\"><span style=\"font-weight: 400;\">Per\u00edodo de realiza\u00e7\u00e3o: 8 a 18 de janeiro de 2011<\/span><\/li><li style=\"font-weight: 400;\" aria-level=\"1\"><span style=\"font-weight: 400;\">Quantidade de apresenta\u00e7\u00f5es: 22<\/span><\/li><li style=\"font-weight: 400;\" aria-level=\"1\"><span style=\"font-weight: 400;\">Quantidade de atividades formativas: 13<\/span><\/li><li style=\"font-weight: 400;\" aria-level=\"1\"><span style=\"font-weight: 400;\">Local: Teatro Municipal Humberto Sinibaldi Neto (424 lugares), Pra\u00e7a Rui Barbosa e OCR Fred Navarro<\/span><\/li><li style=\"font-weight: 400;\" aria-level=\"1\"><span style=\"font-weight: 400;\">P\u00fablico direto: 12.000 pessoas\u00a0<\/span><\/li><li style=\"font-weight: 400;\" aria-level=\"1\"><span style=\"font-weight: 400;\">P\u00fablico indireto: 120.000 pessoas<\/span><\/li><\/ul><p><span style=\"text-decoration: underline;\"><b>Programa\u00e7\u00e3o<\/b><\/span><\/p><p><b>Pra\u00e7a Rui Barbosa\u00a0<\/b><\/p><ul><li style=\"font-weight: 400;\" aria-level=\"1\"><span style=\"font-weight: 400;\">8 &#8211; \u201cA Princesa Diva, A divinha\u201d \u2013 Cia. Da Boca (S\u00e3o Jos\u00e9 do Rio Preto\/SP)<\/span><\/li><li style=\"font-weight: 400;\" aria-level=\"1\"><span style=\"font-weight: 400;\">15 &#8211; Circo de Quintal \u2013 Cia. Amado Amado (Birigui\/SP)<\/span><\/li><\/ul><p><span style=\"text-decoration: underline;\"><b>Programa\u00e7\u00e3o<\/b><\/span><\/p><p><b>Teatro Municipal Humberto Sinibaldi Neto\u00a0<\/b><\/p><ul><li style=\"font-weight: 400;\" aria-level=\"1\"><span style=\"font-weight: 400;\">9 \u2013 \u201cA Fabulosa Aventura de Jo\u00e3o e Maria\u201d \u2013 Cia. F\u00e1brica de Sonhos (S\u00e3o Jos\u00e9 do Rio Preto\/SP)<\/span><\/li><li style=\"font-weight: 400;\" aria-level=\"1\"><span style=\"font-weight: 400;\">10 &#8211; \u201cA mulher que matou os peixes \u2013 Cia. Poleiro dos Anjos\u201d (S\u00e3o Jos\u00e9 do Rio Preto\/SP)<\/span><\/li><li style=\"font-weight: 400;\" aria-level=\"1\"><span style=\"font-weight: 400;\">11 \u2013 Marcelo, Marmelo, Martelo \u2013 Cia. Azul Celeste (S\u00e3o Jos\u00e9 do Rio Preto\/SP)<\/span><\/li><li style=\"font-weight: 400;\" aria-level=\"1\"><span style=\"font-weight: 400;\">12 \u2013 Dooutrolado \u2013 Cia. Girasonhos (S\u00e3o Jos\u00e9 do Rio Preto\/SP)<\/span><\/li><li style=\"font-weight: 400;\" aria-level=\"1\"><span style=\"font-weight: 400;\">13 \u2013 Vincent, por um toque de amarelo \u2013 Cia da Casa Amarela (Catanduva\/SP)<\/span><\/li><li style=\"font-weight: 400;\" aria-level=\"1\"><span style=\"font-weight: 400;\">14 \u2013 O P\u00e1ssaro das Mil Cores \u2013 Cia. Bocccione (Ribeir\u00e3o Preto\/SP)<\/span><\/li><li style=\"font-weight: 400;\" aria-level=\"1\"><span style=\"font-weight: 400;\">15 \u2013 Vingativa \u2013 Ciac\u00f4mica. De Teatro de Bonecos (S\u00e3o Jos\u00e9 do Rio Preto\/SP)<\/span><\/li><li style=\"font-weight: 400;\" aria-level=\"1\"><span style=\"font-weight: 400;\">16 \u2013 O Pequeno Pr\u00edncipe \u2013 Arte M\u00eddia Produ\u00e7\u00f5es Art\u00edsticas (S\u00e3o Jos\u00e9 do Rio Preto\/SP)<\/span><\/li><li style=\"font-weight: 400;\" aria-level=\"1\"><span style=\"font-weight: 400;\">17 \u2013 Sol &amp; Lua \u2013 Cia. C\u00eanica \u2013 N\u00facleo de Forma\u00e7\u00e3o\u00a0AACM (Mirassol\u00e2ndia\/SP)<\/span><\/li><li style=\"font-weight: 400;\" aria-level=\"1\"><span style=\"font-weight: 400;\">18 \u2013 Sonhos de Palha\u00e7os \u2013 Cia. Pregadores do Riso (Ara\u00e7atuba)<\/span><\/li><\/ul><p><span style=\"text-decoration: underline;\"><b>Programa\u00e7\u00e3o\u00a0<\/b><\/span><\/p><p><b>Atividades Formativas \u2013 OCR Fred Navarro<\/b><\/p><ul><li style=\"font-weight: 400;\" aria-level=\"1\"><span style=\"font-weight: 400;\">11 \u2013 \u201cA Palavra na boca do ator\u201d com Juliana Calligaris<\/span><\/li><li style=\"font-weight: 400;\" aria-level=\"1\"><span style=\"font-weight: 400;\">12 &#8211; \u201cO Treinamento do Ator\u201d com Fabiano Amigucci<\/span><\/li><li style=\"font-weight: 400;\" aria-level=\"1\"><span style=\"font-weight: 400;\">13 &#8211; \u201cDespertando potencialidades atrav\u00e9s do Teatro\u201d com Walter M\u00e1ximo<\/span><\/li><li style=\"font-weight: 400;\" aria-level=\"1\"><span style=\"font-weight: 400;\">14 &#8211; \u201cUma conversa sobre o teatro pra crian\u00e7a\u201d com Homero Ferreira<\/span><\/li><\/ul><\/div>\n\t\t\t\t\t\t\t\t\t<div class=\"elementor-tab-title elementor-tab-mobile-title\" aria-selected=\"false\" data-tab=\"9\" role=\"tab\" tabindex=\"-1\" aria-controls=\"elementor-tab-content-3359\" aria-expanded=\"false\">2012<\/div>\n\t\t\t\t\t<div id=\"elementor-tab-content-3359\" class=\"elementor-tab-content elementor-clearfix\" data-tab=\"9\" role=\"tabpanel\" aria-labelledby=\"elementor-tab-title-3359\" tabindex=\"0\" hidden=\"hidden\"><p><img loading=\"lazy\" decoding=\"async\" class=\"size-medium wp-image-226 alignleft\" src=\"https:\/\/festivaldejaneiro.com\/wp-content\/uploads\/2021\/02\/2012-300x200.png\" alt=\"\" width=\"300\" height=\"200\" srcset=\"https:\/\/festivaldejaneiro.com\/wp-content\/uploads\/2021\/02\/2012-300x200.png 300w, https:\/\/festivaldejaneiro.com\/wp-content\/uploads\/2021\/02\/2012-768x512.png 768w, https:\/\/festivaldejaneiro.com\/wp-content\/uploads\/2021\/02\/2012.png 1004w\" sizes=\"(max-width: 300px) 100vw, 300px\" \/><\/p><p><span style=\"font-weight: 400;\">Em 2012, a nona edi\u00e7\u00e3o do Festival em janeiro Teatro para Crian\u00e7a \u00e9 o maior barato realizado pela Cia. F\u00e1brica de Sonhos em parceria com o Governo do Estado de S\u00e3o Paulo, por meio da Secretaria da Cultura e Proac-Icms.\u00a0\u00a0<\/span><\/p><p><span style=\"font-weight: 400;\">Foram realizadas quarenta apresenta\u00e7\u00f5es teatrais, sendo vinte no Teatro Municipal Humberto Sinibaldi Neto e vinte na F\u00e1brica de Sonhos \u2013 Espa\u00e7o de Arte, sede da Companhia F\u00e1brica de Sonhos, que foi inaugurada neste ano. As apresenta\u00e7\u00f5es foram seguidas de debates, mediados por Fabiano Amigucci e Stela Tobar, e tamb\u00e9m aconteceram oficinas e workshops: \u201cCanto e Voz\u201d, com Elaine Matsumori, \u201cExpress\u00e3o Corporal &#8211; Teatro, Dan\u00e7a e Circo\u201d, com Alex D\u00b4Arc, \u201cO Ator e o L\u00fadico\u201d, com Jo\u00e3o Paulo Honorato e \u201cUma Mesa Redonda sobre o Teatro para Crian\u00e7a\u201d, com os grupos participantes e o p\u00fablico interessado. Todas os espet\u00e1culos tiveram sess\u00f5es lotadas, com venda de ingressos extras para algumas sess\u00f5es.<\/span><\/p><ul><li style=\"font-weight: 400;\" aria-level=\"1\"><span style=\"font-weight: 400;\">Per\u00edodo: 10 a 19 de janeiro de 2012<\/span><\/li><li style=\"font-weight: 400;\" aria-level=\"1\"><span style=\"font-weight: 400;\">Quantidade de apresenta\u00e7\u00f5es: 40<\/span><\/li><li style=\"font-weight: 400;\" aria-level=\"1\"><span style=\"font-weight: 400;\">Quantidade de atividades formativas: 5<\/span><\/li><li style=\"font-weight: 400;\" aria-level=\"1\"><span style=\"font-weight: 400;\">Local: Teatro Municipal Humberto Sinibaldi Neto (424 lugares) e F\u00e1brica de Sonhos \u2013 Espa\u00e7o de Arte (100 lugares)<\/span><\/li><li style=\"font-weight: 400;\" aria-level=\"1\"><span style=\"font-weight: 400;\">P\u00fablico direto: 15.000 pessoas\u00a0<\/span><\/li><li style=\"font-weight: 400;\" aria-level=\"1\"><span style=\"font-weight: 400;\">P\u00fablico indireto: 150.000 pessoas<\/span><\/li><\/ul><p><span style=\"text-decoration: underline;\"><b>Programa\u00e7\u00e3o<\/b><\/span><\/p><p><b>Teatro Municipal Humberto Sinibaldi Neto<\/b><\/p><ul><li style=\"font-weight: 400;\" aria-level=\"1\"><span style=\"font-weight: 400;\">10 \u2013 Peter Pan \/ Virtual Cia. De Dan\u00e7a \/ S\u00e3o Jos\u00e9 do Rio Preto<\/span><\/li><li style=\"font-weight: 400;\" aria-level=\"1\"><span style=\"font-weight: 400;\">11 \u2013 Para onde leva o rio \/ Cia. Boccaccione \/ Ribeir\u00e3o Preto<\/span><\/li><li style=\"font-weight: 400;\" aria-level=\"1\"><span style=\"font-weight: 400;\">12 \u2013 Veludinho \/ Cia. Livre de Teatro \/ S\u00e3o Jos\u00e9 do Rio Preto<\/span><\/li><li style=\"font-weight: 400;\" aria-level=\"1\"><span style=\"font-weight: 400;\">13 \u2013 Um dia para sempre \/ Cia. Dos P\u00e9s \/ S\u00e3o Jos\u00e9 do Rio Preto\u00a0<\/span><\/li><li style=\"font-weight: 400;\" aria-level=\"1\"><span style=\"font-weight: 400;\">14 \u2013 A Fabulosa Aventura de Jo\u00e3o e Maria \/ Cia. F\u00e1brica de Sonhos \/ S\u00e3o Jos\u00e9 do Rio Preto<\/span><\/li><li style=\"font-weight: 400;\" aria-level=\"1\"><span style=\"font-weight: 400;\">15 \u2013 Alice no pa\u00eds das maravilhas \/ Catavento Produ\u00e7\u00f5es \/ Ara\u00e7atuba<\/span><\/li><li style=\"font-weight: 400;\" aria-level=\"1\"><span style=\"font-weight: 400;\">16 \u2013 A Cor Silva \/ Cia. C\u00eanica de Teatro \/ S\u00e3o Jos\u00e9 do Rio Preto<\/span><\/li><li style=\"font-weight: 400;\" aria-level=\"1\"><span style=\"font-weight: 400;\">17 \u2013 La Vie En Rose \/ Cia. Da Casa Amarela \/ Catanduva<\/span><\/li><li style=\"font-weight: 400;\" aria-level=\"1\"><span style=\"font-weight: 400;\">18 \u2013 Dooutrolado \/ Cia. Girasonhos \/ S\u00e3o Jos\u00e9 do Rio Preto<\/span><\/li><li style=\"font-weight: 400;\" aria-level=\"1\"><span style=\"font-weight: 400;\">19 \u2013 A Menina que n\u00e3o sonhava \/ N\u00facleo de Artes C\u00eanicas \u2013 Alex D\u2019arc Produ\u00e7\u00f5es \/ S\u00e3o Jos\u00e9 do Rio Preto<\/span><\/li><\/ul><p><span style=\"text-decoration: underline;\"><b>Programa\u00e7\u00e3o<\/b><\/span><\/p><p><b>F\u00e1brica de Sonhos \u2013 Espa\u00e7o de Arte para crian\u00e7as<\/b><\/p><ul><li style=\"font-weight: 400;\" aria-level=\"1\"><span style=\"font-weight: 400;\">10 \u2013 A Menina, a M\u00e3e da Menina e as Meias Vermelhas da Menina \/ Cia. Palha\u00e7os Noturnos \/ S\u00e3o Jos\u00e9 do Rio Preto<\/span><\/li><li style=\"font-weight: 400;\" aria-level=\"1\"><span style=\"font-weight: 400;\">11 \u2013 Na corda Bamba \/ Grupo S\u00f3 Riso \/ S\u00e3o Jos\u00e9 do Rio Preto<\/span><\/li><li style=\"font-weight: 400;\" aria-level=\"1\"><span style=\"font-weight: 400;\">12 \u2013 O P\u00e1ssaro Encantado \/ Grupo de Teatro Os Hedonistas \/ Ara\u00e7atuba<\/span><\/li><li style=\"font-weight: 400;\" aria-level=\"1\"><span style=\"font-weight: 400;\">13 \u2013 Apolo, Sir Gaia, Chuvisco e Agora Madame Pop\u00f4 \/ Grupo Arte das \u00c1guas \/ Ibir\u00e1<\/span><\/li><li style=\"font-weight: 400;\" aria-level=\"1\"><span style=\"font-weight: 400;\">14 \u2013 Apolo, Sir Gaia, Chuvisco e Agora Madame Pop\u00f4 \/ Grupo Arte das \u00c1guas \/ Ibir\u00e1<\/span><\/li><li style=\"font-weight: 400;\" aria-level=\"1\"><span style=\"font-weight: 400;\">15 \u2013 Nariz Vermelho \/ Clarissa Maria \/ S\u00e3o Jos\u00e9 Rio Preto<\/span><\/li><li style=\"font-weight: 400;\" aria-level=\"1\"><span style=\"font-weight: 400;\">16 \u2013 Nariz Vermelho \/ Clarissa Maria \/ S\u00e3o Jos\u00e9 Rio Preto\u00a0<\/span><\/li><li style=\"font-weight: 400;\" aria-level=\"1\"><span style=\"font-weight: 400;\">17 \u2013 O Le\u00e3o e Ratinho \/ Cia. F\u00e1brica de Sonhos \/ S\u00e3o Jos\u00e9 Rio Preto<\/span><\/li><li style=\"font-weight: 400;\" aria-level=\"1\"><span style=\"font-weight: 400;\">18 \u2013 Fofinho e Hector Bombom em uma aula de teatro \/ Os Pregadores do Riso \/ Ara\u00e7atuba<\/span><\/li><li style=\"font-weight: 400;\" aria-level=\"1\"><span style=\"font-weight: 400;\">19 \u2013 A Espanhola Inglesa \/ Cia. Das artes \/Urup\u00eas<\/span><\/li><\/ul><p><span style=\"text-decoration: underline;\"><b>Programa\u00e7\u00e3o<\/b><\/span><\/p><p><b>F\u00e1brica de Sonhos \u2013 Espa\u00e7o de Arte para adultos<\/b><\/p><ul><li style=\"font-weight: 400;\" aria-level=\"1\"><span style=\"font-weight: 400;\">10 \u2013 Abis Om \/ Gerrah Tenfuss \/ S\u00e3o Jos\u00e9 do Rio Preto<\/span><\/li><li style=\"font-weight: 400;\" aria-level=\"1\"><span style=\"font-weight: 400;\">11 \u2013 Condenada! \/ Grupo de Apoio a Loucura \/S\u00e3o Jos\u00e9 do Rio Preto<\/span><\/li><li style=\"font-weight: 400;\" aria-level=\"1\"><span style=\"font-weight: 400;\">12 \u2013 Kabukiza \/ King Company \/ S\u00e3o Jos\u00e9 do Rio Preto<\/span><\/li><li style=\"font-weight: 400;\" aria-level=\"1\"><span style=\"font-weight: 400;\">13 \u2013 Or\u00e9gano \/ Cia. Hecatombe \/ S\u00e3o Jos\u00e9 do Rio Preto<\/span><\/li><li style=\"font-weight: 400;\" aria-level=\"1\"><span style=\"font-weight: 400;\">14 \u2013 Sobre Hist\u00f3rias de Laranjas \/ Nuvem de Cal\u00e7as \/ S\u00e3o Jos\u00e9 do Rio Preto<\/span><\/li><li style=\"font-weight: 400;\" aria-level=\"1\"><span style=\"font-weight: 400;\">15 \u2013 O Tao do \u00c9dipo \/ Jab\u00e1 com Jaca \/ S\u00e3o Jos\u00e9 do Rio Preto\u00a0<\/span><\/li><li style=\"font-weight: 400;\" aria-level=\"1\"><span style=\"font-weight: 400;\">16\/01 (Segunda) \u2013 Funk-se Orpheu \/ Galp\u00e3o 6 \/ Catanduva<\/span><\/li><li style=\"font-weight: 400;\" aria-level=\"1\"><span style=\"font-weight: 400;\">17 \u2013 Augusto Jantar \/ Grupo Mon\u2019on\u00edrico de Teatro \/ S\u00e3o Jos\u00e9 do Rio Preto<\/span><\/li><li style=\"font-weight: 400;\" aria-level=\"1\"><span style=\"font-weight: 400;\">18 \u2013 Palha\u00e7os \/ Os Pregadores do Riso \/ Ara\u00e7atuba<\/span><\/li><li style=\"font-weight: 400;\" aria-level=\"1\"><span style=\"font-weight: 400;\">19 \u2013 Tartaruga \/ Cia. Palha\u00e7os Noturnos \/ S\u00e3o Jos\u00e9 do Rio Preto<\/span><\/li><\/ul><p><span style=\"text-decoration: underline;\"><b>Programa\u00e7\u00e3o<\/b><\/span><\/p><p><b>Atividades Formativas \u2013 F\u00e1brica de Sonhos \u2013 Espa\u00e7o de Arte<\/b><\/p><ul><li style=\"font-weight: 400;\" aria-level=\"1\"><span style=\"font-weight: 400;\">10 \u2013 Express\u00e3o Corporal (teatro, dan\u00e7a e circo) com Alex D\u2019arc<\/span><\/li><li style=\"font-weight: 400;\" aria-level=\"1\"><span style=\"font-weight: 400;\">11 \u2013 Express\u00e3o Corporal (teatro, dan\u00e7a e circo) com Alex D\u2019arc<\/span><\/li><li style=\"font-weight: 400;\" aria-level=\"1\"><span style=\"font-weight: 400;\">12 \u2013 O Ator e o L\u00fadico com Jo\u00e3o Paulo Honorato<\/span><\/li><li style=\"font-weight: 400;\" aria-level=\"1\"><span style=\"font-weight: 400;\">13 \u2013 O Ator e o L\u00fadico com Jo\u00e3o Paulo Honorato<\/span><\/li><li style=\"font-weight: 400;\" aria-level=\"1\"><span style=\"font-weight: 400;\">14 \u2013 O Ator e o L\u00fadico com Jo\u00e3o Paulo Honorato<\/span><\/li><li style=\"font-weight: 400;\" aria-level=\"1\"><span style=\"font-weight: 400;\">15 \u2013 Mesa Redonda \u201cTeatro pra Crian\u00e7a\u201d\u00a0 com atores e diretores\u00a0<\/span><\/li><li style=\"font-weight: 400;\" aria-level=\"1\"><span style=\"font-weight: 400;\">16 \u2013 Canto e Voz com Elaine Matsumori<\/span><\/li><li style=\"font-weight: 400;\" aria-level=\"1\"><span style=\"font-weight: 400;\">17 \u2013 Canto e Voz com Elaine Matsumori<\/span><\/li><li style=\"font-weight: 400;\" aria-level=\"1\"><span style=\"font-weight: 400;\">19 &#8211;\u00a0 Clown com Fl\u00e1vio Estev\u00e3o<\/span><\/li><\/ul><\/div>\n\t\t\t\t\t\t\t\t\t<div class=\"elementor-tab-title elementor-tab-mobile-title\" aria-selected=\"false\" data-tab=\"10\" role=\"tab\" tabindex=\"-1\" aria-controls=\"elementor-tab-content-33510\" aria-expanded=\"false\">2013<\/div>\n\t\t\t\t\t<div id=\"elementor-tab-content-33510\" class=\"elementor-tab-content elementor-clearfix\" data-tab=\"10\" role=\"tabpanel\" aria-labelledby=\"elementor-tab-title-33510\" tabindex=\"0\" hidden=\"hidden\"><p><img loading=\"lazy\" decoding=\"async\" class=\"size-medium wp-image-221 alignleft\" src=\"https:\/\/festivaldejaneiro.com\/wp-content\/uploads\/2021\/02\/2013-300x200.jpg\" alt=\"\" width=\"300\" height=\"200\" \/><\/p><p><span style=\"font-weight: 400;\">Em 2013, a d\u00e9cima edi\u00e7\u00e3o do Festival em janeiro Teatro para Crian\u00e7a \u00e9 o maior barato realizado pela Cia. F\u00e1brica de Sonhos em parceria com o Governo do Estado de S\u00e3o Paulo, por meio da Secretaria da Cultura e Proac-Icms.\u00a0\u00a0<\/span><\/p><p><span style=\"font-weight: 400;\">Neste ano o Festival cresceu em abrang\u00eancia, conte\u00fado e conceito e realizou cinquenta apresenta\u00e7\u00f5es teatrais de companhias das cidades de S\u00e3o Jos\u00e9 do Rio Preto, S\u00e3o Paulo, Ara\u00e7atuba, Votuporanga, Mar\u00edlia, Ribeir\u00e3o Preto, Presidente Prudente, Campinas, Santos, Mogi das Cruzes e at\u00e9 C\u00f3rdoba, na Argentina, foram vinte apresenta\u00e7\u00f5es no Teatro Municipal Humberto Sinibaldi Neto, vinte apresenta\u00e7\u00f5es na F\u00e1brica de Sonhos \u2013 Espa\u00e7o de Arte, duas apresenta\u00e7\u00f5es no Teatro Municipal Paulo Moura e oito apresenta\u00e7\u00f5es em Espa\u00e7os Alternativos e Pra\u00e7as.\u00a0 Os debates sobre os espet\u00e1culos apresentados aconteceram ap\u00f3s as apresenta\u00e7\u00f5es e tamb\u00e9m foram inclu\u00eddas na programa\u00e7\u00e3o oficinas e workshops: \u201cO Riso\u201d, com Luciano Draetta, \u201cEmpreendedorismo Cultural\u201d, com Carolina Delduque e Douglas Novais (Os Geraldos), \u201cInicia\u00e7\u00e3o Teatral para Crian\u00e7as\u201d, com Marina Milito (Os Geraldos), \u201cReflex\u00f5es\u00a0 &#8211; A Dramaturgia pra Crian\u00e7a\u201d,\u00a0 com Marcelo Romagnoli Jurandyr Pereira e Gabriela Rabelo, \u201c 10 anos de Teatro pra Crian\u00e7a,\u201d, com a Companhia O Grito e \u201cPr\u00f3logo sobre a verdade e a mentira na interpreta\u00e7\u00e3o\u201d com Dagoberto Feliz.\u00a0<\/span><\/p><p><span style=\"font-weight: 400;\">Todos os espet\u00e1culos tiveram sess\u00f5es lotadas, com venda de ingressos extras para algumas sess\u00f5es.\u00a0<\/span><\/p><ul><li style=\"font-weight: 400;\" aria-level=\"1\"><span style=\"font-weight: 400;\">Per\u00edodo de realiza\u00e7\u00e3o: 9 a 19 de janeiro d e2013<\/span><\/li><li style=\"font-weight: 400;\" aria-level=\"1\"><span style=\"font-weight: 400;\">Quantidade de apresenta\u00e7\u00f5es: 50<\/span><\/li><li style=\"font-weight: 400;\" aria-level=\"1\"><span style=\"font-weight: 400;\">Quantidade de atividades formativas: 34<\/span><\/li><li style=\"font-weight: 400;\" aria-level=\"1\"><span style=\"font-weight: 400;\">Local: Teatro Municipal Humberto Sinibaldi Neto (424 lugares), Teatro Municipal Paulo Moura (914 lugares), F\u00e1brica de Sonhos &#8211; Espa\u00e7o de Arte (100 lugares) e Espa\u00e7os Alternativos e Pra\u00e7as<\/span><\/li><li style=\"font-weight: 400;\" aria-level=\"1\"><span style=\"font-weight: 400;\">P\u00fablico direto: 20.000 pessoas\u00a0<\/span><\/li><li style=\"font-weight: 400;\" aria-level=\"1\"><span style=\"font-weight: 400;\">P\u00fablico indireto: 300.000 pessoas<\/span><\/li><\/ul><p><span style=\"text-decoration: underline;\"><b>Programa\u00e7\u00e3o<\/b><\/span><\/p><p><b>Teatro Municipal Paulo Moura<\/b><\/p><ul><li style=\"font-weight: 400;\" aria-level=\"1\"><span style=\"font-weight: 400;\">9 (abertura) &#8211; Circo Lando \u2013 o maior espet\u00e1culo da terra \u2013 Cia. F\u00e1brica de Sonhos \u2013 S\u00e3o Jos\u00e9 do Rio Preto\/SP<\/span><\/li><li style=\"font-weight: 400;\" aria-level=\"1\"><span style=\"font-weight: 400;\">\u00a020 (encerramento) &#8211; Tarzan &#8211; Virtual Cia. de Dan\u00e7a &#8211; S\u00e3o Jos\u00e9 do Rio Preto\/SP<\/span><\/li><\/ul><p><span style=\"text-decoration: underline;\"><b>Programa\u00e7\u00e3o<\/b><\/span><\/p><p><b>Teatro Municipal Humberto Sinibaldi Neto<\/b><\/p><ul><li style=\"font-weight: 400;\" aria-level=\"1\"><span style=\"font-weight: 400;\">10 &#8211; O menino Teresa &#8211; Cia. Ai dos Dois &#8211; S\u00e3o Jos\u00e9 do Rio Preto\/SP<\/span><\/li><li style=\"font-weight: 400;\" aria-level=\"1\"><span style=\"font-weight: 400;\">11- O caso da casa &#8211; Cia. O Grito \u2013 S\u00e3o Paulo\/SP<\/span><\/li><li style=\"font-weight: 400;\" aria-level=\"1\"><span style=\"font-weight: 400;\">12- Marujo o caramujo e a minhoca tapioca &#8211; Cia. O Grito \u2013 S\u00e3o Paulo\/SP<\/span><\/li><li style=\"font-weight: 400;\" aria-level=\"1\"><span style=\"font-weight: 400;\">13 &#8211; O \u00e1rmario m\u00e1gico &#8211; Cia. O Grito \u2013 S\u00e3o Paulo\/SP<\/span><\/li><li style=\"font-weight: 400;\" aria-level=\"1\"><span style=\"font-weight: 400;\">14 &#8211; 1001 fantasmas &#8211; Cia. O Grito \u2013 S\u00e3o Paulo\/SP<\/span><\/li><li style=\"font-weight: 400;\" aria-level=\"1\"><span style=\"font-weight: 400;\">15 &#8211; O jovem teimoso que n\u00e3o queria morrer &#8211; Cia. Teatral Boccaccione \u2013 Ribeir\u00e3o Preto\/SP<\/span><\/li><li style=\"font-weight: 400;\" aria-level=\"1\"><span style=\"font-weight: 400;\">16 &#8211; N\u00fameros para crian\u00e7as &#8211; Os Geraldos Teatro \u2013 Campinas\/SP<\/span><\/li><li style=\"font-weight: 400;\" aria-level=\"1\"><span style=\"font-weight: 400;\">17 &#8211; Como a lua &#8211; Cia. Os Cogitadores \u2013 S\u00e3o Jos\u00e9 do Rio Preto\/SP<\/span><\/li><li style=\"font-weight: 400;\" aria-level=\"1\"><span style=\"font-weight: 400;\">18 &#8211; El dia que me quieras &#8211; Cia. Da Casa Amarela \u2013 Catanduva\/SP<\/span><\/li><li style=\"font-weight: 400;\" aria-level=\"1\"><span style=\"font-weight: 400;\">19 &#8211; O le\u00e3o e o ratinho &#8211; Cia. F\u00e1brica de Sonhos \u2013 S\u00e3o Jos\u00e9 do Rio Preto\/SP<\/span><\/li><\/ul><p><span style=\"text-decoration: underline;\"><b>Programa\u00e7\u00e3o<\/b><\/span><\/p><p><b>F\u00e1brica de Sonhos &#8211; Espa\u00e7o de Arte para crian\u00e7as<\/b><\/p><ul><li style=\"font-weight: 400;\" aria-level=\"1\"><span style=\"font-weight: 400;\">10 &#8211; Apolo, sir gaia, chuvisco&#8230; &#8211; Grupo Arte das \u00c1guas \u2013 Ibir\u00e1\/SP<\/span><\/li><li style=\"font-weight: 400;\" aria-level=\"1\"><span style=\"font-weight: 400;\">11 &#8211; Om co t\u00f4? Quem co s\u00f4? Prom co v\u00f4? &#8211; Circo Navegador \u2013 S\u00e3o Sebasti\u00e3o\/SP<\/span><\/li><li style=\"font-weight: 400;\" aria-level=\"1\"><span style=\"font-weight: 400;\">12 &#8211; Hist\u00f3rias de algu\u00e9m para ningu\u00e9m &#8211; Grupo Flor da Rua \u2013 Mar\u00edlia\/SP<\/span><\/li><li style=\"font-weight: 400;\" aria-level=\"1\"><span style=\"font-weight: 400;\">13 e 14 &#8211; Coisas de menino boneco &#8211; Cia. Clara Teatral \u2013 Mogi das Cruzes\/SP<\/span><\/li><li style=\"font-weight: 400;\" aria-level=\"1\"><span style=\"font-weight: 400;\">15 &#8211; Em busca do ingrediente secreto &#8211; Chica e Olga Ateli\u00ea de Cria\u00e7\u00f5es \u2013 S\u00e3o Paulo\/SP<\/span><\/li><li style=\"font-weight: 400;\" aria-level=\"1\"><span style=\"font-weight: 400;\">16 &#8211; A princesa do reino sem espelhos&#8230; &#8211; Cia. Burucutu \u2013 Araraquara\/SP<\/span><\/li><li style=\"font-weight: 400;\" aria-level=\"1\"><span style=\"font-weight: 400;\">17 &#8211; O menino com cora\u00e7\u00e3o de gelo &#8211; Cia. Teatral Tert\u00falia \u2013 Ribeir\u00e3o Preto\/SP<\/span><\/li><li style=\"font-weight: 400;\" aria-level=\"1\"><span style=\"font-weight: 400;\">18 &#8211; Abre-te c\u00e9rebro &#8211; Companhia do Miolo \u2013 S\u00e3o Paulo\/SP<\/span><\/li><li style=\"font-weight: 400;\" aria-level=\"1\"><span style=\"font-weight: 400;\">19 &#8211; Par\u00f4! Palha\u00e7ada &#8211; Cia. Os Profi\u00e7\u00e7\u00e7ionais \u2013 Jardin\u00f3polis\/SP<\/span><\/li><\/ul><p><span style=\"text-decoration: underline;\"><b>Programa\u00e7\u00e3o<\/b><\/span><\/p><p><b>F\u00e1brica de Sonhos &#8211; Espa\u00e7o de Arte para crian\u00e7as<\/b><\/p><ul><li style=\"font-weight: 400;\" aria-level=\"1\"><span style=\"font-weight: 400;\">10 &#8211; Antes Na Boca Do Povo&#8230; &#8211;\u00a0 Arte Das \u00c1guas \u2013 Ibir\u00e1\/Sp<\/span><\/li><li style=\"font-weight: 400;\" aria-level=\"1\"><span style=\"font-weight: 400;\">11 &#8211; Cheiro De Carne &#8211; Cia. Hecatombe \u2013 S\u00e3o Jos\u00e9 Do Rio Preto\/Sp<\/span><\/li><li style=\"font-weight: 400;\" aria-level=\"1\"><span style=\"font-weight: 400;\">12 &#8211; Fando E Lis &#8211; Cia. Os Judas \u2013 S\u00e3o Jos\u00e9 Do Rio Preto\/Sp<\/span><\/li><li style=\"font-weight: 400;\" aria-level=\"1\"><span style=\"font-weight: 400;\">13 &#8211; As Noivas &#8211; Cia. Livre De Teatro \u2013 S\u00e3o Jos\u00e9 Do Rio Preto\/Sp<\/span><\/li><li style=\"font-weight: 400;\" aria-level=\"1\"><span style=\"font-weight: 400;\">14 &#8211; O Que Fazer Com O Que Kafka&#8230; &#8211; Gerrah Tenfuss \u2013 S\u00e3o Jos\u00e9 Do Rio Preto\/Sp<\/span><\/li><li style=\"font-weight: 400;\" aria-level=\"1\"><span style=\"font-weight: 400;\">15 &#8211; O Sol Que Nasce Seu &#8211; Bal\u00e9 Da Cidade \u2013 S\u00e3o Jos\u00e9 Do Rio Preto\/Sp<\/span><\/li><li style=\"font-weight: 400;\" aria-level=\"1\"><span style=\"font-weight: 400;\">16 &#8211; Cana.\u00c3 &#8211; N\u00facleo Arc\u00eanico De Cria\u00e7\u00f5es \u2013 S\u00e3o Jos\u00e9 Do Rio Preto\/Sp<\/span><\/li><li style=\"font-weight: 400;\" aria-level=\"1\"><span style=\"font-weight: 400;\">18 &#8211; Children &#8211; Cia. Os Cogitadores \u2013 S\u00e3o Jos\u00e9 Do Rio Preto\/Sp<\/span><\/li><li style=\"font-weight: 400;\" aria-level=\"1\"><span style=\"font-weight: 400;\">19 &#8211; Am\u00e9m! &#8211; Cia. Teatral Um E Outro &#8211; Ara\u00e7atuba\/Sp<\/span><\/li><\/ul><p><span style=\"text-decoration: underline;\"><b>Programa\u00e7\u00e3o<\/b><\/span><\/p><p><b>Espa\u00e7os Alternativos e Pra\u00e7as<\/b><\/p><ul><li style=\"font-weight: 400;\" aria-level=\"1\"><span style=\"font-weight: 400;\">Na Corda Bamba \u2013 Grupo S\u00f3 Riso | S\u00e3o Jos\u00e9 Do Rio Preto\/Sp<\/span><ul><li style=\"font-weight: 400;\" aria-level=\"2\"><span style=\"font-weight: 400;\">14 &#8211; N\u00facleo Da Esperan\u00e7a Bosque Verde\/Santa Clara<\/span><\/li><li style=\"font-weight: 400;\" aria-level=\"2\"><span style=\"font-weight: 400;\">15 &#8211; N\u00facleo Da Esperan\u00e7a Vila Azul<\/span><\/li><\/ul><\/li><\/ul><ul><li style=\"font-weight: 400;\" aria-level=\"1\"><span style=\"font-weight: 400;\">A Fabulosa Caravana De Seu Malaquias\u00a0 &#8211; Cia. Boneco Vivo | S\u00e3o Jos\u00e9 Dos Campos\/Sp<\/span><ul><li style=\"font-weight: 400;\" aria-level=\"2\"><span style=\"font-weight: 400;\">16 &#8211; N\u00facleo Da Esperan\u00e7a Santa Catarina<\/span><\/li><li style=\"font-weight: 400;\" aria-level=\"2\"><span style=\"font-weight: 400;\">17 &#8211; N\u00facleo Da Esperan\u00e7a \u2013 Bela Vista\/Alvorada<\/span><\/li><\/ul><\/li><\/ul><ul><li style=\"font-weight: 400;\" aria-level=\"1\"><span style=\"font-weight: 400;\">Maravilha &#8211; Meteorol\u00f3gica Do Circo Da Vinci | C\u00f3rdoba\/Argentina<\/span><ul><li style=\"font-weight: 400;\" aria-level=\"2\"><span style=\"font-weight: 400;\">15 &#8211; Pra\u00e7a Rui Barbosa<\/span><\/li><li style=\"font-weight: 400;\" aria-level=\"2\"><span style=\"font-weight: 400;\">17 &#8211; Pra\u00e7a Rui Barbosa<\/span><\/li><\/ul><\/li><\/ul><ul><li style=\"font-weight: 400;\" aria-level=\"1\"><span style=\"font-weight: 400;\">Saltimbembes E Mambembancos\u00a0<\/span><\/li><li style=\"font-weight: 400;\" aria-level=\"1\"><span style=\"font-weight: 400;\">Rosa Dos Ventos \u2013 Presidente Prudente\/Sp<\/span><ul><li style=\"font-weight: 400;\" aria-level=\"2\"><span style=\"font-weight: 400;\">18 &#8211; Pra\u00e7a Dom Jos\u00e9 Marcondes<\/span><\/li><li style=\"font-weight: 400;\" aria-level=\"2\"><span style=\"font-weight: 400;\">19 &#8211; Represa Municipal<\/span><\/li><\/ul><\/li><\/ul><p><span style=\"text-decoration: underline;\"><b>Programa\u00e7\u00e3o<\/b><\/span><\/p><p><b>Atividades Formativas &#8211; F\u00e1brica de Sonhos &#8211; Espa\u00e7o de Arte<\/b><\/p><ul><li style=\"font-weight: 400;\" aria-level=\"1\"><span style=\"font-weight: 400;\">10 E 11 &#8211; Oficina \u2018O Riso\u2019 &#8211; Luciano Draetta (Circo Navegador &#8211; S\u00e3o Sebasti\u00e3o\/SP)<\/span><\/li><li style=\"font-weight: 400;\" aria-level=\"1\"><span style=\"font-weight: 400;\">12 &#8211; Hora Da Troca: \u2018Reflex\u00f5es &#8211; A Dramaturgia Pra Crian\u00e7a\u2019<\/span><\/li><li style=\"font-weight: 400;\" aria-level=\"1\"><span style=\"font-weight: 400;\">Marcelo Romagnoli (Dramaturgo E Diretor \u2013 S\u00e3o Paulo\/Sp), Jurandyr Pereira \u2013 (Dramaturgo &#8211; Itapetininga\/Sp E Gabriela Rabello \u2013 (Atriz, Dramaturga E Educadora &#8211; S\u00e3o Paulo\/SP)\u00a0<\/span><\/li><li style=\"font-weight: 400;\" aria-level=\"1\"><span style=\"font-weight: 400;\">15 &#8211; Hora Da Troca: \u2018Cia. O Grito \u2013 10 Anos De Teatro\u2019 &#8211; Cia. O Grito \u2013 S\u00e3o Paulo\/SP<\/span><\/li><li style=\"font-weight: 400;\" aria-level=\"1\"><span style=\"font-weight: 400;\">17 -Oficina \u2018Os Geraldos\u2019 &#8211; M\u00f3dulo 1: \u2018Empreendedorismo Cultural\u2019<\/span><\/li><li style=\"font-weight: 400;\" aria-level=\"1\"><span style=\"font-weight: 400;\">Carolina Delduque E Douglas Novais (Os Geraldos \u2013 Campinas\/SP)\u00a0<\/span><\/li><li style=\"font-weight: 400;\" aria-level=\"1\"><span style=\"font-weight: 400;\">17 &#8211; M\u00f3dulo 2: \u2018Inicia\u00e7\u00e3o Teatral Para Crian\u00e7as\u2019<\/span><\/li><li style=\"font-weight: 400;\" aria-level=\"1\"><span style=\"font-weight: 400;\">Marina Milito (Os Geraldos &#8211; Campinas\/Sp)<\/span><\/li><li style=\"font-weight: 400;\" aria-level=\"1\"><span style=\"font-weight: 400;\">19 &#8211; Hora Da Troca: \u2018Pr\u00f3logo Sobre A Verdade E A Mentira &#8211; Na Interpreta\u00e7\u00e3o\u2019 &#8211; Dagoberto Feliz \u2013 S\u00e3o Paulo\/SP<\/span><\/li><\/ul><\/div>\n\t\t\t\t\t\t\t\t\t<div class=\"elementor-tab-title elementor-tab-mobile-title\" aria-selected=\"false\" data-tab=\"11\" role=\"tab\" tabindex=\"-1\" aria-controls=\"elementor-tab-content-33511\" aria-expanded=\"false\">2014<\/div>\n\t\t\t\t\t<div id=\"elementor-tab-content-33511\" class=\"elementor-tab-content elementor-clearfix\" data-tab=\"11\" role=\"tabpanel\" aria-labelledby=\"elementor-tab-title-33511\" tabindex=\"0\" hidden=\"hidden\"><p><span style=\"font-weight: 400;\">Em 2014 o Festival n\u00e3o foi realizado, por falta de recursos.\u00a0<\/span><\/p><\/div>\n\t\t\t\t\t\t\t\t\t<div class=\"elementor-tab-title elementor-tab-mobile-title\" aria-selected=\"false\" data-tab=\"12\" role=\"tab\" tabindex=\"-1\" aria-controls=\"elementor-tab-content-33512\" aria-expanded=\"false\">2015<\/div>\n\t\t\t\t\t<div id=\"elementor-tab-content-33512\" class=\"elementor-tab-content elementor-clearfix\" data-tab=\"12\" role=\"tabpanel\" aria-labelledby=\"elementor-tab-title-33512\" tabindex=\"0\" hidden=\"hidden\"><p><img loading=\"lazy\" decoding=\"async\" class=\"size-medium wp-image-222 alignleft\" src=\"https:\/\/festivaldejaneiro.com\/wp-content\/uploads\/2021\/02\/2015-300x200.jpg\" alt=\"\" width=\"300\" height=\"200\" srcset=\"https:\/\/festivaldejaneiro.com\/wp-content\/uploads\/2021\/02\/2015-300x200.jpg 300w, https:\/\/festivaldejaneiro.com\/wp-content\/uploads\/2021\/02\/2015-1024x683.jpg 1024w, https:\/\/festivaldejaneiro.com\/wp-content\/uploads\/2021\/02\/2015-768x512.jpg 768w, https:\/\/festivaldejaneiro.com\/wp-content\/uploads\/2021\/02\/2015-1536x1024.jpg 1536w, https:\/\/festivaldejaneiro.com\/wp-content\/uploads\/2021\/02\/2015-1568x1046.jpg 1568w, https:\/\/festivaldejaneiro.com\/wp-content\/uploads\/2021\/02\/2015.jpg 1600w\" sizes=\"(max-width: 300px) 100vw, 300px\" \/><\/p><p><span style=\"font-weight: 400;\">Em 2015 a d\u00e9cima primeira edi\u00e7\u00e3o do Festival em janeiro Teatro para Crian\u00e7a \u00e9 o maior barato realizado pela Cia. F\u00e1brica de Sonhos em parceria com o Governo do Estado de S\u00e3o Paulo, por meio da Secretaria da Cultura e Proac-Icms aconteceu no\u00a0 Teatro Municipal Paulo Moura, F\u00e1brica de Sonhos \u2013 Espa\u00e7o Cultural e em Pra\u00e7as e Espa\u00e7os Alternativos da cidade.<\/span><\/p><p><span style=\"font-weight: 400;\">Foram realizadas trinta e duas apresenta\u00e7\u00f5es teatrais de companhias das cidades de S\u00e3o Jos\u00e9 do Rio Preto, Ribeir\u00e3o Preto, Votuporanga, Ibir\u00e1, S\u00e3o Paulo, Itanha\u00e9m, Birigui, Ara\u00e7atuba, S\u00e3o Sebasti\u00e3o, Sorocaba, Catanduva e uma participa\u00e7\u00e3o internacional de Montevideo\/Uruguai.\u00a0<\/span><\/p><p><span style=\"font-weight: 400;\">Foram promovidos ainda vinte e tr\u00eas atividades formativas realizadas pelos integrantes dos grupos participantes, com o objetivo de compartilhar processos de pesquisa, cria\u00e7\u00e3o e produ\u00e7\u00e3o.<\/span><\/p><p><span style=\"font-weight: 400;\">Nesta edi\u00e7\u00e3o todas as sess\u00f5es estiveram lotadas, sendo que os ingressos de alguns espet\u00e1culos esgotaram na venda antecipada da bilheteria.\u00a0<\/span><\/p><ul><li style=\"font-weight: 400;\" aria-level=\"1\"><span style=\"font-weight: 400;\">Per\u00edodo de realiza\u00e7\u00e3o: 10 a 19 de janeiro de 2015<\/span><\/li><li style=\"font-weight: 400;\" aria-level=\"1\"><span style=\"font-weight: 400;\">Quantidade de apresenta\u00e7\u00f5es: 32<\/span><\/li><li style=\"font-weight: 400;\" aria-level=\"1\"><span style=\"font-weight: 400;\">Quantidade de atividades formativas: 23<\/span><\/li><li style=\"font-weight: 400;\" aria-level=\"1\"><span style=\"font-weight: 400;\">Local: Teatro Municipal Paulo Moura (914 lugares), F\u00e1brica de Sonhos &#8211; Espa\u00e7o de Arte (100 lugares), Espa\u00e7os Alternativos e Pra\u00e7as<\/span><\/li><li style=\"font-weight: 400;\" aria-level=\"1\"><span style=\"font-weight: 400;\">P\u00fablico direto: 20.000 pessoas\u00a0<\/span><\/li><li style=\"font-weight: 400;\" aria-level=\"1\"><span style=\"font-weight: 400;\">P\u00fablico indireto: 300.000 pessoas<\/span><\/li><\/ul><p><span style=\"text-decoration: underline;\"><b>Programa\u00e7\u00e3o<\/b><\/span><\/p><p><b>Teatro Municipal Paulo Moura<\/b><\/p><ul><li style=\"font-weight: 400;\" aria-level=\"1\"><span style=\"font-weight: 400;\">10 &#8211; A Fabulosa Aventura de Jo\u00e3o e Maria &#8211; Cia F\u00e1brica de Sonhos \u2013 S\u00e3o Jos\u00e9 do Rio Preto\/SP<\/span><\/li><li style=\"font-weight: 400;\" aria-level=\"1\"><span style=\"font-weight: 400;\">11 &#8211; T\u00f4nico Sonhad\u00f4 &#8211; Barrac\u00e3o da V\u00f3 \u2013 Sorocaba\/SP<\/span><\/li><li style=\"font-weight: 400;\" aria-level=\"1\"><span style=\"font-weight: 400;\">12 &#8211; Chap\u00e9uzinho Vermelh\u00f4? &#8211; Os Profi\u00e7\u00e7\u00e7ionais \u2013 Ribeir\u00e3o Preto\/SP<\/span><\/li><li style=\"font-weight: 400;\" aria-level=\"1\"><span style=\"font-weight: 400;\">13 &#8211; Sonhos de Palha\u00e7os &#8211; Os Pregadores do Riso \u2013 Ara\u00e7atuba\/SP<\/span><\/li><li style=\"font-weight: 400;\" aria-level=\"1\"><span style=\"font-weight: 400;\">14 &#8211; Gran Circo de Areia &#8211; Cia. Burucutu \u2013 Itanha\u00e9m\/SP<\/span><\/li><li style=\"font-weight: 400;\" aria-level=\"1\"><span style=\"font-weight: 400;\">15 \u2013 Candim -Cia. da Casa Amarela \u2013 Catanduva\/SP<\/span><\/li><li style=\"font-weight: 400;\" aria-level=\"1\"><span style=\"font-weight: 400;\">16 &#8211; O Vo\u00f4 do Menino &#8211; Cia. da Casa Amarela \u2013 Catanduva\/SP<\/span><\/li><li style=\"font-weight: 400;\" aria-level=\"1\"><span style=\"font-weight: 400;\">17 &#8211; Quem Nunca viu o Mar?\u00a0 &#8211; Cia. Teatro de Riscos \u2013 Ribeir\u00e3o Preto\/SP<\/span><\/li><li style=\"font-weight: 400;\" aria-level=\"1\"><span style=\"font-weight: 400;\">18 &#8211; O Menino Maluquinho &#8211; Cia. Arteiros das \u00c1guas<\/span><\/li><li style=\"font-weight: 400;\" aria-level=\"1\"><span style=\"font-weight: 400;\">19 &#8211; Circo Lando \u2013 O Maior Espet\u00e1culo da Terra &#8211; Cia. F\u00e1brica de Sonhos \u2013 S\u00e3o Jos\u00e9 do Rio Preto\/SP<\/span><\/li><\/ul><p><span style=\"text-decoration: underline;\"><b>Programa\u00e7\u00e3o<\/b><\/span><\/p><p><b>F\u00e1brica de Sonhos \u2013 Espa\u00e7o Cultural \/ para crian\u00e7as<\/b><\/p><ul><li style=\"font-weight: 400;\" aria-level=\"1\"><span style=\"font-weight: 400;\">10 &#8211; A Vaca Lel\u00e9 &#8211; Cia. 220 watts \u2013 Ibir\u00e1\/SP<\/span><\/li><li style=\"font-weight: 400;\" aria-level=\"1\"><span style=\"font-weight: 400;\">11 &#8211; O Casamento de Floripe &#8211; Cia. Varal da Varanda \u2013 S\u00e3o Jos\u00e9 do Rio Preto\/SP<\/span><\/li><li style=\"font-weight: 400;\" aria-level=\"1\"><span style=\"font-weight: 400;\">12 &#8211; As Travessuras de Chapeuzinho Vermelho -Cia. Livre de Teatro \u2013 S\u00e3o Jos\u00e9 do Rio Preto\/SP<\/span><\/li><li style=\"font-weight: 400;\" aria-level=\"1\"><span style=\"font-weight: 400;\">13 &#8211; N\u00f3 em Pingo D\u00b4\u00c1gua &#8211; Cia. Reall\u00fadica de Teatro \u2013 S\u00e3o Paulo\/SP<\/span><\/li><li style=\"font-weight: 400;\" aria-level=\"1\"><span style=\"font-weight: 400;\">14 &#8211; O Menino Feio &#8211; Cia. Caricaturas \u2013 S\u00e3o Paulo\/SP<\/span><\/li><li style=\"font-weight: 400;\" aria-level=\"1\"><span style=\"font-weight: 400;\">15 &#8211; Pintores de Sonhos &#8211; Cia. Burucutu\/Araraquara\/SP<\/span><\/li><li style=\"font-weight: 400;\" aria-level=\"1\"><span style=\"font-weight: 400;\">16 &#8211; Circo de Quintal &#8211; Cia. Amado Amado \u2013 Birigui\/SP<\/span><\/li><li style=\"font-weight: 400;\" aria-level=\"1\"><span style=\"font-weight: 400;\">17 &#8211; O Le\u00e3o e o Ratinho -Cia. F\u00e1brica de Sonhos \u2013 S\u00e3o Jos\u00e9 do Rio Preto\/SP<\/span><\/li><li style=\"font-weight: 400;\" aria-level=\"1\"><span style=\"font-weight: 400;\">18 &#8211; On co t\u00f4? Quem co s\u00f4? Pron co v\u00f4? &#8211; Circo Navegador\u00a0<\/span><\/li><\/ul><p><span style=\"text-decoration: underline;\"><b>Programa\u00e7\u00e3o<\/b><\/span><\/p><p><b>F\u00e1brica de Sonhos \u2013 Espa\u00e7o Cultural \/ para adultos<\/b><\/p><ul><li style=\"font-weight: 400;\" aria-level=\"1\"><span style=\"font-weight: 400;\">10 &#8211; Longos Anos &#8211; Cia Hecatombe \u2013 S\u00e3o Jos\u00e9 do Rio Preto\/SP<\/span><\/li><li style=\"font-weight: 400;\" aria-level=\"1\"><span style=\"font-weight: 400;\">11 &#8211; O Homem do Principio ao Fim &#8211; Cia Apocal\u00edptica \u2013 S\u00e3o Jos\u00e9 do Rio Preto\/SP<\/span><\/li><li style=\"font-weight: 400;\" aria-level=\"1\"><span style=\"font-weight: 400;\">12 &#8211; Avental Todo Sujo de Ovo &#8211; Cia Palha\u00e7os Noturnos de Teatro \u2013 S\u00e3o Jos\u00e9 do Rio Preto\/SP<\/span><\/li><li style=\"font-weight: 400;\" aria-level=\"1\"><span style=\"font-weight: 400;\">13 &#8211; Fando e Lis &#8211; Os Judas \u2013 S\u00e3o Jos\u00e9 do Rio Preto\/SP<\/span><\/li><li style=\"font-weight: 400;\" aria-level=\"1\"><span style=\"font-weight: 400;\">14 &#8211; OFF: The Moustrap Play &#8211; Invasivo Lab \u2013 Montevideo\/Uruguai<\/span><\/li><li style=\"font-weight: 400;\" aria-level=\"1\"><span style=\"font-weight: 400;\">155 &#8211; Um Pequeno Animal Selvagem &#8211; Os Cogitadores \u2013 S\u00e3o Jos\u00e9 do Rio Preto\/SP<\/span><\/li><li style=\"font-weight: 400;\" aria-level=\"1\"><span style=\"font-weight: 400;\">16 \u2013 Marica &#8211; WL Produ\u00e7\u00f5es \u2013 S\u00e3o Paulo\/SP<\/span><\/li><li style=\"font-weight: 400;\" aria-level=\"1\"><span style=\"font-weight: 400;\">17 &#8211; A Pequena Sonhadora &#8211; Cia. Ir e Vir \u2013 S\u00e3o Jos\u00e9 do Rio Preto<\/span><\/li><li style=\"font-weight: 400;\" aria-level=\"1\"><span style=\"font-weight: 400;\">18 &#8211; Noite &#8211; Vem Buscar-me que ainda sou teu &#8211; Cia. Teatro de Riscos \u2013 Ribeir\u00e3o Preto\/SP<\/span><\/li><li style=\"font-weight: 400;\" aria-level=\"1\"><span style=\"font-weight: 400;\">19 &#8211; Not\u00edcia para embrulhar Peixe &#8211; Circo Navegador \u2013 S\u00e3o Sebasti\u00e3o\/SP<\/span><\/li><\/ul><p><span style=\"text-decoration: underline;\"><b>Programa\u00e7\u00e3o<\/b><\/span><\/p><p><b>Espa\u00e7os Alternativos e Pra\u00e7as\u00a0<\/b><\/p><ul><li style=\"font-weight: 400;\" aria-level=\"1\"><span style=\"font-weight: 400;\">Pra\u00e7a Shopping<\/span><ul><li style=\"font-weight: 400;\" aria-level=\"2\"><span style=\"font-weight: 400;\">13 &#8211; Par\u00f4! Palha\u00e7ada &#8211; Os Profi\u00e7\u00e7\u00e7ionais \u2013 Ribeir\u00e3o Preto\/SP<\/span><\/li><li style=\"font-weight: 400;\" aria-level=\"2\"><span style=\"font-weight: 400;\">17 &#8211; O Circo &#8211; Cia Entre Aspas \u2013 Votuporanga\/SP<\/span><\/li><\/ul><\/li><\/ul><ul><li style=\"font-weight: 400;\" aria-level=\"1\"><span style=\"font-weight: 400;\">Pra\u00e7a Dom Jos\u00e9 Marcondes<\/span><ul><li style=\"font-weight: 400;\" aria-level=\"2\"><span style=\"font-weight: 400;\">16 &#8211; O Circo &#8211; Cia Entre Aspas \u2013 Votuporanga\/SP<\/span><\/li><\/ul><\/li><\/ul><p><span style=\"text-decoration: underline;\"><b>Programa\u00e7\u00e3o<\/b><\/span><\/p><p><b>Atividades Formativas &#8211; Espa\u00e7o Cultural da F\u00e1brica de Sonhos<\/b><\/p><p><span style=\"font-weight: 400;\">C\u00e2mbio e Traquejo<\/span><\/p><ul><li style=\"font-weight: 400;\" aria-level=\"1\"><span style=\"font-weight: 400;\">10 &#8211; Cia. 220 Watts \u2013 Ibir\u00e1\/SP<\/span><\/li><li style=\"font-weight: 400;\" aria-level=\"1\"><span style=\"font-weight: 400;\">11 &#8211; Cia. Varal da Varanda \u2013 S\u00e3o Jos\u00e9 do Rio Preto\/SP<\/span><\/li><li style=\"font-weight: 400;\" aria-level=\"1\"><span style=\"font-weight: 400;\">11 &#8211; Cia. F\u00e1brica de Sonhos \u2013 S\u00e3o Jos\u00e9 do Rio Preto\/SP<\/span><\/li><li style=\"font-weight: 400;\" aria-level=\"1\"><span style=\"font-weight: 400;\">12 &#8211; Cia. Livre de Teatro \u2013 S\u00e3o Jos\u00e9 do Rio Preto\/SP<\/span><\/li><li style=\"font-weight: 400;\" aria-level=\"1\"><span style=\"font-weight: 400;\">12 &#8211; Cia. Barrac\u00e3o da V\u00f3 \u2013 Sorocaba\/SP<\/span><\/li><li style=\"font-weight: 400;\" aria-level=\"1\"><span style=\"font-weight: 400;\">13 &#8211; Os Profi\u00e7\u00e7\u00e7ionais \u2013 Ribeir\u00e3o Preto\/SP<\/span><\/li><li style=\"font-weight: 400;\" aria-level=\"1\"><span style=\"font-weight: 400;\">13 &#8211; Cia. Reall\u00fadica de Teatro \u2013 S\u00e3o Paulo\/SP<\/span><\/li><li style=\"font-weight: 400;\" aria-level=\"1\"><span style=\"font-weight: 400;\">14 &#8211; Os Pregadores do Riso \u2013 Ara\u00e7atuba\/SP<\/span><\/li><li style=\"font-weight: 400;\" aria-level=\"1\"><span style=\"font-weight: 400;\">14 &#8211; Cia. Caricaturas \u2013 S\u00e3o Paulo\/SP<\/span><\/li><li style=\"font-weight: 400;\" aria-level=\"1\"><span style=\"font-weight: 400;\">15 &#8211; Cia. Burucutu \u2013 Itanha\u00e9m\/SP<\/span><\/li><li style=\"font-weight: 400;\" aria-level=\"1\"><span style=\"font-weight: 400;\">16 &#8211; Cia. Amado Amado \u2013 Birigui\/SP<\/span><\/li><li style=\"font-weight: 400;\" aria-level=\"1\"><span style=\"font-weight: 400;\">16 &#8211; Cia. da Casa Amarela \u2013 Catanduva\/SP<\/span><\/li><li style=\"font-weight: 400;\" aria-level=\"1\"><span style=\"font-weight: 400;\">17 &#8211; Cia. da Casa Amarela \u2013 Catanduva\/SP<\/span><\/li><li style=\"font-weight: 400;\" aria-level=\"1\"><span style=\"font-weight: 400;\">17 &#8211; Cia. Entre Aspas \u2013 Votuporanga\/SP<\/span><\/li><li style=\"font-weight: 400;\" aria-level=\"1\"><span style=\"font-weight: 400;\">17 &#8211; Cia. F\u00e1brica de Sonhos \u2013 S\u00e3o Jos\u00e9 do Rio Preto\/SP<\/span><\/li><li style=\"font-weight: 400;\" aria-level=\"1\"><span style=\"font-weight: 400;\">18 &#8211; Circo Navegador \u2013 S\u00e3o Sebasti\u00e3o\/SP<\/span><\/li><li style=\"font-weight: 400;\" aria-level=\"1\"><span style=\"font-weight: 400;\">18 &#8211; Cia. Teatro de Riscos \u2013 Ribeir\u00e3o Preto\/SP<\/span><\/li><li style=\"font-weight: 400;\" aria-level=\"1\"><span style=\"font-weight: 400;\">19 &#8211; Cia. Arteiros das \u00c1guas \u2013 Ibir\u00e1\/SP<\/span><\/li><li style=\"font-weight: 400;\" aria-level=\"1\"><span style=\"font-weight: 400;\">19 &#8211;\u00a0 \u201cO Teatro para crian\u00e7as na atualidade\u201d<\/span><\/li><\/ul><\/div>\n\t\t\t\t\t\t\t\t\t<div class=\"elementor-tab-title elementor-tab-mobile-title\" aria-selected=\"false\" data-tab=\"13\" role=\"tab\" tabindex=\"-1\" aria-controls=\"elementor-tab-content-33513\" aria-expanded=\"false\">2016<\/div>\n\t\t\t\t\t<div id=\"elementor-tab-content-33513\" class=\"elementor-tab-content elementor-clearfix\" data-tab=\"13\" role=\"tabpanel\" aria-labelledby=\"elementor-tab-title-33513\" tabindex=\"0\" hidden=\"hidden\"><p><img loading=\"lazy\" decoding=\"async\" class=\"size-medium wp-image-223 alignleft\" src=\"https:\/\/festivaldejaneiro.com\/wp-content\/uploads\/2021\/02\/2016-300x200.jpg\" alt=\"\" width=\"300\" height=\"200\" \/><\/p><p><span style=\"font-weight: 400;\">Em 2016 a d\u00e9cima segunda edi\u00e7\u00e3o do Festival em janeiro Teatro para Crian\u00e7a \u00e9 o maior barato realizado pela Cia. F\u00e1brica de Sonhos em parceria com o Governo do Estado de S\u00e3o Paulo, por meio da Secretaria da Cultura, Proac Edital e Prefeitura Municipal de S\u00e3o Jos\u00e9 do Rio Preto, por meio da Secretaria de Comunica\u00e7\u00e3o aconteceu no Teatro Municipal Paulo Moura, Espa\u00e7o Cultural F\u00e1brica de Sonhos, Plaza Avenida Shopping, Espa\u00e7os Alternativos da Cidade, Ruas, Pra\u00e7as e Centros Culturais independentes.<\/span><\/p><p><span style=\"font-weight: 400;\">Foram apresentados cinquenta espet\u00e1culos teatrais de trinta companhias de quinze diferentes cidades dos estados de S\u00e3o Paulo, Distrito Federal e Bahia &#8211; S\u00e3o Jos\u00e9 do Rio Preto, S\u00e3o Paulo, Ibir\u00e1, Ribeir\u00e3o Preto, Votuporanga, Itanha\u00e9m, S\u00e3o Sebasti\u00e3o, Ara\u00e7atuba, Paragua\u00e7u Paulista, Taguatinga\/DF, Suzano, Santo Andr\u00e9, S\u00e3o Jos\u00e9 dos Campos, Salvador e Salto e ainda uma atra\u00e7\u00e3o internacional de C\u00f3rdoba na Argentina. Foram realizadas tamb\u00e9m dez atividades formativas voltadas para o p\u00fablico em geral. Todas as sess\u00f5es estiveram lotadas.<\/span><\/p><ul><li style=\"font-weight: 400;\" aria-level=\"1\"><span style=\"font-weight: 400;\">Per\u00edodo de realiza\u00e7\u00e3o: 10 a 19 de janeiro de 2016<\/span><\/li><li style=\"font-weight: 400;\" aria-level=\"1\"><span style=\"font-weight: 400;\">Quantidade de apresenta\u00e7\u00f5es: 50<\/span><\/li><li style=\"font-weight: 400;\" aria-level=\"1\"><span style=\"font-weight: 400;\">Quantidade de atividades formativas: 10<\/span><\/li><li style=\"font-weight: 400;\" aria-level=\"1\"><span style=\"font-weight: 400;\">Local: Teatro Municipal Paulo Moura (914 lugares), F\u00e1brica de Sonhos &#8211; Espa\u00e7o de Arte (350 lugares), Espa\u00e7os Alternativos \u2013 Ruas, Pra\u00e7as e Centros Culturais\u00a0<\/span><\/li><li style=\"font-weight: 400;\" aria-level=\"1\"><span style=\"font-weight: 400;\">P\u00fablico direto: 25.000 pessoas\u00a0<\/span><\/li><li style=\"font-weight: 400;\" aria-level=\"1\"><span style=\"font-weight: 400;\">P\u00fablico indireto: 500.000 pessoas<\/span><\/li><\/ul><p><span style=\"text-decoration: underline;\"><b>Programa\u00e7\u00e3o\u00a0<\/b><\/span><\/p><p><b>Teatro Municipal Paulo Moura<\/b><\/p><ul><li style=\"font-weight: 400;\" aria-level=\"1\"><span style=\"font-weight: 400;\">10 &#8211; Libel &#8211; Cia. F\u00e1brica de Sonhos &#8211; S\u00e3o Jos\u00e9 do Rio Preto\/SP<\/span><\/li><li style=\"font-weight: 400;\" aria-level=\"1\"><span style=\"font-weight: 400;\">11 &#8211; Quem roubou meu sapatinho? &#8211; Grupo Teatral InS\u00f4nia &#8211; Ribeir\u00e3o Preto\/SP<\/span><\/li><li style=\"font-weight: 400;\" aria-level=\"1\"><span style=\"font-weight: 400;\">12 &#8211; Expresso Caracol &#8211; Cia. dos P\u00e9s &#8211; S\u00e3o Jos\u00e9 do Rio Preto\/SP<\/span><\/li><li style=\"font-weight: 400;\" aria-level=\"1\"><span style=\"font-weight: 400;\">13 &#8211; A Menina e o Menino &#8211; Grupo Teatral Trupe Kei &#8211; Paragua\u00e7u Paulista\/SP<\/span><\/li><li style=\"font-weight: 400;\" aria-level=\"1\"><span style=\"font-weight: 400;\">14 &#8211; O Brinquedo de Destrinchar Palavras &#8211; Cantadores de Contos &#8211; S\u00e3o Paulo\/SP<\/span><\/li><li style=\"font-weight: 400;\" aria-level=\"1\"><span style=\"font-weight: 400;\">15 &#8211; Entre Risos &#8211; Cia. BuBi\u00d4, Fic\u00d4 L\u00d4! &#8211; S\u00e3o Paulo\/SP<\/span><\/li><li style=\"font-weight: 400;\" aria-level=\"1\"><span style=\"font-weight: 400;\">16 &#8211; A Menina da Cabe\u00e7a de Bola &#8211; Teatro da Neura &#8211; Suzano\/SP<\/span><\/li><li style=\"font-weight: 400;\" aria-level=\"1\"><span style=\"font-weight: 400;\">17 &#8211; The Ratos (ou o Camarim da Fama Encardida) &#8211; Cia. Variante &#8211; S\u00e3o Paulo\/SP<\/span><\/li><li style=\"font-weight: 400;\" aria-level=\"1\"><span style=\"font-weight: 400;\">18 &#8211; Ba\u00fa de Hist\u00f3rias, Um Musical Infantil &#8211; Cia. Capim Rosa Ch\u00e1 &#8211; Salvador\/BA<\/span><\/li><li style=\"font-weight: 400;\" aria-level=\"1\"><span style=\"font-weight: 400;\">Dia 19 &#8211; Cirquim do Serafim &#8211; Circo Navegador &#8211; S\u00e3o Sebasti\u00e3o\/SP<\/span><\/li><\/ul><p><span style=\"text-decoration: underline;\"><b>Programa\u00e7\u00e3o\u00a0<\/b><\/span><\/p><p><b>Teatro F\u00e1brica de Sonhos<\/b><\/p><ul><li style=\"font-weight: 400;\" aria-level=\"1\"><span style=\"font-weight: 400;\">10 \u2013 Cantarolar &#8211; Cia. Livre de Teatro &#8211; S\u00e3o Jos\u00e9 do Rio Preto\/SP<\/span><\/li><li style=\"font-weight: 400;\" aria-level=\"1\"><span style=\"font-weight: 400;\">11 &#8211; Circo Lando &#8211; O maior espet\u00e1culo da terra &#8211; Cia. F\u00e1brica de Sonhos &#8211; S\u00e3o Jos\u00e9 do Rio Preto\/SP<\/span><\/li><li style=\"font-weight: 400;\" aria-level=\"1\"><span style=\"font-weight: 400;\">12 \u2013 Rapunzel, Uma Hist\u00f3ria pra mais de metro &#8211; Cia Burucutu &#8211; Itanha\u00e9m\/SP<\/span><\/li><li style=\"font-weight: 400;\" aria-level=\"1\"><span style=\"font-weight: 400;\">13 \u2013 Cinderela e o P\u00e9 Inchado &#8211; Cia Burucutu &#8211; Itanha\u00e9m\/SP<\/span><\/li><li style=\"font-weight: 400;\" aria-level=\"1\"><span style=\"font-weight: 400;\">14 \u2013 Exemplos de Basti\u00e3o &#8211; Mamulengo sem fronteiras &#8211; Taguatinga\/DF<\/span><\/li><li style=\"font-weight: 400;\" aria-level=\"1\"><span style=\"font-weight: 400;\">15 \u2013 A Fant\u00e1stica Batalha do Viajante Maltrapilho &#8211; Grupo F\u00eanix de Teatro &#8211; Tup\u00e3\/SP<\/span><\/li><li style=\"font-weight: 400;\" aria-level=\"1\"><span style=\"font-weight: 400;\">16 \u2013 \u201cFLAP!\u201d &#8211; La Termost\u00e1tica, Companhia Domingueira de Circo &#8211; C\u00f3rdoba\/ARG<\/span><\/li><li style=\"font-weight: 400;\" aria-level=\"1\"><span style=\"font-weight: 400;\">17 \u2013 Remetente: Gandhi &#8211; Rosa Real Produ\u00e7\u00f5es &#8211; S\u00e3o Paulo\/SP<\/span><\/li><li style=\"font-weight: 400;\" aria-level=\"1\"><span style=\"font-weight: 400;\">18 \u2013 Sonhos de Palha\u00e7os &#8211; Pregadores do Riso &#8211; Ara\u00e7atuba\/SP<\/span><\/li><li style=\"font-weight: 400;\" aria-level=\"1\"><span style=\"font-weight: 400;\">19 \u2013 Me espera nas nuvens &#8211; Cia. Palha\u00e7os Solit\u00e1rios &#8211; S\u00e3o Paulo\/SP<\/span><\/li><li style=\"font-weight: 400;\" aria-level=\"1\"><span style=\"font-weight: 400;\">Programa\u00e7\u00e3o Adultos<\/span><\/li><li style=\"font-weight: 400;\" aria-level=\"1\"><span style=\"font-weight: 400;\">Teatro F\u00e1brica de Sonhos<\/span><\/li><li style=\"font-weight: 400;\" aria-level=\"1\"><span style=\"font-weight: 400;\">10 \u2013 Carlos e Neno &#8211; STCA Produ\u00e7\u00f5es &#8211; Salto\/SP<\/span><\/li><li style=\"font-weight: 400;\" aria-level=\"1\"><span style=\"font-weight: 400;\">11 &#8211; A Cartomante &#8211; Cia. Livre de Teatro &#8211; S\u00e3o Jos\u00e9 do Rio Preto\/SP<\/span><\/li><li style=\"font-weight: 400;\" aria-level=\"1\"><span style=\"font-weight: 400;\">12 \u2013 Mazzaropi, um certo sonhador\u00a0 &#8211; Cia. Arte das \u00c1guas &#8211; Ibir\u00e1\/SP<\/span><\/li><li style=\"font-weight: 400;\" aria-level=\"1\"><span style=\"font-weight: 400;\">13 \u2013 Lembran\u00e7as Recortadas Pa Pa Pa &#8211; Cia. Com-Tato &#8211; S\u00e3o Jos\u00e9 do Rio Preto\/SP<\/span><\/li><li style=\"font-weight: 400;\" aria-level=\"1\"><span style=\"font-weight: 400;\">14 \u2013 MNEMONIA &#8211; um poeta e suas inquieta\u00e7\u00f5es &#8211; Dramanatrama Cia. Teatral &#8211; Votuporanga\/SP<\/span><\/li><li style=\"font-weight: 400;\" aria-level=\"1\"><span style=\"font-weight: 400;\">15 &#8211; Quer rodar? &#8211; Grupo DaCalada &#8211; S\u00e3o Paulo\/SP<\/span><\/li><li style=\"font-weight: 400;\" aria-level=\"1\"><span style=\"font-weight: 400;\">16 &#8211; Cogita\u00e7\u00e3o feita de farinha, leite e ovos &#8211; Cia. Aleat\u00f3ria &#8211; Santo Andr\u00e9\/SP<\/span><\/li><li style=\"font-weight: 400;\" aria-level=\"1\"><span style=\"font-weight: 400;\">17 &#8211; Braseiro &#8211; Cia. do Blefe &#8211; Ara\u00e7atuba\/SP<\/span><\/li><li style=\"font-weight: 400;\" aria-level=\"1\"><span style=\"font-weight: 400;\">18 &#8211; Quixotes &#8211; Circo Navegador &#8211; S\u00e3o Sebasti\u00e3o\/SP<\/span><\/li><li style=\"font-weight: 400;\" aria-level=\"1\"><span style=\"font-weight: 400;\">19 &#8211; C\u00edcero &#8211; Cia. Varal da Varanda &#8211; S\u00e3o Jos\u00e9 do Rio Preto\/SP<\/span><\/li><\/ul><p><span style=\"text-decoration: underline;\"><b>Programa\u00e7\u00e3o\u00a0<\/b><\/span><\/p><p><b>Espa\u00e7os Alternativos<\/b><\/p><ul><li style=\"font-weight: 400;\" aria-level=\"1\"><span style=\"font-weight: 400;\">Centro Cultural Vasco\u00a0<\/span><ul><li style=\"font-weight: 400;\" aria-level=\"2\"><span style=\"font-weight: 400;\">15 &#8211; Dois perdidos numa noite suja &#8211; Teatroendoscopia &#8211; Santo Andr\u00e9\/SP<\/span><\/li><\/ul><\/li><li style=\"font-weight: 400;\" aria-level=\"1\"><span style=\"font-weight: 400;\">Plaza Avenida Shopping\u00a0<\/span><ul><li style=\"font-weight: 400;\" aria-level=\"2\"><span style=\"font-weight: 400;\">16 &#8211; Ab Urbe Condita &#8211; Cia. Apocal\u00edptica &#8211; S\u00e3o Jos\u00e9 do Rio Preto\/SP<\/span><\/li><\/ul><\/li><li style=\"font-weight: 400;\" aria-level=\"1\"><span style=\"font-weight: 400;\">Centro Cultural Vasco17 &#8211; Exemplos de Basti\u00e3o &#8211; Mamulengo sem fronteiras &#8211; Taguatinga\/DF<\/span><\/li><\/ul><p><span style=\"text-decoration: underline;\"><b>Programa\u00e7\u00e3o\u00a0<\/b><\/span><\/p><p><b>Espa\u00e7os P\u00fablicos<\/b><\/p><ul><li style=\"font-weight: 400;\" aria-level=\"1\"><span style=\"font-weight: 400;\">Represa Municipal &#8211; Espet\u00e1culo de Percurso<\/span><ul><li style=\"font-weight: 400;\" aria-level=\"2\"><span style=\"font-weight: 400;\">11 &#8211; A\u00e7\u00e3o Brincante com \u201cO M\u00edmico Andarilho\u201d &#8211; S\u00e3o Jos\u00e9 dos Campos\/SP<\/span><\/li><\/ul><\/li><li style=\"font-weight: 400;\" aria-level=\"1\"><span style=\"font-weight: 400;\">Avenida Potirendaba &#8211; Avenida Alberto Andal\u00f3 &#8211; Espet\u00e1culo de Percurso<\/span><ul><li style=\"font-weight: 400;\" aria-level=\"2\"><span style=\"font-weight: 400;\">13 &#8211; A\u00e7\u00e3o Brincante com \u201cO M\u00edmico Andarilho\u201d &#8211; S\u00e3o Jos\u00e9 dos Campos\/SP<\/span><\/li><\/ul><\/li><li style=\"font-weight: 400;\" aria-level=\"1\"><span style=\"font-weight: 400;\">\u00c1rea Central &#8211; Espet\u00e1culo de Percurso<\/span><ul><li style=\"font-weight: 400;\" aria-level=\"2\"><span style=\"font-weight: 400;\">15 &#8211; A\u00e7\u00e3o Brincante com \u201cO M\u00edmico Andarilho\u201d &#8211; S\u00e3o Jos\u00e9 dos Campos\/SP<\/span><\/li><\/ul><\/li><li style=\"font-weight: 400;\" aria-level=\"1\"><span style=\"font-weight: 400;\">Represa Municipal &#8211; Em frente ao Hospital AME<\/span><\/li><li style=\"font-weight: 400;\" aria-level=\"1\"><span style=\"font-weight: 400;\">Plaza Avenida Shopping\u00a0<\/span><ul><li style=\"font-weight: 400;\" aria-level=\"2\"><span style=\"font-weight: 400;\">15 &#8211; Hoje tem espet\u00e1culo &#8211; Rosa dos Ventos &#8211; Presidente Prudente\/SP<\/span><\/li><li style=\"font-weight: 400;\" aria-level=\"2\"><span style=\"font-weight: 400;\">16 &#8211; Hoje tem espet\u00e1culo &#8211; Rosa dos Ventos &#8211; Presidente Prudente\/SP<\/span><\/li><li style=\"font-weight: 400;\" aria-level=\"2\"><span style=\"font-weight: 400;\">18 &#8211; \u201cFLAP!\u201d &#8211; La Termost\u00e1tica, Companhia Domingueira de Circo &#8211; C\u00f3rdoba\/ARG<\/span><\/li><li style=\"font-weight: 400;\" aria-level=\"2\"><span style=\"font-weight: 400;\">19 &#8211; Circo Lando &#8211; O maior espet\u00e1culo da terra &#8211; Cia. F\u00e1brica de Sonhos &#8211; S. J. do Rio Preto\/SP<\/span><\/li><\/ul><\/li><\/ul><\/div>\n\t\t\t\t\t\t\t\t\t<div class=\"elementor-tab-title elementor-tab-mobile-title\" aria-selected=\"false\" data-tab=\"14\" role=\"tab\" tabindex=\"-1\" aria-controls=\"elementor-tab-content-33514\" aria-expanded=\"false\">2017<\/div>\n\t\t\t\t\t<div id=\"elementor-tab-content-33514\" class=\"elementor-tab-content elementor-clearfix\" data-tab=\"14\" role=\"tabpanel\" aria-labelledby=\"elementor-tab-title-33514\" tabindex=\"0\" hidden=\"hidden\"><p><img loading=\"lazy\" decoding=\"async\" class=\"size-medium wp-image-224 alignleft\" src=\"https:\/\/festivaldejaneiro.com\/wp-content\/uploads\/2021\/02\/2017-300x200.jpg\" alt=\"\" width=\"300\" height=\"200\" srcset=\"https:\/\/festivaldejaneiro.com\/wp-content\/uploads\/2021\/02\/2017-300x200.jpg 300w, https:\/\/festivaldejaneiro.com\/wp-content\/uploads\/2021\/02\/2017-1024x684.jpg 1024w, https:\/\/festivaldejaneiro.com\/wp-content\/uploads\/2021\/02\/2017-768x513.jpg 768w, https:\/\/festivaldejaneiro.com\/wp-content\/uploads\/2021\/02\/2017-1536x1025.jpg 1536w, https:\/\/festivaldejaneiro.com\/wp-content\/uploads\/2021\/02\/2017-1568x1047.jpg 1568w, https:\/\/festivaldejaneiro.com\/wp-content\/uploads\/2021\/02\/2017.jpg 2000w\" sizes=\"(max-width: 300px) 100vw, 300px\" \/><\/p><p><span style=\"font-weight: 400;\">Em 2017 a d\u00e9cima terceira edi\u00e7\u00e3o do Festival em janeiro Teatro para Crian\u00e7a \u00e9 o maior barato realizado pela Cia. F\u00e1brica de Sonhos em parceria com Governo Federal, por meio do Minist\u00e9rio da Cultura, Lei Rouanet e Prefeitura Municipal de S\u00e3o Jos\u00e9 do Rio Preto, por meio da Secretaria de Cultura aconteceu no Teatro Municipal Paulo Moura.<\/span><\/p><p><span style=\"font-weight: 400;\">Foram realizadas vinte e tr\u00eas apresenta\u00e7\u00f5es teatrais de dezenove companhias diferentes das cidades de S\u00e3o Jos\u00e9 do Rio Preto e S\u00e3o Paulo, tamb\u00e9m foram promovidas cinco atividades formativas sobre conte\u00fados correlatos a produ\u00e7\u00e3o teatral para crian\u00e7as, al\u00e9m de vinte de tr\u00eas debates mediados por Dib Carneiro que tamb\u00e9m foi o curador da programa\u00e7\u00e3o do Festival. As sess\u00f5es estiveram lotadas.<\/span><\/p><ul><li style=\"font-weight: 400;\" aria-level=\"1\"><span style=\"font-weight: 400;\">Per\u00edodo de realiza\u00e7\u00e3o: 20 a 29 de janeiro de 2017<\/span><\/li><li style=\"font-weight: 400;\" aria-level=\"1\"><span style=\"font-weight: 400;\">Quantidade de apresenta\u00e7\u00f5es: 25<\/span><\/li><li style=\"font-weight: 400;\" aria-level=\"1\"><span style=\"font-weight: 400;\">Quantidade de atividades formativas: 5<\/span><\/li><li style=\"font-weight: 400;\" aria-level=\"1\"><span style=\"font-weight: 400;\">Local: Teatro Municipal Paulo Moura (914 lugares), Espa\u00e7os Alternativos \u2013 Ruas, Pra\u00e7as e Centros Culturais.<\/span><\/li><li style=\"font-weight: 400;\" aria-level=\"1\"><span style=\"font-weight: 400;\">P\u00fablico direto: 10.000 pessoas\u00a0<\/span><\/li><li style=\"font-weight: 400;\" aria-level=\"1\"><span style=\"font-weight: 400;\">P\u00fablico indireto: 200.000 pessoas<\/span><\/li><\/ul><p><span style=\"text-decoration: underline;\"><b>Programa\u00e7\u00e3o\u00a0<\/b><\/span><\/p><p><b>Teatro Municipal Paulo Moura<\/b><\/p><ul><li style=\"font-weight: 400;\" aria-level=\"1\"><span style=\"font-weight: 400;\">20 \u2013 Cia 2Dois \u2013 Antes do dia clarear\u00a0<\/span><\/li><li style=\"font-weight: 400;\" aria-level=\"1\"><span style=\"font-weight: 400;\">21 \u2013 Cia Apocal\u00edptica \u2013 Mochila Amarela e Cia dos P\u00e9s \u2013 Pequenos Olhos<\/span><\/li><li style=\"font-weight: 400;\" aria-level=\"1\"><span style=\"font-weight: 400;\">22 \u2013 Cia F\u00e1brica de Sonhos \u2013 O Le\u00e3o e o Ratinho \/ Cia F\u00e1brica de Sonhos \u2013 Libel<\/span><\/li><li style=\"font-weight: 400;\" aria-level=\"1\"><span style=\"font-weight: 400;\">23 \u2013 Cia Livre \u2013 Veludinho \/ Grupo Esparrama \u2013 Fim?<\/span><\/li><li style=\"font-weight: 400;\" aria-level=\"1\"><span style=\"font-weight: 400;\">24 \u2013 Cia Truks \u2013 Expedi\u00e7\u00e3o Pac\u00edfico \/ Cia Circo de Bonecos \u2013 Circo de Pulgas<\/span><\/li><li style=\"font-weight: 400;\" aria-level=\"1\"><span style=\"font-weight: 400;\">25 \u2013 Grupo Mon\u2019on\u00edrico \u2013 Cuca Caduca Cabe\u00e7a de Vento \/ Cia Girasonhos \u2013 As Aventuras de Pin\u00f3cchio<\/span><\/li><li style=\"font-weight: 400;\" aria-level=\"1\"><span style=\"font-weight: 400;\">26 \u2013 Cia Um \u2013 Oliver Twist \u00a0 \/ De Marchi Produ\u00e7\u00f5es \u2013 F\u00e1bulas de um S\u00f3t\u00e3o<\/span><\/li><li style=\"font-weight: 400;\" aria-level=\"1\"><span style=\"font-weight: 400;\">27 \u2013 Vou eu \/ Varanda Produ\u00e7\u00f5es Teatrais \u2013 A Bruxa Pinga Salomenga Pum<\/span><\/li><li style=\"font-weight: 400;\" aria-level=\"1\"><span style=\"font-weight: 400;\">28 \u2013 M\u00eddia Produ\u00e7\u00f5es \u2013 O Pequeno Pr\u00edncipe \/ Cia C\u00eanica \u2013 Por qu\u00ea?<\/span><\/li><li style=\"font-weight: 400;\" aria-level=\"1\"><span style=\"font-weight: 400;\">29 \u2013 Cia F\u00e1brica de Sonhos \u2013 Circo Lando o Maior Espet\u00e1culo da Terra<\/span><\/li><\/ul><p><b>Atividades Formativas\u00a0<\/b><\/p><p><b>Espa\u00e7o Cultural F\u00e1brica de Sonhos<\/b><\/p><ul><li style=\"font-weight: 400;\" aria-level=\"1\"><span style=\"font-weight: 400;\">21 &#8211;\u00a0 Introdu\u00e7\u00e3o a M\u00edmica Cl\u00e1ssica e Acrobacias Circenses \u2013 Cia. Palha\u00e7os Solit\u00e1rios<\/span><\/li><li style=\"font-weight: 400;\" aria-level=\"1\"><span style=\"font-weight: 400;\">23 \u2013 Atividade Formativa \u201cViv\u00eancia em Palha\u00e7aria\u201d \u2013 Cia. O que ser\u00e1 de n\u00f3s?<\/span><\/li><li style=\"font-weight: 400;\" aria-level=\"1\"><span style=\"font-weight: 400;\">25 \u2013 Atividade Formativa \u201cManipula\u00e7\u00e3o de Bonecos \u2013 Compartilhamento do Processo de Montagem \u201cExpedi\u00e7\u00e3o Pac\u00edfico\u201d \u2013 Cia. Truks<\/span><\/li><li style=\"font-weight: 400;\" aria-level=\"1\"><span style=\"font-weight: 400;\">27 \u2013 Atividade Formativa \u201cLuta C\u00eanica\u201d \u2013 Coletivo Os C\u00eais<\/span><\/li><li style=\"font-weight: 400;\" aria-level=\"1\"><span style=\"font-weight: 400;\">29 \u2013 Atividade Formativa \u201cTeatro de M\u00e1scaras \u2013 Compartilhamento do Processo de Montagem \u201cA Bruxa Pinga Salomenga Pum\u201d \u2013 Varanda Produ\u00e7\u00f5es Teatrais.<\/span><\/li><\/ul><p><span style=\"text-decoration: underline;\"><b>Programa\u00e7\u00e3o\u00a0<\/b><\/span><\/p><p><b>Espa\u00e7os Alternativos<\/b><\/p><ul><li style=\"font-weight: 400;\" aria-level=\"1\"><span style=\"font-weight: 400;\">Pra\u00e7a Rui Barbosa<\/span><ul><li style=\"font-weight: 400;\" aria-level=\"2\"><span style=\"font-weight: 400;\">23 \u2013 Cia. O que ser\u00e1 de n\u00f3s? \u2013 Adondedormem\u00a0<\/span><\/li><li style=\"font-weight: 400;\" aria-level=\"2\"><span style=\"font-weight: 400;\">24 \u2013 Variedades \u2013 Coletivo Os C\u00eais\u00a0\u00a0<\/span><\/li><\/ul><\/li><\/ul><ul><li style=\"font-weight: 400;\" aria-level=\"1\"><span style=\"font-weight: 400;\">CEU do N\u00facleo Habitacional Nova Esperan\u00e7a<\/span><ul><li style=\"font-weight: 400;\" aria-level=\"2\"><span style=\"font-weight: 400;\">25 \u2013 1, 2, 3 e j\u00e1h \u2013 Cia. Espagirica\u00a0<\/span><\/li><li style=\"font-weight: 400;\" aria-level=\"2\"><span style=\"font-weight: 400;\">26 \u2013 Variedades \u2013 Coletivo Os C\u00eais<\/span><\/li><\/ul><\/li><\/ul><ul><li style=\"font-weight: 400;\" aria-level=\"1\"><span style=\"font-weight: 400;\">Represa Municipal<\/span><ul><li style=\"font-weight: 400;\" aria-level=\"2\"><span style=\"font-weight: 400;\">27 \u2013 Variedades \u2013 Coletivo Os C\u00eais <\/span><\/li><\/ul><\/li><\/ul><\/div>\n\t\t\t\t\t\t\t\t\t<div class=\"elementor-tab-title elementor-tab-mobile-title\" aria-selected=\"false\" data-tab=\"15\" role=\"tab\" tabindex=\"-1\" aria-controls=\"elementor-tab-content-33515\" aria-expanded=\"false\">2018<\/div>\n\t\t\t\t\t<div id=\"elementor-tab-content-33515\" class=\"elementor-tab-content elementor-clearfix\" data-tab=\"15\" role=\"tabpanel\" aria-labelledby=\"elementor-tab-title-33515\" tabindex=\"0\" hidden=\"hidden\"><p><img loading=\"lazy\" decoding=\"async\" class=\"size-medium wp-image-229 alignleft\" src=\"https:\/\/festivaldejaneiro.com\/wp-content\/uploads\/2021\/02\/2018-300x200.png\" alt=\"\" width=\"300\" height=\"200\" srcset=\"https:\/\/festivaldejaneiro.com\/wp-content\/uploads\/2021\/02\/2018-300x200.png 300w, https:\/\/festivaldejaneiro.com\/wp-content\/uploads\/2021\/02\/2018-1024x683.png 1024w, https:\/\/festivaldejaneiro.com\/wp-content\/uploads\/2021\/02\/2018-768x512.png 768w, https:\/\/festivaldejaneiro.com\/wp-content\/uploads\/2021\/02\/2018.png 1285w\" sizes=\"(max-width: 300px) 100vw, 300px\" \/><\/p><p><span style=\"font-weight: 400;\">Em 2018 a d\u00e9cima quarta edi\u00e7\u00e3o do Festival em janeiro Teatro para Crian\u00e7a \u00e9 o maior barato realizado pela Cia. F\u00e1brica de Sonhos em parceria com Governo Federal, por meio do Minist\u00e9rio da Cultura, Lei Rouanet e Prefeitura Municipal de S\u00e3o Jos\u00e9 do Rio Preto, por meio da Secretaria de Cultura aconteceu no Teatro Municipal Humberto Sinibaldi Neto, Galeria Norma Vilar e Espa\u00e7os Alternativos e Pra\u00e7as da cidade.<\/span><\/p><p><span style=\"font-weight: 400;\">Neste ano foram realizadas trinta apresenta\u00e7\u00f5es teatrais de vinte companhias diferentes das cidades de Itanha\u00e9m, Curitiba, Campinas, Presidente Prudente, Bras\u00edlia, Porto Alegre, S\u00e3o Paulo, Ibir\u00e1, Ribeir\u00e3o Preto e Belo Horizonte e tamb\u00e9m foram promovidas dez atividades formativas pelas cias. participantes de compartilhamento de conte\u00fado sobre\u00a0 a produ\u00e7\u00e3o teatral para crian\u00e7as,\u00a0 al\u00e9m de trinta debates mediados por Dib Carneiro Neto. O p\u00fablico lotou\u00a0 todas as sess\u00f5es.\u00a0<\/span><\/p><ul><li style=\"font-weight: 400;\" aria-level=\"1\"><span style=\"font-weight: 400;\">Per\u00edodo de realiza\u00e7\u00e3o: 10 a 19 de janeiro de 2018<\/span><\/li><li style=\"font-weight: 400;\" aria-level=\"1\"><span style=\"font-weight: 400;\">Quantidade de apresenta\u00e7\u00f5es: 30<\/span><\/li><li style=\"font-weight: 400;\" aria-level=\"1\"><span style=\"font-weight: 400;\">Quantidade de atividades formativas: 10<\/span><\/li><li style=\"font-weight: 400;\" aria-level=\"1\"><span style=\"font-weight: 400;\">Local: Teatro Municipal Humberto Sinibaldi Neto (400 lugares), Espa\u00e7os Alternativos \u2013 Ruas, Pra\u00e7as e Centros Culturais<\/span><\/li><li style=\"font-weight: 400;\" aria-level=\"1\"><span style=\"font-weight: 400;\">P\u00fablico direto: 10.000 pessoas\u00a0<\/span><\/li><li style=\"font-weight: 400;\" aria-level=\"1\"><span style=\"font-weight: 400;\">P\u00fablico indireto: 300.000 pessoas<\/span><\/li><\/ul><p><span style=\"text-decoration: underline;\"><b>Programa\u00e7\u00e3o<\/b><\/span><\/p><p><b>Teatro Municipal Humberto Sinibaldi Neto<\/b><\/p><ul><li style=\"font-weight: 400;\" aria-level=\"1\"><span style=\"font-weight: 400;\">\u00a011 &#8211; \u201cPOP\u201d com a Cia. Noz de Teatro (S\u00e3o Paulo\/SP) e \u201cCoc\u00f4 de Passarinho\u201d com a Cia. Noz de Teatro (S\u00e3o Paulo\/SP)<\/span><\/li><li style=\"font-weight: 400;\" aria-level=\"1\"><span style=\"font-weight: 400;\">\u00a012 &#8211; \u201cA Vaca Lel\u00e9 \u2013 Deixe seu sonho voar\u201d com a Cia. Arte das \u00c1guas (Ibir\u00e1\/SP) e\u00a0 \u201c20mil novas l\u00e9guas\u201d com a Cia. Hecatombe (S. J. do Rio Preto\/SP)<\/span><\/li><li style=\"font-weight: 400;\" aria-level=\"1\"><span style=\"font-weight: 400;\">\u00a013 &#8211; \u201cGulliver \u2013 Um gigante diferente\u201d com a Cia. Teatral Tert\u00falia (Ribeir\u00e3o Preto\/SP) e \u201cPin\u00f3quio\u201d \u2013 M\u00eddia Produ\u00e7\u00f5es (S. J. do Rio Preto\/SP)<\/span><\/li><li style=\"font-weight: 400;\" aria-level=\"1\"><span style=\"font-weight: 400;\">\u00a014 &#8211; \u201cCinco Semanas em um Bal\u00e3o\u201d com\u00a0 Sabre de luz Teatro (S\u00e3o Paulo\/SP) e \u201cRemixSirChaplin \u2013 O Garoto e o Circo\u201d com o Grupo S\u00f3 Riso (S. J. do Rio Preto\/SP)<\/span><\/li><li style=\"font-weight: 400;\" aria-level=\"1\"><span style=\"font-weight: 400;\">\u00a015 &#8211; \u201cHist\u00f3rias de Alexandre\u201d com o\u00a0 Grupo 59 de Teatro (S\u00e3o Paulo\/SP) e \u201cA Fant\u00e1stica F\u00e1bula de Jo\u00e3o e Maria\u201d com a Cia. F\u00e1brica de Sonhos (S. J. do Rio Preto\/SP)<\/span><\/li><li style=\"font-weight: 400;\" aria-level=\"1\"><span style=\"font-weight: 400;\">\u00a016 &#8211; \u201cCiranda Cirand\u00e1, o boi que queria voar\u201d com a\u00a0 Cia. Tricr\u00f3matica (S\u00e3o Paulo\/SP) e \u201cRabisco &#8211; um cachorro perfeito\u201d com a Maracuj\u00e1 Laborat\u00f3rio de Artes (S\u00e3o Paulo\/SP)<\/span><\/li><li style=\"font-weight: 400;\" aria-level=\"1\"><span style=\"font-weight: 400;\">\u00a017\u00a0 \u201cBerenices\u201d com a Morpheus Teatro (S\u00e3o Paulo\/SP) e\u00a0 \u201cO Cabelo da Princesa\u201d com Abre Aspas (S\u00e3o Paulo\/SP)<\/span><\/li><li style=\"font-weight: 400;\" aria-level=\"1\"><span style=\"font-weight: 400;\">\u00a018 &#8211; \u201cCirco de Coisas\u201d\u00a0 com a Cia. Circo de Bonecos (S\u00e3o Paulo\/SP) e \u201cCada Qual no Seu Barril\u201d com a Cia. da Revista (S\u00e3o Paulo\/SP)<\/span><\/li><li style=\"font-weight: 400;\" aria-level=\"1\"><span style=\"font-weight: 400;\">\u00a019 &#8211; \u201cO menino e a cerejeira\u201d com a Borbolina Cia. (S\u00e3o Paulo\/SP) e \u201cA Festa do Pijama\u201d com o Grupo Oriundo de Teatro (Belo Horizonte\/MG)<\/span><\/li><\/ul><p><span style=\"text-decoration: underline;\"><b>Programa\u00e7\u00e3o<\/b><\/span><\/p><p><b>Espa\u00e7os P\u00fablicos<\/b><\/p><ul><li style=\"font-weight: 400;\" aria-level=\"1\"><span style=\"font-weight: 400;\">\u00a010 \u2013 Pra\u00e7a Rui Barbosa\u00a0<\/span><\/li><li style=\"font-weight: 400;\" aria-level=\"1\"><span style=\"font-weight: 400;\">\u201cCirco Lando \u2013 N\u00fameros\u201d com a Cia. F\u00e1brica de Sonhos (S\u00e3o Jos\u00e9 do Rio Preto\/SP) e cias convidadas (Cia. Burucutu, Grupo Rosa dos Ventos, Mamulengo sem Fronteira e Cia. Circo de Bonecos)<\/span><\/li><li style=\"font-weight: 400;\" aria-level=\"1\"><span style=\"font-weight: 400;\">\u00a011 &#8211; Esta\u00e7\u00e3o Ferrovi\u00e1ria de SJRP<\/span><\/li><li style=\"font-weight: 400;\" aria-level=\"1\"><span style=\"font-weight: 400;\">\u201cGuai\u00e1 de todos n\u00f3s\u201d\u00a0 com a Cia. Burucutu (Itanha\u00e9m\/SP)<\/span><\/li><li style=\"font-weight: 400;\" aria-level=\"1\"><span style=\"font-weight: 400;\">Parque Ecol\u00f3gico Educativo Danilo Santos de Miranda<\/span><\/li><li style=\"font-weight: 400;\" aria-level=\"1\"><span style=\"font-weight: 400;\">\u201cAs espertezas de Arlequim\u201d com o Grupo Arte da Com\u00e9dia (Curitiba\/PR)<\/span><\/li><li style=\"font-weight: 400;\" aria-level=\"1\"><span style=\"font-weight: 400;\">\u00a012 -Rio Preto Shopping Center<\/span><\/li><li style=\"font-weight: 400;\" aria-level=\"1\"><span style=\"font-weight: 400;\">\u00a0\u201cAzulindo no Teatro Itinerante de Bonecos\u201d\u00a0 com Cia. Serafin Teatro (Campinas\/SP)<\/span><\/li><li style=\"font-weight: 400;\" aria-level=\"1\"><span style=\"font-weight: 400;\">Pra\u00e7a Dom Jos\u00e9 Marcondes<\/span><\/li><li style=\"font-weight: 400;\" aria-level=\"1\"><span style=\"font-weight: 400;\">\u00a0\u201cSuper Tosco\u201d com o Grupo Rosa dos Ventos \u2013 (Presidente Prudente\/SP)<\/span><\/li><li style=\"font-weight: 400;\" aria-level=\"1\"><span style=\"font-weight: 400;\">\u00a013 &#8211; Esquina General Glic\u00e9rio c\/ Jorge Tibiri\u00e7a<\/span><\/li><li style=\"font-weight: 400;\" aria-level=\"1\"><span style=\"font-weight: 400;\">\u201cAs aventuras de Baltazar no reino dos Mamulengos\u201d\u00a0 com Mamulengo sem Fronteiras (Bras\u00edlia\/DF)<\/span><\/li><li style=\"font-weight: 400;\" aria-level=\"1\"><span style=\"font-weight: 400;\">Esta\u00e7\u00e3o Ferrovi\u00e1ria de Schimidt<\/span><\/li><li style=\"font-weight: 400;\" aria-level=\"1\"><span style=\"font-weight: 400;\">\u201cEra uma vez: contos, lendas e cantigas\u201d com Rococ\u00f3 Produ\u00e7\u00f5es (Porto Alegre\/RS)<\/span><\/li><li style=\"font-weight: 400;\" aria-level=\"1\"><span style=\"font-weight: 400;\">\u00a014 &#8211; Pra\u00e7a da Igreja Matriz de Schimidt<\/span><\/li><li style=\"font-weight: 400;\" aria-level=\"1\"><span style=\"font-weight: 400;\">\u201cCarpinteiros em domicilio\u201d com a Cia. Suno (S\u00e3o Paulo\/SP)<\/span><\/li><li style=\"font-weight: 400;\" aria-level=\"1\"><span style=\"font-weight: 400;\">\u00a015 &#8211; Pra\u00e7a Rui Barbosa<\/span><\/li><li style=\"font-weight: 400;\" aria-level=\"1\"><span style=\"font-weight: 400;\">17h \u2013 \u201cTucantaconto!\u201d com a Cia. Tricrom\u00e1tica (S\u00e3o Paulo\/SP)<\/span><\/li><li style=\"font-weight: 400;\" aria-level=\"1\"><span style=\"font-weight: 400;\">\u00a016\u00a0 &#8211; \u00c1rea Central de SJRP<\/span><\/li><li style=\"font-weight: 400;\" aria-level=\"1\"><span style=\"font-weight: 400;\">\u201cO Livro do Mundo Inteiro\u201d com a Trupe DuNav\u00f4 (S\u00e3o Paulo\/SP)<\/span><\/li><li style=\"font-weight: 400;\" aria-level=\"1\"><span style=\"font-weight: 400;\">\u00a017\u00a0 &#8211; Represa Municipal Lago 2<\/span><\/li><li style=\"font-weight: 400;\" aria-level=\"1\"><span style=\"font-weight: 400;\">\u201c\u00c9 mesmo uma Palha\u00e7ada!\u201d com a Trupe DuNav\u00f4 (S\u00e3o Paulo\/SP)<\/span><\/li><li style=\"font-weight: 400;\" aria-level=\"1\"><span style=\"font-weight: 400;\">\u00a0\u00a019\u00a0 &#8211; Pra\u00e7a Dom Jos\u00e9 Marcondes<\/span><\/li><li style=\"font-weight: 400;\" aria-level=\"1\"><span style=\"font-weight: 400;\">\u201cSegura, mam\u00e3e!\u201d com a Cia. da Sorte (Brasilia\/DF)<\/span><\/li><\/ul><p><span style=\"text-decoration: underline;\"><b>Programa\u00e7\u00e3o<\/b><\/span><\/p><p><b>Atividades Formativas &#8211; Galeria Norma Vilar<\/b><\/p><ul><li style=\"font-weight: 400;\" aria-level=\"1\"><span style=\"font-weight: 400;\">\u00a011 &#8211; \u2018\u2019Fazendo hist\u00f3rias com livros pop up\u2019\u2019com Liana Yuri<\/span><\/li><li style=\"font-weight: 400;\" aria-level=\"1\"><span style=\"font-weight: 400;\">\u00a012 &#8211; Bate Papo: \u2018\u2019 Dramaturgia para o teatro Infanto-Juvenil\u2019\u2019 com Marcelo Romagnoli<\/span><\/li><li style=\"font-weight: 400;\" aria-level=\"1\"><span style=\"font-weight: 400;\">Construindo textos para Teatro de Mamulengo\u2019\u2019 com Mamulengo sem Fronteiras<\/span><\/li><li style=\"font-weight: 400;\" aria-level=\"1\"><span style=\"font-weight: 400;\">\u00a013 &#8211; Inicia\u00e7\u00e3o as T\u00e9cnicas Teatrais com a Cia. F\u00e1brica de Sonhos<\/span><\/li><li style=\"font-weight: 400;\" aria-level=\"1\"><span style=\"font-weight: 400;\">\u00a0Viv\u00eancia com Bonecos \u201cA Minha Marionete\u201d com a Serafin Teatro<\/span><\/li><li style=\"font-weight: 400;\" aria-level=\"1\"><span style=\"font-weight: 400;\">\u00a014 &#8211; Conta\u00e7\u00e3o de hist\u00f3rias com Rococ\u00f3 Produ\u00e7\u00f5es<\/span><\/li><li style=\"font-weight: 400;\" aria-level=\"1\"><span style=\"font-weight: 400;\">\u00a015 &#8211; Composi\u00e7\u00e3o teatral: O corpo na cena \u2013 Grupo 59 de Teatro<\/span><\/li><li style=\"font-weight: 400;\" aria-level=\"1\"><span style=\"font-weight: 400;\">\u00a016 &#8211; A Consci\u00eancia do Ator na Preposi\u00e7\u00e3o da Cena com Claudio Saltini<\/span><\/li><li style=\"font-weight: 400;\" aria-level=\"1\"><span style=\"font-weight: 400;\">\u00a017 &#8211; A Consci\u00eancia do Ator na Preposi\u00e7\u00e3o da Cena\u00a0 com Claudio Saltini<\/span><\/li><li style=\"font-weight: 400;\" aria-level=\"1\"><span style=\"font-weight: 400;\">\u00a018 &#8211; Luta C\u00eanica \u2013 Teoria e pr\u00e1tica com a Cia. F\u00e1brica de Sonhos<\/span><\/li><li style=\"font-weight: 400;\" aria-level=\"1\"><span style=\"font-weight: 400;\">\u00a019 &#8211; D\u00ednamo-ritmos e a a\u00e7\u00e3o c\u00f4mica com\u00a0 Bruna Longo e Dani Flor<\/span><\/li><\/ul><\/div>\n\t\t\t\t\t\t\t\t\t<div class=\"elementor-tab-title elementor-tab-mobile-title\" aria-selected=\"false\" data-tab=\"16\" role=\"tab\" tabindex=\"-1\" aria-controls=\"elementor-tab-content-33516\" aria-expanded=\"false\">2019 e 2020<\/div>\n\t\t\t\t\t<div id=\"elementor-tab-content-33516\" class=\"elementor-tab-content elementor-clearfix\" data-tab=\"16\" role=\"tabpanel\" aria-labelledby=\"elementor-tab-title-33516\" tabindex=\"0\" hidden=\"hidden\"><p><span style=\"font-weight: 400;\">Em 2019 e 2020 o Festival n\u00e3o foi realizado, por falta de recursos. <\/span><\/p><\/div>\n\t\t\t\t\t\t\t\t\t<div class=\"elementor-tab-title elementor-tab-mobile-title\" aria-selected=\"false\" data-tab=\"17\" role=\"tab\" tabindex=\"-1\" aria-controls=\"elementor-tab-content-33517\" aria-expanded=\"false\">2021<\/div>\n\t\t\t\t\t<div id=\"elementor-tab-content-33517\" class=\"elementor-tab-content elementor-clearfix\" data-tab=\"17\" role=\"tabpanel\" aria-labelledby=\"elementor-tab-title-33517\" tabindex=\"0\" hidden=\"hidden\"><p><span style=\"font-weight: 400;\">Em 2021, foi realizada a edi\u00e7\u00e3o especial do Festival em janeiro Teatro para Crian\u00e7a \u00e9 o maior barato sob os ausp\u00edcios da Lei Emergencial Aldir Blanc intitulado \u201cFestival de Janeiro \u2013 Edi\u00e7\u00e3o Especial\u201d com 12 apresenta\u00e7\u00f5es de espet\u00e1culos teatrais, 12 atividades formativas e 12 debates com a media\u00e7\u00e3o do cr\u00edtico teatral Dib Carneiro Neto.<\/span><\/p><p><span style=\"font-weight: 400;\">Participaram coletivos das cidades de S\u00e3o Paulo, S\u00e3o Jos\u00e9 do Rio Preto, Ribeir\u00e3o Preto, Campinas, Salto, Jundia\u00ed, Rio de Janeiro, Belo Horizonte, Fortaleza, Bras\u00edlia e Joenvile. Toda a programa\u00e7\u00e3o foi compartilhada no formato online pelo Youtube da Cia. F\u00e1brica de Sonhos.<\/span><\/p><ul><li style=\"font-weight: 400;\" aria-level=\"1\"><span style=\"font-weight: 400;\">Per\u00edodo de realiza\u00e7\u00e3o: 7 a 18 de abril de 2021<\/span><\/li><li style=\"font-weight: 400;\" aria-level=\"1\"><span style=\"font-weight: 400;\">Quantidade de apresenta\u00e7\u00f5es: 12<\/span><\/li><li style=\"font-weight: 400;\" aria-level=\"1\"><span style=\"font-weight: 400;\">Quantidade de atividades formativas: 12<\/span><\/li><li style=\"font-weight: 400;\" aria-level=\"1\"><span style=\"font-weight: 400;\">Local: Youtube Cia. F\u00e1brica de Sonhos<\/span><\/li><li style=\"font-weight: 400;\" aria-level=\"1\"><span style=\"font-weight: 400;\">\u00a0P\u00fablico direto: 5.000 acessos<\/span><\/li><li style=\"font-weight: 400;\" aria-level=\"1\"><span style=\"font-weight: 400;\">P\u00fablico indireto: 500.000 pessoas<\/span><\/li><\/ul><p><span style=\"text-decoration: underline;\"><b>Programa\u00e7\u00e3o<\/b><\/span><\/p><p><b>Espet\u00e1culos Canal do YT<\/b><\/p><ul><li style=\"font-weight: 400;\" aria-level=\"1\"><span style=\"font-weight: 400;\">7 &#8211; Era uma vez&#8230;O Le\u00e3o e o Ratinho &#8211; Cia. F\u00e1brica de Sonhos &#8211; S\u00e3o Jos\u00e9 do Rio Preto\/SP<\/span><\/li><li style=\"font-weight: 400;\" aria-level=\"1\"><span style=\"font-weight: 400;\">8 \u2013 Inzoonia &#8211; Cia Circo de Bonecos &#8211; Salto\/SP<\/span><\/li><li style=\"font-weight: 400;\" aria-level=\"1\"><span style=\"font-weight: 400;\">9 \u2013 Quando eu sonho, viro sonho &#8211; Caramello Produ\u00e7\u00f5es &#8211; Rio de Janeiro\/RJ<\/span><\/li><li style=\"font-weight: 400;\" aria-level=\"1\"><span style=\"font-weight: 400;\">10 \u2013 Mem\u00f3rias de um quintal &#8211; Insensata Cia. de Teatro &#8211; Belo Horizonte\/MG<\/span><\/li><li style=\"font-weight: 400;\" aria-level=\"1\"><span style=\"font-weight: 400;\">11 \u2013 Aten\u00e7\u00e3o, respeit\u00e1vel p\u00fablico! &#8211; Dami\u00e3o e Cia. de Teatro -Campinas\/SP<\/span><\/li><li style=\"font-weight: 400;\" aria-level=\"1\"><span style=\"font-weight: 400;\">12 \u2013 Super coach digital de como reverberar o intranspon\u00edvel saber h\u00edbrido da arte e suas subjetividades &#8211; Trupe FANS &#8211; Jundia\u00ed\/SP<\/span><\/li><li style=\"font-weight: 400;\" aria-level=\"1\"><span style=\"font-weight: 400;\">13 \u2013 Biscoitos &#8211; Conforto &amp; Cia &#8211; S\u00e3o Paulo\/SP<\/span><\/li><li style=\"font-weight: 400;\" aria-level=\"1\"><span style=\"font-weight: 400;\">14 \u2013 Napole\u00e3o &#8211; Grupo Pavilh\u00e3o da Magn\u00f3lia &#8211; Fortaleza\/CE<\/span><\/li><li style=\"font-weight: 400;\" aria-level=\"1\"><span style=\"font-weight: 400;\">15 &#8211; Clownfus\u00e3o, os internacionalmente desconhecidos\u00a0 &#8211; Cia. Raros Circus &#8211;<\/span><\/li><li style=\"font-weight: 400;\" aria-level=\"1\"><span style=\"font-weight: 400;\">Ribeir\u00e3o Preto\/SP<\/span><\/li><li style=\"font-weight: 400;\" aria-level=\"1\"><span style=\"font-weight: 400;\">16 &#8211; O Romance do Pav\u00e3o Misterioso &#8211;\u00a0 GT Mamulengo Sem Fronteiras &#8211;<\/span><\/li><li style=\"font-weight: 400;\" aria-level=\"1\"><span style=\"font-weight: 400;\">Bras\u00edllia\/DF<\/span><\/li><li style=\"font-weight: 400;\" aria-level=\"1\"><span style=\"font-weight: 400;\">17 \u2013 Era uma vez&#8230;A Cigarra e a Formiga &#8211; Cia. F\u00e1brica de Sonhos &#8211; S\u00e3o Jos\u00e9 do Rio Preto\/SP<\/span><\/li><li style=\"font-weight: 400;\" aria-level=\"1\"><span style=\"font-weight: 400;\">18 &#8211; A \u00faltima aventura de Gilgamesh &#8211; Essa\u00e9 Cia &#8211; Joinville\/SC<\/span><\/li><\/ul><p><span style=\"text-decoration: underline;\"><b>Programa\u00e7\u00e3o<\/b><\/span><\/p><p><b>Atividades Formativas &#8211; Canal do YT<\/b><\/p><ul><li style=\"font-weight: 400;\" aria-level=\"1\"><span style=\"font-weight: 400;\">7 \u2013 Workshop: Ressignifica\u00e7\u00e3o de objetos na cena<\/span><\/li><li style=\"font-weight: 400;\" aria-level=\"1\"><span style=\"font-weight: 400;\">8 \u2013 Workshop: Manipula\u00e7\u00e3o de Fantoches<\/span><\/li><li style=\"font-weight: 400;\" aria-level=\"1\"><span style=\"font-weight: 400;\">9 \u2013 Workshop: Teatro para primeira inf\u00e2ncia<\/span><\/li><li style=\"font-weight: 400;\" aria-level=\"1\"><span style=\"font-weight: 400;\">10 \u2013 Workshop: Viv\u00eancia brincar, narrar e criar!<\/span><\/li><li style=\"font-weight: 400;\" aria-level=\"1\"><span style=\"font-weight: 400;\">11 &#8211; Workshop: O Circo-Teatro Brasileiro<\/span><\/li><li style=\"font-weight: 400;\" aria-level=\"1\"><span style=\"font-weight: 400;\">12 &#8211; Workshop: O corpo do palha\u00e7o: Presen\u00e7a brincante no isolamento<\/span><\/li><li style=\"font-weight: 400;\" aria-level=\"1\"><span style=\"font-weight: 400;\">13 \u2013 Workshop: O Palha\u00e7o e o luto<\/span><\/li><li style=\"font-weight: 400;\" aria-level=\"1\"><span style=\"font-weight: 400;\">14 \u2013 Workshop: Perspectivas sobre as pot\u00eancias para um trabalho continuado dentro de um grupo<\/span><\/li><li style=\"font-weight: 400;\" aria-level=\"1\"><span style=\"font-weight: 400;\">15 &#8211; Workshop: O Universo do Circo-Teatro de Rua<\/span><\/li><li style=\"font-weight: 400;\" aria-level=\"1\"><span style=\"font-weight: 400;\">16 &#8211; Workshop:\u00a0 Teatro e hist\u00f3rias do Mamulengo<\/span><\/li><li style=\"font-weight: 400;\" aria-level=\"1\"><span style=\"font-weight: 400;\">17 \u2013 Workshop: Personifica\u00e7\u00e3o de animais\u00a0<\/span><\/li><li style=\"font-weight: 400;\" aria-level=\"1\"><span style=\"font-weight: 400;\">18 &#8211; Workshop: Princ\u00edpios B\u00e1sicos do Teatro de Formas Animadas<\/span><\/li><\/ul><\/div>\n\t\t\t\t\t\t\t\t\t<div class=\"elementor-tab-title elementor-tab-mobile-title\" aria-selected=\"false\" data-tab=\"18\" role=\"tab\" tabindex=\"-1\" aria-controls=\"elementor-tab-content-33518\" aria-expanded=\"false\">2022 - 1<\/div>\n\t\t\t\t\t<div id=\"elementor-tab-content-33518\" class=\"elementor-tab-content elementor-clearfix\" data-tab=\"18\" role=\"tabpanel\" aria-labelledby=\"elementor-tab-title-33518\" tabindex=\"0\" hidden=\"hidden\"><p><span style=\"font-weight: 400;\">Em 2022, foi realizada a d\u00e9cima quinta edi\u00e7\u00e3o do Festival em janeiro Teatro para Crian\u00e7a \u00e9 o maior barato pela Cia. F\u00e1brica de Sonhos em parceria com o Governo do Estado de S\u00e3o Paulo, por meio da Secretaria de Cultura e Economia Criativa e Proac Edital no m\u00eas de janeiro.\u00a0<\/span><\/p><p><span style=\"font-weight: 400;\">A d\u00e9cima quinta edi\u00e7\u00e3o foi realizada no Teatro do Sesi e Pra\u00e7a Rui Barbosa, no formato h\u00edbrido e contemplou doze apresenta\u00e7\u00f5es de espet\u00e1culos teatrais, doze atividades formativas e doze debates com a media\u00e7\u00e3o do cr\u00edtico teatral Dib Carneiro Neto. Participaram coletivos das cidades de S\u00e3o Paulo, S\u00e3o Jos\u00e9 do Rio Preto, Pindamonhangaba, Campinas, Birigui e Presidente Prudente.<\/span><\/p><ul><li style=\"font-weight: 400;\" aria-level=\"1\"><span style=\"font-weight: 400;\">Per\u00edodo de realiza\u00e7\u00e3o: 21 a 30 de janeiro de 2022<\/span><\/li><li style=\"font-weight: 400;\" aria-level=\"1\"><span style=\"font-weight: 400;\">Quantidade de apresenta\u00e7\u00f5es: 12<\/span><\/li><li style=\"font-weight: 400;\" aria-level=\"1\"><span style=\"font-weight: 400;\">Quantidade de atividades formativas: 12<\/span><\/li><li style=\"font-weight: 400;\" aria-level=\"1\"><span style=\"font-weight: 400;\">Local: Teatro do Sesi (384 lugares), Espa\u00e7o Criativo F\u00e1brica de Sonhos e Pra\u00e7a Rui Barbosa<\/span><\/li><li style=\"font-weight: 400;\" aria-level=\"1\"><span style=\"font-weight: 400;\">\u00a0P\u00fablico direto: 6.000 pessoas + 3.000 acessos no YT<\/span><\/li><li style=\"font-weight: 400;\" aria-level=\"1\"><span style=\"font-weight: 400;\">P\u00fablico indireto: 300.000 pessoas<\/span><\/li><\/ul><p><span style=\"text-decoration: underline;\"><b>Programa\u00e7\u00e3o\u00a0<\/b><\/span><\/p><p><b>Teatro do Sesi\u00a0<\/b><\/p><ul><li style=\"font-weight: 400;\" aria-level=\"1\"><span style=\"font-weight: 400;\">21 \u2013 Era uma vez&#8230; O Le\u00e3o e o Ratinho (Cia. F\u00e1brica de Sonhos \u2013 S\u00e3o Jos\u00e9 do Rio Preto-SP)<\/span><\/li><li style=\"font-weight: 400;\" aria-level=\"1\"><span style=\"font-weight: 400;\">22 \u2013 Yaga \u2013 Uma Hist\u00f3ria para Crian\u00e7as Corajosas (Severina Cia. de<\/span><\/li><li style=\"font-weight: 400;\" aria-level=\"1\"><span style=\"font-weight: 400;\">Teatro \u2013 Pindamonhangaba-SP)<\/span><\/li><li style=\"font-weight: 400;\" aria-level=\"1\"><span style=\"font-weight: 400;\">23 \u2013 Fl\u00favio e o Mar (Agrupamento de Artistas &#8211; S\u00e3o Jos\u00e9 do Rio Preto-SP)<\/span><\/li><li style=\"font-weight: 400;\" aria-level=\"1\"><span style=\"font-weight: 400;\">25 \u2013 Aten\u00e7\u00e3o, respeit\u00e1vel p\u00fablico (Dami\u00e3o &amp; Cia. &#8211; Campinas-SP)<\/span><\/li><li style=\"font-weight: 400;\" aria-level=\"1\"><span style=\"font-weight: 400;\">26 \u2013 Vermelhinhos (Cia. Hecatombe &#8211; S\u00e3o Jos\u00e9 do Rio Preto-SP)<\/span><\/li><li style=\"font-weight: 400;\" aria-level=\"1\"><span style=\"font-weight: 400;\">27 \u2013 Refugo Urbano (Trupe DuNav\u00f4 &#8211; S\u00e3o Paulo-SP)<\/span><\/li><li style=\"font-weight: 400;\" aria-level=\"1\"><span style=\"font-weight: 400;\">29 \u2013 Com a pulga atr\u00e1s da orelha (Palha\u00e7o Pop\u00f3 &#8211; Birigui-SP)<\/span><\/li><li style=\"font-weight: 400;\" aria-level=\"1\"><span style=\"font-weight: 400;\">30 \u2013 A Revolu\u00e7\u00e3o dos Bichos (Cia. Apocal\u00edptica &#8211; S\u00e3o Jos\u00e9 do Rio Preto-SP)<\/span><\/li><\/ul><p><b><span style=\"text-decoration: underline;\">Programa\u00e7\u00e3o<\/span>\u00a0<\/b><\/p><p><b>Espa\u00e7os Alternativos<\/b><\/p><ul><li style=\"font-weight: 400;\" aria-level=\"1\"><span style=\"font-weight: 400;\">Pra\u00e7a Rui Barbosa<\/span><ul><li style=\"font-weight: 400;\" aria-level=\"2\"><span style=\"font-weight: 400;\">24 \u2013 Circo Lando \u2013 o maior espet\u00e1culo da terra (Cia. F\u00e1brica de Sonhos &#8211; S\u00e3o Jos\u00e9 do Rio Preto-SP)<\/span><\/li><li style=\"font-weight: 400;\" aria-level=\"2\"><span style=\"font-weight: 400;\">25 \u2013 Fuzurufafa Bafafazuru (Grupo Rosa dos Ventos &#8211; Presidente Prudente-SP). Pra\u00e7a Rui Barbosa<\/span><\/li><li style=\"font-weight: 400;\" aria-level=\"2\"><span style=\"font-weight: 400;\">28 \u2013 \u00c9 mesmo uma Palha\u00e7ada (Trupe DuNav\u00f4 &#8211; S\u00e3o Paulo-SP). Pra\u00e7a Rui Barbosa<\/span><\/li><\/ul><\/li><\/ul><ul><li style=\"font-weight: 400;\" aria-level=\"1\"><span style=\"font-weight: 400;\">Riopreto Shopping Center<\/span><ul><li style=\"font-weight: 400;\" aria-level=\"2\"><span style=\"font-weight: 400;\">27 \u2013 Expresso Caracol (Cia. dos P\u00e9s &#8211; S\u00e3o Jos\u00e9 do Rio Preto-SP). Riopreto Shopping Center<\/span><\/li><\/ul><\/li><\/ul><p><span style=\"text-decoration: underline;\"><b>Programa\u00e7\u00e3o<\/b><\/span><\/p><p><b>Atividades Formativas \u2013 Espa\u00e7o F\u00e1brica de Sonhos<\/b><\/p><ul><li style=\"font-weight: 400;\" aria-level=\"1\"><span style=\"font-weight: 400;\">22 &#8211; Workshop: Da concep\u00e7\u00e3o ao ato c\u00eanico pelo m\u00e9todo da Cia. F\u00e1brica de Sonhos (Cia F\u00e1brica de Sonhos \u2013 S\u00e3o Jos\u00e9 do Rio Preto\/SP).\u00a0<\/span><\/li><li style=\"font-weight: 400;\" aria-level=\"1\"><span style=\"font-weight: 400;\">23 &#8211; Oficina: Bolhas de Sab\u00e3o Gigantes (Severina Cia. de Teatro \u2013 S\u00e3o Jos\u00e9 do Rio Preto\/SP<\/span><\/li><li style=\"font-weight: 400;\" aria-level=\"1\"><span style=\"font-weight: 400;\">24 &#8211; Workshop: O teatro e a m\u00fasica: parceiros no processo de cria\u00e7\u00e3o (Agrupamento de Artistas &#8211; S\u00e3o Jos\u00e9 do Rio Preto\/SP).\u00a0<\/span><\/li><li style=\"font-weight: 400;\" aria-level=\"1\"><span style=\"font-weight: 400;\">25 &#8211; Workshop: A descoberta do estado do palha\u00e7o (Cia. F\u00e1brica de Sonhos &#8211; S\u00e3o Jos\u00e9 do Rio Preto\/SP<\/span><\/li><li style=\"font-weight: 400;\" aria-level=\"1\"><span style=\"font-weight: 400;\">26 &#8211; Workshop: Introdu\u00e7\u00e3o \u00e0 palha\u00e7aria de picadeiro (Dami\u00e3o &amp; Cia &#8211; Campinas\/SP) e Oficina: Processo Criativo Rosa dos Ventos (Grupo Rosa dos Ventos -Presidente Prudente\/SP<\/span><\/li><li style=\"font-weight: 400;\" aria-level=\"1\"><span style=\"font-weight: 400;\">27 &#8211; Workshop: Hist\u00f3rias em Movimento (Cia. Hecatombe &#8211; S\u00e3o Jos\u00e9 do Rio Preto\/SP<\/span><\/li><li style=\"font-weight: 400;\" aria-level=\"1\"><span style=\"font-weight: 400;\">28 &#8211; Oficina: Um encontro com a palha\u00e7aria \u2013 Parte 1 (Trupe DuNav\u00f4 &#8211; S\u00e3o Paulo\/SP e\u00a0 Workshop: Interpreta\u00e7\u00e3o (Cia. dos P\u00e9s \u2013 S\u00e3o Jos\u00e9 do Rio Preto\/SP<\/span><\/li><li style=\"font-weight: 400;\" aria-level=\"1\"><span style=\"font-weight: 400;\">29 &#8211; Oficina: Um encontro com a palha\u00e7aria \u2013 Parte 2 (Trupe DuNav\u00f4 &#8211; S\u00e3o Paulo\/SP) e Workshop: O teatro infantil p\u00f3s-pandemia &#8211; Expectativas, Perspectivas e Realidade (Cia. Apocaliptica &#8211; S\u00e3o Jos\u00e9 do Rio Preto\/SP<\/span><\/li><li style=\"font-weight: 400;\" aria-level=\"1\"><span style=\"font-weight: 400;\">30\/01 \u2013 &#8211; Oficina de traquitanas (Palha\u00e7o Pop\u00f3 &#8211; Birigui\/SP).\u00a0<\/span><\/li><\/ul><\/div>\n\t\t\t\t\t\t\t\t\t<div class=\"elementor-tab-title elementor-tab-mobile-title\" aria-selected=\"false\" data-tab=\"19\" role=\"tab\" tabindex=\"-1\" aria-controls=\"elementor-tab-content-33519\" aria-expanded=\"false\">2022 - 2<\/div>\n\t\t\t\t\t<div id=\"elementor-tab-content-33519\" class=\"elementor-tab-content elementor-clearfix\" data-tab=\"19\" role=\"tabpanel\" aria-labelledby=\"elementor-tab-title-33519\" tabindex=\"0\" hidden=\"hidden\"><p><span style=\"font-weight: 400;\">Em 2022, tamb\u00e9m foi realizada a d\u00e9cima sexta edi\u00e7\u00e3o do Festival em janeiro Teatro para Crian\u00e7a \u00e9 o maior barato pela Cia. F\u00e1brica de Sonhos em parceria com o Governo do Estado de S\u00e3o Paulo, por meio da Secretaria de Cultura e Economia Criativa e Proac Edital no m\u00eas maio.\u00a0<\/span><\/p><p><span style=\"font-weight: 400;\">A decima sexta edi\u00e7\u00e3o foi realizada totalmente na Pra\u00e7a Rui Barbosa, no formato h\u00edbrido e contemplou dez apresenta\u00e7\u00f5es de espet\u00e1culos teatrais, dez atividades formativas e dez debates com a media\u00e7\u00e3o do cr\u00edtico teatral Dib Carneiro Neto. Participaram coletivos das cidades de S\u00e3o Paulo, Presidente Prudente, Ribeir\u00e3o Preto, S\u00e3o Jos\u00e9 do Rio Preto, S\u00e3o Caetano do Sul, Rio de Janeiro e Rio do Sul.<\/span><\/p><ul><li style=\"font-weight: 400;\" aria-level=\"1\"><span style=\"font-weight: 400;\">Per\u00edodo de realiza\u00e7\u00e3o: 1 a 7 de maio de 2022<\/span><\/li><li style=\"font-weight: 400;\" aria-level=\"1\"><span style=\"font-weight: 400;\">Quantidade de apresenta\u00e7\u00f5es: 10<\/span><\/li><li style=\"font-weight: 400;\" aria-level=\"1\"><span style=\"font-weight: 400;\">Quantidade de atividades formativas: 10<\/span><\/li><li style=\"font-weight: 400;\" aria-level=\"1\"><span style=\"font-weight: 400;\">Local: Pra\u00e7a Rui Barbosa e Espa\u00e7o Criativo F\u00e1brica de Sonhos<\/span><\/li><li style=\"font-weight: 400;\" aria-level=\"1\"><span style=\"font-weight: 400;\">P\u00fablico direto: 4.000 pessoas + 2.000 acessos no YT<\/span><\/li><li style=\"font-weight: 400;\" aria-level=\"1\"><span style=\"font-weight: 400;\">P\u00fablico indireto: 200.000 pessoas<\/span><\/li><\/ul><p><span style=\"text-decoration: underline;\"><b>Programa\u00e7\u00e3o\u00a0<\/b><\/span><\/p><p><b>Pra\u00e7a Rui Barbosa<\/b><\/p><ul><li style=\"font-weight: 400;\" aria-level=\"1\"><span style=\"font-weight: 400;\">1 &#8211; \u00c9 mesmo uma palha\u00e7ada (Trupe DuNav\u00f4 \u2013 S\u00e3o Paulo\/SP)<\/span><\/li><li style=\"font-weight: 400;\" aria-level=\"1\"><span style=\"font-weight: 400;\">2 &#8211; O livro do mundo inteiro (Trupe DuNav\u00f4 \u2013 S\u00e3o Paulo\/SP)<\/span><\/li><li style=\"font-weight: 400;\" aria-level=\"1\"><span style=\"font-weight: 400;\">3 &#8211;\u00a0 Miguel, o Cavalivreiro (Cia. Cobaia C\u00eanica \u2013 Rio do Sul\/SC)<\/span><\/li><li style=\"font-weight: 400;\" aria-level=\"1\"><span style=\"font-weight: 400;\">4 &#8211; Exemplos de Basti\u00e3o (Mamulengo sem Fronteiras \u2013 Bras\u00edlia\/DF)<\/span><\/li><li style=\"font-weight: 400;\" aria-level=\"1\"><span style=\"font-weight: 400;\">5 &#8211; ShakesPirando (Cia. Canta Circo e Teatro \u2013 S\u00e3o Caetano do Sul\/SP) e Hoje tem espet\u00e1culo (Grupo Rosa dos Ventos \u2013 Presidente Prudente\/DF)<\/span><\/li><li style=\"font-weight: 400;\" aria-level=\"1\"><span style=\"font-weight: 400;\">6 &#8211; Clownfus\u00e3o: os internacionalmente desconhecidos (Cia. Raros Circus \u2013 Ribeir\u00e3o Preto\/SP) e Pequenos Olhos (Cia. dos P\u00e9s \u2013 S\u00e3o Jos\u00e9 do Rio Preto\/SP)<\/span><\/li><li style=\"font-weight: 400;\" aria-level=\"1\"><span style=\"font-weight: 400;\">7- Desconforto (Conforto &amp; Cia. \u2013 S\u00e3o Paulo\/SP) e Era uma vez&#8230; o Le\u00e3o e o Ratinho (Cia. F\u00e1brica de Sonhos \u2013 S\u00e3o Jos\u00e9 do Rio Preto\/SP)<\/span><\/li><\/ul><p><span style=\"text-decoration: underline;\"><b>Programa\u00e7\u00e3o<\/b><\/span><\/p><p><b>Atividades Formativas &#8211; Espa\u00e7o Criativo \u2013 F\u00e1brica de Sonhos<\/b><\/p><ul><li style=\"font-weight: 400;\" aria-level=\"1\"><span style=\"font-weight: 400;\">1 &#8211; Oficina: Um encontro com a palha\u00e7aria \u2013 Parte 1 (Trupe DuNav\u00f4)<\/span><\/li><li style=\"font-weight: 400;\" aria-level=\"1\"><span style=\"font-weight: 400;\">2 &#8211; Oficina: Um encontro com a palha\u00e7aria \u2013 Parte 2 (Trupe DuNav\u00f4)<\/span><\/li><li style=\"font-weight: 400;\" aria-level=\"1\"><span style=\"font-weight: 400;\">3 &#8211; Oficina: Solo narrativo (Cia. Cobaia C\u00eanica)<\/span><\/li><li style=\"font-weight: 400;\" aria-level=\"1\"><span style=\"font-weight: 400;\">4 &#8211; Workshop: Exemplos de Basti\u00e3o (Mamulengos sem Fronteiras)<\/span><\/li><li style=\"font-weight: 400;\" aria-level=\"1\"><span style=\"font-weight: 400;\">5 &#8211; Oficina: Recriando Cl\u00e1ssicos (Cia. Canta Circo e Teatro) e Oficina de acrobacias (Grupo Rosa dos Ventos)<\/span><\/li><li style=\"font-weight: 400;\" aria-level=\"1\"><span style=\"font-weight: 400;\">6 &#8211; Oficina: Circo nosso de cada dia (Cia. Raros Circus)\u00a0 e\u00a0 Workshop: A evolu\u00e7\u00e3o do pensamento art\u00edstico (Cia. dos P\u00e9s)<\/span><\/li><li style=\"font-weight: 400;\" aria-level=\"1\"><span style=\"font-weight: 400;\">7 &#8211; Oficina: O Palha\u00e7o e o erro (Conforto &amp; Cia.) e Oficina: O ator criador (Cia. F\u00e1brica de Sonhos)<\/span><\/li><\/ul><\/div>\n\t\t\t\t\t\t\t\t\t<div class=\"elementor-tab-title elementor-tab-mobile-title\" aria-selected=\"false\" data-tab=\"20\" role=\"tab\" tabindex=\"-1\" aria-controls=\"elementor-tab-content-33520\" aria-expanded=\"false\">2023<\/div>\n\t\t\t\t\t<div id=\"elementor-tab-content-33520\" class=\"elementor-tab-content elementor-clearfix\" data-tab=\"20\" role=\"tabpanel\" aria-labelledby=\"elementor-tab-title-33520\" tabindex=\"0\" hidden=\"hidden\"><p><span style=\"font-weight: 400;\">Em 2023, a d\u00e9cima s\u00e9tima edi\u00e7\u00e3o do Festival em janeiro Teatro para Crian\u00e7a \u00e9 o maior barato realizada pela Cia. F\u00e1brica de Sonhos em parceria com o Governo do Estado de S\u00e3o Paulo, por meio da Secretaria de Cultura e Economia Criativa e Proac Edital aconteceu no Teatro do Sesi e no Espa\u00e7o F\u00e1brica de Sonhos contemplando dezessete apresenta\u00e7\u00f5es teatrais e dezessete atividades formativas de coletivos se diversas regi\u00f5es do pa\u00eds, como Rio Grande do Sul, Santa Catarina, Minas Gerais, Cear\u00e1 e S\u00e3o Paulo.<\/span><\/p><ul><li style=\"font-weight: 400;\" aria-level=\"1\"><span style=\"font-weight: 400;\">Per\u00edodo de realiza\u00e7\u00e3o: 20 a 30 de janeiro de 2023<\/span><\/li><li style=\"font-weight: 400;\" aria-level=\"1\"><span style=\"font-weight: 400;\">Quantidade de apresenta\u00e7\u00f5es: 17<\/span><\/li><li style=\"font-weight: 400;\" aria-level=\"1\"><span style=\"font-weight: 400;\">Quantidade de atividades formativas: 17<\/span><\/li><li style=\"font-weight: 400;\" aria-level=\"1\"><span style=\"font-weight: 400;\">Local: Teatro do Sesi (384 lugares) e Espa\u00e7o F\u00e1brica de Sonhos\u00a0<\/span><\/li><li style=\"font-weight: 400;\" aria-level=\"1\"><span style=\"font-weight: 400;\">P\u00fablico direto: 8.000 pessoas + 10.000 acessos no YT<\/span><\/li><li style=\"font-weight: 400;\" aria-level=\"1\"><span style=\"font-weight: 400;\">P\u00fablico indireto: 400.000 pessoas<\/span><\/li><\/ul><p><span style=\"text-decoration: underline;\"><b>Programa\u00e7\u00e3o<\/b><\/span><\/p><p><b>Teatro do Sesi<\/b><\/p><ul><li style=\"font-weight: 400;\" aria-level=\"1\"><span style=\"font-weight: 400;\">20 &#8211; Circo Lando, o maior espet\u00e1culo da terra (Cia. F\u00e1brica de Sonhos \u2013 S\u00e3o Jos\u00e9 do Rio Preto-SP)<\/span><\/li><li style=\"font-weight: 400;\" aria-level=\"1\"><span style=\"font-weight: 400;\">21 &#8211; Napole\u00e3o (Grupo Pavilh\u00e3o da Magn\u00f3lia &#8211; Fortaleza\/CE)<\/span><\/li><li style=\"font-weight: 400;\" aria-level=\"1\"><span style=\"font-weight: 400;\">22 &#8211; Circo de Quintal (Circo de Quintal Produ\u00e7\u00f5es Art\u00edsticas &#8211; Birigui\/SP)<\/span><\/li><li style=\"font-weight: 400;\" aria-level=\"1\"><span style=\"font-weight: 400;\">23 &#8211; De La Mancha: o cavaleiro trapalh\u00e3o (Rococ\u00f3 Produ\u00e7\u00f5es Art\u00edsticas e Culturais &#8211; Porto Alegre\/RS)<\/span><\/li><li style=\"font-weight: 400;\" aria-level=\"1\"><span style=\"font-weight: 400;\">24 &#8211; La vie en Rose (Cia. da Casa Amarela &#8211; Catanduva\/SP)<\/span><\/li><li style=\"font-weight: 400;\" aria-level=\"1\"><span style=\"font-weight: 400;\">25 &#8211; Lolo Barnab\u00e9 (Cia. Circo de Bonecos &#8211; Salto\/SP)<\/span><\/li><li style=\"font-weight: 400;\" aria-level=\"1\"><span style=\"font-weight: 400;\">28 &#8211; Os meninos e as pedras (S\u00e3o Jos\u00e9 do Rio Preto\/SP)<\/span><\/li><li style=\"font-weight: 400;\" aria-level=\"1\"><span style=\"font-weight: 400;\">29 &#8211; Era uma vez&#8230; Jo\u00e3o e Maria (Cia F\u00e1brica de Sonhos &#8211; S\u00e3o Jos\u00e9 do Rio Preto-SP)<\/span><\/li><\/ul><p><span style=\"text-decoration: underline;\"><b>Programa\u00e7\u00e3o<\/b><\/span><\/p><p><b>Espa\u00e7o F\u00e1brica de Sonhos<\/b><\/p><ul><li style=\"font-weight: 400;\" aria-level=\"1\"><span style=\"font-weight: 400;\">21 &#8211; Florbela e todas as palavras do mundo (Cia. Teatro de Romance &#8211; S\u00e3o Paulo\/SP)<\/span><\/li><li style=\"font-weight: 400;\" aria-level=\"1\"><span style=\"font-weight: 400;\">22 &#8211; Dom Caixote e o bode (Cia. Burucutu &#8211; Itanha\u00e9m\/SP)<\/span><\/li><li style=\"font-weight: 400;\" aria-level=\"1\"><span style=\"font-weight: 400;\">23 &#8211; A \u00faltima aventura de Gilgamesh (Essa\u00e9 Cia. &#8211; Joinville\/SC)<\/span><\/li><li style=\"font-weight: 400;\" aria-level=\"1\"><span style=\"font-weight: 400;\">24 &#8211; Boo (Minha Companhia &#8211; Belo Horizonte\/MG)<\/span><\/li><li style=\"font-weight: 400;\" aria-level=\"1\"><span style=\"font-weight: 400;\">25 &#8211; A mochila amarela (Cia. Apocal\u00edptica &#8211; S\u00e3o Jos\u00e9 do Rio Preto\/SP)<\/span><\/li><li style=\"font-weight: 400;\" aria-level=\"1\"><span style=\"font-weight: 400;\">26 &#8211; Ora bolas \u2013 Clarinha e suas hist\u00f3rias (Companhia Maria Em\u00edlia &#8211; Campinas\/SP)<\/span><\/li><li style=\"font-weight: 400;\" aria-level=\"1\"><span style=\"font-weight: 400;\">27 &#8211; Quantos outros cabem em um menino (Companhia do Acaso \u2013 Jundia\u00ed\/SP)<\/span><\/li><li style=\"font-weight: 400;\" aria-level=\"1\"><span style=\"font-weight: 400;\">28 &#8211; P\u00e9s descal\u00e7os (Morpheus Teatro &#8211; S\u00e3o Paulo\/SP)<\/span><\/li><li style=\"font-weight: 400;\" aria-level=\"1\"><span style=\"font-weight: 400;\">29 &#8211; O mist\u00e9rio do menino invis\u00edvel (Andrea Capelli e Murilo Gussi &#8211; S\u00e3o Jos\u00e9 do Rio Preto-SP)<\/span><\/li><\/ul><p><span style=\"text-decoration: underline;\"><b>Programa\u00e7\u00e3o<\/b><\/span><\/p><p><b>Atividades Formativas \u2013 Espa\u00e7o F\u00e1brica de Sonhos<\/b><\/p><ul><li style=\"font-weight: 400;\" aria-level=\"1\"><span style=\"font-weight: 400;\">21 &#8211; Workshop: \u201cA Descoberta do estado do palha\u00e7o\u201d, media\u00e7\u00e3o: Guido Caratori \/ Cia F\u00e1brica de Sonhos<\/span><\/li><li style=\"font-weight: 400;\" aria-level=\"1\"><span style=\"font-weight: 400;\">22 &#8211; Workshop: \u201cDramaturgia \u2013 Texto e intertexto no teatro para crian\u00e7as\u201d, media\u00e7\u00e3o: Marcelo Romagnoli \/ Grupo Pavilh\u00e3o da Magn\u00f3lia e Workshop: \u201cInicia\u00e7\u00e3o teatral\u201d, media\u00e7\u00e3o: Denis Antunes \/ Cia. Teatro de Romance<\/span><\/li><li style=\"font-weight: 400;\" aria-level=\"1\"><span style=\"font-weight: 400;\">23 &#8211; Workshop: \u201cRolo Chin\u00eas e Perna de Pau\u201d, media\u00e7\u00e3o: Vagner Silva \/ Circo de Quintal Produ\u00e7\u00f5es Art\u00edsticas e Workshop: \u201cDesenvolvimento cr\u00edtico sobre apropria\u00e7\u00e3o e aprecia\u00e7\u00e3o cultural de uma cultura alheia atrav\u00e9s de pesquisas in loco e o processo de oralidade, no espet\u00e1culo \u201cDom Caixote e o bode\u201d, da Cia Burucutu\u201d, media\u00e7\u00e3o: Cristiano Russo \/ Cia. Burucutu<\/span><\/li><li style=\"font-weight: 400;\" aria-level=\"1\"><span style=\"font-weight: 400;\">24 &#8211; Workshop: \u201cO Jogo teatral e a palha\u00e7aria\u201d, media\u00e7\u00e3o: Jackson Amorim e Thuani Stolf \/ Essa\u00e9 Cia e Workshop: \u201cOficina de teatro, express\u00e3o e criatividade\u201d, media\u00e7\u00e3o: Henrique Gon\u00e7alves \/ Rococ\u00f3 Produ\u00e7\u00f5es Art\u00edsticas e Culturais<\/span><\/li><li style=\"font-weight: 400;\" aria-level=\"1\"><span style=\"font-weight: 400;\">25 &#8211; Workshop: \u201cMinha experi\u00eancia musical\u201d, media\u00e7\u00e3o: Maria Tereza Costa \/ Minha Companhia<\/span><\/li><li style=\"font-weight: 400;\" aria-level=\"1\"><span style=\"font-weight: 400;\">26 &#8211; Workshop: \u201cBonecos de objetos\u201d, media\u00e7\u00e3o: Claudio Saltini \/ Cia. Circo de Bonecos e Workshop: \u201cImprovisa\u00e7\u00e3o para crian\u00e7as\u201d, media\u00e7\u00e3o: Fernanda Missiaggia \/ Cia. Apocal\u00edptica<\/span><\/li><li style=\"font-weight: 400;\" aria-level=\"1\"><span style=\"font-weight: 400;\">27 &#8211; Workshop: \u201cViv\u00eancia em conta\u00e7\u00e3o de hist\u00f3rias para curiosos e apreciadores\u201d, media\u00e7\u00e3o: Fernanda Nunes \/ Companhia Maria Em\u00edlia e Workshop: \u201cImprovisa\u00e7\u00e3o em grupo: &#8220;Juntos e misturados: criando personagens e cenas&#8221;,\u00a0 media\u00e7\u00e3o: Drika Vieira e Carlinhos Rodrigues \/ Cia. da Casa Amarela<\/span><\/li><li style=\"font-weight: 400;\" aria-level=\"1\"><span style=\"font-weight: 400;\">28 &#8211; Workshop: \u201cO que carrego dentro de t\u00e3o especial?\u201d, Media\u00e7\u00e3o: Luiza Bittencourt \/ Companhia do Acaso e Workshop: \u201cJogos de criar\u201d, media\u00e7\u00e3o: Andrea Capelli e Murilo Gussi<\/span><\/li><li style=\"font-weight: 400;\" aria-level=\"1\"><span style=\"font-weight: 400;\">29 &#8211; Workshop: \u201cA Presen\u00e7a do ator no teatro de anima\u00e7\u00e3o\u201d, media\u00e7\u00e3o: Jo\u00e3o da Silva Araujo \/ Morpheus Teatro e Workshop: \u201cDiferente mais igual\u201d, media\u00e7\u00e3o: Cibele Sampaio, Adriano Ferreira e M\u00e1rcio Muniz \/ AAF Produ\u00e7\u00f5es<\/span><\/li><\/ul><\/div>\n\t\t\t\t\t\t\t<\/div>\n\t\t<\/div>\n\t\t\t\t\t\t<\/div>\n\t\t\t\t<\/div>\n\t\t\t\t\t<\/div>\n\t\t<\/div>\n\t\t\t\t\t<\/div>\n\t\t<\/section>\n\t\t\t\t<section class=\"elementor-section elementor-top-section elementor-element elementor-element-cc2aa7d elementor-section-boxed elementor-section-height-default elementor-section-height-default elementor-invisible\" data-id=\"cc2aa7d\" data-element_type=\"section\" data-e-type=\"section\" data-settings=\"{&quot;background_background&quot;:&quot;classic&quot;,&quot;animation&quot;:&quot;fadeIn&quot;,&quot;_ha_eqh_enable&quot;:false}\">\n\t\t\t\t\t\t<div class=\"elementor-container elementor-column-gap-default\">\n\t\t\t\t\t<div class=\"elementor-column elementor-col-100 elementor-top-column elementor-element elementor-element-00bc572\" data-id=\"00bc572\" data-element_type=\"column\" data-e-type=\"column\">\n\t\t\t<div class=\"elementor-widget-wrap elementor-element-populated\">\n\t\t\t\t\t\t<div class=\"elementor-element elementor-element-6c4bd34 elementor-widget elementor-widget-image\" data-id=\"6c4bd34\" data-element_type=\"widget\" data-e-type=\"widget\" data-widget_type=\"image.default\">\n\t\t\t\t<div class=\"elementor-widget-container\">\n\t\t\t\t\t\t\t\t\t\t\t\t\t\t\t<img loading=\"lazy\" decoding=\"async\" width=\"2560\" height=\"842\" src=\"https:\/\/festivaldejaneiro.com\/wp-content\/uploads\/2023\/12\/Regua-scaled.jpg\" class=\"attachment-full size-full wp-image-2747\" alt=\"\" srcset=\"https:\/\/festivaldejaneiro.com\/wp-content\/uploads\/2023\/12\/Regua-scaled.jpg 2560w, https:\/\/festivaldejaneiro.com\/wp-content\/uploads\/2023\/12\/Regua-300x99.jpg 300w, https:\/\/festivaldejaneiro.com\/wp-content\/uploads\/2023\/12\/Regua-1024x337.jpg 1024w, https:\/\/festivaldejaneiro.com\/wp-content\/uploads\/2023\/12\/Regua-768x253.jpg 768w, https:\/\/festivaldejaneiro.com\/wp-content\/uploads\/2023\/12\/Regua-1536x505.jpg 1536w, https:\/\/festivaldejaneiro.com\/wp-content\/uploads\/2023\/12\/Regua-2048x674.jpg 2048w, https:\/\/festivaldejaneiro.com\/wp-content\/uploads\/2023\/12\/Regua-1568x516.jpg 1568w\" sizes=\"(max-width: 2560px) 100vw, 2560px\" style=\"width:100%;height:32.89%;max-width:2560px\" \/>\t\t\t\t\t\t\t\t\t\t\t\t\t\t\t<\/div>\n\t\t\t\t<\/div>\n\t\t\t\t\t<\/div>\n\t\t<\/div>\n\t\t\t\t\t<\/div>\n\t\t<\/section>\n\t\t\t\t<\/div>\n\t\t","protected":false},"excerpt":{"rendered":"<p>Confira a Programa\u00e7\u00e3o do Teatro Sesi Teatro do Sesi: 376 lugares | Sempre \u00e0s 15h Data: 18\/01 (Quinta-feira) Era uma vez&#8230; Jo\u00e3o e Maria Cia. F\u00e1brica de Sonhos S\u00e3o Jos\u00e9 do Rio Preto-SP Data: 19\/01 (Sexta-feira) Picadeiro Lux Cia Santarosa Ribeir\u00e3o Preto-SP Data: 20\/01 (S\u00e1bado) Fam\u00edlia Murphy e o Incidente no Multiverso \u00a0Sabre de Luz&hellip; <a class=\"more-link\" href=\"https:\/\/festivaldejaneiro.com\/index.php\/festival-de-janeiro-18a-edicao-2024\/\">Continuar lendo <span class=\"screen-reader-text\">Festival de Janeiro &#8211; 18a Edi\u00e7\u00e3o 2024<\/span><\/a><\/p>\n","protected":false},"author":1,"featured_media":78,"parent":0,"menu_order":0,"comment_status":"closed","ping_status":"closed","template":"elementor_canvas","meta":{"footnotes":""},"class_list":["post-3173","page","type-page","status-publish","has-post-thumbnail","hentry","entry"],"_links":{"self":[{"href":"https:\/\/festivaldejaneiro.com\/index.php\/wp-json\/wp\/v2\/pages\/3173","targetHints":{"allow":["GET"]}}],"collection":[{"href":"https:\/\/festivaldejaneiro.com\/index.php\/wp-json\/wp\/v2\/pages"}],"about":[{"href":"https:\/\/festivaldejaneiro.com\/index.php\/wp-json\/wp\/v2\/types\/page"}],"author":[{"embeddable":true,"href":"https:\/\/festivaldejaneiro.com\/index.php\/wp-json\/wp\/v2\/users\/1"}],"replies":[{"embeddable":true,"href":"https:\/\/festivaldejaneiro.com\/index.php\/wp-json\/wp\/v2\/comments?post=3173"}],"version-history":[{"count":4,"href":"https:\/\/festivaldejaneiro.com\/index.php\/wp-json\/wp\/v2\/pages\/3173\/revisions"}],"predecessor-version":[{"id":3239,"href":"https:\/\/festivaldejaneiro.com\/index.php\/wp-json\/wp\/v2\/pages\/3173\/revisions\/3239"}],"wp:featuredmedia":[{"embeddable":true,"href":"https:\/\/festivaldejaneiro.com\/index.php\/wp-json\/wp\/v2\/media\/78"}],"wp:attachment":[{"href":"https:\/\/festivaldejaneiro.com\/index.php\/wp-json\/wp\/v2\/media?parent=3173"}],"curies":[{"name":"wp","href":"https:\/\/api.w.org\/{rel}","templated":true}]}}