{"id":6,"date":"2021-02-17T15:23:27","date_gmt":"2021-02-17T18:23:27","guid":{"rendered":"https:\/\/festivaldejaneiro.com\/?page_id=6"},"modified":"2022-01-09T11:53:11","modified_gmt":"2022-01-09T14:53:11","slug":"festival-2021","status":"publish","type":"page","link":"https:\/\/festivaldejaneiro.com\/index.php\/festival-2021\/","title":{"rendered":"Festival de Janeiro ED. Especial 2021"},"content":{"rendered":"\t\t<div data-elementor-type=\"wp-page\" data-elementor-id=\"6\" class=\"elementor elementor-6\" data-elementor-settings=\"{&quot;ha_cmc_init_switcher&quot;:&quot;no&quot;}\">\n\t\t\t\t\t\t<section class=\"elementor-section elementor-top-section elementor-element elementor-element-c480556 elementor-section-full_width elementor-section-content-middle elementor-section-stretched elementor-section-height-default elementor-section-height-default\" data-id=\"c480556\" data-element_type=\"section\" data-e-type=\"section\" data-settings=\"{&quot;stretch_section&quot;:&quot;section-stretched&quot;,&quot;background_background&quot;:&quot;classic&quot;,&quot;_ha_eqh_enable&quot;:false}\">\n\t\t\t\t\t\t\t<div class=\"elementor-background-overlay\"><\/div>\n\t\t\t\t\t\t\t<div class=\"elementor-container elementor-column-gap-no\">\n\t\t\t\t\t<div class=\"elementor-column elementor-col-100 elementor-top-column elementor-element elementor-element-1360176\" data-id=\"1360176\" data-element_type=\"column\" data-e-type=\"column\">\n\t\t\t<div class=\"elementor-widget-wrap elementor-element-populated\">\n\t\t\t\t\t\t<div class=\"elementor-element elementor-element-2785011 elementor-widget elementor-widget-html\" data-id=\"2785011\" data-element_type=\"widget\" data-e-type=\"widget\" data-widget_type=\"html.default\">\n\t\t\t\t<div class=\"elementor-widget-container\">\n\t\t\t\t\t<!-- Facebook Pixel Code -->\n<script>\n  !function(f,b,e,v,n,t,s)\n  {if(f.fbq)return;n=f.fbq=function(){n.callMethod?\n  n.callMethod.apply(n,arguments):n.queue.push(arguments)};\n  if(!f._fbq)f._fbq=n;n.push=n;n.loaded=!0;n.version='2.0';\n  n.queue=[];t=b.createElement(e);t.async=!0;\n  t.src=v;s=b.getElementsByTagName(e)[0];\n  s.parentNode.insertBefore(t,s)}(window, document,'script',\n  'https:\/\/connect.facebook.net\/en_US\/fbevents.js');\n  fbq('init', '690389411628806');\n  fbq('track', 'PageView');\n<\/script>\n<noscript><img decoding=\"async\" height=\"1\" width=\"1\" style=\"display:none\" src=\"https:\/\/www.facebook.com\/tr?id=690389411628806&ev=PageView&noscript=1\" \/><\/noscript>\n<!-- End Facebook Pixel Code -->\t\t\t\t<\/div>\n\t\t\t\t<\/div>\n\t\t\t\t<div class=\"elementor-element elementor-element-b3d6edb elementor-widget elementor-widget-html\" data-id=\"b3d6edb\" data-element_type=\"widget\" data-e-type=\"widget\" data-widget_type=\"html.default\">\n\t\t\t\t<div class=\"elementor-widget-container\">\n\t\t\t\t\t<script type=\"text\/javascript\">\r\n    (function(e,t,o,n,p,r,i){e.visitorGlobalObjectAlias=n;e[e.visitorGlobalObjectAlias]=e[e.visitorGlobalObjectAlias]||function(){(e[e.visitorGlobalObjectAlias].q=e[e.visitorGlobalObjectAlias].q||[]).push(arguments)};e[e.visitorGlobalObjectAlias].l=(new Date).getTime();r=t.createElement(\"script\");r.src=o;r.async=true;i=t.getElementsByTagName(\"script\")[0];i.parentNode.insertBefore(r,i)})(window,document,\"https:\/\/diffuser-cdn.app-us1.com\/diffuser\/diffuser.js\",\"vgo\");\r\n    vgo('setAccount', '253246169');\r\n    vgo('setTrackByDefault', true);\r\n\r\n    vgo('process');\r\n<\/script>\t\t\t\t<\/div>\n\t\t\t\t<\/div>\n\t\t\t\t<section class=\"elementor-section elementor-inner-section elementor-element elementor-element-367f7d7 elementor-section-boxed elementor-section-height-default elementor-section-height-default\" data-id=\"367f7d7\" data-element_type=\"section\" data-e-type=\"section\" data-settings=\"{&quot;_ha_eqh_enable&quot;:false}\">\n\t\t\t\t\t\t<div class=\"elementor-container elementor-column-gap-default\">\n\t\t\t\t\t<div class=\"elementor-column elementor-col-100 elementor-inner-column elementor-element elementor-element-20a9634\" data-id=\"20a9634\" data-element_type=\"column\" data-e-type=\"column\">\n\t\t\t<div class=\"elementor-widget-wrap elementor-element-populated\">\n\t\t\t\t\t\t<div data-ha-element-link=\"{&quot;url&quot;:&quot;http:\\\/\\\/www.festivaldejaneiro.com&quot;,&quot;is_external&quot;:&quot;&quot;,&quot;nofollow&quot;:&quot;&quot;}\" style=\"cursor: pointer\" class=\"elementor-element elementor-element-7820c6a ha-has-bg-overlay elementor-widget elementor-widget-text-editor\" data-id=\"7820c6a\" data-element_type=\"widget\" data-e-type=\"widget\" data-widget_type=\"text-editor.default\">\n\t\t\t\t<div class=\"elementor-widget-container\">\n\t\t\t\t\t\t\t\t\t<h5>P\u00e1gina Inicial<\/h5>\t\t\t\t\t\t\t\t<\/div>\n\t\t\t\t<\/div>\n\t\t\t\t\t<\/div>\n\t\t<\/div>\n\t\t\t\t\t<\/div>\n\t\t<\/section>\n\t\t\t\t<div class=\"elementor-element elementor-element-01ae2bd elementor-widget elementor-widget-image\" data-id=\"01ae2bd\" data-element_type=\"widget\" data-e-type=\"widget\" data-widget_type=\"image.default\">\n\t\t\t\t<div class=\"elementor-widget-container\">\n\t\t\t\t\t\t\t\t\t\t\t\t\t\t\t\t<a href=\"https:\/\/forms.gle\/aj9N5dUbv6Uyqs3RA\">\n\t\t\t\t\t\t\t<img fetchpriority=\"high\" decoding=\"async\" width=\"1920\" height=\"1080\" src=\"https:\/\/festivaldejaneiro.com\/wp-content\/uploads\/2021\/03\/capa-festival-janeiro-oficial.png\" class=\"attachment-full size-full wp-image-1178\" alt=\"\" srcset=\"https:\/\/festivaldejaneiro.com\/wp-content\/uploads\/2021\/03\/capa-festival-janeiro-oficial.png 1920w, https:\/\/festivaldejaneiro.com\/wp-content\/uploads\/2021\/03\/capa-festival-janeiro-oficial-300x169.png 300w, https:\/\/festivaldejaneiro.com\/wp-content\/uploads\/2021\/03\/capa-festival-janeiro-oficial-1024x576.png 1024w, https:\/\/festivaldejaneiro.com\/wp-content\/uploads\/2021\/03\/capa-festival-janeiro-oficial-768x432.png 768w, https:\/\/festivaldejaneiro.com\/wp-content\/uploads\/2021\/03\/capa-festival-janeiro-oficial-1536x864.png 1536w, https:\/\/festivaldejaneiro.com\/wp-content\/uploads\/2021\/03\/capa-festival-janeiro-oficial-1568x882.png 1568w\" sizes=\"(max-width: 1920px) 100vw, 1920px\" style=\"width:100%;height:56.25%;max-width:1920px\" \/>\t\t\t\t\t\t\t\t<\/a>\n\t\t\t\t\t\t\t\t\t\t\t\t\t\t\t<\/div>\n\t\t\t\t<\/div>\n\t\t\t\t\t<\/div>\n\t\t<\/div>\n\t\t\t\t\t<\/div>\n\t\t<\/section>\n\t\t\t\t<section class=\"elementor-section elementor-top-section elementor-element elementor-element-6470b97f elementor-section-boxed elementor-section-height-default elementor-section-height-default\" data-id=\"6470b97f\" data-element_type=\"section\" data-e-type=\"section\" data-settings=\"{&quot;background_background&quot;:&quot;classic&quot;,&quot;_ha_eqh_enable&quot;:false}\">\n\t\t\t\t\t\t\t<div class=\"elementor-background-overlay\"><\/div>\n\t\t\t\t\t\t\t<div class=\"elementor-container elementor-column-gap-default\">\n\t\t\t\t\t<div class=\"elementor-column elementor-col-100 elementor-top-column elementor-element elementor-element-1949f40c\" data-id=\"1949f40c\" data-element_type=\"column\" data-e-type=\"column\">\n\t\t\t<div class=\"elementor-widget-wrap elementor-element-populated\">\n\t\t\t\t\t\t<div class=\"elementor-element elementor-element-b79941d elementor-widget elementor-widget-spacer\" data-id=\"b79941d\" data-element_type=\"widget\" data-e-type=\"widget\" data-widget_type=\"spacer.default\">\n\t\t\t\t<div class=\"elementor-widget-container\">\n\t\t\t\t\t\t\t<div class=\"elementor-spacer\">\n\t\t\t<div class=\"elementor-spacer-inner\"><\/div>\n\t\t<\/div>\n\t\t\t\t\t\t<\/div>\n\t\t\t\t<\/div>\n\t\t\t\t<div class=\"elementor-element elementor-element-542d377 elementor-widget elementor-widget-menu-anchor\" data-id=\"542d377\" data-element_type=\"widget\" data-e-type=\"widget\" data-widget_type=\"menu-anchor.default\">\n\t\t\t\t<div class=\"elementor-widget-container\">\n\t\t\t\t\t\t\t<div class=\"elementor-menu-anchor\" id=\"espetaculos\"><\/div>\n\t\t\t\t\t\t<\/div>\n\t\t\t\t<\/div>\n\t\t\t\t<div class=\"elementor-element elementor-element-7afcbba elementor-invisible elementor-widget elementor-widget-heading\" data-id=\"7afcbba\" data-element_type=\"widget\" data-e-type=\"widget\" data-settings=\"{&quot;_animation&quot;:&quot;fadeIn&quot;}\" data-widget_type=\"heading.default\">\n\t\t\t\t<div class=\"elementor-widget-container\">\n\t\t\t\t\t<h3 class=\"elementor-heading-title elementor-size-default\">Veja o que rolou na Edi\u00e7\u00e3o de 2021 do Festival de Janeiro!<\/h3>\t\t\t\t<\/div>\n\t\t\t\t<\/div>\n\t\t\t\t<div class=\"elementor-element elementor-element-fd891b1 elementor-hidden-tablet elementor-hidden-phone elementor-widget elementor-widget-spacer\" data-id=\"fd891b1\" data-element_type=\"widget\" data-e-type=\"widget\" data-widget_type=\"spacer.default\">\n\t\t\t\t<div class=\"elementor-widget-container\">\n\t\t\t\t\t\t\t<div class=\"elementor-spacer\">\n\t\t\t<div class=\"elementor-spacer-inner\"><\/div>\n\t\t<\/div>\n\t\t\t\t\t\t<\/div>\n\t\t\t\t<\/div>\n\t\t\t\t<section class=\"elementor-section elementor-inner-section elementor-element elementor-element-7ba1595 elementor-section-boxed elementor-section-height-default elementor-section-height-default elementor-invisible\" data-id=\"7ba1595\" data-element_type=\"section\" data-e-type=\"section\" data-settings=\"{&quot;animation&quot;:&quot;fadeIn&quot;,&quot;_ha_eqh_enable&quot;:false}\">\n\t\t\t\t\t\t<div class=\"elementor-container elementor-column-gap-default\">\n\t\t\t\t\t<div class=\"elementor-column elementor-col-33 elementor-inner-column elementor-element elementor-element-f9184d5\" data-id=\"f9184d5\" data-element_type=\"column\" data-e-type=\"column\">\n\t\t\t<div class=\"elementor-widget-wrap elementor-element-populated\">\n\t\t\t\t\t\t<div class=\"elementor-element elementor-element-e15a98b elementor-widget elementor-widget-image\" data-id=\"e15a98b\" data-element_type=\"widget\" data-e-type=\"widget\" data-widget_type=\"image.default\">\n\t\t\t\t<div class=\"elementor-widget-container\">\n\t\t\t\t\t\t\t\t\t\t\t\t\t\t\t\t<a href=\"https:\/\/festivaldejaneiro.com\/index.php\/espetaculo-leao-e-ratinho\/\">\n\t\t\t\t\t\t\t<img decoding=\"async\" width=\"300\" height=\"169\" src=\"https:\/\/festivaldejaneiro.com\/wp-content\/uploads\/2021\/04\/1-espetaculo-leao-300x169.png\" class=\"attachment-medium size-medium wp-image-1228\" alt=\"\" srcset=\"https:\/\/festivaldejaneiro.com\/wp-content\/uploads\/2021\/04\/1-espetaculo-leao-300x169.png 300w, https:\/\/festivaldejaneiro.com\/wp-content\/uploads\/2021\/04\/1-espetaculo-leao-1024x576.png 1024w, https:\/\/festivaldejaneiro.com\/wp-content\/uploads\/2021\/04\/1-espetaculo-leao-768x432.png 768w, https:\/\/festivaldejaneiro.com\/wp-content\/uploads\/2021\/04\/1-espetaculo-leao-1536x864.png 1536w, https:\/\/festivaldejaneiro.com\/wp-content\/uploads\/2021\/04\/1-espetaculo-leao-1568x882.png 1568w, https:\/\/festivaldejaneiro.com\/wp-content\/uploads\/2021\/04\/1-espetaculo-leao.png 1920w\" sizes=\"(max-width: 300px) 100vw, 300px\" style=\"width:100%;height:56.25%;max-width:1920px\" \/>\t\t\t\t\t\t\t\t<\/a>\n\t\t\t\t\t\t\t\t\t\t\t\t\t\t\t<\/div>\n\t\t\t\t<\/div>\n\t\t\t\t<div class=\"elementor-element elementor-element-af97978 elementor-widget elementor-widget-text-editor\" data-id=\"af97978\" data-element_type=\"widget\" data-e-type=\"widget\" data-widget_type=\"text-editor.default\">\n\t\t\t\t<div class=\"elementor-widget-container\">\n\t\t\t\t\t\t\t\t\t<h6>Era uma vez&#8230;O Le\u00e3o e o Ratinho<\/h6><h6><span style=\"color: var( --e-global-color-text );\">Apresentado 07\/04\/2021 \u00e0s 19h<\/span><\/h6><h6>Cia. F\u00e1brica de Sonhos<\/h6>\t\t\t\t\t\t\t\t<\/div>\n\t\t\t\t<\/div>\n\t\t\t\t\t<\/div>\n\t\t<\/div>\n\t\t\t\t<div class=\"elementor-column elementor-col-33 elementor-inner-column elementor-element elementor-element-e86f99d\" data-id=\"e86f99d\" data-element_type=\"column\" data-e-type=\"column\">\n\t\t\t<div class=\"elementor-widget-wrap elementor-element-populated\">\n\t\t\t\t\t\t<div class=\"elementor-element elementor-element-2008efb elementor-widget elementor-widget-image\" data-id=\"2008efb\" data-element_type=\"widget\" data-e-type=\"widget\" data-widget_type=\"image.default\">\n\t\t\t\t<div class=\"elementor-widget-container\">\n\t\t\t\t\t\t\t\t\t\t\t\t\t\t\t\t<a href=\"https:\/\/festivaldejaneiro.com\/index.php\/espetaculo-inzoonia\/\">\n\t\t\t\t\t\t\t<img loading=\"lazy\" decoding=\"async\" width=\"300\" height=\"169\" src=\"https:\/\/festivaldejaneiro.com\/wp-content\/uploads\/2021\/03\/02-inzoonia-1-300x169.png\" class=\"attachment-medium size-medium wp-image-1066\" alt=\"\" srcset=\"https:\/\/festivaldejaneiro.com\/wp-content\/uploads\/2021\/03\/02-inzoonia-1-300x169.png 300w, https:\/\/festivaldejaneiro.com\/wp-content\/uploads\/2021\/03\/02-inzoonia-1-1024x576.png 1024w, https:\/\/festivaldejaneiro.com\/wp-content\/uploads\/2021\/03\/02-inzoonia-1-768x432.png 768w, https:\/\/festivaldejaneiro.com\/wp-content\/uploads\/2021\/03\/02-inzoonia-1-1536x864.png 1536w, https:\/\/festivaldejaneiro.com\/wp-content\/uploads\/2021\/03\/02-inzoonia-1-1568x882.png 1568w, https:\/\/festivaldejaneiro.com\/wp-content\/uploads\/2021\/03\/02-inzoonia-1.png 1920w\" sizes=\"(max-width: 300px) 100vw, 300px\" style=\"width:100%;height:56.25%;max-width:1920px\" \/>\t\t\t\t\t\t\t\t<\/a>\n\t\t\t\t\t\t\t\t\t\t\t\t\t\t\t<\/div>\n\t\t\t\t<\/div>\n\t\t\t\t<div class=\"elementor-element elementor-element-536ef75 elementor-widget elementor-widget-text-editor\" data-id=\"536ef75\" data-element_type=\"widget\" data-e-type=\"widget\" data-widget_type=\"text-editor.default\">\n\t\t\t\t<div class=\"elementor-widget-container\">\n\t\t\t\t\t\t\t\t\t<h6>Inzoonia<\/h6><h6><span style=\"color: var( --e-global-color-text );\">Apresentado 08\/04\/2021 \u00e0s 19h<\/span><\/h6><h6>Cia. Circo De Bonecos<\/h6>\t\t\t\t\t\t\t\t<\/div>\n\t\t\t\t<\/div>\n\t\t\t\t\t<\/div>\n\t\t<\/div>\n\t\t\t\t<div class=\"elementor-column elementor-col-33 elementor-inner-column elementor-element elementor-element-3dcbd37\" data-id=\"3dcbd37\" data-element_type=\"column\" data-e-type=\"column\">\n\t\t\t<div class=\"elementor-widget-wrap elementor-element-populated\">\n\t\t\t\t\t\t<div class=\"elementor-element elementor-element-e204bc9 elementor-widget elementor-widget-image\" data-id=\"e204bc9\" data-element_type=\"widget\" data-e-type=\"widget\" data-widget_type=\"image.default\">\n\t\t\t\t<div class=\"elementor-widget-container\">\n\t\t\t\t\t\t\t\t\t\t\t\t\t\t\t\t<a href=\"https:\/\/festivaldejaneiro.com\/index.php\/espetaculo-quando-sonho\/\">\n\t\t\t\t\t\t\t<img loading=\"lazy\" decoding=\"async\" width=\"300\" height=\"169\" src=\"https:\/\/festivaldejaneiro.com\/wp-content\/uploads\/2021\/03\/03-quandosonho-1-300x169.png\" class=\"attachment-medium size-medium wp-image-1067\" alt=\"\" srcset=\"https:\/\/festivaldejaneiro.com\/wp-content\/uploads\/2021\/03\/03-quandosonho-1-300x169.png 300w, https:\/\/festivaldejaneiro.com\/wp-content\/uploads\/2021\/03\/03-quandosonho-1-1024x576.png 1024w, https:\/\/festivaldejaneiro.com\/wp-content\/uploads\/2021\/03\/03-quandosonho-1-768x432.png 768w, https:\/\/festivaldejaneiro.com\/wp-content\/uploads\/2021\/03\/03-quandosonho-1-1536x864.png 1536w, https:\/\/festivaldejaneiro.com\/wp-content\/uploads\/2021\/03\/03-quandosonho-1-1568x882.png 1568w, https:\/\/festivaldejaneiro.com\/wp-content\/uploads\/2021\/03\/03-quandosonho-1.png 1920w\" sizes=\"(max-width: 300px) 100vw, 300px\" style=\"width:100%;height:56.25%;max-width:1920px\" \/>\t\t\t\t\t\t\t\t<\/a>\n\t\t\t\t\t\t\t\t\t\t\t\t\t\t\t<\/div>\n\t\t\t\t<\/div>\n\t\t\t\t<div class=\"elementor-element elementor-element-02e2729 elementor-widget elementor-widget-text-editor\" data-id=\"02e2729\" data-element_type=\"widget\" data-e-type=\"widget\" data-widget_type=\"text-editor.default\">\n\t\t\t\t<div class=\"elementor-widget-container\">\n\t\t\t\t\t\t\t\t\t<h6>Quando eu sonho, viro sonho<\/h6><h6><span style=\"color: var( --e-global-color-text );\">Apresentado 09\/04\/2021 \u00e0s 19h<\/span><\/h6><h6>Caramello Produ\u00e7\u00f5es<\/h6>\t\t\t\t\t\t\t\t<\/div>\n\t\t\t\t<\/div>\n\t\t\t\t\t<\/div>\n\t\t<\/div>\n\t\t\t\t\t<\/div>\n\t\t<\/section>\n\t\t\t\t<section class=\"elementor-section elementor-inner-section elementor-element elementor-element-b3f74d5 elementor-section-boxed elementor-section-height-default elementor-section-height-default elementor-invisible\" data-id=\"b3f74d5\" data-element_type=\"section\" data-e-type=\"section\" data-settings=\"{&quot;animation&quot;:&quot;fadeIn&quot;,&quot;_ha_eqh_enable&quot;:false}\">\n\t\t\t\t\t\t<div class=\"elementor-container elementor-column-gap-default\">\n\t\t\t\t\t<div class=\"elementor-column elementor-col-33 elementor-inner-column elementor-element elementor-element-e1b0acf\" data-id=\"e1b0acf\" data-element_type=\"column\" data-e-type=\"column\">\n\t\t\t<div class=\"elementor-widget-wrap elementor-element-populated\">\n\t\t\t\t\t\t<div class=\"elementor-element elementor-element-d06bc80 elementor-widget elementor-widget-image\" data-id=\"d06bc80\" data-element_type=\"widget\" data-e-type=\"widget\" data-widget_type=\"image.default\">\n\t\t\t\t<div class=\"elementor-widget-container\">\n\t\t\t\t\t\t\t\t\t\t\t\t\t\t\t\t<a href=\"https:\/\/festivaldejaneiro.com\/index.php\/espetaculo-memorias\/\">\n\t\t\t\t\t\t\t<img loading=\"lazy\" decoding=\"async\" width=\"300\" height=\"169\" src=\"https:\/\/festivaldejaneiro.com\/wp-content\/uploads\/2021\/03\/04-memorias-1-300x169.png\" class=\"attachment-medium size-medium wp-image-1068\" alt=\"\" srcset=\"https:\/\/festivaldejaneiro.com\/wp-content\/uploads\/2021\/03\/04-memorias-1-300x169.png 300w, https:\/\/festivaldejaneiro.com\/wp-content\/uploads\/2021\/03\/04-memorias-1-1024x576.png 1024w, https:\/\/festivaldejaneiro.com\/wp-content\/uploads\/2021\/03\/04-memorias-1-768x432.png 768w, https:\/\/festivaldejaneiro.com\/wp-content\/uploads\/2021\/03\/04-memorias-1-1536x864.png 1536w, https:\/\/festivaldejaneiro.com\/wp-content\/uploads\/2021\/03\/04-memorias-1-1568x882.png 1568w, https:\/\/festivaldejaneiro.com\/wp-content\/uploads\/2021\/03\/04-memorias-1.png 1920w\" sizes=\"(max-width: 300px) 100vw, 300px\" style=\"width:100%;height:56.25%;max-width:1920px\" \/>\t\t\t\t\t\t\t\t<\/a>\n\t\t\t\t\t\t\t\t\t\t\t\t\t\t\t<\/div>\n\t\t\t\t<\/div>\n\t\t\t\t<div class=\"elementor-element elementor-element-6d011d6 elementor-widget elementor-widget-text-editor\" data-id=\"6d011d6\" data-element_type=\"widget\" data-e-type=\"widget\" data-widget_type=\"text-editor.default\">\n\t\t\t\t<div class=\"elementor-widget-container\">\n\t\t\t\t\t\t\t\t\t<h6>Mem\u00f3rias de um Quintal<\/h6><h6><span style=\"color: var( --e-global-color-text );\">Apresentado 10\/04\/2021 \u00e0s 16h<\/span><\/h6><h6>Insensata Cia de Teatro<\/h6>\t\t\t\t\t\t\t\t<\/div>\n\t\t\t\t<\/div>\n\t\t\t\t\t<\/div>\n\t\t<\/div>\n\t\t\t\t<div class=\"elementor-column elementor-col-33 elementor-inner-column elementor-element elementor-element-5a70875\" data-id=\"5a70875\" data-element_type=\"column\" data-e-type=\"column\">\n\t\t\t<div class=\"elementor-widget-wrap elementor-element-populated\">\n\t\t\t\t\t\t<div class=\"elementor-element elementor-element-9195798 elementor-widget elementor-widget-image\" data-id=\"9195798\" data-element_type=\"widget\" data-e-type=\"widget\" data-widget_type=\"image.default\">\n\t\t\t\t<div class=\"elementor-widget-container\">\n\t\t\t\t\t\t\t\t\t\t\t\t\t\t\t\t<a href=\"https:\/\/festivaldejaneiro.com\/index.php\/espetaculo-respeitavel-publico\/\">\n\t\t\t\t\t\t\t<img loading=\"lazy\" decoding=\"async\" width=\"300\" height=\"169\" src=\"https:\/\/festivaldejaneiro.com\/wp-content\/uploads\/2021\/03\/05-atencaorespeitavel-300x169.png\" class=\"attachment-medium size-medium wp-image-432\" alt=\"\" srcset=\"https:\/\/festivaldejaneiro.com\/wp-content\/uploads\/2021\/03\/05-atencaorespeitavel-300x169.png 300w, https:\/\/festivaldejaneiro.com\/wp-content\/uploads\/2021\/03\/05-atencaorespeitavel-1024x576.png 1024w, https:\/\/festivaldejaneiro.com\/wp-content\/uploads\/2021\/03\/05-atencaorespeitavel-768x432.png 768w, https:\/\/festivaldejaneiro.com\/wp-content\/uploads\/2021\/03\/05-atencaorespeitavel-1536x864.png 1536w, https:\/\/festivaldejaneiro.com\/wp-content\/uploads\/2021\/03\/05-atencaorespeitavel-1568x882.png 1568w, https:\/\/festivaldejaneiro.com\/wp-content\/uploads\/2021\/03\/05-atencaorespeitavel.png 1920w\" sizes=\"(max-width: 300px) 100vw, 300px\" style=\"width:100%;height:56.25%;max-width:1920px\" \/>\t\t\t\t\t\t\t\t<\/a>\n\t\t\t\t\t\t\t\t\t\t\t\t\t\t\t<\/div>\n\t\t\t\t<\/div>\n\t\t\t\t<div class=\"elementor-element elementor-element-6250682 elementor-widget elementor-widget-text-editor\" data-id=\"6250682\" data-element_type=\"widget\" data-e-type=\"widget\" data-widget_type=\"text-editor.default\">\n\t\t\t\t<div class=\"elementor-widget-container\">\n\t\t\t\t\t\t\t\t\t<h6>Aten\u00e7\u00e3o, respeit\u00e1vel p\u00fablico!<\/h6><h6><span style=\"color: var( --e-global-color-text );\">Apresentado 11\/04\/2021 \u00e0s 16h<\/span><\/h6><h6>Dami\u00e3o e Cia de Teatro<\/h6>\t\t\t\t\t\t\t\t<\/div>\n\t\t\t\t<\/div>\n\t\t\t\t\t<\/div>\n\t\t<\/div>\n\t\t\t\t<div class=\"elementor-column elementor-col-33 elementor-inner-column elementor-element elementor-element-9d23d96\" data-id=\"9d23d96\" data-element_type=\"column\" data-e-type=\"column\">\n\t\t\t<div class=\"elementor-widget-wrap elementor-element-populated\">\n\t\t\t\t\t\t<div class=\"elementor-element elementor-element-e9a195a elementor-widget elementor-widget-image\" data-id=\"e9a195a\" data-element_type=\"widget\" data-e-type=\"widget\" data-widget_type=\"image.default\">\n\t\t\t\t<div class=\"elementor-widget-container\">\n\t\t\t\t\t\t\t\t\t\t\t\t\t\t\t\t<a href=\"https:\/\/festivaldejaneiro.com\/index.php\/espetaculo-supercoach\/\">\n\t\t\t\t\t\t\t<img loading=\"lazy\" decoding=\"async\" width=\"300\" height=\"169\" src=\"https:\/\/festivaldejaneiro.com\/wp-content\/uploads\/2021\/03\/06-supercoach-1-300x169.png\" class=\"attachment-medium size-medium wp-image-1070\" alt=\"\" srcset=\"https:\/\/festivaldejaneiro.com\/wp-content\/uploads\/2021\/03\/06-supercoach-1-300x169.png 300w, https:\/\/festivaldejaneiro.com\/wp-content\/uploads\/2021\/03\/06-supercoach-1-1024x576.png 1024w, https:\/\/festivaldejaneiro.com\/wp-content\/uploads\/2021\/03\/06-supercoach-1-768x432.png 768w, https:\/\/festivaldejaneiro.com\/wp-content\/uploads\/2021\/03\/06-supercoach-1-1536x864.png 1536w, https:\/\/festivaldejaneiro.com\/wp-content\/uploads\/2021\/03\/06-supercoach-1-1568x882.png 1568w, https:\/\/festivaldejaneiro.com\/wp-content\/uploads\/2021\/03\/06-supercoach-1.png 1920w\" sizes=\"(max-width: 300px) 100vw, 300px\" style=\"width:100%;height:56.25%;max-width:1920px\" \/>\t\t\t\t\t\t\t\t<\/a>\n\t\t\t\t\t\t\t\t\t\t\t\t\t\t\t<\/div>\n\t\t\t\t<\/div>\n\t\t\t\t<div class=\"elementor-element elementor-element-c01ef8e elementor-widget elementor-widget-text-editor\" data-id=\"c01ef8e\" data-element_type=\"widget\" data-e-type=\"widget\" data-widget_type=\"text-editor.default\">\n\t\t\t\t<div class=\"elementor-widget-container\">\n\t\t\t\t\t\t\t\t\t<h6>Super Coach Digital De Como Reverberar O Intranspon\u00edvel Saber H\u00edbrido Da Arte E Suas Subjetividades<\/h6><h6><span style=\"color: var( --e-global-color-text );\">Apresentado 12\/04\/2021 \u00e0s 19h<\/span><\/h6><h6>Trupe Fans<\/h6>\t\t\t\t\t\t\t\t<\/div>\n\t\t\t\t<\/div>\n\t\t\t\t\t<\/div>\n\t\t<\/div>\n\t\t\t\t\t<\/div>\n\t\t<\/section>\n\t\t\t\t<section class=\"elementor-section elementor-inner-section elementor-element elementor-element-87f22e2 elementor-section-boxed elementor-section-height-default elementor-section-height-default elementor-invisible\" data-id=\"87f22e2\" data-element_type=\"section\" data-e-type=\"section\" data-settings=\"{&quot;animation&quot;:&quot;fadeIn&quot;,&quot;_ha_eqh_enable&quot;:false}\">\n\t\t\t\t\t\t<div class=\"elementor-container elementor-column-gap-default\">\n\t\t\t\t\t<div class=\"elementor-column elementor-col-33 elementor-inner-column elementor-element elementor-element-88e89e4\" data-id=\"88e89e4\" data-element_type=\"column\" data-e-type=\"column\">\n\t\t\t<div class=\"elementor-widget-wrap elementor-element-populated\">\n\t\t\t\t\t\t<div class=\"elementor-element elementor-element-3ea16ac elementor-widget elementor-widget-image\" data-id=\"3ea16ac\" data-element_type=\"widget\" data-e-type=\"widget\" data-widget_type=\"image.default\">\n\t\t\t\t<div class=\"elementor-widget-container\">\n\t\t\t\t\t\t\t\t\t\t\t\t\t\t\t\t<a href=\"https:\/\/festivaldejaneiro.com\/index.php\/espetaculo-biscoitos\/\">\n\t\t\t\t\t\t\t<img loading=\"lazy\" decoding=\"async\" width=\"300\" height=\"169\" src=\"https:\/\/festivaldejaneiro.com\/wp-content\/uploads\/2021\/03\/07-biscoitos-300x169.png\" class=\"attachment-medium size-medium wp-image-434\" alt=\"\" srcset=\"https:\/\/festivaldejaneiro.com\/wp-content\/uploads\/2021\/03\/07-biscoitos-300x169.png 300w, https:\/\/festivaldejaneiro.com\/wp-content\/uploads\/2021\/03\/07-biscoitos-1024x576.png 1024w, https:\/\/festivaldejaneiro.com\/wp-content\/uploads\/2021\/03\/07-biscoitos-768x432.png 768w, https:\/\/festivaldejaneiro.com\/wp-content\/uploads\/2021\/03\/07-biscoitos-1536x864.png 1536w, https:\/\/festivaldejaneiro.com\/wp-content\/uploads\/2021\/03\/07-biscoitos-1568x882.png 1568w, https:\/\/festivaldejaneiro.com\/wp-content\/uploads\/2021\/03\/07-biscoitos.png 1920w\" sizes=\"(max-width: 300px) 100vw, 300px\" style=\"width:100%;height:56.25%;max-width:1920px\" \/>\t\t\t\t\t\t\t\t<\/a>\n\t\t\t\t\t\t\t\t\t\t\t\t\t\t\t<\/div>\n\t\t\t\t<\/div>\n\t\t\t\t<div class=\"elementor-element elementor-element-bda6123 elementor-widget elementor-widget-text-editor\" data-id=\"bda6123\" data-element_type=\"widget\" data-e-type=\"widget\" data-widget_type=\"text-editor.default\">\n\t\t\t\t<div class=\"elementor-widget-container\">\n\t\t\t\t\t\t\t\t\t<h6>Biscoitos<\/h6><h6><span style=\"color: var( --e-global-color-text );\">Apresentado 13\/04\/2021 \u00e0s 19h<\/span><\/h6><h6>Conforto &amp; Cia<\/h6>\t\t\t\t\t\t\t\t<\/div>\n\t\t\t\t<\/div>\n\t\t\t\t\t<\/div>\n\t\t<\/div>\n\t\t\t\t<div class=\"elementor-column elementor-col-33 elementor-inner-column elementor-element elementor-element-ce0094e\" data-id=\"ce0094e\" data-element_type=\"column\" data-e-type=\"column\">\n\t\t\t<div class=\"elementor-widget-wrap elementor-element-populated\">\n\t\t\t\t\t\t<div class=\"elementor-element elementor-element-0ab2040 elementor-widget elementor-widget-image\" data-id=\"0ab2040\" data-element_type=\"widget\" data-e-type=\"widget\" data-widget_type=\"image.default\">\n\t\t\t\t<div class=\"elementor-widget-container\">\n\t\t\t\t\t\t\t\t\t\t\t\t\t\t\t\t<a href=\"https:\/\/festivaldejaneiro.com\/index.php\/espetaculo-napoleao\/\">\n\t\t\t\t\t\t\t<img loading=\"lazy\" decoding=\"async\" width=\"300\" height=\"169\" src=\"https:\/\/festivaldejaneiro.com\/wp-content\/uploads\/2021\/03\/08-napoleao-300x169.png\" class=\"attachment-medium size-medium wp-image-435\" alt=\"\" srcset=\"https:\/\/festivaldejaneiro.com\/wp-content\/uploads\/2021\/03\/08-napoleao-300x169.png 300w, https:\/\/festivaldejaneiro.com\/wp-content\/uploads\/2021\/03\/08-napoleao-1024x576.png 1024w, https:\/\/festivaldejaneiro.com\/wp-content\/uploads\/2021\/03\/08-napoleao-768x432.png 768w, https:\/\/festivaldejaneiro.com\/wp-content\/uploads\/2021\/03\/08-napoleao-1536x864.png 1536w, https:\/\/festivaldejaneiro.com\/wp-content\/uploads\/2021\/03\/08-napoleao-1568x882.png 1568w, https:\/\/festivaldejaneiro.com\/wp-content\/uploads\/2021\/03\/08-napoleao.png 1920w\" sizes=\"(max-width: 300px) 100vw, 300px\" style=\"width:100%;height:56.25%;max-width:1920px\" \/>\t\t\t\t\t\t\t\t<\/a>\n\t\t\t\t\t\t\t\t\t\t\t\t\t\t\t<\/div>\n\t\t\t\t<\/div>\n\t\t\t\t<div class=\"elementor-element elementor-element-b6716e6 elementor-widget elementor-widget-text-editor\" data-id=\"b6716e6\" data-element_type=\"widget\" data-e-type=\"widget\" data-widget_type=\"text-editor.default\">\n\t\t\t\t<div class=\"elementor-widget-container\">\n\t\t\t\t\t\t\t\t\t<h6>Napole\u00e3o<\/h6><h6><span style=\"color: var( --e-global-color-text );\">Apresentado 14\/04\/2021 \u00e0s 19h<\/span><\/h6><h6>Grupo Pavilh\u00e3o da Magn\u00f3lia<\/h6>\t\t\t\t\t\t\t\t<\/div>\n\t\t\t\t<\/div>\n\t\t\t\t\t<\/div>\n\t\t<\/div>\n\t\t\t\t<div class=\"elementor-column elementor-col-33 elementor-inner-column elementor-element elementor-element-4878a39\" data-id=\"4878a39\" data-element_type=\"column\" data-e-type=\"column\">\n\t\t\t<div class=\"elementor-widget-wrap elementor-element-populated\">\n\t\t\t\t\t\t<div class=\"elementor-element elementor-element-42c2207 elementor-widget elementor-widget-image\" data-id=\"42c2207\" data-element_type=\"widget\" data-e-type=\"widget\" data-widget_type=\"image.default\">\n\t\t\t\t<div class=\"elementor-widget-container\">\n\t\t\t\t\t\t\t\t\t\t\t\t\t\t\t\t<a href=\"https:\/\/festivaldejaneiro.com\/index.php\/espetaculo-clownfusao\/\">\n\t\t\t\t\t\t\t<img loading=\"lazy\" decoding=\"async\" width=\"300\" height=\"169\" src=\"https:\/\/festivaldejaneiro.com\/wp-content\/uploads\/2021\/03\/09-clownfusao-1-300x169.png\" class=\"attachment-medium size-medium wp-image-1073\" alt=\"\" srcset=\"https:\/\/festivaldejaneiro.com\/wp-content\/uploads\/2021\/03\/09-clownfusao-1-300x169.png 300w, https:\/\/festivaldejaneiro.com\/wp-content\/uploads\/2021\/03\/09-clownfusao-1-1024x576.png 1024w, https:\/\/festivaldejaneiro.com\/wp-content\/uploads\/2021\/03\/09-clownfusao-1-768x432.png 768w, https:\/\/festivaldejaneiro.com\/wp-content\/uploads\/2021\/03\/09-clownfusao-1-1536x864.png 1536w, https:\/\/festivaldejaneiro.com\/wp-content\/uploads\/2021\/03\/09-clownfusao-1-1568x882.png 1568w, https:\/\/festivaldejaneiro.com\/wp-content\/uploads\/2021\/03\/09-clownfusao-1.png 1920w\" sizes=\"(max-width: 300px) 100vw, 300px\" style=\"width:100%;height:56.25%;max-width:1920px\" \/>\t\t\t\t\t\t\t\t<\/a>\n\t\t\t\t\t\t\t\t\t\t\t\t\t\t\t<\/div>\n\t\t\t\t<\/div>\n\t\t\t\t<div class=\"elementor-element elementor-element-c287489 elementor-widget elementor-widget-text-editor\" data-id=\"c287489\" data-element_type=\"widget\" data-e-type=\"widget\" data-widget_type=\"text-editor.default\">\n\t\t\t\t<div class=\"elementor-widget-container\">\n\t\t\t\t\t\t\t\t\t<h6>Clownfus\u00e3o, Os Internacionalmente Desconhecidos<\/h6><h6><span style=\"color: var( --e-global-color-text );\">Apresentado 15\/04\/2021 \u00e0s 19h<\/span><\/h6><h6>Cia Raros Circus<\/h6>\t\t\t\t\t\t\t\t<\/div>\n\t\t\t\t<\/div>\n\t\t\t\t\t<\/div>\n\t\t<\/div>\n\t\t\t\t\t<\/div>\n\t\t<\/section>\n\t\t\t\t<section class=\"elementor-section elementor-inner-section elementor-element elementor-element-9731cc9 elementor-section-boxed elementor-section-height-default elementor-section-height-default elementor-invisible\" data-id=\"9731cc9\" data-element_type=\"section\" data-e-type=\"section\" data-settings=\"{&quot;animation&quot;:&quot;fadeIn&quot;,&quot;_ha_eqh_enable&quot;:false}\">\n\t\t\t\t\t\t<div class=\"elementor-container elementor-column-gap-default\">\n\t\t\t\t\t<div class=\"elementor-column elementor-col-33 elementor-inner-column elementor-element elementor-element-dd1e04d\" data-id=\"dd1e04d\" data-element_type=\"column\" data-e-type=\"column\">\n\t\t\t<div class=\"elementor-widget-wrap elementor-element-populated\">\n\t\t\t\t\t\t<div class=\"elementor-element elementor-element-2f4bd34 elementor-widget elementor-widget-image\" data-id=\"2f4bd34\" data-element_type=\"widget\" data-e-type=\"widget\" data-widget_type=\"image.default\">\n\t\t\t\t<div class=\"elementor-widget-container\">\n\t\t\t\t\t\t\t\t\t\t\t\t\t\t\t\t<a href=\"https:\/\/festivaldejaneiro.com\/index.php\/espetaculo-pavao-misterioso\/\">\n\t\t\t\t\t\t\t<img loading=\"lazy\" decoding=\"async\" width=\"300\" height=\"169\" src=\"https:\/\/festivaldejaneiro.com\/wp-content\/uploads\/2021\/03\/10-pavaomisterioso-1-300x169.png\" class=\"attachment-medium size-medium wp-image-1074\" alt=\"\" srcset=\"https:\/\/festivaldejaneiro.com\/wp-content\/uploads\/2021\/03\/10-pavaomisterioso-1-300x169.png 300w, https:\/\/festivaldejaneiro.com\/wp-content\/uploads\/2021\/03\/10-pavaomisterioso-1-1024x576.png 1024w, https:\/\/festivaldejaneiro.com\/wp-content\/uploads\/2021\/03\/10-pavaomisterioso-1-768x432.png 768w, https:\/\/festivaldejaneiro.com\/wp-content\/uploads\/2021\/03\/10-pavaomisterioso-1-1536x864.png 1536w, https:\/\/festivaldejaneiro.com\/wp-content\/uploads\/2021\/03\/10-pavaomisterioso-1-1568x882.png 1568w, https:\/\/festivaldejaneiro.com\/wp-content\/uploads\/2021\/03\/10-pavaomisterioso-1.png 1920w\" sizes=\"(max-width: 300px) 100vw, 300px\" style=\"width:100%;height:56.25%;max-width:1920px\" \/>\t\t\t\t\t\t\t\t<\/a>\n\t\t\t\t\t\t\t\t\t\t\t\t\t\t\t<\/div>\n\t\t\t\t<\/div>\n\t\t\t\t<div class=\"elementor-element elementor-element-fbdbdd3 elementor-widget elementor-widget-text-editor\" data-id=\"fbdbdd3\" data-element_type=\"widget\" data-e-type=\"widget\" data-widget_type=\"text-editor.default\">\n\t\t\t\t<div class=\"elementor-widget-container\">\n\t\t\t\t\t\t\t\t\t<h6>O Romance do Pav\u00e3o Misterioso<\/h6><h6><span style=\"color: var( --e-global-color-text );\">Apresentado 16\/04\/2021 \u00e0s 19h<\/span><\/h6><h6>Grupo de Teatro Mamulengo Sem Fronteiras<\/h6>\t\t\t\t\t\t\t\t<\/div>\n\t\t\t\t<\/div>\n\t\t\t\t\t<\/div>\n\t\t<\/div>\n\t\t\t\t<div class=\"elementor-column elementor-col-33 elementor-inner-column elementor-element elementor-element-5efed6a\" data-id=\"5efed6a\" data-element_type=\"column\" data-e-type=\"column\">\n\t\t\t<div class=\"elementor-widget-wrap elementor-element-populated\">\n\t\t\t\t\t\t<div class=\"elementor-element elementor-element-cbe7190 elementor-widget elementor-widget-image\" data-id=\"cbe7190\" data-element_type=\"widget\" data-e-type=\"widget\" data-widget_type=\"image.default\">\n\t\t\t\t<div class=\"elementor-widget-container\">\n\t\t\t\t\t\t\t\t\t\t\t\t\t\t\t\t<a href=\"https:\/\/festivaldejaneiro.com\/index.php\/espetaculo-cigarra-formiga\/\">\n\t\t\t\t\t\t\t<img loading=\"lazy\" decoding=\"async\" width=\"300\" height=\"169\" src=\"https:\/\/festivaldejaneiro.com\/wp-content\/uploads\/2021\/04\/11-espetaculo-cigarra-300x169.png\" class=\"attachment-medium size-medium wp-image-1229\" alt=\"\" srcset=\"https:\/\/festivaldejaneiro.com\/wp-content\/uploads\/2021\/04\/11-espetaculo-cigarra-300x169.png 300w, https:\/\/festivaldejaneiro.com\/wp-content\/uploads\/2021\/04\/11-espetaculo-cigarra-1024x576.png 1024w, https:\/\/festivaldejaneiro.com\/wp-content\/uploads\/2021\/04\/11-espetaculo-cigarra-768x432.png 768w, https:\/\/festivaldejaneiro.com\/wp-content\/uploads\/2021\/04\/11-espetaculo-cigarra-1536x864.png 1536w, https:\/\/festivaldejaneiro.com\/wp-content\/uploads\/2021\/04\/11-espetaculo-cigarra-1568x882.png 1568w, https:\/\/festivaldejaneiro.com\/wp-content\/uploads\/2021\/04\/11-espetaculo-cigarra.png 1920w\" sizes=\"(max-width: 300px) 100vw, 300px\" style=\"width:100%;height:56.25%;max-width:1920px\" \/>\t\t\t\t\t\t\t\t<\/a>\n\t\t\t\t\t\t\t\t\t\t\t\t\t\t\t<\/div>\n\t\t\t\t<\/div>\n\t\t\t\t<div class=\"elementor-element elementor-element-c61589a elementor-widget elementor-widget-text-editor\" data-id=\"c61589a\" data-element_type=\"widget\" data-e-type=\"widget\" data-widget_type=\"text-editor.default\">\n\t\t\t\t<div class=\"elementor-widget-container\">\n\t\t\t\t\t\t\t\t\t<h6>Era uma vez&#8230;A Cigarra e a Formiga<\/h6><h6><span style=\"color: var( --e-global-color-text );\">Apresentado 17\/04\/2021 \u00e0s 16h<\/span><\/h6><h6>Cia. F\u00e1brica de Sonhos<\/h6>\t\t\t\t\t\t\t\t<\/div>\n\t\t\t\t<\/div>\n\t\t\t\t\t<\/div>\n\t\t<\/div>\n\t\t\t\t<div class=\"elementor-column elementor-col-33 elementor-inner-column elementor-element elementor-element-295748a\" data-id=\"295748a\" data-element_type=\"column\" data-e-type=\"column\">\n\t\t\t<div class=\"elementor-widget-wrap elementor-element-populated\">\n\t\t\t\t\t\t<div class=\"elementor-element elementor-element-031e4f3 elementor-widget elementor-widget-image\" data-id=\"031e4f3\" data-element_type=\"widget\" data-e-type=\"widget\" data-widget_type=\"image.default\">\n\t\t\t\t<div class=\"elementor-widget-container\">\n\t\t\t\t\t\t\t\t\t\t\t\t\t\t\t\t<a href=\"https:\/\/festivaldejaneiro.com\/index.php\/espetaculo-gilgamesh\/\">\n\t\t\t\t\t\t\t<img loading=\"lazy\" decoding=\"async\" width=\"300\" height=\"169\" src=\"https:\/\/festivaldejaneiro.com\/wp-content\/uploads\/2021\/03\/12-ultimaaventura-300x169.png\" class=\"attachment-medium size-medium wp-image-439\" alt=\"\" srcset=\"https:\/\/festivaldejaneiro.com\/wp-content\/uploads\/2021\/03\/12-ultimaaventura-300x169.png 300w, https:\/\/festivaldejaneiro.com\/wp-content\/uploads\/2021\/03\/12-ultimaaventura-1024x576.png 1024w, https:\/\/festivaldejaneiro.com\/wp-content\/uploads\/2021\/03\/12-ultimaaventura-768x432.png 768w, https:\/\/festivaldejaneiro.com\/wp-content\/uploads\/2021\/03\/12-ultimaaventura-1536x864.png 1536w, https:\/\/festivaldejaneiro.com\/wp-content\/uploads\/2021\/03\/12-ultimaaventura-1568x882.png 1568w, https:\/\/festivaldejaneiro.com\/wp-content\/uploads\/2021\/03\/12-ultimaaventura.png 1920w\" sizes=\"(max-width: 300px) 100vw, 300px\" style=\"width:100%;height:56.25%;max-width:1920px\" \/>\t\t\t\t\t\t\t\t<\/a>\n\t\t\t\t\t\t\t\t\t\t\t\t\t\t\t<\/div>\n\t\t\t\t<\/div>\n\t\t\t\t<div class=\"elementor-element elementor-element-7cabfa4 elementor-widget elementor-widget-text-editor\" data-id=\"7cabfa4\" data-element_type=\"widget\" data-e-type=\"widget\" data-widget_type=\"text-editor.default\">\n\t\t\t\t<div class=\"elementor-widget-container\">\n\t\t\t\t\t\t\t\t\t<h6>A \u00daltima Aventura de Gilgamesh<\/h6><h6><span style=\"color: var( --e-global-color-text );\">Apresentado 18\/04\/2021 \u00e0s 16h<\/span><\/h6><h6>Essa\u00e9 Cia<\/h6>\t\t\t\t\t\t\t\t<\/div>\n\t\t\t\t<\/div>\n\t\t\t\t\t<\/div>\n\t\t<\/div>\n\t\t\t\t\t<\/div>\n\t\t<\/section>\n\t\t\t\t<div class=\"elementor-element elementor-element-048ce14 elementor-hidden-tablet elementor-hidden-phone elementor-widget elementor-widget-spacer\" data-id=\"048ce14\" data-element_type=\"widget\" data-e-type=\"widget\" data-widget_type=\"spacer.default\">\n\t\t\t\t<div class=\"elementor-widget-container\">\n\t\t\t\t\t\t\t<div class=\"elementor-spacer\">\n\t\t\t<div class=\"elementor-spacer-inner\"><\/div>\n\t\t<\/div>\n\t\t\t\t\t\t<\/div>\n\t\t\t\t<\/div>\n\t\t\t\t<div class=\"elementor-element elementor-element-a65792d elementor-invisible elementor-widget elementor-widget-heading\" data-id=\"a65792d\" data-element_type=\"widget\" data-e-type=\"widget\" data-settings=\"{&quot;_animation&quot;:&quot;fadeIn&quot;}\" data-widget_type=\"heading.default\">\n\t\t\t\t<div class=\"elementor-widget-container\">\n\t\t\t\t\t<h4 class=\"elementor-heading-title elementor-size-default\">Toda a programa\u00e7\u00e3o de espet\u00e1culos ter\u00e1 tradu\u00e7\u00e3o em libras!<\/h4>\t\t\t\t<\/div>\n\t\t\t\t<\/div>\n\t\t\t\t<div class=\"elementor-element elementor-element-2d0696e elementor-widget-divider--separator-type-pattern elementor-widget-divider--view-line elementor-widget elementor-widget-divider\" data-id=\"2d0696e\" data-element_type=\"widget\" data-e-type=\"widget\" data-widget_type=\"divider.default\">\n\t\t\t\t<div class=\"elementor-widget-container\">\n\t\t\t\t\t\t\t<div class=\"elementor-divider\" style=\"--divider-pattern-url: url(&quot;data:image\/svg+xml,%3Csvg xmlns=&#039;http:\/\/www.w3.org\/2000\/svg&#039; preserveAspectRatio=&#039;none&#039; overflow=&#039;visible&#039; height=&#039;100%&#039; viewBox=&#039;0 0 24 24&#039; fill=&#039;none&#039; stroke=&#039;black&#039; stroke-width=&#039;1&#039; stroke-linecap=&#039;square&#039; stroke-miterlimit=&#039;10&#039;%3E%3Cpath d=&#039;M0,6c6,0,6,13,12,13S18,6,24,6&#039;\/%3E%3C\/svg%3E&quot;);\">\n\t\t\t<span class=\"elementor-divider-separator\">\n\t\t\t\t\t\t<\/span>\n\t\t<\/div>\n\t\t\t\t\t\t<\/div>\n\t\t\t\t<\/div>\n\t\t\t\t<div class=\"elementor-element elementor-element-186965d elementor-invisible elementor-widget elementor-widget-heading\" data-id=\"186965d\" data-element_type=\"widget\" data-e-type=\"widget\" data-settings=\"{&quot;_animation&quot;:&quot;fadeIn&quot;}\" data-widget_type=\"heading.default\">\n\t\t\t\t<div class=\"elementor-widget-container\">\n\t\t\t\t\t<h3 class=\"elementor-heading-title elementor-size-default\">Confira as cr\u00edticas especializadas produzidas por Dib Carneiro<\/h3>\t\t\t\t<\/div>\n\t\t\t\t<\/div>\n\t\t\t\t<section class=\"elementor-section elementor-inner-section elementor-element elementor-element-85673de elementor-section-boxed elementor-section-height-default elementor-section-height-default\" data-id=\"85673de\" data-element_type=\"section\" data-e-type=\"section\" data-settings=\"{&quot;_ha_eqh_enable&quot;:false}\">\n\t\t\t\t\t\t<div class=\"elementor-container elementor-column-gap-default\">\n\t\t\t\t\t<div class=\"elementor-column elementor-col-50 elementor-inner-column elementor-element elementor-element-888a144\" data-id=\"888a144\" data-element_type=\"column\" data-e-type=\"column\">\n\t\t\t<div class=\"elementor-widget-wrap elementor-element-populated\">\n\t\t\t\t\t\t<div class=\"elementor-element elementor-element-2743ccc elementor-widget elementor-widget-image\" data-id=\"2743ccc\" data-element_type=\"widget\" data-e-type=\"widget\" data-widget_type=\"image.default\">\n\t\t\t\t<div class=\"elementor-widget-container\">\n\t\t\t\t\t\t\t\t\t\t\t\t\t\t\t<img loading=\"lazy\" decoding=\"async\" width=\"750\" height=\"928\" src=\"https:\/\/festivaldejaneiro.com\/wp-content\/uploads\/2021\/04\/dib-carneiro.jpg\" class=\"attachment-large size-large wp-image-1399\" alt=\"\" srcset=\"https:\/\/festivaldejaneiro.com\/wp-content\/uploads\/2021\/04\/dib-carneiro.jpg 750w, https:\/\/festivaldejaneiro.com\/wp-content\/uploads\/2021\/04\/dib-carneiro-242x300.jpg 242w\" sizes=\"(max-width: 750px) 100vw, 750px\" style=\"width:100%;height:123.73%;max-width:750px\" \/>\t\t\t\t\t\t\t\t\t\t\t\t\t\t\t<\/div>\n\t\t\t\t<\/div>\n\t\t\t\t\t<\/div>\n\t\t<\/div>\n\t\t\t\t<div class=\"elementor-column elementor-col-50 elementor-inner-column elementor-element elementor-element-cd33ad8\" data-id=\"cd33ad8\" data-element_type=\"column\" data-e-type=\"column\">\n\t\t\t<div class=\"elementor-widget-wrap elementor-element-populated\">\n\t\t\t\t\t\t<div class=\"elementor-element elementor-element-b7d34b7 elementor-widget elementor-widget-text-editor\" data-id=\"b7d34b7\" data-element_type=\"widget\" data-e-type=\"widget\" data-widget_type=\"text-editor.default\">\n\t\t\t\t<div class=\"elementor-widget-container\">\n\t\t\t\t\t\t\t\t\t<p>Acesse <a href=\"http:\/\/www.pecinhaeavovozinha.com.br\"><b>www.pecinhaeavovozinha.com.br<\/b><\/a> e leia as cr\u00edticas especializadas produzidas por Dib Carneiro Neto sobre os espet\u00e1culos de toda programa\u00e7\u00e3o do Festival de Janeiro &#8211; 2021.<\/p>\t\t\t\t\t\t\t\t<\/div>\n\t\t\t\t<\/div>\n\t\t\t\t<div class=\"elementor-element elementor-element-e742777 elementor-align-center elementor-invisible elementor-widget elementor-widget-button\" data-id=\"e742777\" data-element_type=\"widget\" data-e-type=\"widget\" data-settings=\"{&quot;_animation&quot;:&quot;fadeIn&quot;}\" data-widget_type=\"button.default\">\n\t\t\t\t<div class=\"elementor-widget-container\">\n\t\t\t\t\t\t\t\t\t<div class=\"elementor-button-wrapper\">\n\t\t\t\t\t<a class=\"elementor-button elementor-button-link elementor-size-md\" href=\"http:\/\/www.pecinhaeavovozinha.com.br\">\n\t\t\t\t\t\t<span class=\"elementor-button-content-wrapper\">\n\t\t\t\t\t\t\t\t\t<span class=\"elementor-button-text\">Clique para acessar as cr\u00edticas!<\/span>\n\t\t\t\t\t<\/span>\n\t\t\t\t\t<\/a>\n\t\t\t\t<\/div>\n\t\t\t\t\t\t\t\t<\/div>\n\t\t\t\t<\/div>\n\t\t\t\t\t<\/div>\n\t\t<\/div>\n\t\t\t\t\t<\/div>\n\t\t<\/section>\n\t\t\t\t<div class=\"elementor-element elementor-element-aff3904 elementor-widget elementor-widget-spacer\" data-id=\"aff3904\" data-element_type=\"widget\" data-e-type=\"widget\" data-widget_type=\"spacer.default\">\n\t\t\t\t<div class=\"elementor-widget-container\">\n\t\t\t\t\t\t\t<div class=\"elementor-spacer\">\n\t\t\t<div class=\"elementor-spacer-inner\"><\/div>\n\t\t<\/div>\n\t\t\t\t\t\t<\/div>\n\t\t\t\t<\/div>\n\t\t\t\t\t<\/div>\n\t\t<\/div>\n\t\t\t\t\t<\/div>\n\t\t<\/section>\n\t\t\t\t<section class=\"elementor-section elementor-top-section elementor-element elementor-element-487156e6 elementor-section-boxed elementor-section-height-default elementor-section-height-default\" data-id=\"487156e6\" data-element_type=\"section\" data-e-type=\"section\" data-settings=\"{&quot;background_background&quot;:&quot;classic&quot;,&quot;shape_divider_top&quot;:&quot;wave-brush&quot;,&quot;shape_divider_bottom&quot;:&quot;wave-brush&quot;,&quot;_ha_eqh_enable&quot;:false}\">\n\t\t\t\t\t\t\t<div class=\"elementor-background-overlay\"><\/div>\n\t\t\t\t\t\t<div class=\"elementor-shape elementor-shape-top\" aria-hidden=\"true\" data-negative=\"false\">\n\t\t\t<svg xmlns=\"http:\/\/www.w3.org\/2000\/svg\" viewBox=\"0 0 283.5 27.8\" preserveAspectRatio=\"none\">\n\t<path class=\"elementor-shape-fill\" d=\"M283.5,9.7c0,0-7.3,4.3-14,4.6c-6.8,0.3-12.6,0-20.9-1.5c-11.3-2-33.1-10.1-44.7-5.7\ts-12.1,4.6-18,7.4c-6.6,3.2-20,9.6-36.6,9.3C131.6,23.5,99.5,7.2,86.3,8c-1.4,0.1-6.6,0.8-10.5,2c-3.8,1.2-9.4,3.8-17,4.7\tc-3.2,0.4-8.3,1.1-14.2,0.9c-1.5-0.1-6.3-0.4-12-1.6c-5.7-1.2-11-3.1-15.8-3.7C6.5,9.2,0,10.8,0,10.8V0h283.5V9.7z M260.8,11.3\tc-0.7-1-2-0.4-4.3-0.4c-2.3,0-6.1-1.2-5.8-1.1c0.3,0.1,3.1,1.5,6,1.9C259.7,12.2,261.4,12.3,260.8,11.3z M242.4,8.6\tc0,0-2.4-0.2-5.6-0.9c-3.2-0.8-10.3-2.8-15.1-3.5c-8.2-1.1-15.8,0-15.1,0.1c0.8,0.1,9.6-0.6,17.6,1.1c3.3,0.7,9.3,2.2,12.4,2.7\tC239.9,8.7,242.4,8.6,242.4,8.6z M185.2,8.5c1.7-0.7-13.3,4.7-18.5,6.1c-2.1,0.6-6.2,1.6-10,2c-3.9,0.4-8.9,0.4-8.8,0.5\tc0,0.2,5.8,0.8,11.2,0c5.4-0.8,5.2-1.1,7.6-1.6C170.5,14.7,183.5,9.2,185.2,8.5z M199.1,6.9c0.2,0-0.8-0.4-4.8,1.1\tc-4,1.5-6.7,3.5-6.9,3.7c-0.2,0.1,3.5-1.8,6.6-3C197,7.5,199,6.9,199.1,6.9z M283,6c-0.1,0.1-1.9,1.1-4.8,2.5s-6.9,2.8-6.7,2.7\tc0.2,0,3.5-0.6,7.4-2.5C282.8,6.8,283.1,5.9,283,6z M31.3,11.6c0.1-0.2-1.9-0.2-4.5-1.2s-5.4-1.6-7.8-2C15,7.6,7.3,8.5,7.7,8.6\tC8,8.7,15.9,8.3,20.2,9.3c2.2,0.5,2.4,0.5,5.7,1.6S31.2,11.9,31.3,11.6z M73,9.2c0.4-0.1,3.5-1.6,8.4-2.6c4.9-1.1,8.9-0.5,8.9-0.8\tc0-0.3-1-0.9-6.2-0.3S72.6,9.3,73,9.2z M71.6,6.7C71.8,6.8,75,5.4,77.3,5c2.3-0.3,1.9-0.5,1.9-0.6c0-0.1-1.1-0.2-2.7,0.2\tC74.8,5.1,71.4,6.6,71.6,6.7z M93.6,4.4c0.1,0.2,3.5,0.8,5.6,1.8c2.1,1,1.8,0.6,1.9,0.5c0.1-0.1-0.8-0.8-2.4-1.3\tC97.1,4.8,93.5,4.2,93.6,4.4z M65.4,11.1c-0.1,0.3,0.3,0.5,1.9-0.2s2.6-1.3,2.2-1.2s-0.9,0.4-2.5,0.8C65.3,10.9,65.5,10.8,65.4,11.1\tz M34.5,12.4c-0.2,0,2.1,0.8,3.3,0.9c1.2,0.1,2,0.1,2-0.2c0-0.3-0.1-0.5-1.6-0.4C36.6,12.8,34.7,12.4,34.5,12.4z M152.2,21.1\tc-0.1,0.1-2.4-0.3-7.5-0.3c-5,0-13.6-2.4-17.2-3.5c-3.6-1.1,10,3.9,16.5,4.1C150.5,21.6,152.3,21,152.2,21.1z\"\/>\n\t<path class=\"elementor-shape-fill\" d=\"M269.6,18c-0.1-0.1-4.6,0.3-7.2,0c-7.3-0.7-17-3.2-16.6-2.9c0.4,0.3,13.7,3.1,17,3.3\tC267.7,18.8,269.7,18,269.6,18z\"\/>\n\t<path class=\"elementor-shape-fill\" d=\"M227.4,9.8c-0.2-0.1-4.5-1-9.5-1.2c-5-0.2-12.7,0.6-12.3,0.5c0.3-0.1,5.9-1.8,13.3-1.2\tS227.6,9.9,227.4,9.8z\"\/>\n\t<path class=\"elementor-shape-fill\" d=\"M204.5,13.4c-0.1-0.1,2-1,3.2-1.1c1.2-0.1,2,0,2,0.3c0,0.3-0.1,0.5-1.6,0.4\tC206.4,12.9,204.6,13.5,204.5,13.4z\"\/>\n\t<path class=\"elementor-shape-fill\" d=\"M201,10.6c0-0.1-4.4,1.2-6.3,2.2c-1.9,0.9-6.2,3.1-6.1,3.1c0.1,0.1,4.2-1.6,6.3-2.6\tS201,10.7,201,10.6z\"\/>\n\t<path class=\"elementor-shape-fill\" d=\"M154.5,26.7c-0.1-0.1-4.6,0.3-7.2,0c-7.3-0.7-17-3.2-16.6-2.9c0.4,0.3,13.7,3.1,17,3.3\tC152.6,27.5,154.6,26.8,154.5,26.7z\"\/>\n\t<path class=\"elementor-shape-fill\" d=\"M41.9,19.3c0,0,1.2-0.3,2.9-0.1c1.7,0.2,5.8,0.9,8.2,0.7c4.2-0.4,7.4-2.7,7-2.6\tc-0.4,0-4.3,2.2-8.6,1.9c-1.8-0.1-5.1-0.5-6.7-0.4S41.9,19.3,41.9,19.3z\"\/>\n\t<path class=\"elementor-shape-fill\" d=\"M75.5,12.6c0.2,0.1,2-0.8,4.3-1.1c2.3-0.2,2.1-0.3,2.1-0.5c0-0.1-1.8-0.4-3.4,0\tC76.9,11.5,75.3,12.5,75.5,12.6z\"\/>\n\t<path class=\"elementor-shape-fill\" d=\"M15.6,13.2c0-0.1,4.3,0,6.7,0.5c2.4,0.5,5,1.9,5,2c0,0.1-2.7-0.8-5.1-1.4\tC19.9,13.7,15.7,13.3,15.6,13.2z\"\/>\n<\/svg>\t\t<\/div>\n\t\t\t\t<div class=\"elementor-shape elementor-shape-bottom\" aria-hidden=\"true\" data-negative=\"false\">\n\t\t\t<svg xmlns=\"http:\/\/www.w3.org\/2000\/svg\" viewBox=\"0 0 283.5 27.8\" preserveAspectRatio=\"none\">\n\t<path class=\"elementor-shape-fill\" d=\"M283.5,9.7c0,0-7.3,4.3-14,4.6c-6.8,0.3-12.6,0-20.9-1.5c-11.3-2-33.1-10.1-44.7-5.7\ts-12.1,4.6-18,7.4c-6.6,3.2-20,9.6-36.6,9.3C131.6,23.5,99.5,7.2,86.3,8c-1.4,0.1-6.6,0.8-10.5,2c-3.8,1.2-9.4,3.8-17,4.7\tc-3.2,0.4-8.3,1.1-14.2,0.9c-1.5-0.1-6.3-0.4-12-1.6c-5.7-1.2-11-3.1-15.8-3.7C6.5,9.2,0,10.8,0,10.8V0h283.5V9.7z M260.8,11.3\tc-0.7-1-2-0.4-4.3-0.4c-2.3,0-6.1-1.2-5.8-1.1c0.3,0.1,3.1,1.5,6,1.9C259.7,12.2,261.4,12.3,260.8,11.3z M242.4,8.6\tc0,0-2.4-0.2-5.6-0.9c-3.2-0.8-10.3-2.8-15.1-3.5c-8.2-1.1-15.8,0-15.1,0.1c0.8,0.1,9.6-0.6,17.6,1.1c3.3,0.7,9.3,2.2,12.4,2.7\tC239.9,8.7,242.4,8.6,242.4,8.6z M185.2,8.5c1.7-0.7-13.3,4.7-18.5,6.1c-2.1,0.6-6.2,1.6-10,2c-3.9,0.4-8.9,0.4-8.8,0.5\tc0,0.2,5.8,0.8,11.2,0c5.4-0.8,5.2-1.1,7.6-1.6C170.5,14.7,183.5,9.2,185.2,8.5z M199.1,6.9c0.2,0-0.8-0.4-4.8,1.1\tc-4,1.5-6.7,3.5-6.9,3.7c-0.2,0.1,3.5-1.8,6.6-3C197,7.5,199,6.9,199.1,6.9z M283,6c-0.1,0.1-1.9,1.1-4.8,2.5s-6.9,2.8-6.7,2.7\tc0.2,0,3.5-0.6,7.4-2.5C282.8,6.8,283.1,5.9,283,6z M31.3,11.6c0.1-0.2-1.9-0.2-4.5-1.2s-5.4-1.6-7.8-2C15,7.6,7.3,8.5,7.7,8.6\tC8,8.7,15.9,8.3,20.2,9.3c2.2,0.5,2.4,0.5,5.7,1.6S31.2,11.9,31.3,11.6z M73,9.2c0.4-0.1,3.5-1.6,8.4-2.6c4.9-1.1,8.9-0.5,8.9-0.8\tc0-0.3-1-0.9-6.2-0.3S72.6,9.3,73,9.2z M71.6,6.7C71.8,6.8,75,5.4,77.3,5c2.3-0.3,1.9-0.5,1.9-0.6c0-0.1-1.1-0.2-2.7,0.2\tC74.8,5.1,71.4,6.6,71.6,6.7z M93.6,4.4c0.1,0.2,3.5,0.8,5.6,1.8c2.1,1,1.8,0.6,1.9,0.5c0.1-0.1-0.8-0.8-2.4-1.3\tC97.1,4.8,93.5,4.2,93.6,4.4z M65.4,11.1c-0.1,0.3,0.3,0.5,1.9-0.2s2.6-1.3,2.2-1.2s-0.9,0.4-2.5,0.8C65.3,10.9,65.5,10.8,65.4,11.1\tz M34.5,12.4c-0.2,0,2.1,0.8,3.3,0.9c1.2,0.1,2,0.1,2-0.2c0-0.3-0.1-0.5-1.6-0.4C36.6,12.8,34.7,12.4,34.5,12.4z M152.2,21.1\tc-0.1,0.1-2.4-0.3-7.5-0.3c-5,0-13.6-2.4-17.2-3.5c-3.6-1.1,10,3.9,16.5,4.1C150.5,21.6,152.3,21,152.2,21.1z\"\/>\n\t<path class=\"elementor-shape-fill\" d=\"M269.6,18c-0.1-0.1-4.6,0.3-7.2,0c-7.3-0.7-17-3.2-16.6-2.9c0.4,0.3,13.7,3.1,17,3.3\tC267.7,18.8,269.7,18,269.6,18z\"\/>\n\t<path class=\"elementor-shape-fill\" d=\"M227.4,9.8c-0.2-0.1-4.5-1-9.5-1.2c-5-0.2-12.7,0.6-12.3,0.5c0.3-0.1,5.9-1.8,13.3-1.2\tS227.6,9.9,227.4,9.8z\"\/>\n\t<path class=\"elementor-shape-fill\" d=\"M204.5,13.4c-0.1-0.1,2-1,3.2-1.1c1.2-0.1,2,0,2,0.3c0,0.3-0.1,0.5-1.6,0.4\tC206.4,12.9,204.6,13.5,204.5,13.4z\"\/>\n\t<path class=\"elementor-shape-fill\" d=\"M201,10.6c0-0.1-4.4,1.2-6.3,2.2c-1.9,0.9-6.2,3.1-6.1,3.1c0.1,0.1,4.2-1.6,6.3-2.6\tS201,10.7,201,10.6z\"\/>\n\t<path class=\"elementor-shape-fill\" d=\"M154.5,26.7c-0.1-0.1-4.6,0.3-7.2,0c-7.3-0.7-17-3.2-16.6-2.9c0.4,0.3,13.7,3.1,17,3.3\tC152.6,27.5,154.6,26.8,154.5,26.7z\"\/>\n\t<path class=\"elementor-shape-fill\" d=\"M41.9,19.3c0,0,1.2-0.3,2.9-0.1c1.7,0.2,5.8,0.9,8.2,0.7c4.2-0.4,7.4-2.7,7-2.6\tc-0.4,0-4.3,2.2-8.6,1.9c-1.8-0.1-5.1-0.5-6.7-0.4S41.9,19.3,41.9,19.3z\"\/>\n\t<path class=\"elementor-shape-fill\" d=\"M75.5,12.6c0.2,0.1,2-0.8,4.3-1.1c2.3-0.2,2.1-0.3,2.1-0.5c0-0.1-1.8-0.4-3.4,0\tC76.9,11.5,75.3,12.5,75.5,12.6z\"\/>\n\t<path class=\"elementor-shape-fill\" d=\"M15.6,13.2c0-0.1,4.3,0,6.7,0.5c2.4,0.5,5,1.9,5,2c0,0.1-2.7-0.8-5.1-1.4\tC19.9,13.7,15.7,13.3,15.6,13.2z\"\/>\n<\/svg>\t\t<\/div>\n\t\t\t\t\t<div class=\"elementor-container elementor-column-gap-default\">\n\t\t\t\t\t<div class=\"elementor-column elementor-col-100 elementor-top-column elementor-element elementor-element-60bd5edf\" data-id=\"60bd5edf\" data-element_type=\"column\" data-e-type=\"column\">\n\t\t\t<div class=\"elementor-widget-wrap elementor-element-populated\">\n\t\t\t\t\t\t<div class=\"elementor-element elementor-element-3708add elementor-widget elementor-widget-menu-anchor\" data-id=\"3708add\" data-element_type=\"widget\" data-e-type=\"widget\" data-widget_type=\"menu-anchor.default\">\n\t\t\t\t<div class=\"elementor-widget-container\">\n\t\t\t\t\t\t\t<div class=\"elementor-menu-anchor\" id=\"atividades-formativas\"><\/div>\n\t\t\t\t\t\t<\/div>\n\t\t\t\t<\/div>\n\t\t\t\t<div class=\"elementor-element elementor-element-8488a9f elementor-widget elementor-widget-spacer\" data-id=\"8488a9f\" data-element_type=\"widget\" data-e-type=\"widget\" data-widget_type=\"spacer.default\">\n\t\t\t\t<div class=\"elementor-widget-container\">\n\t\t\t\t\t\t\t<div class=\"elementor-spacer\">\n\t\t\t<div class=\"elementor-spacer-inner\"><\/div>\n\t\t<\/div>\n\t\t\t\t\t\t<\/div>\n\t\t\t\t<\/div>\n\t\t\t\t<div class=\"elementor-element elementor-element-67075c1 elementor-invisible elementor-widget elementor-widget-heading\" data-id=\"67075c1\" data-element_type=\"widget\" data-e-type=\"widget\" data-settings=\"{&quot;_animation&quot;:&quot;fadeIn&quot;,&quot;_animation_delay&quot;:500}\" data-widget_type=\"heading.default\">\n\t\t\t\t<div class=\"elementor-widget-container\">\n\t\t\t\t\t<h2 class=\"elementor-heading-title elementor-size-default\">Conhe\u00e7a as Atividades Formativas<\/h2>\t\t\t\t<\/div>\n\t\t\t\t<\/div>\n\t\t\t\t<section class=\"elementor-section elementor-inner-section elementor-element elementor-element-ad13867 elementor-section-boxed elementor-section-height-default elementor-section-height-default elementor-invisible\" data-id=\"ad13867\" data-element_type=\"section\" data-e-type=\"section\" data-settings=\"{&quot;animation&quot;:&quot;fadeIn&quot;,&quot;_ha_eqh_enable&quot;:false}\">\n\t\t\t\t\t\t<div class=\"elementor-container elementor-column-gap-default\">\n\t\t\t\t\t<div class=\"elementor-column elementor-col-33 elementor-inner-column elementor-element elementor-element-4677701\" data-id=\"4677701\" data-element_type=\"column\" data-e-type=\"column\">\n\t\t\t<div class=\"elementor-widget-wrap elementor-element-populated\">\n\t\t\t\t\t\t<div class=\"elementor-element elementor-element-71ff9f3 elementor-widget elementor-widget-image\" data-id=\"71ff9f3\" data-element_type=\"widget\" data-e-type=\"widget\" data-widget_type=\"image.default\">\n\t\t\t\t<div class=\"elementor-widget-container\">\n\t\t\t\t\t\t\t\t\t\t\t\t\t\t\t\t<a href=\"https:\/\/festivaldejaneiro.com\/index.php\/atividade-ressignificacao\">\n\t\t\t\t\t\t\t<img loading=\"lazy\" decoding=\"async\" width=\"750\" height=\"422\" src=\"https:\/\/festivaldejaneiro.com\/wp-content\/uploads\/2021\/04\/1-ativ-ressignificacao-1024x576.png\" class=\"attachment-large size-large wp-image-1236\" alt=\"\" srcset=\"https:\/\/festivaldejaneiro.com\/wp-content\/uploads\/2021\/04\/1-ativ-ressignificacao-1024x576.png 1024w, https:\/\/festivaldejaneiro.com\/wp-content\/uploads\/2021\/04\/1-ativ-ressignificacao-300x169.png 300w, https:\/\/festivaldejaneiro.com\/wp-content\/uploads\/2021\/04\/1-ativ-ressignificacao-768x432.png 768w, https:\/\/festivaldejaneiro.com\/wp-content\/uploads\/2021\/04\/1-ativ-ressignificacao-1536x864.png 1536w, https:\/\/festivaldejaneiro.com\/wp-content\/uploads\/2021\/04\/1-ativ-ressignificacao-1568x882.png 1568w, https:\/\/festivaldejaneiro.com\/wp-content\/uploads\/2021\/04\/1-ativ-ressignificacao.png 1920w\" sizes=\"(max-width: 750px) 100vw, 750px\" style=\"width:100%;height:56.25%;max-width:1920px\" \/>\t\t\t\t\t\t\t\t<\/a>\n\t\t\t\t\t\t\t\t\t\t\t\t\t\t\t<\/div>\n\t\t\t\t<\/div>\n\t\t\t\t<div class=\"elementor-element elementor-element-00f2b2b elementor-widget elementor-widget-text-editor\" data-id=\"00f2b2b\" data-element_type=\"widget\" data-e-type=\"widget\" data-widget_type=\"text-editor.default\">\n\t\t\t\t<div class=\"elementor-widget-container\">\n\t\t\t\t\t\t\t\t\t<h5><span style=\"text-decoration: underline;\">Workshop:<\/span><\/h5><h6>Ressignifica\u00e7\u00e3o dos objetos na cena<\/h6><h6>&lt;&gt; Realizado Dia 07\/04\/2021 \u00e0s 11h &lt;&gt;<\/h6><h6>Cia F\u00e1brica de Sonhos<\/h6>\t\t\t\t\t\t\t\t<\/div>\n\t\t\t\t<\/div>\n\t\t\t\t\t<\/div>\n\t\t<\/div>\n\t\t\t\t<div class=\"elementor-column elementor-col-33 elementor-inner-column elementor-element elementor-element-9d3bc02\" data-id=\"9d3bc02\" data-element_type=\"column\" data-e-type=\"column\">\n\t\t\t<div class=\"elementor-widget-wrap elementor-element-populated\">\n\t\t\t\t\t\t<div class=\"elementor-element elementor-element-2803d49 elementor-widget elementor-widget-image\" data-id=\"2803d49\" data-element_type=\"widget\" data-e-type=\"widget\" data-widget_type=\"image.default\">\n\t\t\t\t<div class=\"elementor-widget-container\">\n\t\t\t\t\t\t\t\t\t\t\t\t\t\t\t\t<a href=\"https:\/\/festivaldejaneiro.com\/index.php\/atividade-manipulacao-fantoches\">\n\t\t\t\t\t\t\t<img loading=\"lazy\" decoding=\"async\" width=\"750\" height=\"422\" src=\"https:\/\/festivaldejaneiro.com\/wp-content\/uploads\/2021\/03\/02-manipulacao-fantoches-1024x576.png\" class=\"attachment-large size-large wp-image-812\" alt=\"\" srcset=\"https:\/\/festivaldejaneiro.com\/wp-content\/uploads\/2021\/03\/02-manipulacao-fantoches-1024x576.png 1024w, https:\/\/festivaldejaneiro.com\/wp-content\/uploads\/2021\/03\/02-manipulacao-fantoches-300x169.png 300w, https:\/\/festivaldejaneiro.com\/wp-content\/uploads\/2021\/03\/02-manipulacao-fantoches-768x432.png 768w, https:\/\/festivaldejaneiro.com\/wp-content\/uploads\/2021\/03\/02-manipulacao-fantoches-1536x864.png 1536w, https:\/\/festivaldejaneiro.com\/wp-content\/uploads\/2021\/03\/02-manipulacao-fantoches-1568x882.png 1568w, https:\/\/festivaldejaneiro.com\/wp-content\/uploads\/2021\/03\/02-manipulacao-fantoches.png 1920w\" sizes=\"(max-width: 750px) 100vw, 750px\" style=\"width:100%;height:56.25%;max-width:1920px\" \/>\t\t\t\t\t\t\t\t<\/a>\n\t\t\t\t\t\t\t\t\t\t\t\t\t\t\t<\/div>\n\t\t\t\t<\/div>\n\t\t\t\t<div class=\"elementor-element elementor-element-29af6ed elementor-widget elementor-widget-text-editor\" data-id=\"29af6ed\" data-element_type=\"widget\" data-e-type=\"widget\" data-widget_type=\"text-editor.default\">\n\t\t\t\t<div class=\"elementor-widget-container\">\n\t\t\t\t\t\t\t\t\t<h5><span style=\"text-decoration: underline;\">Workshop:<\/span><\/h5><h6>Manipula\u00e7\u00e3o de Fantoches<\/h6><h6>&lt;&gt; Realizado Dia 08\/04\/2021 \u00e0s 11h &lt;&gt;<\/h6><h6>Cia Circo de Bonecos<\/h6>\t\t\t\t\t\t\t\t<\/div>\n\t\t\t\t<\/div>\n\t\t\t\t\t<\/div>\n\t\t<\/div>\n\t\t\t\t<div class=\"elementor-column elementor-col-33 elementor-inner-column elementor-element elementor-element-cbdabab\" data-id=\"cbdabab\" data-element_type=\"column\" data-e-type=\"column\">\n\t\t\t<div class=\"elementor-widget-wrap elementor-element-populated\">\n\t\t\t\t\t\t<div class=\"elementor-element elementor-element-873b37d elementor-widget elementor-widget-image\" data-id=\"873b37d\" data-element_type=\"widget\" data-e-type=\"widget\" data-widget_type=\"image.default\">\n\t\t\t\t<div class=\"elementor-widget-container\">\n\t\t\t\t\t\t\t\t\t\t\t\t\t\t\t\t<a href=\"https:\/\/festivaldejaneiro.com\/index.php\/atividade-teatro-infancia\">\n\t\t\t\t\t\t\t<img loading=\"lazy\" decoding=\"async\" width=\"750\" height=\"422\" src=\"https:\/\/festivaldejaneiro.com\/wp-content\/uploads\/2021\/03\/03-teatro-primeira-infancia-1024x576.png\" class=\"attachment-large size-large wp-image-813\" alt=\"\" srcset=\"https:\/\/festivaldejaneiro.com\/wp-content\/uploads\/2021\/03\/03-teatro-primeira-infancia-1024x576.png 1024w, https:\/\/festivaldejaneiro.com\/wp-content\/uploads\/2021\/03\/03-teatro-primeira-infancia-300x169.png 300w, https:\/\/festivaldejaneiro.com\/wp-content\/uploads\/2021\/03\/03-teatro-primeira-infancia-768x432.png 768w, https:\/\/festivaldejaneiro.com\/wp-content\/uploads\/2021\/03\/03-teatro-primeira-infancia-1536x864.png 1536w, https:\/\/festivaldejaneiro.com\/wp-content\/uploads\/2021\/03\/03-teatro-primeira-infancia-1568x882.png 1568w, https:\/\/festivaldejaneiro.com\/wp-content\/uploads\/2021\/03\/03-teatro-primeira-infancia.png 1920w\" sizes=\"(max-width: 750px) 100vw, 750px\" style=\"width:100%;height:56.25%;max-width:1920px\" \/>\t\t\t\t\t\t\t\t<\/a>\n\t\t\t\t\t\t\t\t\t\t\t\t\t\t\t<\/div>\n\t\t\t\t<\/div>\n\t\t\t\t<div class=\"elementor-element elementor-element-b20e1f0 elementor-widget elementor-widget-text-editor\" data-id=\"b20e1f0\" data-element_type=\"widget\" data-e-type=\"widget\" data-widget_type=\"text-editor.default\">\n\t\t\t\t<div class=\"elementor-widget-container\">\n\t\t\t\t\t\t\t\t\t<h5><span style=\"text-decoration: underline;\">Workshop:<\/span><\/h5><h6>Teatro para primeira inf\u00e2ncia<\/h6><h6>&lt;&gt; Realizado Dia 09\/04\/2021 \u00e0s 11h &lt;&gt;<\/h6><h6>Caramello Produ\u00e7\u00f5es<\/h6>\t\t\t\t\t\t\t\t<\/div>\n\t\t\t\t<\/div>\n\t\t\t\t\t<\/div>\n\t\t<\/div>\n\t\t\t\t\t<\/div>\n\t\t<\/section>\n\t\t\t\t<section class=\"elementor-section elementor-inner-section elementor-element elementor-element-9f9fc87 elementor-section-boxed elementor-section-height-default elementor-section-height-default elementor-invisible\" data-id=\"9f9fc87\" data-element_type=\"section\" data-e-type=\"section\" data-settings=\"{&quot;animation&quot;:&quot;fadeIn&quot;,&quot;_ha_eqh_enable&quot;:false}\">\n\t\t\t\t\t\t<div class=\"elementor-container elementor-column-gap-default\">\n\t\t\t\t\t<div class=\"elementor-column elementor-col-33 elementor-inner-column elementor-element elementor-element-af52a70\" data-id=\"af52a70\" data-element_type=\"column\" data-e-type=\"column\">\n\t\t\t<div class=\"elementor-widget-wrap elementor-element-populated\">\n\t\t\t\t\t\t<div class=\"elementor-element elementor-element-8986317 elementor-widget elementor-widget-image\" data-id=\"8986317\" data-element_type=\"widget\" data-e-type=\"widget\" data-widget_type=\"image.default\">\n\t\t\t\t<div class=\"elementor-widget-container\">\n\t\t\t\t\t\t\t\t\t\t\t\t\t\t\t\t<a href=\"https:\/\/festivaldejaneiro.com\/index.php\/atividade-vivencia\">\n\t\t\t\t\t\t\t<img loading=\"lazy\" decoding=\"async\" width=\"750\" height=\"422\" src=\"https:\/\/festivaldejaneiro.com\/wp-content\/uploads\/2021\/03\/04-vivencia-1024x576.png\" class=\"attachment-large size-large wp-image-814\" alt=\"\" srcset=\"https:\/\/festivaldejaneiro.com\/wp-content\/uploads\/2021\/03\/04-vivencia-1024x576.png 1024w, https:\/\/festivaldejaneiro.com\/wp-content\/uploads\/2021\/03\/04-vivencia-300x169.png 300w, https:\/\/festivaldejaneiro.com\/wp-content\/uploads\/2021\/03\/04-vivencia-768x432.png 768w, https:\/\/festivaldejaneiro.com\/wp-content\/uploads\/2021\/03\/04-vivencia-1536x864.png 1536w, https:\/\/festivaldejaneiro.com\/wp-content\/uploads\/2021\/03\/04-vivencia-1568x882.png 1568w, https:\/\/festivaldejaneiro.com\/wp-content\/uploads\/2021\/03\/04-vivencia.png 1920w\" sizes=\"(max-width: 750px) 100vw, 750px\" style=\"width:100%;height:56.25%;max-width:1920px\" \/>\t\t\t\t\t\t\t\t<\/a>\n\t\t\t\t\t\t\t\t\t\t\t\t\t\t\t<\/div>\n\t\t\t\t<\/div>\n\t\t\t\t<div class=\"elementor-element elementor-element-48884ed elementor-widget elementor-widget-text-editor\" data-id=\"48884ed\" data-element_type=\"widget\" data-e-type=\"widget\" data-widget_type=\"text-editor.default\">\n\t\t\t\t<div class=\"elementor-widget-container\">\n\t\t\t\t\t\t\t\t\t<h5><span style=\"text-decoration: underline;\">Workshop:<\/span><\/h5><h6>Viv\u00eancia Brincar, Narrar e Criar!<\/h6><h6>&lt;&gt; Realizado Dia 10\/04\/2021 \u00e0s 11h &lt;&gt;<\/h6><h6>Insensata Cia de Teatro<\/h6>\t\t\t\t\t\t\t\t<\/div>\n\t\t\t\t<\/div>\n\t\t\t\t\t<\/div>\n\t\t<\/div>\n\t\t\t\t<div class=\"elementor-column elementor-col-33 elementor-inner-column elementor-element elementor-element-0023958\" data-id=\"0023958\" data-element_type=\"column\" data-e-type=\"column\">\n\t\t\t<div class=\"elementor-widget-wrap elementor-element-populated\">\n\t\t\t\t\t\t<div class=\"elementor-element elementor-element-5ed8ce2 elementor-widget elementor-widget-image\" data-id=\"5ed8ce2\" data-element_type=\"widget\" data-e-type=\"widget\" data-widget_type=\"image.default\">\n\t\t\t\t<div class=\"elementor-widget-container\">\n\t\t\t\t\t\t\t\t\t\t\t\t\t\t\t\t<a href=\"https:\/\/festivaldejaneiro.com\/index.php\/atividade-circo-teatro-brasileiro\">\n\t\t\t\t\t\t\t<img loading=\"lazy\" decoding=\"async\" width=\"750\" height=\"422\" src=\"https:\/\/festivaldejaneiro.com\/wp-content\/uploads\/2021\/03\/05-circo-teatro-brasileiro-1024x576.png\" class=\"attachment-large size-large wp-image-815\" alt=\"\" srcset=\"https:\/\/festivaldejaneiro.com\/wp-content\/uploads\/2021\/03\/05-circo-teatro-brasileiro-1024x576.png 1024w, https:\/\/festivaldejaneiro.com\/wp-content\/uploads\/2021\/03\/05-circo-teatro-brasileiro-300x169.png 300w, https:\/\/festivaldejaneiro.com\/wp-content\/uploads\/2021\/03\/05-circo-teatro-brasileiro-768x432.png 768w, https:\/\/festivaldejaneiro.com\/wp-content\/uploads\/2021\/03\/05-circo-teatro-brasileiro-1536x864.png 1536w, https:\/\/festivaldejaneiro.com\/wp-content\/uploads\/2021\/03\/05-circo-teatro-brasileiro-1568x882.png 1568w, https:\/\/festivaldejaneiro.com\/wp-content\/uploads\/2021\/03\/05-circo-teatro-brasileiro.png 1920w\" sizes=\"(max-width: 750px) 100vw, 750px\" style=\"width:100%;height:56.25%;max-width:1920px\" \/>\t\t\t\t\t\t\t\t<\/a>\n\t\t\t\t\t\t\t\t\t\t\t\t\t\t\t<\/div>\n\t\t\t\t<\/div>\n\t\t\t\t<div class=\"elementor-element elementor-element-871c67b elementor-widget elementor-widget-text-editor\" data-id=\"871c67b\" data-element_type=\"widget\" data-e-type=\"widget\" data-widget_type=\"text-editor.default\">\n\t\t\t\t<div class=\"elementor-widget-container\">\n\t\t\t\t\t\t\t\t\t<h5><span style=\"text-decoration: underline;\">Workshop:<\/span><\/h5><h6>O Circo &#8211; Teatro Brasileiro<\/h6><h6>&lt;&gt; Realizado Dia 11\/04\/2021 \u00e0s 11h &lt;&gt;<\/h6><h6>Dami\u00e3o e Cia de Teatro<\/h6>\t\t\t\t\t\t\t\t<\/div>\n\t\t\t\t<\/div>\n\t\t\t\t\t<\/div>\n\t\t<\/div>\n\t\t\t\t<div class=\"elementor-column elementor-col-33 elementor-inner-column elementor-element elementor-element-b546fcd\" data-id=\"b546fcd\" data-element_type=\"column\" data-e-type=\"column\">\n\t\t\t<div class=\"elementor-widget-wrap elementor-element-populated\">\n\t\t\t\t\t\t<div class=\"elementor-element elementor-element-e8872db elementor-widget elementor-widget-image\" data-id=\"e8872db\" data-element_type=\"widget\" data-e-type=\"widget\" data-widget_type=\"image.default\">\n\t\t\t\t<div class=\"elementor-widget-container\">\n\t\t\t\t\t\t\t\t\t\t\t\t\t\t\t\t<a href=\"https:\/\/festivaldejaneiro.com\/index.php\/atividade-corpo-palhaco\">\n\t\t\t\t\t\t\t<img loading=\"lazy\" decoding=\"async\" width=\"750\" height=\"422\" src=\"https:\/\/festivaldejaneiro.com\/wp-content\/uploads\/2021\/03\/06-corpo-palhaco-1024x576.png\" class=\"attachment-large size-large wp-image-816\" alt=\"\" srcset=\"https:\/\/festivaldejaneiro.com\/wp-content\/uploads\/2021\/03\/06-corpo-palhaco-1024x576.png 1024w, https:\/\/festivaldejaneiro.com\/wp-content\/uploads\/2021\/03\/06-corpo-palhaco-300x169.png 300w, https:\/\/festivaldejaneiro.com\/wp-content\/uploads\/2021\/03\/06-corpo-palhaco-768x432.png 768w, https:\/\/festivaldejaneiro.com\/wp-content\/uploads\/2021\/03\/06-corpo-palhaco-1536x864.png 1536w, https:\/\/festivaldejaneiro.com\/wp-content\/uploads\/2021\/03\/06-corpo-palhaco-1568x882.png 1568w, https:\/\/festivaldejaneiro.com\/wp-content\/uploads\/2021\/03\/06-corpo-palhaco.png 1920w\" sizes=\"(max-width: 750px) 100vw, 750px\" style=\"width:100%;height:56.25%;max-width:1920px\" \/>\t\t\t\t\t\t\t\t<\/a>\n\t\t\t\t\t\t\t\t\t\t\t\t\t\t\t<\/div>\n\t\t\t\t<\/div>\n\t\t\t\t<div class=\"elementor-element elementor-element-bcf961c elementor-widget elementor-widget-text-editor\" data-id=\"bcf961c\" data-element_type=\"widget\" data-e-type=\"widget\" data-widget_type=\"text-editor.default\">\n\t\t\t\t<div class=\"elementor-widget-container\">\n\t\t\t\t\t\t\t\t\t<h5><span style=\"text-decoration: underline;\">Workshop:<\/span><\/h5><h6><span style=\"letter-spacing: 0.8px;\">O corpo do palha\u00e7o &#8211; Presen\u00e7a brincante no isolamento<\/span><\/h6><h6>&lt;&gt; Realizado Dia 12\/04\/2021 \u00e0s 11h &lt;&gt;<\/h6><h6>Trupe Fans<\/h6>\t\t\t\t\t\t\t\t<\/div>\n\t\t\t\t<\/div>\n\t\t\t\t\t<\/div>\n\t\t<\/div>\n\t\t\t\t\t<\/div>\n\t\t<\/section>\n\t\t\t\t<section class=\"elementor-section elementor-inner-section elementor-element elementor-element-a7ccca3 elementor-section-boxed elementor-section-height-default elementor-section-height-default elementor-invisible\" data-id=\"a7ccca3\" data-element_type=\"section\" data-e-type=\"section\" data-settings=\"{&quot;animation&quot;:&quot;fadeIn&quot;,&quot;_ha_eqh_enable&quot;:false}\">\n\t\t\t\t\t\t<div class=\"elementor-container elementor-column-gap-default\">\n\t\t\t\t\t<div class=\"elementor-column elementor-col-33 elementor-inner-column elementor-element elementor-element-3c97ecc\" data-id=\"3c97ecc\" data-element_type=\"column\" data-e-type=\"column\">\n\t\t\t<div class=\"elementor-widget-wrap elementor-element-populated\">\n\t\t\t\t\t\t<div class=\"elementor-element elementor-element-4c3061a elementor-widget elementor-widget-image\" data-id=\"4c3061a\" data-element_type=\"widget\" data-e-type=\"widget\" data-widget_type=\"image.default\">\n\t\t\t\t<div class=\"elementor-widget-container\">\n\t\t\t\t\t\t\t\t\t\t\t\t\t\t\t\t<a href=\"https:\/\/festivaldejaneiro.com\/index.php\/atividade-palhaco-luto\">\n\t\t\t\t\t\t\t<img loading=\"lazy\" decoding=\"async\" width=\"750\" height=\"422\" src=\"https:\/\/festivaldejaneiro.com\/wp-content\/uploads\/2021\/03\/07-palhaco-luto-1024x576.png\" class=\"attachment-large size-large wp-image-817\" alt=\"\" srcset=\"https:\/\/festivaldejaneiro.com\/wp-content\/uploads\/2021\/03\/07-palhaco-luto-1024x576.png 1024w, https:\/\/festivaldejaneiro.com\/wp-content\/uploads\/2021\/03\/07-palhaco-luto-300x169.png 300w, https:\/\/festivaldejaneiro.com\/wp-content\/uploads\/2021\/03\/07-palhaco-luto-768x432.png 768w, https:\/\/festivaldejaneiro.com\/wp-content\/uploads\/2021\/03\/07-palhaco-luto-1536x864.png 1536w, https:\/\/festivaldejaneiro.com\/wp-content\/uploads\/2021\/03\/07-palhaco-luto-1568x882.png 1568w, https:\/\/festivaldejaneiro.com\/wp-content\/uploads\/2021\/03\/07-palhaco-luto.png 1920w\" sizes=\"(max-width: 750px) 100vw, 750px\" style=\"width:100%;height:56.25%;max-width:1920px\" \/>\t\t\t\t\t\t\t\t<\/a>\n\t\t\t\t\t\t\t\t\t\t\t\t\t\t\t<\/div>\n\t\t\t\t<\/div>\n\t\t\t\t<div class=\"elementor-element elementor-element-016b16e elementor-widget elementor-widget-text-editor\" data-id=\"016b16e\" data-element_type=\"widget\" data-e-type=\"widget\" data-widget_type=\"text-editor.default\">\n\t\t\t\t<div class=\"elementor-widget-container\">\n\t\t\t\t\t\t\t\t\t<h5><span style=\"text-decoration: underline;\">Workshop:<\/span><\/h5><h6>O palha\u00e7o e o luto<\/h6><h6>&lt;&gt; Realizado Dia 13\/04\/2021 \u00e0s 11h &lt;&gt;<\/h6><h6>Conforto &amp; Cia<\/h6>\t\t\t\t\t\t\t\t<\/div>\n\t\t\t\t<\/div>\n\t\t\t\t\t<\/div>\n\t\t<\/div>\n\t\t\t\t<div class=\"elementor-column elementor-col-33 elementor-inner-column elementor-element elementor-element-5c0ee22\" data-id=\"5c0ee22\" data-element_type=\"column\" data-e-type=\"column\">\n\t\t\t<div class=\"elementor-widget-wrap elementor-element-populated\">\n\t\t\t\t\t\t<div class=\"elementor-element elementor-element-d7d34f1 elementor-widget elementor-widget-image\" data-id=\"d7d34f1\" data-element_type=\"widget\" data-e-type=\"widget\" data-widget_type=\"image.default\">\n\t\t\t\t<div class=\"elementor-widget-container\">\n\t\t\t\t\t\t\t\t\t\t\t\t\t\t\t\t<a href=\"https:\/\/festivaldejaneiro.com\/index.php\/atividade-perspectivas-potencias\">\n\t\t\t\t\t\t\t<img loading=\"lazy\" decoding=\"async\" width=\"750\" height=\"422\" src=\"https:\/\/festivaldejaneiro.com\/wp-content\/uploads\/2021\/03\/08-perspectiva-potencias-1024x576.png\" class=\"attachment-large size-large wp-image-808\" alt=\"\" srcset=\"https:\/\/festivaldejaneiro.com\/wp-content\/uploads\/2021\/03\/08-perspectiva-potencias-1024x576.png 1024w, https:\/\/festivaldejaneiro.com\/wp-content\/uploads\/2021\/03\/08-perspectiva-potencias-300x169.png 300w, https:\/\/festivaldejaneiro.com\/wp-content\/uploads\/2021\/03\/08-perspectiva-potencias-768x432.png 768w, https:\/\/festivaldejaneiro.com\/wp-content\/uploads\/2021\/03\/08-perspectiva-potencias-1536x864.png 1536w, https:\/\/festivaldejaneiro.com\/wp-content\/uploads\/2021\/03\/08-perspectiva-potencias-1568x882.png 1568w, https:\/\/festivaldejaneiro.com\/wp-content\/uploads\/2021\/03\/08-perspectiva-potencias.png 1920w\" sizes=\"(max-width: 750px) 100vw, 750px\" style=\"width:100%;height:56.25%;max-width:1920px\" \/>\t\t\t\t\t\t\t\t<\/a>\n\t\t\t\t\t\t\t\t\t\t\t\t\t\t\t<\/div>\n\t\t\t\t<\/div>\n\t\t\t\t<div class=\"elementor-element elementor-element-cde69c8 elementor-widget elementor-widget-text-editor\" data-id=\"cde69c8\" data-element_type=\"widget\" data-e-type=\"widget\" data-widget_type=\"text-editor.default\">\n\t\t\t\t<div class=\"elementor-widget-container\">\n\t\t\t\t\t\t\t\t\t<h5><span style=\"text-decoration: underline;\">Workshop:<\/span><\/h5><h6>Perspectivas sobre as pot\u00eancias para um trabalho continuado dentro de um grupo<\/h6><h6>&lt;&gt; Realizado Dia 14\/04\/2021 \u00e0s 11h &lt;&gt;<\/h6><h6>Grupo Pavilh\u00e3o da Magn\u00f3lia<\/h6>\t\t\t\t\t\t\t\t<\/div>\n\t\t\t\t<\/div>\n\t\t\t\t\t<\/div>\n\t\t<\/div>\n\t\t\t\t<div class=\"elementor-column elementor-col-33 elementor-inner-column elementor-element elementor-element-1393401\" data-id=\"1393401\" data-element_type=\"column\" data-e-type=\"column\">\n\t\t\t<div class=\"elementor-widget-wrap elementor-element-populated\">\n\t\t\t\t\t\t<div class=\"elementor-element elementor-element-4ea0992 elementor-widget elementor-widget-image\" data-id=\"4ea0992\" data-element_type=\"widget\" data-e-type=\"widget\" data-widget_type=\"image.default\">\n\t\t\t\t<div class=\"elementor-widget-container\">\n\t\t\t\t\t\t\t\t\t\t\t\t\t\t\t\t<a href=\"https:\/\/festivaldejaneiro.com\/index.php\/atividade-universo-circo\">\n\t\t\t\t\t\t\t<img loading=\"lazy\" decoding=\"async\" width=\"750\" height=\"422\" src=\"https:\/\/festivaldejaneiro.com\/wp-content\/uploads\/2021\/03\/09-universo-circo-1024x576.png\" class=\"attachment-large size-large wp-image-809\" alt=\"\" srcset=\"https:\/\/festivaldejaneiro.com\/wp-content\/uploads\/2021\/03\/09-universo-circo-1024x576.png 1024w, https:\/\/festivaldejaneiro.com\/wp-content\/uploads\/2021\/03\/09-universo-circo-300x169.png 300w, https:\/\/festivaldejaneiro.com\/wp-content\/uploads\/2021\/03\/09-universo-circo-768x432.png 768w, https:\/\/festivaldejaneiro.com\/wp-content\/uploads\/2021\/03\/09-universo-circo-1536x864.png 1536w, https:\/\/festivaldejaneiro.com\/wp-content\/uploads\/2021\/03\/09-universo-circo-1568x882.png 1568w, https:\/\/festivaldejaneiro.com\/wp-content\/uploads\/2021\/03\/09-universo-circo.png 1920w\" sizes=\"(max-width: 750px) 100vw, 750px\" style=\"width:100%;height:56.25%;max-width:1920px\" \/>\t\t\t\t\t\t\t\t<\/a>\n\t\t\t\t\t\t\t\t\t\t\t\t\t\t\t<\/div>\n\t\t\t\t<\/div>\n\t\t\t\t<div class=\"elementor-element elementor-element-14573e9 elementor-widget elementor-widget-text-editor\" data-id=\"14573e9\" data-element_type=\"widget\" data-e-type=\"widget\" data-widget_type=\"text-editor.default\">\n\t\t\t\t<div class=\"elementor-widget-container\">\n\t\t\t\t\t\t\t\t\t<h5><span style=\"text-decoration: underline;\">Workshop:<\/span><\/h5><h6>O universo do Circo &#8211; Teatro de Rua<\/h6><h6>&lt;&gt; Realizado Dia 15\/04\/2021 \u00e0s 11h &lt;&gt;<\/h6><h6>Cia Raros Circus<\/h6>\t\t\t\t\t\t\t\t<\/div>\n\t\t\t\t<\/div>\n\t\t\t\t\t<\/div>\n\t\t<\/div>\n\t\t\t\t\t<\/div>\n\t\t<\/section>\n\t\t\t\t<section class=\"elementor-section elementor-inner-section elementor-element elementor-element-53c93f7 elementor-section-boxed elementor-section-height-default elementor-section-height-default elementor-invisible\" data-id=\"53c93f7\" data-element_type=\"section\" data-e-type=\"section\" data-settings=\"{&quot;animation&quot;:&quot;fadeIn&quot;,&quot;_ha_eqh_enable&quot;:false}\">\n\t\t\t\t\t\t<div class=\"elementor-container elementor-column-gap-default\">\n\t\t\t\t\t<div class=\"elementor-column elementor-col-33 elementor-inner-column elementor-element elementor-element-02dcc80\" data-id=\"02dcc80\" data-element_type=\"column\" data-e-type=\"column\">\n\t\t\t<div class=\"elementor-widget-wrap elementor-element-populated\">\n\t\t\t\t\t\t<div class=\"elementor-element elementor-element-c2ed652 elementor-widget elementor-widget-image\" data-id=\"c2ed652\" data-element_type=\"widget\" data-e-type=\"widget\" data-widget_type=\"image.default\">\n\t\t\t\t<div class=\"elementor-widget-container\">\n\t\t\t\t\t\t\t\t\t\t\t\t\t\t\t\t<a href=\"https:\/\/festivaldejaneiro.com\/index.php\/atividade-oficina-teatro\">\n\t\t\t\t\t\t\t<img loading=\"lazy\" decoding=\"async\" width=\"750\" height=\"422\" src=\"https:\/\/festivaldejaneiro.com\/wp-content\/uploads\/2021\/03\/10-oficina-teatro-historias-1024x576.png\" class=\"attachment-large size-large wp-image-810\" alt=\"\" srcset=\"https:\/\/festivaldejaneiro.com\/wp-content\/uploads\/2021\/03\/10-oficina-teatro-historias-1024x576.png 1024w, https:\/\/festivaldejaneiro.com\/wp-content\/uploads\/2021\/03\/10-oficina-teatro-historias-300x169.png 300w, https:\/\/festivaldejaneiro.com\/wp-content\/uploads\/2021\/03\/10-oficina-teatro-historias-768x432.png 768w, https:\/\/festivaldejaneiro.com\/wp-content\/uploads\/2021\/03\/10-oficina-teatro-historias-1536x864.png 1536w, https:\/\/festivaldejaneiro.com\/wp-content\/uploads\/2021\/03\/10-oficina-teatro-historias-1568x882.png 1568w, https:\/\/festivaldejaneiro.com\/wp-content\/uploads\/2021\/03\/10-oficina-teatro-historias.png 1920w\" sizes=\"(max-width: 750px) 100vw, 750px\" style=\"width:100%;height:56.25%;max-width:1920px\" \/>\t\t\t\t\t\t\t\t<\/a>\n\t\t\t\t\t\t\t\t\t\t\t\t\t\t\t<\/div>\n\t\t\t\t<\/div>\n\t\t\t\t<div class=\"elementor-element elementor-element-8ef94c9 elementor-widget elementor-widget-text-editor\" data-id=\"8ef94c9\" data-element_type=\"widget\" data-e-type=\"widget\" data-widget_type=\"text-editor.default\">\n\t\t\t\t<div class=\"elementor-widget-container\">\n\t\t\t\t\t\t\t\t\t<h5><span style=\"text-decoration: underline;\">Workshop:<\/span><\/h5><h6>Oficina de teatro e hist\u00f3rias do Mamulengo<\/h6><h6>&lt;&gt; Realizado Dia 16\/04\/2021 \u00e0s 11h &lt;&gt;<\/h6><h6>Grupo de Teatro Mamulengo Sem Fronteiras<\/h6>\t\t\t\t\t\t\t\t<\/div>\n\t\t\t\t<\/div>\n\t\t\t\t\t<\/div>\n\t\t<\/div>\n\t\t\t\t<div class=\"elementor-column elementor-col-33 elementor-inner-column elementor-element elementor-element-910579b\" data-id=\"910579b\" data-element_type=\"column\" data-e-type=\"column\">\n\t\t\t<div class=\"elementor-widget-wrap elementor-element-populated\">\n\t\t\t\t\t\t<div class=\"elementor-element elementor-element-9d459d0 elementor-widget elementor-widget-image\" data-id=\"9d459d0\" data-element_type=\"widget\" data-e-type=\"widget\" data-widget_type=\"image.default\">\n\t\t\t\t<div class=\"elementor-widget-container\">\n\t\t\t\t\t\t\t\t\t\t\t\t\t\t\t\t<a href=\"https:\/\/festivaldejaneiro.com\/index.php\/atividade-personificacao-animais\">\n\t\t\t\t\t\t\t<img loading=\"lazy\" decoding=\"async\" width=\"750\" height=\"422\" src=\"https:\/\/festivaldejaneiro.com\/wp-content\/uploads\/2021\/04\/11-ativ-personificacao-1024x576.png\" class=\"attachment-large size-large wp-image-1237\" alt=\"\" srcset=\"https:\/\/festivaldejaneiro.com\/wp-content\/uploads\/2021\/04\/11-ativ-personificacao-1024x576.png 1024w, https:\/\/festivaldejaneiro.com\/wp-content\/uploads\/2021\/04\/11-ativ-personificacao-300x169.png 300w, https:\/\/festivaldejaneiro.com\/wp-content\/uploads\/2021\/04\/11-ativ-personificacao-768x432.png 768w, https:\/\/festivaldejaneiro.com\/wp-content\/uploads\/2021\/04\/11-ativ-personificacao-1536x864.png 1536w, https:\/\/festivaldejaneiro.com\/wp-content\/uploads\/2021\/04\/11-ativ-personificacao-1568x882.png 1568w, https:\/\/festivaldejaneiro.com\/wp-content\/uploads\/2021\/04\/11-ativ-personificacao.png 1920w\" sizes=\"(max-width: 750px) 100vw, 750px\" style=\"width:100%;height:56.25%;max-width:1920px\" \/>\t\t\t\t\t\t\t\t<\/a>\n\t\t\t\t\t\t\t\t\t\t\t\t\t\t\t<\/div>\n\t\t\t\t<\/div>\n\t\t\t\t<div class=\"elementor-element elementor-element-66afeed elementor-widget elementor-widget-text-editor\" data-id=\"66afeed\" data-element_type=\"widget\" data-e-type=\"widget\" data-widget_type=\"text-editor.default\">\n\t\t\t\t<div class=\"elementor-widget-container\">\n\t\t\t\t\t\t\t\t\t<h5><span style=\"text-decoration: underline;\">Workshop:<\/span><\/h5><h6>Personifica\u00e7\u00e3o de animais<\/h6><h6>&lt;&gt; Realizado Dia 17\/04\/2021 \u00e0s 11h &lt;&gt;<\/h6><h6>Cia F\u00e1brica de Sonhos<\/h6>\t\t\t\t\t\t\t\t<\/div>\n\t\t\t\t<\/div>\n\t\t\t\t\t<\/div>\n\t\t<\/div>\n\t\t\t\t<div class=\"elementor-column elementor-col-33 elementor-inner-column elementor-element elementor-element-4218d77\" data-id=\"4218d77\" data-element_type=\"column\" data-e-type=\"column\">\n\t\t\t<div class=\"elementor-widget-wrap elementor-element-populated\">\n\t\t\t\t\t\t<div class=\"elementor-element elementor-element-91359f6 elementor-widget elementor-widget-image\" data-id=\"91359f6\" data-element_type=\"widget\" data-e-type=\"widget\" data-widget_type=\"image.default\">\n\t\t\t\t<div class=\"elementor-widget-container\">\n\t\t\t\t\t\t\t\t\t\t\t\t\t\t\t\t<a href=\"https:\/\/festivaldejaneiro.com\/index.php\/atividade-principios-teatro\">\n\t\t\t\t\t\t\t<img loading=\"lazy\" decoding=\"async\" width=\"750\" height=\"422\" src=\"https:\/\/festivaldejaneiro.com\/wp-content\/uploads\/2021\/03\/12-principios-basicos-1024x576.png\" class=\"attachment-large size-large wp-image-811\" alt=\"\" srcset=\"https:\/\/festivaldejaneiro.com\/wp-content\/uploads\/2021\/03\/12-principios-basicos-1024x576.png 1024w, https:\/\/festivaldejaneiro.com\/wp-content\/uploads\/2021\/03\/12-principios-basicos-300x169.png 300w, https:\/\/festivaldejaneiro.com\/wp-content\/uploads\/2021\/03\/12-principios-basicos-768x432.png 768w, https:\/\/festivaldejaneiro.com\/wp-content\/uploads\/2021\/03\/12-principios-basicos-1536x864.png 1536w, https:\/\/festivaldejaneiro.com\/wp-content\/uploads\/2021\/03\/12-principios-basicos-1568x882.png 1568w, https:\/\/festivaldejaneiro.com\/wp-content\/uploads\/2021\/03\/12-principios-basicos.png 1920w\" sizes=\"(max-width: 750px) 100vw, 750px\" style=\"width:100%;height:56.25%;max-width:1920px\" \/>\t\t\t\t\t\t\t\t<\/a>\n\t\t\t\t\t\t\t\t\t\t\t\t\t\t\t<\/div>\n\t\t\t\t<\/div>\n\t\t\t\t<div class=\"elementor-element elementor-element-53ca550 elementor-widget elementor-widget-text-editor\" data-id=\"53ca550\" data-element_type=\"widget\" data-e-type=\"widget\" data-widget_type=\"text-editor.default\">\n\t\t\t\t<div class=\"elementor-widget-container\">\n\t\t\t\t\t\t\t\t\t<h5><span style=\"text-decoration: underline;\">Workshop:<\/span><\/h5><h6>Princ\u00edpios B\u00e1sicos do Teatro de Formas Animadas<\/h6><h6>&lt;&gt; Realizado Dia 18\/04\/2021 \u00e0s 11h &lt;&gt;<\/h6><h6>Essa\u00e9 Cia<\/h6>\t\t\t\t\t\t\t\t<\/div>\n\t\t\t\t<\/div>\n\t\t\t\t\t<\/div>\n\t\t<\/div>\n\t\t\t\t\t<\/div>\n\t\t<\/section>\n\t\t\t\t<div class=\"elementor-element elementor-element-eb48c48 elementor-widget elementor-widget-spacer\" data-id=\"eb48c48\" data-element_type=\"widget\" data-e-type=\"widget\" data-widget_type=\"spacer.default\">\n\t\t\t\t<div class=\"elementor-widget-container\">\n\t\t\t\t\t\t\t<div class=\"elementor-spacer\">\n\t\t\t<div class=\"elementor-spacer-inner\"><\/div>\n\t\t<\/div>\n\t\t\t\t\t\t<\/div>\n\t\t\t\t<\/div>\n\t\t\t\t\t<\/div>\n\t\t<\/div>\n\t\t\t\t\t<\/div>\n\t\t<\/section>\n\t\t\t\t<section class=\"elementor-section elementor-top-section elementor-element elementor-element-c00b27c elementor-section-boxed elementor-section-height-default elementor-section-height-default\" data-id=\"c00b27c\" data-element_type=\"section\" data-e-type=\"section\" data-settings=\"{&quot;background_background&quot;:&quot;classic&quot;,&quot;shape_divider_bottom&quot;:&quot;wave-brush&quot;,&quot;shape_divider_top&quot;:&quot;wave-brush&quot;,&quot;_ha_eqh_enable&quot;:false}\">\n\t\t\t\t\t<div class=\"elementor-shape elementor-shape-top\" aria-hidden=\"true\" data-negative=\"false\">\n\t\t\t<svg xmlns=\"http:\/\/www.w3.org\/2000\/svg\" viewBox=\"0 0 283.5 27.8\" preserveAspectRatio=\"none\">\n\t<path class=\"elementor-shape-fill\" d=\"M283.5,9.7c0,0-7.3,4.3-14,4.6c-6.8,0.3-12.6,0-20.9-1.5c-11.3-2-33.1-10.1-44.7-5.7\ts-12.1,4.6-18,7.4c-6.6,3.2-20,9.6-36.6,9.3C131.6,23.5,99.5,7.2,86.3,8c-1.4,0.1-6.6,0.8-10.5,2c-3.8,1.2-9.4,3.8-17,4.7\tc-3.2,0.4-8.3,1.1-14.2,0.9c-1.5-0.1-6.3-0.4-12-1.6c-5.7-1.2-11-3.1-15.8-3.7C6.5,9.2,0,10.8,0,10.8V0h283.5V9.7z M260.8,11.3\tc-0.7-1-2-0.4-4.3-0.4c-2.3,0-6.1-1.2-5.8-1.1c0.3,0.1,3.1,1.5,6,1.9C259.7,12.2,261.4,12.3,260.8,11.3z M242.4,8.6\tc0,0-2.4-0.2-5.6-0.9c-3.2-0.8-10.3-2.8-15.1-3.5c-8.2-1.1-15.8,0-15.1,0.1c0.8,0.1,9.6-0.6,17.6,1.1c3.3,0.7,9.3,2.2,12.4,2.7\tC239.9,8.7,242.4,8.6,242.4,8.6z M185.2,8.5c1.7-0.7-13.3,4.7-18.5,6.1c-2.1,0.6-6.2,1.6-10,2c-3.9,0.4-8.9,0.4-8.8,0.5\tc0,0.2,5.8,0.8,11.2,0c5.4-0.8,5.2-1.1,7.6-1.6C170.5,14.7,183.5,9.2,185.2,8.5z M199.1,6.9c0.2,0-0.8-0.4-4.8,1.1\tc-4,1.5-6.7,3.5-6.9,3.7c-0.2,0.1,3.5-1.8,6.6-3C197,7.5,199,6.9,199.1,6.9z M283,6c-0.1,0.1-1.9,1.1-4.8,2.5s-6.9,2.8-6.7,2.7\tc0.2,0,3.5-0.6,7.4-2.5C282.8,6.8,283.1,5.9,283,6z M31.3,11.6c0.1-0.2-1.9-0.2-4.5-1.2s-5.4-1.6-7.8-2C15,7.6,7.3,8.5,7.7,8.6\tC8,8.7,15.9,8.3,20.2,9.3c2.2,0.5,2.4,0.5,5.7,1.6S31.2,11.9,31.3,11.6z M73,9.2c0.4-0.1,3.5-1.6,8.4-2.6c4.9-1.1,8.9-0.5,8.9-0.8\tc0-0.3-1-0.9-6.2-0.3S72.6,9.3,73,9.2z M71.6,6.7C71.8,6.8,75,5.4,77.3,5c2.3-0.3,1.9-0.5,1.9-0.6c0-0.1-1.1-0.2-2.7,0.2\tC74.8,5.1,71.4,6.6,71.6,6.7z M93.6,4.4c0.1,0.2,3.5,0.8,5.6,1.8c2.1,1,1.8,0.6,1.9,0.5c0.1-0.1-0.8-0.8-2.4-1.3\tC97.1,4.8,93.5,4.2,93.6,4.4z M65.4,11.1c-0.1,0.3,0.3,0.5,1.9-0.2s2.6-1.3,2.2-1.2s-0.9,0.4-2.5,0.8C65.3,10.9,65.5,10.8,65.4,11.1\tz M34.5,12.4c-0.2,0,2.1,0.8,3.3,0.9c1.2,0.1,2,0.1,2-0.2c0-0.3-0.1-0.5-1.6-0.4C36.6,12.8,34.7,12.4,34.5,12.4z M152.2,21.1\tc-0.1,0.1-2.4-0.3-7.5-0.3c-5,0-13.6-2.4-17.2-3.5c-3.6-1.1,10,3.9,16.5,4.1C150.5,21.6,152.3,21,152.2,21.1z\"\/>\n\t<path class=\"elementor-shape-fill\" d=\"M269.6,18c-0.1-0.1-4.6,0.3-7.2,0c-7.3-0.7-17-3.2-16.6-2.9c0.4,0.3,13.7,3.1,17,3.3\tC267.7,18.8,269.7,18,269.6,18z\"\/>\n\t<path class=\"elementor-shape-fill\" d=\"M227.4,9.8c-0.2-0.1-4.5-1-9.5-1.2c-5-0.2-12.7,0.6-12.3,0.5c0.3-0.1,5.9-1.8,13.3-1.2\tS227.6,9.9,227.4,9.8z\"\/>\n\t<path class=\"elementor-shape-fill\" d=\"M204.5,13.4c-0.1-0.1,2-1,3.2-1.1c1.2-0.1,2,0,2,0.3c0,0.3-0.1,0.5-1.6,0.4\tC206.4,12.9,204.6,13.5,204.5,13.4z\"\/>\n\t<path class=\"elementor-shape-fill\" d=\"M201,10.6c0-0.1-4.4,1.2-6.3,2.2c-1.9,0.9-6.2,3.1-6.1,3.1c0.1,0.1,4.2-1.6,6.3-2.6\tS201,10.7,201,10.6z\"\/>\n\t<path class=\"elementor-shape-fill\" d=\"M154.5,26.7c-0.1-0.1-4.6,0.3-7.2,0c-7.3-0.7-17-3.2-16.6-2.9c0.4,0.3,13.7,3.1,17,3.3\tC152.6,27.5,154.6,26.8,154.5,26.7z\"\/>\n\t<path class=\"elementor-shape-fill\" d=\"M41.9,19.3c0,0,1.2-0.3,2.9-0.1c1.7,0.2,5.8,0.9,8.2,0.7c4.2-0.4,7.4-2.7,7-2.6\tc-0.4,0-4.3,2.2-8.6,1.9c-1.8-0.1-5.1-0.5-6.7-0.4S41.9,19.3,41.9,19.3z\"\/>\n\t<path class=\"elementor-shape-fill\" d=\"M75.5,12.6c0.2,0.1,2-0.8,4.3-1.1c2.3-0.2,2.1-0.3,2.1-0.5c0-0.1-1.8-0.4-3.4,0\tC76.9,11.5,75.3,12.5,75.5,12.6z\"\/>\n\t<path class=\"elementor-shape-fill\" d=\"M15.6,13.2c0-0.1,4.3,0,6.7,0.5c2.4,0.5,5,1.9,5,2c0,0.1-2.7-0.8-5.1-1.4\tC19.9,13.7,15.7,13.3,15.6,13.2z\"\/>\n<\/svg>\t\t<\/div>\n\t\t\t\t<div class=\"elementor-shape elementor-shape-bottom\" aria-hidden=\"true\" data-negative=\"false\">\n\t\t\t<svg xmlns=\"http:\/\/www.w3.org\/2000\/svg\" viewBox=\"0 0 283.5 27.8\" preserveAspectRatio=\"none\">\n\t<path class=\"elementor-shape-fill\" d=\"M283.5,9.7c0,0-7.3,4.3-14,4.6c-6.8,0.3-12.6,0-20.9-1.5c-11.3-2-33.1-10.1-44.7-5.7\ts-12.1,4.6-18,7.4c-6.6,3.2-20,9.6-36.6,9.3C131.6,23.5,99.5,7.2,86.3,8c-1.4,0.1-6.6,0.8-10.5,2c-3.8,1.2-9.4,3.8-17,4.7\tc-3.2,0.4-8.3,1.1-14.2,0.9c-1.5-0.1-6.3-0.4-12-1.6c-5.7-1.2-11-3.1-15.8-3.7C6.5,9.2,0,10.8,0,10.8V0h283.5V9.7z M260.8,11.3\tc-0.7-1-2-0.4-4.3-0.4c-2.3,0-6.1-1.2-5.8-1.1c0.3,0.1,3.1,1.5,6,1.9C259.7,12.2,261.4,12.3,260.8,11.3z M242.4,8.6\tc0,0-2.4-0.2-5.6-0.9c-3.2-0.8-10.3-2.8-15.1-3.5c-8.2-1.1-15.8,0-15.1,0.1c0.8,0.1,9.6-0.6,17.6,1.1c3.3,0.7,9.3,2.2,12.4,2.7\tC239.9,8.7,242.4,8.6,242.4,8.6z M185.2,8.5c1.7-0.7-13.3,4.7-18.5,6.1c-2.1,0.6-6.2,1.6-10,2c-3.9,0.4-8.9,0.4-8.8,0.5\tc0,0.2,5.8,0.8,11.2,0c5.4-0.8,5.2-1.1,7.6-1.6C170.5,14.7,183.5,9.2,185.2,8.5z M199.1,6.9c0.2,0-0.8-0.4-4.8,1.1\tc-4,1.5-6.7,3.5-6.9,3.7c-0.2,0.1,3.5-1.8,6.6-3C197,7.5,199,6.9,199.1,6.9z M283,6c-0.1,0.1-1.9,1.1-4.8,2.5s-6.9,2.8-6.7,2.7\tc0.2,0,3.5-0.6,7.4-2.5C282.8,6.8,283.1,5.9,283,6z M31.3,11.6c0.1-0.2-1.9-0.2-4.5-1.2s-5.4-1.6-7.8-2C15,7.6,7.3,8.5,7.7,8.6\tC8,8.7,15.9,8.3,20.2,9.3c2.2,0.5,2.4,0.5,5.7,1.6S31.2,11.9,31.3,11.6z M73,9.2c0.4-0.1,3.5-1.6,8.4-2.6c4.9-1.1,8.9-0.5,8.9-0.8\tc0-0.3-1-0.9-6.2-0.3S72.6,9.3,73,9.2z M71.6,6.7C71.8,6.8,75,5.4,77.3,5c2.3-0.3,1.9-0.5,1.9-0.6c0-0.1-1.1-0.2-2.7,0.2\tC74.8,5.1,71.4,6.6,71.6,6.7z M93.6,4.4c0.1,0.2,3.5,0.8,5.6,1.8c2.1,1,1.8,0.6,1.9,0.5c0.1-0.1-0.8-0.8-2.4-1.3\tC97.1,4.8,93.5,4.2,93.6,4.4z M65.4,11.1c-0.1,0.3,0.3,0.5,1.9-0.2s2.6-1.3,2.2-1.2s-0.9,0.4-2.5,0.8C65.3,10.9,65.5,10.8,65.4,11.1\tz M34.5,12.4c-0.2,0,2.1,0.8,3.3,0.9c1.2,0.1,2,0.1,2-0.2c0-0.3-0.1-0.5-1.6-0.4C36.6,12.8,34.7,12.4,34.5,12.4z M152.2,21.1\tc-0.1,0.1-2.4-0.3-7.5-0.3c-5,0-13.6-2.4-17.2-3.5c-3.6-1.1,10,3.9,16.5,4.1C150.5,21.6,152.3,21,152.2,21.1z\"\/>\n\t<path class=\"elementor-shape-fill\" d=\"M269.6,18c-0.1-0.1-4.6,0.3-7.2,0c-7.3-0.7-17-3.2-16.6-2.9c0.4,0.3,13.7,3.1,17,3.3\tC267.7,18.8,269.7,18,269.6,18z\"\/>\n\t<path class=\"elementor-shape-fill\" d=\"M227.4,9.8c-0.2-0.1-4.5-1-9.5-1.2c-5-0.2-12.7,0.6-12.3,0.5c0.3-0.1,5.9-1.8,13.3-1.2\tS227.6,9.9,227.4,9.8z\"\/>\n\t<path class=\"elementor-shape-fill\" d=\"M204.5,13.4c-0.1-0.1,2-1,3.2-1.1c1.2-0.1,2,0,2,0.3c0,0.3-0.1,0.5-1.6,0.4\tC206.4,12.9,204.6,13.5,204.5,13.4z\"\/>\n\t<path class=\"elementor-shape-fill\" d=\"M201,10.6c0-0.1-4.4,1.2-6.3,2.2c-1.9,0.9-6.2,3.1-6.1,3.1c0.1,0.1,4.2-1.6,6.3-2.6\tS201,10.7,201,10.6z\"\/>\n\t<path class=\"elementor-shape-fill\" d=\"M154.5,26.7c-0.1-0.1-4.6,0.3-7.2,0c-7.3-0.7-17-3.2-16.6-2.9c0.4,0.3,13.7,3.1,17,3.3\tC152.6,27.5,154.6,26.8,154.5,26.7z\"\/>\n\t<path class=\"elementor-shape-fill\" d=\"M41.9,19.3c0,0,1.2-0.3,2.9-0.1c1.7,0.2,5.8,0.9,8.2,0.7c4.2-0.4,7.4-2.7,7-2.6\tc-0.4,0-4.3,2.2-8.6,1.9c-1.8-0.1-5.1-0.5-6.7-0.4S41.9,19.3,41.9,19.3z\"\/>\n\t<path class=\"elementor-shape-fill\" d=\"M75.5,12.6c0.2,0.1,2-0.8,4.3-1.1c2.3-0.2,2.1-0.3,2.1-0.5c0-0.1-1.8-0.4-3.4,0\tC76.9,11.5,75.3,12.5,75.5,12.6z\"\/>\n\t<path class=\"elementor-shape-fill\" d=\"M15.6,13.2c0-0.1,4.3,0,6.7,0.5c2.4,0.5,5,1.9,5,2c0,0.1-2.7-0.8-5.1-1.4\tC19.9,13.7,15.7,13.3,15.6,13.2z\"\/>\n<\/svg>\t\t<\/div>\n\t\t\t\t\t<div class=\"elementor-container elementor-column-gap-default\">\n\t\t\t\t\t<div class=\"elementor-column elementor-col-100 elementor-top-column elementor-element elementor-element-263480a\" data-id=\"263480a\" data-element_type=\"column\" data-e-type=\"column\">\n\t\t\t<div class=\"elementor-widget-wrap elementor-element-populated\">\n\t\t\t\t\t\t<div class=\"elementor-element elementor-element-be7d32b elementor-widget elementor-widget-menu-anchor\" data-id=\"be7d32b\" data-element_type=\"widget\" data-e-type=\"widget\" data-widget_type=\"menu-anchor.default\">\n\t\t\t\t<div class=\"elementor-widget-container\">\n\t\t\t\t\t\t\t<div class=\"elementor-menu-anchor\" id=\"organizador\"><\/div>\n\t\t\t\t\t\t<\/div>\n\t\t\t\t<\/div>\n\t\t\t\t<div class=\"elementor-element elementor-element-67f8000 elementor-widget elementor-widget-spacer\" data-id=\"67f8000\" data-element_type=\"widget\" data-e-type=\"widget\" data-widget_type=\"spacer.default\">\n\t\t\t\t<div class=\"elementor-widget-container\">\n\t\t\t\t\t\t\t<div class=\"elementor-spacer\">\n\t\t\t<div class=\"elementor-spacer-inner\"><\/div>\n\t\t<\/div>\n\t\t\t\t\t\t<\/div>\n\t\t\t\t<\/div>\n\t\t\t\t<div class=\"elementor-element elementor-element-ebf33ae elementor-invisible elementor-widget elementor-widget-heading\" data-id=\"ebf33ae\" data-element_type=\"widget\" data-e-type=\"widget\" data-settings=\"{&quot;_animation&quot;:&quot;fadeIn&quot;,&quot;_animation_delay&quot;:500}\" data-widget_type=\"heading.default\">\n\t\t\t\t<div class=\"elementor-widget-container\">\n\t\t\t\t\t<h2 class=\"elementor-heading-title elementor-size-default\">Sobre o Idealizador do Projeto<\/h2>\t\t\t\t<\/div>\n\t\t\t\t<\/div>\n\t\t\t\t<section class=\"elementor-section elementor-inner-section elementor-element elementor-element-f3e54d4 elementor-section-boxed elementor-section-height-default elementor-section-height-default\" data-id=\"f3e54d4\" data-element_type=\"section\" data-e-type=\"section\" data-settings=\"{&quot;_ha_eqh_enable&quot;:false}\">\n\t\t\t\t\t\t<div class=\"elementor-container elementor-column-gap-default\">\n\t\t\t\t\t<div class=\"elementor-column elementor-col-50 elementor-inner-column elementor-element elementor-element-031cde3\" data-id=\"031cde3\" data-element_type=\"column\" data-e-type=\"column\">\n\t\t\t<div class=\"elementor-widget-wrap elementor-element-populated\">\n\t\t\t\t\t\t<div class=\"elementor-element elementor-element-6898fb3 elementor-invisible elementor-widget elementor-widget-image\" data-id=\"6898fb3\" data-element_type=\"widget\" data-e-type=\"widget\" data-settings=\"{&quot;_animation&quot;:&quot;fadeIn&quot;}\" data-widget_type=\"image.default\">\n\t\t\t\t<div class=\"elementor-widget-container\">\n\t\t\t\t\t\t\t\t\t\t\t\t\t\t\t<img loading=\"lazy\" decoding=\"async\" width=\"750\" height=\"415\" src=\"https:\/\/festivaldejaneiro.com\/wp-content\/uploads\/2021\/02\/Selo-FS-retangulo-1024x566.png\" class=\"attachment-large size-large wp-image-78\" alt=\"\" srcset=\"https:\/\/festivaldejaneiro.com\/wp-content\/uploads\/2021\/02\/Selo-FS-retangulo-1024x566.png 1024w, https:\/\/festivaldejaneiro.com\/wp-content\/uploads\/2021\/02\/Selo-FS-retangulo-300x166.png 300w, https:\/\/festivaldejaneiro.com\/wp-content\/uploads\/2021\/02\/Selo-FS-retangulo-768x424.png 768w, https:\/\/festivaldejaneiro.com\/wp-content\/uploads\/2021\/02\/Selo-FS-retangulo.png 1323w\" sizes=\"(max-width: 750px) 100vw, 750px\" style=\"width:100%;height:55.25%;max-width:1323px\" \/>\t\t\t\t\t\t\t\t\t\t\t\t\t\t\t<\/div>\n\t\t\t\t<\/div>\n\t\t\t\t\t<\/div>\n\t\t<\/div>\n\t\t\t\t<div class=\"elementor-column elementor-col-50 elementor-inner-column elementor-element elementor-element-a6f30d9\" data-id=\"a6f30d9\" data-element_type=\"column\" data-e-type=\"column\">\n\t\t\t<div class=\"elementor-widget-wrap elementor-element-populated\">\n\t\t\t\t\t\t<div class=\"elementor-element elementor-element-befb10e elementor-invisible elementor-widget elementor-widget-text-editor\" data-id=\"befb10e\" data-element_type=\"widget\" data-e-type=\"widget\" data-settings=\"{&quot;_animation&quot;:&quot;fadeIn&quot;}\" data-widget_type=\"text-editor.default\">\n\t\t\t\t<div class=\"elementor-widget-container\">\n\t\t\t\t\t\t\t\t\t<p>A <b>Cia. F\u00e1brica de Sonhos <\/b>foi criada em 1998, em S\u00e3o Jos\u00e9 do Rio Preto\/SP, pelos atores Guido Caratori e Drica Sanches.<\/p><p><br><\/p>\n<p>A partir do encontro c\u00eanico de Guido e Drica no texto do dramaturgo alem\u00e3o Heiner Muller na d\u00e9cada de 90 \u2013 onde viviam Jas\u00e3o e Med\u00e9ia, surgiu a parceria que levaria a cria\u00e7\u00e3o da Cia. F\u00e1brica de Sonhos \u2013 impulsionados pelo desejo de ocupar um espa\u00e7o na cena teatral a partir do desenvolvimento de um linguagem que comunicasse temas pertinentes a contemporaneidade focados no trabalho pleno e criativo do ator.<\/p><p><br><\/p>\n<p>A companhia realiza apresenta\u00e7\u00f5es em programas e projetos junto ao Sesc, Sesi, FDE, Prefeituras, Escolas, Empresas e tamb\u00e9m j\u00e1 soma mais de dez premia\u00e7\u00f5es junto a Funarte, Proac e Pr\u00eamio Nelson Seixas. Al\u00e9m de utilizar as leis de incentivo \u00e0 cultura, estadual e federal, para desenvolver seus projetos, j\u00e1 tendo aprovado e captado mais de dez projetos.<\/p><p><br><\/p>\n<p>Em 2004 a companhia criou o Festival em Janeiro Teatro para Crian\u00e7a \u00e9 o Maior Barato que j\u00e1 soma mais de 15 anos de exist\u00eancia.<\/p>\t\t\t\t\t\t\t\t<\/div>\n\t\t\t\t<\/div>\n\t\t\t\t<div class=\"elementor-element elementor-element-59e105f elementor-align-center elementor-invisible elementor-widget elementor-widget-button\" data-id=\"59e105f\" data-element_type=\"widget\" data-e-type=\"widget\" data-settings=\"{&quot;_animation&quot;:&quot;fadeIn&quot;}\" data-widget_type=\"button.default\">\n\t\t\t\t<div class=\"elementor-widget-container\">\n\t\t\t\t\t\t\t\t\t<div class=\"elementor-button-wrapper\">\n\t\t\t\t\t<a class=\"elementor-button elementor-button-link elementor-size-md\" href=\"http:\/\/ciafabricadesonhos.art.br\/\">\n\t\t\t\t\t\t<span class=\"elementor-button-content-wrapper\">\n\t\t\t\t\t\t\t\t\t<span class=\"elementor-button-text\">Acesse o Site Oficial!<\/span>\n\t\t\t\t\t<\/span>\n\t\t\t\t\t<\/a>\n\t\t\t\t<\/div>\n\t\t\t\t\t\t\t\t<\/div>\n\t\t\t\t<\/div>\n\t\t\t\t\t<\/div>\n\t\t<\/div>\n\t\t\t\t\t<\/div>\n\t\t<\/section>\n\t\t\t\t<div class=\"elementor-element elementor-element-b8bb3b4 elementor-widget elementor-widget-spacer\" data-id=\"b8bb3b4\" data-element_type=\"widget\" data-e-type=\"widget\" data-widget_type=\"spacer.default\">\n\t\t\t\t<div class=\"elementor-widget-container\">\n\t\t\t\t\t\t\t<div class=\"elementor-spacer\">\n\t\t\t<div class=\"elementor-spacer-inner\"><\/div>\n\t\t<\/div>\n\t\t\t\t\t\t<\/div>\n\t\t\t\t<\/div>\n\t\t\t\t<div class=\"elementor-element elementor-element-89e24f1 elementor-invisible elementor-widget elementor-widget-image\" data-id=\"89e24f1\" data-element_type=\"widget\" data-e-type=\"widget\" data-settings=\"{&quot;_animation&quot;:&quot;fadeIn&quot;}\" data-widget_type=\"image.default\">\n\t\t\t\t<div class=\"elementor-widget-container\">\n\t\t\t\t\t\t\t\t\t\t\t\t\t\t\t<img loading=\"lazy\" decoding=\"async\" width=\"750\" height=\"196\" src=\"https:\/\/festivaldejaneiro.com\/wp-content\/uploads\/2021\/02\/Banners_A_Cia__2020_03-1024x268.jpg\" class=\"attachment-large size-large wp-image-82\" alt=\"\" srcset=\"https:\/\/festivaldejaneiro.com\/wp-content\/uploads\/2021\/02\/Banners_A_Cia__2020_03-1024x268.jpg 1024w, https:\/\/festivaldejaneiro.com\/wp-content\/uploads\/2021\/02\/Banners_A_Cia__2020_03-300x79.jpg 300w, https:\/\/festivaldejaneiro.com\/wp-content\/uploads\/2021\/02\/Banners_A_Cia__2020_03-768x201.jpg 768w, https:\/\/festivaldejaneiro.com\/wp-content\/uploads\/2021\/02\/Banners_A_Cia__2020_03-1536x402.jpg 1536w, https:\/\/festivaldejaneiro.com\/wp-content\/uploads\/2021\/02\/Banners_A_Cia__2020_03-1568x411.jpg 1568w, https:\/\/festivaldejaneiro.com\/wp-content\/uploads\/2021\/02\/Banners_A_Cia__2020_03.jpg 1924w\" sizes=\"(max-width: 750px) 100vw, 750px\" style=\"width:100%;height:26.2%;max-width:1924px\" \/>\t\t\t\t\t\t\t\t\t\t\t\t\t\t\t<\/div>\n\t\t\t\t<\/div>\n\t\t\t\t<div class=\"elementor-element elementor-element-65441ca elementor-widget elementor-widget-spacer\" data-id=\"65441ca\" data-element_type=\"widget\" data-e-type=\"widget\" data-widget_type=\"spacer.default\">\n\t\t\t\t<div class=\"elementor-widget-container\">\n\t\t\t\t\t\t\t<div class=\"elementor-spacer\">\n\t\t\t<div class=\"elementor-spacer-inner\"><\/div>\n\t\t<\/div>\n\t\t\t\t\t\t<\/div>\n\t\t\t\t<\/div>\n\t\t\t\t\t<\/div>\n\t\t<\/div>\n\t\t\t\t\t<\/div>\n\t\t<\/section>\n\t\t\t\t<section class=\"elementor-section elementor-top-section elementor-element elementor-element-16a84e62 elementor-section-boxed elementor-section-height-default elementor-section-height-default\" data-id=\"16a84e62\" data-element_type=\"section\" data-e-type=\"section\" data-settings=\"{&quot;background_background&quot;:&quot;classic&quot;,&quot;_ha_eqh_enable&quot;:false}\">\n\t\t\t\t\t\t<div class=\"elementor-container elementor-column-gap-default\">\n\t\t\t\t\t<div class=\"elementor-column elementor-col-100 elementor-top-column elementor-element elementor-element-40dcf743\" data-id=\"40dcf743\" data-element_type=\"column\" data-e-type=\"column\">\n\t\t\t<div class=\"elementor-widget-wrap elementor-element-populated\">\n\t\t\t\t\t\t<div class=\"elementor-element elementor-element-89c6fd1 elementor-widget elementor-widget-menu-anchor\" data-id=\"89c6fd1\" data-element_type=\"widget\" data-e-type=\"widget\" data-widget_type=\"menu-anchor.default\">\n\t\t\t\t<div class=\"elementor-widget-container\">\n\t\t\t\t\t\t\t<div class=\"elementor-menu-anchor\" id=\"edicoes-anteriores\"><\/div>\n\t\t\t\t\t\t<\/div>\n\t\t\t\t<\/div>\n\t\t\t\t<div class=\"elementor-element elementor-element-4b2494c elementor-widget elementor-widget-spacer\" data-id=\"4b2494c\" data-element_type=\"widget\" data-e-type=\"widget\" data-widget_type=\"spacer.default\">\n\t\t\t\t<div class=\"elementor-widget-container\">\n\t\t\t\t\t\t\t<div class=\"elementor-spacer\">\n\t\t\t<div class=\"elementor-spacer-inner\"><\/div>\n\t\t<\/div>\n\t\t\t\t\t\t<\/div>\n\t\t\t\t<\/div>\n\t\t\t\t<div class=\"elementor-element elementor-element-b67780f elementor-invisible elementor-widget elementor-widget-heading\" data-id=\"b67780f\" data-element_type=\"widget\" data-e-type=\"widget\" data-settings=\"{&quot;_animation&quot;:&quot;fadeIn&quot;,&quot;_animation_delay&quot;:500}\" data-widget_type=\"heading.default\">\n\t\t\t\t<div class=\"elementor-widget-container\">\n\t\t\t\t\t<h2 class=\"elementor-heading-title elementor-size-default\">Confira as Edi\u00e7\u00f5es Anteriores<\/h2>\t\t\t\t<\/div>\n\t\t\t\t<\/div>\n\t\t\t\t<section class=\"elementor-section elementor-inner-section elementor-element elementor-element-2cccc536 elementor-section-boxed elementor-section-height-default elementor-section-height-default elementor-invisible\" data-id=\"2cccc536\" data-element_type=\"section\" data-e-type=\"section\" data-settings=\"{&quot;animation&quot;:&quot;fadeIn&quot;,&quot;_ha_eqh_enable&quot;:false}\">\n\t\t\t\t\t\t<div class=\"elementor-container elementor-column-gap-default\">\n\t\t\t\t\t<div class=\"elementor-column elementor-col-25 elementor-inner-column elementor-element elementor-element-6ec30b9d\" data-id=\"6ec30b9d\" data-element_type=\"column\" data-e-type=\"column\">\n\t\t\t<div class=\"elementor-widget-wrap elementor-element-populated\">\n\t\t\t\t\t\t<div class=\"elementor-element elementor-element-2746b00 elementor-widget elementor-widget-image\" data-id=\"2746b00\" data-element_type=\"widget\" data-e-type=\"widget\" data-widget_type=\"image.default\">\n\t\t\t\t<div class=\"elementor-widget-container\">\n\t\t\t\t\t\t\t\t\t\t\t\t<figure class=\"wp-caption\">\n\t\t\t\t\t\t\t\t\t\t<img loading=\"lazy\" decoding=\"async\" width=\"750\" height=\"500\" src=\"https:\/\/festivaldejaneiro.com\/wp-content\/uploads\/2021\/02\/2018-1024x683.png\" class=\"attachment-large size-large wp-image-229\" alt=\"\" srcset=\"https:\/\/festivaldejaneiro.com\/wp-content\/uploads\/2021\/02\/2018-1024x683.png 1024w, https:\/\/festivaldejaneiro.com\/wp-content\/uploads\/2021\/02\/2018-300x200.png 300w, https:\/\/festivaldejaneiro.com\/wp-content\/uploads\/2021\/02\/2018-768x512.png 768w, https:\/\/festivaldejaneiro.com\/wp-content\/uploads\/2021\/02\/2018.png 1285w\" sizes=\"(max-width: 750px) 100vw, 750px\" style=\"width:100%;height:66.69%;max-width:1285px\" \/>\t\t\t\t\t\t\t\t\t\t\t<figcaption class=\"widget-image-caption wp-caption-text\">Edi\u00e7\u00e3o 2018<\/figcaption>\n\t\t\t\t\t\t\t\t\t\t<\/figure>\n\t\t\t\t\t\t\t\t\t<\/div>\n\t\t\t\t<\/div>\n\t\t\t\t\t<\/div>\n\t\t<\/div>\n\t\t\t\t<div class=\"elementor-column elementor-col-25 elementor-inner-column elementor-element elementor-element-0e703c8\" data-id=\"0e703c8\" data-element_type=\"column\" data-e-type=\"column\">\n\t\t\t<div class=\"elementor-widget-wrap elementor-element-populated\">\n\t\t\t\t\t\t<div class=\"elementor-element elementor-element-eb40e66 elementor-widget elementor-widget-image\" data-id=\"eb40e66\" data-element_type=\"widget\" data-e-type=\"widget\" data-widget_type=\"image.default\">\n\t\t\t\t<div class=\"elementor-widget-container\">\n\t\t\t\t\t\t\t\t\t\t\t\t<figure class=\"wp-caption\">\n\t\t\t\t\t\t\t\t\t\t<img loading=\"lazy\" decoding=\"async\" width=\"750\" height=\"501\" src=\"https:\/\/festivaldejaneiro.com\/wp-content\/uploads\/2021\/02\/2017-1024x684.jpg\" class=\"attachment-large size-large wp-image-224\" alt=\"\" srcset=\"https:\/\/festivaldejaneiro.com\/wp-content\/uploads\/2021\/02\/2017-1024x684.jpg 1024w, https:\/\/festivaldejaneiro.com\/wp-content\/uploads\/2021\/02\/2017-300x200.jpg 300w, https:\/\/festivaldejaneiro.com\/wp-content\/uploads\/2021\/02\/2017-768x513.jpg 768w, https:\/\/festivaldejaneiro.com\/wp-content\/uploads\/2021\/02\/2017-1536x1025.jpg 1536w, https:\/\/festivaldejaneiro.com\/wp-content\/uploads\/2021\/02\/2017-1568x1047.jpg 1568w, https:\/\/festivaldejaneiro.com\/wp-content\/uploads\/2021\/02\/2017.jpg 2000w\" sizes=\"(max-width: 750px) 100vw, 750px\" style=\"width:100%;height:66.75%;max-width:2000px\" \/>\t\t\t\t\t\t\t\t\t\t\t<figcaption class=\"widget-image-caption wp-caption-text\">Edi\u00e7\u00e3o 2017<\/figcaption>\n\t\t\t\t\t\t\t\t\t\t<\/figure>\n\t\t\t\t\t\t\t\t\t<\/div>\n\t\t\t\t<\/div>\n\t\t\t\t\t<\/div>\n\t\t<\/div>\n\t\t\t\t<div class=\"elementor-column elementor-col-25 elementor-inner-column elementor-element elementor-element-221d57fb\" data-id=\"221d57fb\" data-element_type=\"column\" data-e-type=\"column\">\n\t\t\t<div class=\"elementor-widget-wrap elementor-element-populated\">\n\t\t\t\t\t\t<div class=\"elementor-element elementor-element-f96a51a elementor-widget elementor-widget-image\" data-id=\"f96a51a\" data-element_type=\"widget\" data-e-type=\"widget\" data-widget_type=\"image.default\">\n\t\t\t\t<div class=\"elementor-widget-container\">\n\t\t\t\t\t\t\t\t\t\t\t\t<figure class=\"wp-caption\">\n\t\t\t\t\t\t\t\t\t\t<img loading=\"lazy\" decoding=\"async\" width=\"750\" height=\"499\" src=\"https:\/\/festivaldejaneiro.com\/wp-content\/uploads\/2021\/02\/2016-1024x681.png\" class=\"attachment-large size-large wp-image-228\" alt=\"\" srcset=\"https:\/\/festivaldejaneiro.com\/wp-content\/uploads\/2021\/02\/2016-1024x681.png 1024w, https:\/\/festivaldejaneiro.com\/wp-content\/uploads\/2021\/02\/2016-300x200.png 300w, https:\/\/festivaldejaneiro.com\/wp-content\/uploads\/2021\/02\/2016-768x511.png 768w, https:\/\/festivaldejaneiro.com\/wp-content\/uploads\/2021\/02\/2016.png 1348w\" sizes=\"(max-width: 750px) 100vw, 750px\" style=\"width:100%;height:66.54%;max-width:1348px\" \/>\t\t\t\t\t\t\t\t\t\t\t<figcaption class=\"widget-image-caption wp-caption-text\">Edi\u00e7\u00e3o 2016<\/figcaption>\n\t\t\t\t\t\t\t\t\t\t<\/figure>\n\t\t\t\t\t\t\t\t\t<\/div>\n\t\t\t\t<\/div>\n\t\t\t\t\t<\/div>\n\t\t<\/div>\n\t\t\t\t<div class=\"elementor-column elementor-col-25 elementor-inner-column elementor-element elementor-element-52032cdb\" data-id=\"52032cdb\" data-element_type=\"column\" data-e-type=\"column\">\n\t\t\t<div class=\"elementor-widget-wrap elementor-element-populated\">\n\t\t\t\t\t\t<div class=\"elementor-element elementor-element-4d5fccf elementor-widget elementor-widget-image\" data-id=\"4d5fccf\" data-element_type=\"widget\" data-e-type=\"widget\" data-widget_type=\"image.default\">\n\t\t\t\t<div class=\"elementor-widget-container\">\n\t\t\t\t\t\t\t\t\t\t\t\t<figure class=\"wp-caption\">\n\t\t\t\t\t\t\t\t\t\t<img loading=\"lazy\" decoding=\"async\" width=\"750\" height=\"500\" src=\"https:\/\/festivaldejaneiro.com\/wp-content\/uploads\/2021\/02\/2015-1024x683.jpg\" class=\"attachment-large size-large wp-image-222\" alt=\"\" srcset=\"https:\/\/festivaldejaneiro.com\/wp-content\/uploads\/2021\/02\/2015-1024x683.jpg 1024w, https:\/\/festivaldejaneiro.com\/wp-content\/uploads\/2021\/02\/2015-300x200.jpg 300w, https:\/\/festivaldejaneiro.com\/wp-content\/uploads\/2021\/02\/2015-768x512.jpg 768w, https:\/\/festivaldejaneiro.com\/wp-content\/uploads\/2021\/02\/2015-1536x1024.jpg 1536w, https:\/\/festivaldejaneiro.com\/wp-content\/uploads\/2021\/02\/2015-1568x1046.jpg 1568w, https:\/\/festivaldejaneiro.com\/wp-content\/uploads\/2021\/02\/2015.jpg 1600w\" sizes=\"(max-width: 750px) 100vw, 750px\" style=\"width:100%;height:66.69%;max-width:1600px\" \/>\t\t\t\t\t\t\t\t\t\t\t<figcaption class=\"widget-image-caption wp-caption-text\">Edi\u00e7\u00e3o 2015<\/figcaption>\n\t\t\t\t\t\t\t\t\t\t<\/figure>\n\t\t\t\t\t\t\t\t\t<\/div>\n\t\t\t\t<\/div>\n\t\t\t\t\t<\/div>\n\t\t<\/div>\n\t\t\t\t\t<\/div>\n\t\t<\/section>\n\t\t\t\t<section class=\"elementor-section elementor-inner-section elementor-element elementor-element-04c0cbd elementor-section-boxed elementor-section-height-default elementor-section-height-default elementor-invisible\" data-id=\"04c0cbd\" data-element_type=\"section\" data-e-type=\"section\" data-settings=\"{&quot;animation&quot;:&quot;fadeIn&quot;,&quot;_ha_eqh_enable&quot;:false}\">\n\t\t\t\t\t\t<div class=\"elementor-container elementor-column-gap-default\">\n\t\t\t\t\t<div class=\"elementor-column elementor-col-25 elementor-inner-column elementor-element elementor-element-394dc67\" data-id=\"394dc67\" data-element_type=\"column\" data-e-type=\"column\">\n\t\t\t<div class=\"elementor-widget-wrap elementor-element-populated\">\n\t\t\t\t\t\t<div class=\"elementor-element elementor-element-478d13b elementor-widget elementor-widget-image\" data-id=\"478d13b\" data-element_type=\"widget\" data-e-type=\"widget\" data-widget_type=\"image.default\">\n\t\t\t\t<div class=\"elementor-widget-container\">\n\t\t\t\t\t\t\t\t\t\t\t\t<figure class=\"wp-caption\">\n\t\t\t\t\t\t\t\t\t\t<img loading=\"lazy\" decoding=\"async\" width=\"750\" height=\"500\" src=\"https:\/\/festivaldejaneiro.com\/wp-content\/uploads\/2021\/02\/2013-1024x683.png\" class=\"attachment-large size-large wp-image-227\" alt=\"\" srcset=\"https:\/\/festivaldejaneiro.com\/wp-content\/uploads\/2021\/02\/2013-1024x683.png 1024w, https:\/\/festivaldejaneiro.com\/wp-content\/uploads\/2021\/02\/2013-300x200.png 300w, https:\/\/festivaldejaneiro.com\/wp-content\/uploads\/2021\/02\/2013-768x512.png 768w, https:\/\/festivaldejaneiro.com\/wp-content\/uploads\/2021\/02\/2013.png 1123w\" sizes=\"(max-width: 750px) 100vw, 750px\" style=\"width:100%;height:66.7%;max-width:1123px\" \/>\t\t\t\t\t\t\t\t\t\t\t<figcaption class=\"widget-image-caption wp-caption-text\">Edi\u00e7\u00e3o 2013<\/figcaption>\n\t\t\t\t\t\t\t\t\t\t<\/figure>\n\t\t\t\t\t\t\t\t\t<\/div>\n\t\t\t\t<\/div>\n\t\t\t\t\t<\/div>\n\t\t<\/div>\n\t\t\t\t<div class=\"elementor-column elementor-col-25 elementor-inner-column elementor-element elementor-element-072d174\" data-id=\"072d174\" data-element_type=\"column\" data-e-type=\"column\">\n\t\t\t<div class=\"elementor-widget-wrap elementor-element-populated\">\n\t\t\t\t\t\t<div class=\"elementor-element elementor-element-7fb517f elementor-widget elementor-widget-image\" data-id=\"7fb517f\" data-element_type=\"widget\" data-e-type=\"widget\" data-widget_type=\"image.default\">\n\t\t\t\t<div class=\"elementor-widget-container\">\n\t\t\t\t\t\t\t\t\t\t\t\t<figure class=\"wp-caption\">\n\t\t\t\t\t\t\t\t\t\t<img loading=\"lazy\" decoding=\"async\" width=\"750\" height=\"500\" src=\"https:\/\/festivaldejaneiro.com\/wp-content\/uploads\/2021\/02\/2012.png\" class=\"attachment-large size-large wp-image-226\" alt=\"\" srcset=\"https:\/\/festivaldejaneiro.com\/wp-content\/uploads\/2021\/02\/2012.png 1004w, https:\/\/festivaldejaneiro.com\/wp-content\/uploads\/2021\/02\/2012-300x200.png 300w, https:\/\/festivaldejaneiro.com\/wp-content\/uploads\/2021\/02\/2012-768x512.png 768w\" sizes=\"(max-width: 750px) 100vw, 750px\" style=\"width:100%;height:66.63%;max-width:1004px\" \/>\t\t\t\t\t\t\t\t\t\t\t<figcaption class=\"widget-image-caption wp-caption-text\">Edi\u00e7\u00e3o 2012<\/figcaption>\n\t\t\t\t\t\t\t\t\t\t<\/figure>\n\t\t\t\t\t\t\t\t\t<\/div>\n\t\t\t\t<\/div>\n\t\t\t\t\t<\/div>\n\t\t<\/div>\n\t\t\t\t<div class=\"elementor-column elementor-col-25 elementor-inner-column elementor-element elementor-element-c296630\" data-id=\"c296630\" data-element_type=\"column\" data-e-type=\"column\">\n\t\t\t<div class=\"elementor-widget-wrap elementor-element-populated\">\n\t\t\t\t\t\t<div class=\"elementor-element elementor-element-1ec4d2a elementor-widget elementor-widget-image\" data-id=\"1ec4d2a\" data-element_type=\"widget\" data-e-type=\"widget\" data-widget_type=\"image.default\">\n\t\t\t\t<div class=\"elementor-widget-container\">\n\t\t\t\t\t\t\t\t\t\t\t\t<figure class=\"wp-caption\">\n\t\t\t\t\t\t\t\t\t\t<img loading=\"lazy\" decoding=\"async\" width=\"750\" height=\"500\" src=\"https:\/\/festivaldejaneiro.com\/wp-content\/uploads\/2021\/02\/2011-1024x682.jpg\" class=\"attachment-large size-large wp-image-219\" alt=\"\" srcset=\"https:\/\/festivaldejaneiro.com\/wp-content\/uploads\/2021\/02\/2011-1024x682.jpg 1024w, https:\/\/festivaldejaneiro.com\/wp-content\/uploads\/2021\/02\/2011-300x200.jpg 300w, https:\/\/festivaldejaneiro.com\/wp-content\/uploads\/2021\/02\/2011-768x512.jpg 768w, https:\/\/festivaldejaneiro.com\/wp-content\/uploads\/2021\/02\/2011-1536x1024.jpg 1536w, https:\/\/festivaldejaneiro.com\/wp-content\/uploads\/2021\/02\/2011-1568x1045.jpg 1568w, https:\/\/festivaldejaneiro.com\/wp-content\/uploads\/2021\/02\/2011.jpg 2000w\" sizes=\"(max-width: 750px) 100vw, 750px\" style=\"width:100%;height:66.65%;max-width:2000px\" \/>\t\t\t\t\t\t\t\t\t\t\t<figcaption class=\"widget-image-caption wp-caption-text\">Edi\u00e7\u00e3o 2011<\/figcaption>\n\t\t\t\t\t\t\t\t\t\t<\/figure>\n\t\t\t\t\t\t\t\t\t<\/div>\n\t\t\t\t<\/div>\n\t\t\t\t\t<\/div>\n\t\t<\/div>\n\t\t\t\t<div class=\"elementor-column elementor-col-25 elementor-inner-column elementor-element elementor-element-35acb51\" data-id=\"35acb51\" data-element_type=\"column\" data-e-type=\"column\">\n\t\t\t<div class=\"elementor-widget-wrap elementor-element-populated\">\n\t\t\t\t\t\t<div class=\"elementor-element elementor-element-17e5873 elementor-widget elementor-widget-image\" data-id=\"17e5873\" data-element_type=\"widget\" data-e-type=\"widget\" data-widget_type=\"image.default\">\n\t\t\t\t<div class=\"elementor-widget-container\">\n\t\t\t\t\t\t\t\t\t\t\t\t<figure class=\"wp-caption\">\n\t\t\t\t\t\t\t\t\t\t<img loading=\"lazy\" decoding=\"async\" width=\"640\" height=\"428\" src=\"https:\/\/festivaldejaneiro.com\/wp-content\/uploads\/2021\/02\/2010.jpg\" class=\"attachment-large size-large wp-image-218\" alt=\"\" srcset=\"https:\/\/festivaldejaneiro.com\/wp-content\/uploads\/2021\/02\/2010.jpg 640w, https:\/\/festivaldejaneiro.com\/wp-content\/uploads\/2021\/02\/2010-300x201.jpg 300w\" sizes=\"(max-width: 640px) 100vw, 640px\" style=\"width:100%;height:66.88%;max-width:640px\" \/>\t\t\t\t\t\t\t\t\t\t\t<figcaption class=\"widget-image-caption wp-caption-text\">Edi\u00e7\u00e3o 2010<\/figcaption>\n\t\t\t\t\t\t\t\t\t\t<\/figure>\n\t\t\t\t\t\t\t\t\t<\/div>\n\t\t\t\t<\/div>\n\t\t\t\t\t<\/div>\n\t\t<\/div>\n\t\t\t\t\t<\/div>\n\t\t<\/section>\n\t\t\t\t<section class=\"elementor-section elementor-inner-section elementor-element elementor-element-26af1c9 elementor-section-boxed elementor-section-height-default elementor-section-height-default elementor-invisible\" data-id=\"26af1c9\" data-element_type=\"section\" data-e-type=\"section\" data-settings=\"{&quot;animation&quot;:&quot;fadeIn&quot;,&quot;_ha_eqh_enable&quot;:false}\">\n\t\t\t\t\t\t<div class=\"elementor-container elementor-column-gap-default\">\n\t\t\t\t\t<div class=\"elementor-column elementor-col-25 elementor-inner-column elementor-element elementor-element-ad4bfbf\" data-id=\"ad4bfbf\" data-element_type=\"column\" data-e-type=\"column\">\n\t\t\t<div class=\"elementor-widget-wrap elementor-element-populated\">\n\t\t\t\t\t\t<div class=\"elementor-element elementor-element-665dc2a elementor-widget elementor-widget-image\" data-id=\"665dc2a\" data-element_type=\"widget\" data-e-type=\"widget\" data-widget_type=\"image.default\">\n\t\t\t\t<div class=\"elementor-widget-container\">\n\t\t\t\t\t\t\t\t\t\t\t\t<figure class=\"wp-caption\">\n\t\t\t\t\t\t\t\t\t\t<img loading=\"lazy\" decoding=\"async\" width=\"750\" height=\"563\" src=\"https:\/\/festivaldejaneiro.com\/wp-content\/uploads\/2021\/02\/2009-1024x768.jpg\" class=\"attachment-large size-large wp-image-217\" alt=\"\" srcset=\"https:\/\/festivaldejaneiro.com\/wp-content\/uploads\/2021\/02\/2009-1024x768.jpg 1024w, https:\/\/festivaldejaneiro.com\/wp-content\/uploads\/2021\/02\/2009-300x225.jpg 300w, https:\/\/festivaldejaneiro.com\/wp-content\/uploads\/2021\/02\/2009-768x576.jpg 768w, https:\/\/festivaldejaneiro.com\/wp-content\/uploads\/2021\/02\/2009-1536x1152.jpg 1536w, https:\/\/festivaldejaneiro.com\/wp-content\/uploads\/2021\/02\/2009-1568x1176.jpg 1568w, https:\/\/festivaldejaneiro.com\/wp-content\/uploads\/2021\/02\/2009.jpg 2048w\" sizes=\"(max-width: 750px) 100vw, 750px\" style=\"width:100%;height:75%;max-width:2048px\" \/>\t\t\t\t\t\t\t\t\t\t\t<figcaption class=\"widget-image-caption wp-caption-text\">Edi\u00e7\u00e3o 2009<\/figcaption>\n\t\t\t\t\t\t\t\t\t\t<\/figure>\n\t\t\t\t\t\t\t\t\t<\/div>\n\t\t\t\t<\/div>\n\t\t\t\t\t<\/div>\n\t\t<\/div>\n\t\t\t\t<div class=\"elementor-column elementor-col-25 elementor-inner-column elementor-element elementor-element-27003f3\" data-id=\"27003f3\" data-element_type=\"column\" data-e-type=\"column\">\n\t\t\t<div class=\"elementor-widget-wrap elementor-element-populated\">\n\t\t\t\t\t\t<div class=\"elementor-element elementor-element-c6c3649 elementor-widget elementor-widget-image\" data-id=\"c6c3649\" data-element_type=\"widget\" data-e-type=\"widget\" data-widget_type=\"image.default\">\n\t\t\t\t<div class=\"elementor-widget-container\">\n\t\t\t\t\t\t\t\t\t\t\t\t<figure class=\"wp-caption\">\n\t\t\t\t\t\t\t\t\t\t<img loading=\"lazy\" decoding=\"async\" width=\"379\" height=\"255\" src=\"https:\/\/festivaldejaneiro.com\/wp-content\/uploads\/2021\/02\/2008.jpg\" class=\"attachment-large size-large wp-image-216\" alt=\"\" srcset=\"https:\/\/festivaldejaneiro.com\/wp-content\/uploads\/2021\/02\/2008.jpg 379w, https:\/\/festivaldejaneiro.com\/wp-content\/uploads\/2021\/02\/2008-300x202.jpg 300w\" sizes=\"(max-width: 379px) 100vw, 379px\" style=\"width:100%;height:67.28%;max-width:379px\" \/>\t\t\t\t\t\t\t\t\t\t\t<figcaption class=\"widget-image-caption wp-caption-text\">Edi\u00e7\u00e3o 2008<\/figcaption>\n\t\t\t\t\t\t\t\t\t\t<\/figure>\n\t\t\t\t\t\t\t\t\t<\/div>\n\t\t\t\t<\/div>\n\t\t\t\t\t<\/div>\n\t\t<\/div>\n\t\t\t\t<div class=\"elementor-column elementor-col-25 elementor-inner-column elementor-element elementor-element-e8f1d15\" data-id=\"e8f1d15\" data-element_type=\"column\" data-e-type=\"column\">\n\t\t\t<div class=\"elementor-widget-wrap elementor-element-populated\">\n\t\t\t\t\t\t<div class=\"elementor-element elementor-element-10c1e32 elementor-widget elementor-widget-image\" data-id=\"10c1e32\" data-element_type=\"widget\" data-e-type=\"widget\" data-widget_type=\"image.default\">\n\t\t\t\t<div class=\"elementor-widget-container\">\n\t\t\t\t\t\t\t\t\t\t\t\t<figure class=\"wp-caption\">\n\t\t\t\t\t\t\t\t\t\t<img loading=\"lazy\" decoding=\"async\" width=\"750\" height=\"563\" src=\"https:\/\/festivaldejaneiro.com\/wp-content\/uploads\/2021\/02\/2007-1024x768.jpg\" class=\"attachment-large size-large wp-image-215\" alt=\"\" srcset=\"https:\/\/festivaldejaneiro.com\/wp-content\/uploads\/2021\/02\/2007-1024x768.jpg 1024w, https:\/\/festivaldejaneiro.com\/wp-content\/uploads\/2021\/02\/2007-300x225.jpg 300w, https:\/\/festivaldejaneiro.com\/wp-content\/uploads\/2021\/02\/2007-768x576.jpg 768w, https:\/\/festivaldejaneiro.com\/wp-content\/uploads\/2021\/02\/2007-1536x1152.jpg 1536w, https:\/\/festivaldejaneiro.com\/wp-content\/uploads\/2021\/02\/2007-1568x1176.jpg 1568w, https:\/\/festivaldejaneiro.com\/wp-content\/uploads\/2021\/02\/2007.jpg 2048w\" sizes=\"(max-width: 750px) 100vw, 750px\" style=\"width:100%;height:75%;max-width:2048px\" \/>\t\t\t\t\t\t\t\t\t\t\t<figcaption class=\"widget-image-caption wp-caption-text\">Edi\u00e7\u00e3o 2007<\/figcaption>\n\t\t\t\t\t\t\t\t\t\t<\/figure>\n\t\t\t\t\t\t\t\t\t<\/div>\n\t\t\t\t<\/div>\n\t\t\t\t\t<\/div>\n\t\t<\/div>\n\t\t\t\t<div class=\"elementor-column elementor-col-25 elementor-inner-column elementor-element elementor-element-4600c8d\" data-id=\"4600c8d\" data-element_type=\"column\" data-e-type=\"column\">\n\t\t\t<div class=\"elementor-widget-wrap elementor-element-populated\">\n\t\t\t\t\t\t<div class=\"elementor-element elementor-element-9bc1a74 elementor-widget elementor-widget-image\" data-id=\"9bc1a74\" data-element_type=\"widget\" data-e-type=\"widget\" data-widget_type=\"image.default\">\n\t\t\t\t<div class=\"elementor-widget-container\">\n\t\t\t\t\t\t\t\t\t\t\t\t<figure class=\"wp-caption\">\n\t\t\t\t\t\t\t\t\t\t<img loading=\"lazy\" decoding=\"async\" width=\"379\" height=\"255\" src=\"https:\/\/festivaldejaneiro.com\/wp-content\/uploads\/2021\/02\/2006.jpg\" class=\"attachment-large size-large wp-image-214\" alt=\"\" srcset=\"https:\/\/festivaldejaneiro.com\/wp-content\/uploads\/2021\/02\/2006.jpg 379w, https:\/\/festivaldejaneiro.com\/wp-content\/uploads\/2021\/02\/2006-300x202.jpg 300w\" sizes=\"(max-width: 379px) 100vw, 379px\" style=\"width:100%;height:67.28%;max-width:379px\" \/>\t\t\t\t\t\t\t\t\t\t\t<figcaption class=\"widget-image-caption wp-caption-text\">Edi\u00e7\u00f5es 2004 a 2006<\/figcaption>\n\t\t\t\t\t\t\t\t\t\t<\/figure>\n\t\t\t\t\t\t\t\t\t<\/div>\n\t\t\t\t<\/div>\n\t\t\t\t\t<\/div>\n\t\t<\/div>\n\t\t\t\t\t<\/div>\n\t\t<\/section>\n\t\t\t\t\t<\/div>\n\t\t<\/div>\n\t\t\t\t\t<\/div>\n\t\t<\/section>\n\t\t\t\t<section class=\"elementor-section elementor-top-section elementor-element elementor-element-c769dee elementor-section-boxed elementor-section-height-default elementor-section-height-default elementor-invisible\" data-id=\"c769dee\" data-element_type=\"section\" data-e-type=\"section\" data-settings=\"{&quot;background_background&quot;:&quot;classic&quot;,&quot;animation&quot;:&quot;fadeIn&quot;,&quot;_ha_eqh_enable&quot;:false}\">\n\t\t\t\t\t\t<div class=\"elementor-container elementor-column-gap-default\">\n\t\t\t\t\t<div class=\"elementor-column elementor-col-100 elementor-top-column elementor-element elementor-element-df69a90\" data-id=\"df69a90\" data-element_type=\"column\" data-e-type=\"column\">\n\t\t\t<div class=\"elementor-widget-wrap elementor-element-populated\">\n\t\t\t\t\t\t<div class=\"elementor-element elementor-element-2b98a73 elementor-widget elementor-widget-image\" data-id=\"2b98a73\" data-element_type=\"widget\" data-e-type=\"widget\" data-widget_type=\"image.default\">\n\t\t\t\t<div class=\"elementor-widget-container\">\n\t\t\t\t\t\t\t\t\t\t\t\t\t\t\t<img loading=\"lazy\" decoding=\"async\" width=\"3208\" height=\"692\" src=\"https:\/\/festivaldejaneiro.com\/wp-content\/uploads\/2021\/03\/Regua_Festival_2021_2.png\" class=\"attachment-full size-full wp-image-1222\" alt=\"\" srcset=\"https:\/\/festivaldejaneiro.com\/wp-content\/uploads\/2021\/03\/Regua_Festival_2021_2.png 3208w, https:\/\/festivaldejaneiro.com\/wp-content\/uploads\/2021\/03\/Regua_Festival_2021_2-300x65.png 300w, https:\/\/festivaldejaneiro.com\/wp-content\/uploads\/2021\/03\/Regua_Festival_2021_2-1024x221.png 1024w, https:\/\/festivaldejaneiro.com\/wp-content\/uploads\/2021\/03\/Regua_Festival_2021_2-768x166.png 768w, https:\/\/festivaldejaneiro.com\/wp-content\/uploads\/2021\/03\/Regua_Festival_2021_2-1536x331.png 1536w, https:\/\/festivaldejaneiro.com\/wp-content\/uploads\/2021\/03\/Regua_Festival_2021_2-2048x442.png 2048w, https:\/\/festivaldejaneiro.com\/wp-content\/uploads\/2021\/03\/Regua_Festival_2021_2-1568x338.png 1568w\" sizes=\"(max-width: 3208px) 100vw, 3208px\" style=\"width:100%;height:21.57%;max-width:3208px\" \/>\t\t\t\t\t\t\t\t\t\t\t\t\t\t\t<\/div>\n\t\t\t\t<\/div>\n\t\t\t\t\t<\/div>\n\t\t<\/div>\n\t\t\t\t\t<\/div>\n\t\t<\/section>\n\t\t\t\t<\/div>\n\t\t","protected":false},"excerpt":{"rendered":"<p>P\u00e1gina Inicial Veja o que rolou na Edi\u00e7\u00e3o de 2021 do Festival de Janeiro! Era uma vez&#8230;O Le\u00e3o e o Ratinho Apresentado 07\/04\/2021 \u00e0s 19h Cia. F\u00e1brica de Sonhos Inzoonia Apresentado 08\/04\/2021 \u00e0s 19h Cia. Circo De Bonecos Quando eu sonho, viro sonho Apresentado 09\/04\/2021 \u00e0s 19h Caramello Produ\u00e7\u00f5es Mem\u00f3rias de um Quintal Apresentado 10\/04\/2021&hellip; <a class=\"more-link\" href=\"https:\/\/festivaldejaneiro.com\/index.php\/festival-2021\/\">Continuar lendo <span class=\"screen-reader-text\">Festival de Janeiro ED. Especial 2021<\/span><\/a><\/p>\n","protected":false},"author":1,"featured_media":78,"parent":0,"menu_order":0,"comment_status":"closed","ping_status":"closed","template":"elementor_canvas","meta":{"footnotes":""},"class_list":["post-6","page","type-page","status-publish","has-post-thumbnail","hentry","entry"],"_links":{"self":[{"href":"https:\/\/festivaldejaneiro.com\/index.php\/wp-json\/wp\/v2\/pages\/6","targetHints":{"allow":["GET"]}}],"collection":[{"href":"https:\/\/festivaldejaneiro.com\/index.php\/wp-json\/wp\/v2\/pages"}],"about":[{"href":"https:\/\/festivaldejaneiro.com\/index.php\/wp-json\/wp\/v2\/types\/page"}],"author":[{"embeddable":true,"href":"https:\/\/festivaldejaneiro.com\/index.php\/wp-json\/wp\/v2\/users\/1"}],"replies":[{"embeddable":true,"href":"https:\/\/festivaldejaneiro.com\/index.php\/wp-json\/wp\/v2\/comments?post=6"}],"version-history":[{"count":450,"href":"https:\/\/festivaldejaneiro.com\/index.php\/wp-json\/wp\/v2\/pages\/6\/revisions"}],"predecessor-version":[{"id":1481,"href":"https:\/\/festivaldejaneiro.com\/index.php\/wp-json\/wp\/v2\/pages\/6\/revisions\/1481"}],"wp:featuredmedia":[{"embeddable":true,"href":"https:\/\/festivaldejaneiro.com\/index.php\/wp-json\/wp\/v2\/media\/78"}],"wp:attachment":[{"href":"https:\/\/festivaldejaneiro.com\/index.php\/wp-json\/wp\/v2\/media?parent=6"}],"curies":[{"name":"wp","href":"https:\/\/api.w.org\/{rel}","templated":true}]}}